{"id":1201421,"date":"2021-05-10T11:33:34","date_gmt":"2021-05-10T15:33:34","guid":{"rendered":"https:\/\/stepstojustice.ca\/?post_type=glossary-term&#038;p=1201421"},"modified":"2021-05-17T12:50:46","modified_gmt":"2021-05-17T16:50:46","slug":"mentalement-incapable-2","status":"publish","type":"glossary-term","link":"https:\/\/stepstojustice.ca\/fr\/glossary\/mentalement-incapable-2\/","title":{"rendered":"mentalement incapable"},"content":{"rendered":"<p>\u00catre mentalement capable de prendre des d\u00e9cisions d\u00e9pend de la question de savoir si la d\u00e9cision porte sur:<\/p>\n<ul>\n<li>les soins personnels, comme prendre un bain et s\u2019habiller<\/li>\n<li>les soins de sant\u00e9 et le traitement m\u00e9dical<\/li>\n<li>les biens et les finances<\/li>\n<\/ul>\n<p>La capacit\u00e9 mentale d\u00e9pend \u00e9galement du type de document que vous souhaitez pr\u00e9parer, par exemple:<\/p>\n<ul>\n<li>une <a href=\"https:\/\/stepstojustice.ca\/fr\/legal-topic\/wills-and-powers-of-attorney\/power-of-attorney-for-property\/\">procuration relative aux biens<\/a><\/li>\n<li>une <a href=\"https:\/\/stepstojustice.ca\/fr\/legal-topic\/wills-and-powers-of-attorney\/power-attorney-personal-care\/\">procuration relative aux soins de la personne<\/a><\/li>\n<li>un <a href=\"https:\/\/stepstojustice.ca\/fr\/legal-topic\/wills-and-powers-of-attorney\/wills\/\">testament<\/a><\/li>\n<\/ul>\n<!-- AddThis Advanced Settings generic via filter on the_content --><!-- AddThis Share Buttons generic via filter on the_content -->","protected":false},"author":6,"featured_media":0,"template":"","legal-topic":[42142,42153,42160,42147,43817,42152,42449,42597,42448],"class_list":["post-1201421","glossary-term","type-glossary-term","status-publish","hentry","legal-topic-abuse-and-family-violence","legal-topic-abuse-people-disabilities","legal-topic-elder-abuse","legal-topic-health-and-disability","legal-topic-elder-abuse-health-and-disability","legal-topic-wills-and-powers-of-attorney","legal-topic-wills","legal-topic-power-attorney-personal-care","legal-topic-power-of-attorney-for-property"],"yoast_head":"<!-- This site is optimized with the Yoast SEO Premium plugin v23.9 (Yoast SEO v23.9) - https:\/\/yoast.com\/wordpress\/plugins\/seo\/ -->\n<title>mentalement incapable - Justice pas-\u00e0-pas<\/title>\n<meta name=\"description\" content=\"\u00catre mentalement capable de prendre des d\u00e9cisions d\u00e9pend de la question de savoir si la d\u00e9cision porte sur: les soins personnels, comme prendre un bain et\" \/>\n<meta name=\"robots\" content=\"index, follow, max-snippet:-1, max-image-preview:large, max-video-preview:-1\" \/>\n<link rel=\"canonical\" href=\"https:\/\/stepstojustice.ca\/fr\/glossary\/mentalement-incapable-2\/\" \/>\n<meta property=\"og:locale\" content=\"fr_FR\" \/>\n<meta property=\"og:type\" content=\"article\" \/>\n<meta property=\"og:title\" content=\"mentalement incapable - Justice pas-\u00e0-pas\" \/>\n<meta property=\"og:description\" content=\"\u00catre mentalement capable de prendre des d\u00e9cisions d\u00e9pend de la question de savoir si la d\u00e9cision porte sur: les soins personnels, comme prendre un bain et\" \/>\n<meta property=\"og:url\" content=\"https:\/\/stepstojustice.ca\/fr\/glossary\/mentalement-incapable-2\/\" \/>\n<meta property=\"og:site_name\" content=\"Justice pas-\u00e0-pas\" \/>\n<meta property=\"article:publisher\" content=\"https:\/\/www.facebook.com\/CLEOLegalRights\/\" \/>\n<meta property=\"article:modified_time\" content=\"2021-05-17T16:50:46+00:00\" \/>\n<meta property=\"og:image\" content=\"https:\/\/stepstojustice.ca\/wp-content\/uploads\/Steps-to-Justice-logo.jpg\" \/>\n\t<meta property=\"og:image:width\" content=\"1200\" \/>\n\t<meta property=\"og:image:height\" content=\"650\" \/>\n\t<meta property=\"og:image:type\" content=\"image\/jpeg\" \/>\n<meta name=\"twitter:card\" content=\"summary_large_image\" \/>\n<meta name=\"twitter:site\" content=\"@CLEOLegalRights\" \/>\n<meta name=\"twitter:label1\" content=\"Est. reading time\" \/>\n\t<meta name=\"twitter:data1\" content=\"1 minute\" \/>\n<script type=\"application\/ld+json\" class=\"yoast-schema-graph\">{\"@context\":\"https:\/\/schema.org\",\"@graph\":[{\"@type\":\"WebPage\",\"@id\":\"https:\/\/stepstojustice.ca\/fr\/glossary\/mentalement-incapable-2\/\",\"url\":\"https:\/\/stepstojustice.ca\/fr\/glossary\/mentalement-incapable-2\/\",\"name\":\"mentalement incapable - Justice pas-\u00e0-pas\",\"isPartOf\":{\"@id\":\"https:\/\/stepstojustice.ca\/fr\/#website\"},\"datePublished\":\"2021-05-10T15:33:34+00:00\",\"dateModified\":\"2021-05-17T16:50:46+00:00\",\"description\":\"\u00catre mentalement capable de prendre des d\u00e9cisions d\u00e9pend de la question de savoir si la d\u00e9cision porte sur: les soins personnels, comme prendre un bain et\",\"breadcrumb\":{\"@id\":\"https:\/\/stepstojustice.ca\/fr\/glossary\/mentalement-incapable-2\/#breadcrumb\"},\"inLanguage\":\"fr-FR\",\"potentialAction\":[{\"@type\":\"ReadAction\",\"target\":[\"https:\/\/stepstojustice.ca\/fr\/glossary\/mentalement-incapable-2\/\"]}]},{\"@type\":\"BreadcrumbList\",\"@id\":\"https:\/\/stepstojustice.ca\/fr\/glossary\/mentalement-incapable-2\/#breadcrumb\",\"itemListElement\":[{\"@type\":\"ListItem\",\"position\":1,\"name\":\"Home\",\"item\":\"https:\/\/stepstojustice.ca\/fr\/\"},{\"@type\":\"ListItem\",\"position\":2,\"name\":\"Glossary terms\",\"item\":\"https:\/\/stepstojustice.ca\/fr\/glossary\/\"},{\"@type\":\"ListItem\",\"position\":3,\"name\":\"mentalement incapable\"}]},{\"@type\":\"WebSite\",\"@id\":\"https:\/\/stepstojustice.ca\/fr\/#website\",\"url\":\"https:\/\/stepstojustice.ca\/fr\/\",\"name\":\"Justice pas-\u00e0-pas\",\"description\":\"Step-by-step information about legal problems\",\"publisher\":{\"@id\":\"https:\/\/stepstojustice.ca\/fr\/#organization\"},\"potentialAction\":[{\"@type\":\"SearchAction\",\"target\":{\"@type\":\"EntryPoint\",\"urlTemplate\":\"https:\/\/stepstojustice.ca\/fr\/?s={search_term_string}\"},\"query-input\":{\"@type\":\"PropertyValueSpecification\",\"valueRequired\":true,\"valueName\":\"search_term_string\"}}],\"inLanguage\":\"fr-FR\"},{\"@type\":\"Organization\",\"@id\":\"https:\/\/stepstojustice.ca\/fr\/#organization\",\"name\":\"Justice pas-\u00e0-pas\",\"url\":\"https:\/\/stepstojustice.ca\/fr\/\",\"logo\":{\"@type\":\"ImageObject\",\"inLanguage\":\"fr-FR\",\"@id\":\"https:\/\/stepstojustice.ca\/fr\/#\/schema\/logo\/image\/\",\"url\":\"https:\/\/stepstojustice.ca\/wp-content\/uploads\/2020\/10\/logo-s2j.png\",\"contentUrl\":\"https:\/\/stepstojustice.ca\/wp-content\/uploads\/2020\/10\/logo-s2j.png\",\"width\":1000,\"height\":146,\"caption\":\"Justice pas-\u00e0-pas\"},\"image\":{\"@id\":\"https:\/\/stepstojustice.ca\/fr\/#\/schema\/logo\/image\/\"},\"sameAs\":[\"https:\/\/www.facebook.com\/CLEOLegalRights\/\",\"https:\/\/x.com\/CLEOLegalRights\",\"https:\/\/www.instagram.com\/communitylegaleducationon\/\"]}]}<\/script>\n<!-- \/ Yoast SEO Premium plugin. -->","yoast_head_json":{"title":"mentalement incapable - Justice pas-\u00e0-pas","description":"\u00catre mentalement capable de prendre des d\u00e9cisions d\u00e9pend de la question de savoir si la d\u00e9cision porte sur: les soins personnels, comme prendre un bain et","robots":{"index":"index","follow":"follow","max-snippet":"max-snippet:-1","max-image-preview":"max-image-preview:large","max-video-preview":"max-video-preview:-1"},"canonical":"https:\/\/stepstojustice.ca\/fr\/glossary\/mentalement-incapable-2\/","og_locale":"fr_FR","og_type":"article","og_title":"mentalement incapable - Justice pas-\u00e0-pas","og_description":"\u00catre mentalement capable de prendre des d\u00e9cisions d\u00e9pend de la question de savoir si la d\u00e9cision porte sur: les soins personnels, comme prendre un bain et","og_url":"https:\/\/stepstojustice.ca\/fr\/glossary\/mentalement-incapable-2\/","og_site_name":"Justice pas-\u00e0-pas","article_publisher":"https:\/\/www.facebook.com\/CLEOLegalRights\/","article_modified_time":"2021-05-17T16:50:46+00:00","og_image":[{"width":1200,"height":650,"url":"https:\/\/stepstojustice.ca\/wp-content\/uploads\/Steps-to-Justice-logo.jpg","type":"image\/jpeg"}],"twitter_card":"summary_large_image","twitter_site":"@CLEOLegalRights","twitter_misc":{"Est. reading time":"1 minute"},"schema":{"@context":"https:\/\/schema.org","@graph":[{"@type":"WebPage","@id":"https:\/\/stepstojustice.ca\/fr\/glossary\/mentalement-incapable-2\/","url":"https:\/\/stepstojustice.ca\/fr\/glossary\/mentalement-incapable-2\/","name":"mentalement incapable - Justice pas-\u00e0-pas","isPartOf":{"@id":"https:\/\/stepstojustice.ca\/fr\/#website"},"datePublished":"2021-05-10T15:33:34+00:00","dateModified":"2021-05-17T16:50:46+00:00","description":"\u00catre mentalement capable de prendre des d\u00e9cisions d\u00e9pend de la question de savoir si la d\u00e9cision porte sur: les soins personnels, comme prendre un bain et","breadcrumb":{"@id":"https:\/\/stepstojustice.ca\/fr\/glossary\/mentalement-incapable-2\/#breadcrumb"},"inLanguage":"fr-FR","potentialAction":[{"@type":"ReadAction","target":["https:\/\/stepstojustice.ca\/fr\/glossary\/mentalement-incapable-2\/"]}]},{"@type":"BreadcrumbList","@id":"https:\/\/stepstojustice.ca\/fr\/glossary\/mentalement-incapable-2\/#breadcrumb","itemListElement":[{"@type":"ListItem","position":1,"name":"Home","item":"https:\/\/stepstojustice.ca\/fr\/"},{"@type":"ListItem","position":2,"name":"Glossary terms","item":"https:\/\/stepstojustice.ca\/fr\/glossary\/"},{"@type":"ListItem","position":3,"name":"mentalement incapable"}]},{"@type":"WebSite","@id":"https:\/\/stepstojustice.ca\/fr\/#website","url":"https:\/\/stepstojustice.ca\/fr\/","name":"Justice pas-\u00e0-pas","description":"Step-by-step information about legal problems","publisher":{"@id":"https:\/\/stepstojustice.ca\/fr\/#organization"},"potentialAction":[{"@type":"SearchAction","target":{"@type":"EntryPoint","urlTemplate":"https:\/\/stepstojustice.ca\/fr\/?s={search_term_string}"},"query-input":{"@type":"PropertyValueSpecification","valueRequired":true,"valueName":"search_term_string"}}],"inLanguage":"fr-FR"},{"@type":"Organization","@id":"https:\/\/stepstojustice.ca\/fr\/#organization","name":"Justice pas-\u00e0-pas","url":"https:\/\/stepstojustice.ca\/fr\/","logo":{"@type":"ImageObject","inLanguage":"fr-FR","@id":"https:\/\/stepstojustice.ca\/fr\/#\/schema\/logo\/image\/","url":"https:\/\/stepstojustice.ca\/wp-content\/uploads\/2020\/10\/logo-s2j.png","contentUrl":"https:\/\/stepstojustice.ca\/wp-content\/uploads\/2020\/10\/logo-s2j.png","width":1000,"height":146,"caption":"Justice pas-\u00e0-pas"},"image":{"@id":"https:\/\/stepstojustice.ca\/fr\/#\/schema\/logo\/image\/"},"sameAs":["https:\/\/www.facebook.com\/CLEOLegalRights\/","https:\/\/x.com\/CLEOLegalRights","https:\/\/www.instagram.com\/communitylegaleducationon\/"]}]}},"meta_box":[],"_links":{"self":[{"href":"https:\/\/stepstojustice.ca\/fr\/wp-json\/wp\/v2\/glossary-term\/1201421","targetHints":{"allow":["GET"]}}],"collection":[{"href":"https:\/\/stepstojustice.ca\/fr\/wp-json\/wp\/v2\/glossary-term"}],"about":[{"href":"https:\/\/stepstojustice.ca\/fr\/wp-json\/wp\/v2\/types\/glossary-term"}],"author":[{"embeddable":true,"href":"https:\/\/stepstojustice.ca\/fr\/wp-json\/wp\/v2\/users\/6"}],"version-history":[{"count":2,"href":"https:\/\/stepstojustice.ca\/fr\/wp-json\/wp\/v2\/glossary-term\/1201421\/revisions"}],"predecessor-version":[{"id":1202571,"href":"https:\/\/stepstojustice.ca\/fr\/wp-json\/wp\/v2\/glossary-term\/1201421\/revisions\/1202571"}],"wp:attachment":[{"href":"https:\/\/stepstojustice.ca\/fr\/wp-json\/wp\/v2\/media?parent=1201421"}],"wp:term":[{"taxonomy":"legal-topic","embeddable":true,"href":"https:\/\/stepstojustice.ca\/fr\/wp-json\/wp\/v2\/legal-topic?post=1201421"}],"curies":[{"name":"wp","href":"https:\/\/api.w.org\/{rel}","templated":true}]}}