{"id":1171183,"date":"2019-10-24T10:16:46","date_gmt":"2019-10-24T14:16:46","guid":{"rendered":""},"modified":"2022-10-05T15:07:03","modified_gmt":"2022-10-05T19:07:03","slug":"la-determination-de-la-peine-est-elle-differente-si-je-suis-autochtone","status":"publish","type":"questions","link":"https:\/\/stepstojustice.ca\/fr\/questions\/criminal-law\/la-determination-de-la-peine-est-elle-differente-si-je-suis-autochtone\/","title":{"rendered":"La d\u00e9termination de la peine est-elle diff\u00e9rente si je suis Autochtone?"},"content":{"rendered":"<p>\u00c0 l&#8217;audience de d\u00e9termination de la peine, votre avocat et la Couronne proposent chacun au juge la peine qui leur semble raisonnable. S&#8217;ils proposent la m\u00eame peine, c&#8217;est ce qu&#8217;on appelle une \u00ab\u00a0<a href=\"\/fr\/questions\/criminal-law\/a-quels-types-de-peines-puis-je-etre-condamne-dans-une-affaire-de-droit\/\">position commune<\/a>\u00a0\u00bb. Toutefois, le juge n&#8217;est pas oblig\u00e9 de vous donner la peine sugg\u00e9r\u00e9e. Il prend sa d\u00e9cision en fonction de ce qu&#8217;il <a href=\"\/fr\/questions\/criminal-law\/que-se-passe-t-il-\u00e0-laudience-de-d\u00e9termination-de-la-peine-dans-une-affaire\/\">trouve lui-m\u00eame raisonnable<\/a> et adapt\u00e9 \u00e0 votre situation.<\/p>\n<p>Si vous \u00eates autochtone, le tribunal doit aussi tenir compte des facteurs suivants dans la d\u00e9termination de votre peine\u00a0:<\/p>\n<ul>\n<li>vos circonstances en tant que personne autochtone;<\/li>\n<li>les cons\u00e9quences de la discrimination qu&#8217;ont subie les peuples autochtones de la part du Canada et du syst\u00e8me de justice p\u00e9nale (qu&#8217;on appelle \u00ab\u00a0discrimination syst\u00e9mique\u00a0\u00bb).<\/li>\n<\/ul>\n<p>Si vous vous consid\u00e9rez comme Autochtone, dites-le \u00e0 votre avocat ou \u00e0 l&#8217;avocat de service. Avec votre permission, celui-ci pourra le dire au tribunal. Vos circonstances pourraient constituer ce qu&#8217;on appelle des \u00ab\u00a0facteurs Gladue\u00a0\u00bb. Votre avocat doit cependant prouver que les principes Gladue s&#8217;appliquent \u00e0 vous. C&#8217;est ce qu&#8217;on appelle \u00ab\u00a0pr\u00e9senter des observations de type Gladue\u00a0\u00bb.<\/p>\n<p>Le <em>Code criminel<\/em> et <a href=\"\/fr\/questions\/criminal-law\/gladue-quest-ce-que-cest\/\">les principes Gladue<\/a> aident le juge \u00e0 d\u00e9terminer votre peine.<\/p>\n<h3>Gladue, qu&#8217;est-ce que c&#8217;est?<\/h3>\n<p>Dans l&#8217;arr\u00eat <a class=\"links-link ext\" href=\"\/fr\/resource\/r-c-gladue-1999-canlii-679-csc-1999-1-rcs-688\/\" target=\"_blank\" rel=\"noopener\">Gladue<\/a>, la Cour supr\u00eame du Canada a reconnu que les personnes autochtones sont plus \u00e0 risque de se retrouver en prison \u00e0 cause de la discrimination qu&#8217;elles ont subie de la part du Canada et du syst\u00e8me de justice p\u00e9nale, ce qui explique pourquoi les prisons ont une si grande proportion d&#8217;Autochtones.<\/p>\n<p>Pour mettre fin \u00e0 cette discrimination, le tribunal doit tenir compte des circonstances de l&#8217;accus\u00e9 autochtone et des cons\u00e9quences de la discrimination sur lui quand il d\u00e9termine sa peine.<\/p>\n<p>En effet, le tribunal doit reconna\u00eetre d&#8217;office la discrimination qui a eu lieu, notamment dans le cadre des pensionnats et de la part des agences de protection de l&#8217;enfance, et les cons\u00e9quences de cette discrimination sur\u00a0:<\/p>\n<ul>\n<li>le taux de ch\u00f4mage;<\/li>\n<li>le taux de pauvret\u00e9;<\/li>\n<li>le taux de toxicomanie;<\/li>\n<li>la proportion d&#8217;Autochtones qui ont affaire au syst\u00e8me de justice p\u00e9nale.<\/li>\n<\/ul>\n<p>Reconna\u00eetre quelque chose d&#8217;office, c&#8217;est l&#8217;accepter comme \u00e9tant vrai sans qu&#8217;il soit n\u00e9cessaire de le prouver.<\/p>\n<p>\u00c0 l&#8217;audience de d\u00e9termination de la peine, le tribunal doit envisager toutes les autres options avant d&#8217;en arriver \u00e0 une peine d&#8217;emprisonnement, comme une amende ou une peine \u00e0 purger dans la soci\u00e9t\u00e9 (comme pour une probation).<\/p>\n<p>La prison n&#8217;est qu&#8217;un dernier recours, et en cas de peine d&#8217;emprisonnement, le tribunal doit appliquer les principes Gladue pour en d\u00e9terminer la dur\u00e9e.<\/p>\n<p>Le tribunal doit aussi envisager les autres processus et types de peine qui sont adapt\u00e9s \u00e0 la culture de l&#8217;accus\u00e9, comme les cercles de d\u00e9termination de\u00a0la peine\u00a0ou la production d&#8217;un rapport Gladue, si possible.<\/p>\n<p>L&#8217;arr\u00eat Gladue ne dit pas que les personnes autochtones ne peuvent jamais aller en prison ou que leur peine doit toujours \u00eatre r\u00e9duite. Il dit plut\u00f4t que les circonstances d&#8217;une personne autochtone et les cons\u00e9quences de la discrimination sur celle-ci doivent \u00eatre prises en compte au moment de d\u00e9terminer sa peine, entre autres pour r\u00e9duire le nombre de d\u00e9tenus autochtones.<\/p>\n<!-- AddThis Advanced Settings generic via filter on the_content --><!-- AddThis Share Buttons generic via filter on the_content -->","protected":false},"author":3,"featured_media":0,"template":"","legal-topic":[42144,42578,42579,42182],"class_list":["post-1171183","questions","type-questions","status-publish","hentry","legal-topic-criminal-law","legal-topic-guilty-pleas-and-sentencing","legal-topic-types-sentences","legal-topic-indigenous-rights"],"yoast_head":"<!-- This site is optimized with the Yoast SEO Premium plugin v23.9 (Yoast SEO v23.9) - https:\/\/yoast.com\/wordpress\/plugins\/seo\/ -->\n<title>La d\u00e9termination de la peine est-elle diff\u00e9rente si je suis Autochtone? - Justice pas-\u00e0-pas<\/title>\n<meta name=\"description\" content=\"\u00c0 l&#039;audience de d\u00e9termination de la peine, votre avocat et la Couronne proposent chacun au juge la peine qui leur semble raisonnable. S&#039;ils proposent la\" \/>\n<meta name=\"robots\" content=\"index, follow, max-snippet:-1, max-image-preview:large, max-video-preview:-1\" \/>\n<link rel=\"canonical\" href=\"https:\/\/stepstojustice.ca\/fr\/questions\/criminal-law\/la-determination-de-la-peine-est-elle-differente-si-je-suis-autochtone\/\" \/>\n<meta property=\"og:locale\" content=\"fr_FR\" \/>\n<meta property=\"og:type\" content=\"article\" \/>\n<meta property=\"og:title\" content=\"La d\u00e9termination de la peine est-elle diff\u00e9rente si je suis Autochtone? - Justice pas-\u00e0-pas\" \/>\n<meta property=\"og:description\" content=\"\u00c0 l&#039;audience de d\u00e9termination de la peine, votre avocat et la Couronne proposent chacun au juge la peine qui leur semble raisonnable. S&#039;ils proposent la\" \/>\n<meta property=\"og:url\" content=\"https:\/\/stepstojustice.ca\/fr\/questions\/criminal-law\/la-determination-de-la-peine-est-elle-differente-si-je-suis-autochtone\/\" \/>\n<meta property=\"og:site_name\" content=\"Justice pas-\u00e0-pas\" \/>\n<meta property=\"article:publisher\" content=\"https:\/\/www.facebook.com\/CLEOLegalRights\/\" \/>\n<meta property=\"article:modified_time\" content=\"2022-10-05T19:07:03+00:00\" \/>\n<meta property=\"og:image\" content=\"https:\/\/stepstojustice.ca\/wp-content\/uploads\/Steps-to-Justice-logo.jpg\" \/>\n\t<meta property=\"og:image:width\" content=\"1200\" \/>\n\t<meta property=\"og:image:height\" content=\"650\" \/>\n\t<meta property=\"og:image:type\" content=\"image\/jpeg\" \/>\n<meta name=\"twitter:card\" content=\"summary_large_image\" \/>\n<meta name=\"twitter:site\" content=\"@CLEOLegalRights\" \/>\n<meta name=\"twitter:label1\" content=\"Est. reading time\" \/>\n\t<meta name=\"twitter:data1\" content=\"3 minutes\" \/>\n<script type=\"application\/ld+json\" class=\"yoast-schema-graph\">{\"@context\":\"https:\/\/schema.org\",\"@graph\":[{\"@type\":\"WebPage\",\"@id\":\"https:\/\/stepstojustice.ca\/fr\/questions\/criminal-law\/la-determination-de-la-peine-est-elle-differente-si-je-suis-autochtone\/\",\"url\":\"https:\/\/stepstojustice.ca\/fr\/questions\/criminal-law\/la-determination-de-la-peine-est-elle-differente-si-je-suis-autochtone\/\",\"name\":\"La d\u00e9termination de la peine est-elle diff\u00e9rente si je suis Autochtone? - Justice pas-\u00e0-pas\",\"isPartOf\":{\"@id\":\"https:\/\/stepstojustice.ca\/fr\/#website\"},\"datePublished\":\"2019-10-24T14:16:46+00:00\",\"dateModified\":\"2022-10-05T19:07:03+00:00\",\"description\":\"\u00c0 l'audience de d\u00e9termination de la peine, votre avocat et la Couronne proposent chacun au juge la peine qui leur semble raisonnable. S'ils proposent la\",\"breadcrumb\":{\"@id\":\"https:\/\/stepstojustice.ca\/fr\/questions\/criminal-law\/la-determination-de-la-peine-est-elle-differente-si-je-suis-autochtone\/#breadcrumb\"},\"inLanguage\":\"fr-FR\",\"potentialAction\":[{\"@type\":\"ReadAction\",\"target\":[\"https:\/\/stepstojustice.ca\/fr\/questions\/criminal-law\/la-determination-de-la-peine-est-elle-differente-si-je-suis-autochtone\/\"]}]},{\"@type\":\"BreadcrumbList\",\"@id\":\"https:\/\/stepstojustice.ca\/fr\/questions\/criminal-law\/la-determination-de-la-peine-est-elle-differente-si-je-suis-autochtone\/#breadcrumb\",\"itemListElement\":[{\"@type\":\"ListItem\",\"position\":1,\"name\":\"Home\",\"item\":\"https:\/\/stepstojustice.ca\/fr\/\"},{\"@type\":\"ListItem\",\"position\":2,\"name\":\"Questions\",\"item\":\"https:\/\/stepstojustice.ca\/fr\/questions\/\"},{\"@type\":\"ListItem\",\"position\":3,\"name\":\"La d\u00e9termination de la peine est-elle diff\u00e9rente si je suis Autochtone?\"}]},{\"@type\":\"WebSite\",\"@id\":\"https:\/\/stepstojustice.ca\/fr\/#website\",\"url\":\"https:\/\/stepstojustice.ca\/fr\/\",\"name\":\"Justice pas-\u00e0-pas\",\"description\":\"Step-by-step information about legal problems\",\"publisher\":{\"@id\":\"https:\/\/stepstojustice.ca\/fr\/#organization\"},\"potentialAction\":[{\"@type\":\"SearchAction\",\"target\":{\"@type\":\"EntryPoint\",\"urlTemplate\":\"https:\/\/stepstojustice.ca\/fr\/?s={search_term_string}\"},\"query-input\":{\"@type\":\"PropertyValueSpecification\",\"valueRequired\":true,\"valueName\":\"search_term_string\"}}],\"inLanguage\":\"fr-FR\"},{\"@type\":\"Organization\",\"@id\":\"https:\/\/stepstojustice.ca\/fr\/#organization\",\"name\":\"Justice pas-\u00e0-pas\",\"url\":\"https:\/\/stepstojustice.ca\/fr\/\",\"logo\":{\"@type\":\"ImageObject\",\"inLanguage\":\"fr-FR\",\"@id\":\"https:\/\/stepstojustice.ca\/fr\/#\/schema\/logo\/image\/\",\"url\":\"https:\/\/stepstojustice.ca\/wp-content\/uploads\/2020\/10\/logo-s2j.png\",\"contentUrl\":\"https:\/\/stepstojustice.ca\/wp-content\/uploads\/2020\/10\/logo-s2j.png\",\"width\":1000,\"height\":146,\"caption\":\"Justice pas-\u00e0-pas\"},\"image\":{\"@id\":\"https:\/\/stepstojustice.ca\/fr\/#\/schema\/logo\/image\/\"},\"sameAs\":[\"https:\/\/www.facebook.com\/CLEOLegalRights\/\",\"https:\/\/x.com\/CLEOLegalRights\",\"https:\/\/www.instagram.com\/communitylegaleducationon\/\"]}]}<\/script>\n<!-- \/ Yoast SEO Premium plugin. -->","yoast_head_json":{"title":"La d\u00e9termination de la peine est-elle diff\u00e9rente si je suis Autochtone? - Justice pas-\u00e0-pas","description":"\u00c0 l'audience de d\u00e9termination de la peine, votre avocat et la Couronne proposent chacun au juge la peine qui leur semble raisonnable. S'ils proposent la","robots":{"index":"index","follow":"follow","max-snippet":"max-snippet:-1","max-image-preview":"max-image-preview:large","max-video-preview":"max-video-preview:-1"},"canonical":"https:\/\/stepstojustice.ca\/fr\/questions\/criminal-law\/la-determination-de-la-peine-est-elle-differente-si-je-suis-autochtone\/","og_locale":"fr_FR","og_type":"article","og_title":"La d\u00e9termination de la peine est-elle diff\u00e9rente si je suis Autochtone? - Justice pas-\u00e0-pas","og_description":"\u00c0 l'audience de d\u00e9termination de la peine, votre avocat et la Couronne proposent chacun au juge la peine qui leur semble raisonnable. S'ils proposent la","og_url":"https:\/\/stepstojustice.ca\/fr\/questions\/criminal-law\/la-determination-de-la-peine-est-elle-differente-si-je-suis-autochtone\/","og_site_name":"Justice pas-\u00e0-pas","article_publisher":"https:\/\/www.facebook.com\/CLEOLegalRights\/","article_modified_time":"2022-10-05T19:07:03+00:00","og_image":[{"width":1200,"height":650,"url":"https:\/\/stepstojustice.ca\/wp-content\/uploads\/Steps-to-Justice-logo.jpg","type":"image\/jpeg"}],"twitter_card":"summary_large_image","twitter_site":"@CLEOLegalRights","twitter_misc":{"Est. reading time":"3 minutes"},"schema":{"@context":"https:\/\/schema.org","@graph":[{"@type":"WebPage","@id":"https:\/\/stepstojustice.ca\/fr\/questions\/criminal-law\/la-determination-de-la-peine-est-elle-differente-si-je-suis-autochtone\/","url":"https:\/\/stepstojustice.ca\/fr\/questions\/criminal-law\/la-determination-de-la-peine-est-elle-differente-si-je-suis-autochtone\/","name":"La d\u00e9termination de la peine est-elle diff\u00e9rente si je suis Autochtone? - Justice pas-\u00e0-pas","isPartOf":{"@id":"https:\/\/stepstojustice.ca\/fr\/#website"},"datePublished":"2019-10-24T14:16:46+00:00","dateModified":"2022-10-05T19:07:03+00:00","description":"\u00c0 l'audience de d\u00e9termination de la peine, votre avocat et la Couronne proposent chacun au juge la peine qui leur semble raisonnable. S'ils proposent la","breadcrumb":{"@id":"https:\/\/stepstojustice.ca\/fr\/questions\/criminal-law\/la-determination-de-la-peine-est-elle-differente-si-je-suis-autochtone\/#breadcrumb"},"inLanguage":"fr-FR","potentialAction":[{"@type":"ReadAction","target":["https:\/\/stepstojustice.ca\/fr\/questions\/criminal-law\/la-determination-de-la-peine-est-elle-differente-si-je-suis-autochtone\/"]}]},{"@type":"BreadcrumbList","@id":"https:\/\/stepstojustice.ca\/fr\/questions\/criminal-law\/la-determination-de-la-peine-est-elle-differente-si-je-suis-autochtone\/#breadcrumb","itemListElement":[{"@type":"ListItem","position":1,"name":"Home","item":"https:\/\/stepstojustice.ca\/fr\/"},{"@type":"ListItem","position":2,"name":"Questions","item":"https:\/\/stepstojustice.ca\/fr\/questions\/"},{"@type":"ListItem","position":3,"name":"La d\u00e9termination de la peine est-elle diff\u00e9rente si je suis Autochtone?"}]},{"@type":"WebSite","@id":"https:\/\/stepstojustice.ca\/fr\/#website","url":"https:\/\/stepstojustice.ca\/fr\/","name":"Justice pas-\u00e0-pas","description":"Step-by-step information about legal problems","publisher":{"@id":"https:\/\/stepstojustice.ca\/fr\/#organization"},"potentialAction":[{"@type":"SearchAction","target":{"@type":"EntryPoint","urlTemplate":"https:\/\/stepstojustice.ca\/fr\/?s={search_term_string}"},"query-input":{"@type":"PropertyValueSpecification","valueRequired":true,"valueName":"search_term_string"}}],"inLanguage":"fr-FR"},{"@type":"Organization","@id":"https:\/\/stepstojustice.ca\/fr\/#organization","name":"Justice pas-\u00e0-pas","url":"https:\/\/stepstojustice.ca\/fr\/","logo":{"@type":"ImageObject","inLanguage":"fr-FR","@id":"https:\/\/stepstojustice.ca\/fr\/#\/schema\/logo\/image\/","url":"https:\/\/stepstojustice.ca\/wp-content\/uploads\/2020\/10\/logo-s2j.png","contentUrl":"https:\/\/stepstojustice.ca\/wp-content\/uploads\/2020\/10\/logo-s2j.png","width":1000,"height":146,"caption":"Justice pas-\u00e0-pas"},"image":{"@id":"https:\/\/stepstojustice.ca\/fr\/#\/schema\/logo\/image\/"},"sameAs":["https:\/\/www.facebook.com\/CLEOLegalRights\/","https:\/\/x.com\/CLEOLegalRights","https:\/\/www.instagram.com\/communitylegaleducationon\/"]}]}},"meta_box":{"date_fg19r358tw7":"2019-08-12 00:00:00","date_sgrhr9fx3j":"2020-09-26 00:00:00","text_qgvph2rt54":"Emily Dixon","text_mb2unyqw82h":"Fara Wali","text_z4722ywvha":"Nicole Osbourne James","textarea_i237k2mg4u":"October 3, 2019 - Reviewed by Jessica Wolfe (LAO), Amanda General (ALS)","date_mvzg7sr921":"","textarea_0ej69ng0xn48":"","file_1s3spou4tld":[{"icon":"<img width=\"48\" height=\"64\" src=\"https:\/\/stepstojustice.ca\/wp-includes\/images\/media\/document.png\" alt=\"\">","name":"1.4%20Gladue%20and%20Sentencing_final%20Sept%202019.docx","path":"\/home\/stepstojustice\/public_html\/system\/files\/1.4%20Gladue%20and%20Sentencing_final%20Sept%202019.docx","url":"https:\/\/stepstojustice.ca\/system\/files\/1.4%20Gladue%20and%20Sentencing_final%20Sept%202019.docx","title":"1.4%20Gladue%20and%20Sentencing_final%20Sept%202019","edit_link":""}],"text_0iky8vwgh18v":"marianne.stephens","date_e0vrot0tvds":"2019-10-24 10:16:46 -0400","text_y2tadrpr98":"Edited by marianne.stephens.","number_98lw0j89q05":"1619","post_0glwwksj820p":[1171181,1171823,1171824],"questions_to_resources_to":["1190157","1190163","1185172","1186192","1186211","1186195","1181870"],"questions_to_guided_pathways_to":[],"questions_to_alerts_to":[],"questions_to_steps_to":["1175572","1175637","1175620","1175619","1175618"]},"_links":{"self":[{"href":"https:\/\/stepstojustice.ca\/fr\/wp-json\/wp\/v2\/questions\/1171183","targetHints":{"allow":["GET"]}}],"collection":[{"href":"https:\/\/stepstojustice.ca\/fr\/wp-json\/wp\/v2\/questions"}],"about":[{"href":"https:\/\/stepstojustice.ca\/fr\/wp-json\/wp\/v2\/types\/questions"}],"author":[{"embeddable":true,"href":"https:\/\/stepstojustice.ca\/fr\/wp-json\/wp\/v2\/users\/3"}],"version-history":[{"count":3,"href":"https:\/\/stepstojustice.ca\/fr\/wp-json\/wp\/v2\/questions\/1171183\/revisions"}],"predecessor-version":[{"id":1243566,"href":"https:\/\/stepstojustice.ca\/fr\/wp-json\/wp\/v2\/questions\/1171183\/revisions\/1243566"}],"wp:attachment":[{"href":"https:\/\/stepstojustice.ca\/fr\/wp-json\/wp\/v2\/media?parent=1171183"}],"wp:term":[{"taxonomy":"legal-topic","embeddable":true,"href":"https:\/\/stepstojustice.ca\/fr\/wp-json\/wp\/v2\/legal-topic?post=1171183"}],"curies":[{"name":"wp","href":"https:\/\/api.w.org\/{rel}","templated":true}]}}