{"id":1171191,"date":"2021-01-18T10:44:31","date_gmt":"2021-01-18T15:44:31","guid":{"rendered":""},"modified":"2021-12-07T15:23:01","modified_gmt":"2021-12-07T20:23:01","slug":"puis-je-porter-une-suspension-en-appel","status":"publish","type":"questions","link":"https:\/\/stepstojustice.ca\/fr\/questions\/education\/puis-je-porter-une-suspension-en-appel\/","title":{"rendered":"Puis-je porter une suspension en appel?"},"content":{"rendered":"<p>Si vous \u00eates suspendu, vous ne pouvez plus aller \u00e0 l&#8217;\u00e9cole ni participer aux activit\u00e9s scolaires. Le directeur est le seul \u00e0 pouvoir vous suspendre, et seulement pour 20\u00a0jours de classe ou moins.<\/p>\n<p>Les \u00e9l\u00e8ves de la maternelle \u00e0 la 3<sup>e<\/sup>\u00a0ann\u00e9e ne peuvent pas \u00eatre suspendus.<\/p>\n<p>Un des parents peut porter la suspension en appel pour la faire annuler ou en r\u00e9duire la dur\u00e9e. S&#8217;il a l&#8217;\u00e2ge, l&#8217;\u00e9l\u00e8ve peut le faire lui-m\u00eame. Il peut interjeter appel et s&#8217;occuper seul de son \u00e9ducation s&#8217;il\u00a0a :<\/p>\n<ul>\n<li>18\u00a0ans ou plus;<\/li>\n<li>16 ou 17\u00a0ans et s&#8217;est soustrait \u00e0 l&#8217;autorit\u00e9 parentale (normalement, cela signifie qu&#8217;il a quitt\u00e9 le foyer familial et que ses parents ne contr\u00f4lent plus ce qu&#8217;il fait).<\/li>\n<\/ul>\n<h3>Avis \u00e9crit du directeur<\/h3>\n<p>Si vous \u00eates suspendu, le directeur doit vous donner tout de suite, \u00e0 vos parents et \u00e0 vous, un avis qui explique\u00a0:<\/p>\n<ul>\n<li>la raison de la suspension;<\/li>\n<li>la dur\u00e9e de cette suspension;<\/li>\n<li>la fa\u00e7on d&#8217;interjeter appel.<\/li>\n<\/ul>\n<p>L&#8217;avis peut aussi comprendre des renseignements sur un programme pour les \u00e9l\u00e8ves suspendus auquel vous devez participer. Ce type de programme se d\u00e9roule normalement dans un autre \u00e9difice du conseil scolaire. Seuls les \u00e9l\u00e8ves suspendus pour plus de 5 jours doivent y participer.<\/p>\n<p>Si le directeur ne vous remet pas d&#8217;avis sur-le-champ, demandez-lui-en un.<\/p>\n<h3>Date limite pour l&#8217;appel<\/h3>\n<p>Vous avez <strong>10\u00a0jours de classe<\/strong> apr\u00e8s le d\u00e9but de votre suspension pour faire appel. Il n&#8217;y a pas de formulaire particulier \u00e0 remplir. Il suffit d&#8217;\u00e9crire une lettre ou un courriel \u00e0 l&#8217;agent de supervision du conseil scolaire pour lui dire que vous voulez interjeter appel. Le nom de cet agent et ses coordonn\u00e9es se trouvent dans l&#8217;avis du directeur.<\/p>\n<p>Le directeur et vous serez les parties \u00e0 l&#8217;audience. Vous pouvez vous repr\u00e9senter vous-m\u00eame ou demander l&#8217;aide d&#8217;un avocat.<\/p>\n<p>L&#8217;audience sera pr\u00e9sid\u00e9e par des membres de votre conseil scolaire. C&#8217;est eux qui d\u00e9cideront si votre suspension doit \u00eatre annul\u00e9e ou r\u00e9duite ou encore si elle doit rester telle quelle.<\/p>\n<h3>Demandez de l&#8217;assistance juridique<\/h3>\n<p>Un avocat peut vous repr\u00e9senter \u00e0 l&#8217;audience sur l&#8217;appel. Pour trouver un avocat qui a de l&#8217;exp\u00e9rience en droit de l&#8217;\u00e9ducation, appelez <a class=\"links-link ext\" href=\"\/fr\/resource\/justice-for-children-and-youth-jfcy\/\" target=\"_blank\" rel=\"noopener\">Justice for Children and Youth<\/a> (JFCY) au 1\u00a0866\u00a0999\u20115329. Les avocats de JFCY n&#8217;assistent normalement pas aux audiences de suspension, mais peuvent vous aider \u00e0 trouver un avocat qui le fera.<\/p>\n<h3>Cas graves<\/h3>\n<p>Selon la gravit\u00e9 de ce que vous avez fait, le directeur peut mener une enqu\u00eate pendant votre suspension pour d\u00e9terminer si vous devriez \u00eatre expuls\u00e9. Vous devrez alors attendre la fin de l&#8217;enqu\u00eate pour porter votre suspension en appel.<\/p>\n<p>Si le directeur croit que vous devriez \u00eatre expuls\u00e9, il y aura une audience. Pour en savoir plus sur les audiences d&#8217;expulsion, cliquez <a href=\"\/fr\/questions\/education\/peut-mexpulser-de-l\u00e9cole\/\">ici<\/a>.<\/p>\n<p>M\u00eame si le directeur juge qu&#8217;il n&#8217;est pas n\u00e9cessaire de vous expulser, il pourrait quand m\u00eame maintenir la suspension. Vous pouvez porter cette suspension en appel en \u00e9crivant \u00e0 l&#8217;agent de supervision. Vous aurez <strong>5<\/strong><strong> jours de classe<\/strong> pour le faire apr\u00e8s que le directeur vous aura annonc\u00e9 les r\u00e9sultats de son enqu\u00eate.<\/p>\n<!-- AddThis Advanced Settings generic via filter on the_content --><!-- AddThis Share Buttons generic via filter on the_content -->","protected":false},"author":3,"featured_media":0,"template":"","legal-topic":[42709,42714],"class_list":["post-1171191","questions","type-questions","status-publish","hentry","legal-topic-education","legal-topic-discipline-and-safety"],"yoast_head":"<!-- This site is optimized with the Yoast SEO Premium plugin v23.9 (Yoast SEO v23.9) - https:\/\/yoast.com\/wordpress\/plugins\/seo\/ -->\n<title>Puis-je porter une suspension en appel? - Justice pas-\u00e0-pas<\/title>\n<meta name=\"description\" content=\"Si vous \u00eates suspendu, vous ne pouvez plus aller \u00e0 l&#039;\u00e9cole ni participer aux activit\u00e9s scolaires. Le directeur est le seul \u00e0 pouvoir vous suspendre, et\" \/>\n<meta name=\"robots\" content=\"index, follow, max-snippet:-1, max-image-preview:large, max-video-preview:-1\" \/>\n<link rel=\"canonical\" href=\"https:\/\/stepstojustice.ca\/fr\/questions\/education\/puis-je-porter-une-suspension-en-appel\/\" \/>\n<meta property=\"og:locale\" content=\"fr_FR\" \/>\n<meta property=\"og:type\" content=\"article\" \/>\n<meta property=\"og:title\" content=\"Puis-je porter une suspension en appel? - Justice pas-\u00e0-pas\" \/>\n<meta property=\"og:description\" content=\"Si vous \u00eates suspendu, vous ne pouvez plus aller \u00e0 l&#039;\u00e9cole ni participer aux activit\u00e9s scolaires. Le directeur est le seul \u00e0 pouvoir vous suspendre, et\" \/>\n<meta property=\"og:url\" content=\"https:\/\/stepstojustice.ca\/fr\/questions\/education\/puis-je-porter-une-suspension-en-appel\/\" \/>\n<meta property=\"og:site_name\" content=\"Justice pas-\u00e0-pas\" \/>\n<meta property=\"article:publisher\" content=\"https:\/\/www.facebook.com\/CLEOLegalRights\/\" \/>\n<meta property=\"article:modified_time\" content=\"2021-12-07T20:23:01+00:00\" \/>\n<meta property=\"og:image\" content=\"https:\/\/stepstojustice.ca\/wp-content\/uploads\/Steps-to-Justice-logo.jpg\" \/>\n\t<meta property=\"og:image:width\" content=\"1200\" \/>\n\t<meta property=\"og:image:height\" content=\"650\" \/>\n\t<meta property=\"og:image:type\" content=\"image\/jpeg\" \/>\n<meta name=\"twitter:card\" content=\"summary_large_image\" \/>\n<meta name=\"twitter:site\" content=\"@CLEOLegalRights\" \/>\n<meta name=\"twitter:label1\" content=\"Est. reading time\" \/>\n\t<meta name=\"twitter:data1\" content=\"3 minutes\" \/>\n<script type=\"application\/ld+json\" class=\"yoast-schema-graph\">{\"@context\":\"https:\/\/schema.org\",\"@graph\":[{\"@type\":\"WebPage\",\"@id\":\"https:\/\/stepstojustice.ca\/fr\/questions\/education\/puis-je-porter-une-suspension-en-appel\/\",\"url\":\"https:\/\/stepstojustice.ca\/fr\/questions\/education\/puis-je-porter-une-suspension-en-appel\/\",\"name\":\"Puis-je porter une suspension en appel? - Justice pas-\u00e0-pas\",\"isPartOf\":{\"@id\":\"https:\/\/stepstojustice.ca\/fr\/#website\"},\"datePublished\":\"2021-01-18T15:44:31+00:00\",\"dateModified\":\"2021-12-07T20:23:01+00:00\",\"description\":\"Si vous \u00eates suspendu, vous ne pouvez plus aller \u00e0 l'\u00e9cole ni participer aux activit\u00e9s scolaires. Le directeur est le seul \u00e0 pouvoir vous suspendre, et\",\"breadcrumb\":{\"@id\":\"https:\/\/stepstojustice.ca\/fr\/questions\/education\/puis-je-porter-une-suspension-en-appel\/#breadcrumb\"},\"inLanguage\":\"fr-FR\",\"potentialAction\":[{\"@type\":\"ReadAction\",\"target\":[\"https:\/\/stepstojustice.ca\/fr\/questions\/education\/puis-je-porter-une-suspension-en-appel\/\"]}]},{\"@type\":\"BreadcrumbList\",\"@id\":\"https:\/\/stepstojustice.ca\/fr\/questions\/education\/puis-je-porter-une-suspension-en-appel\/#breadcrumb\",\"itemListElement\":[{\"@type\":\"ListItem\",\"position\":1,\"name\":\"Home\",\"item\":\"https:\/\/stepstojustice.ca\/fr\/\"},{\"@type\":\"ListItem\",\"position\":2,\"name\":\"Questions\",\"item\":\"https:\/\/stepstojustice.ca\/fr\/questions\/\"},{\"@type\":\"ListItem\",\"position\":3,\"name\":\"Puis-je porter une suspension en appel?\"}]},{\"@type\":\"WebSite\",\"@id\":\"https:\/\/stepstojustice.ca\/fr\/#website\",\"url\":\"https:\/\/stepstojustice.ca\/fr\/\",\"name\":\"Justice pas-\u00e0-pas\",\"description\":\"Step-by-step information about legal problems\",\"publisher\":{\"@id\":\"https:\/\/stepstojustice.ca\/fr\/#organization\"},\"potentialAction\":[{\"@type\":\"SearchAction\",\"target\":{\"@type\":\"EntryPoint\",\"urlTemplate\":\"https:\/\/stepstojustice.ca\/fr\/?s={search_term_string}\"},\"query-input\":{\"@type\":\"PropertyValueSpecification\",\"valueRequired\":true,\"valueName\":\"search_term_string\"}}],\"inLanguage\":\"fr-FR\"},{\"@type\":\"Organization\",\"@id\":\"https:\/\/stepstojustice.ca\/fr\/#organization\",\"name\":\"Justice pas-\u00e0-pas\",\"url\":\"https:\/\/stepstojustice.ca\/fr\/\",\"logo\":{\"@type\":\"ImageObject\",\"inLanguage\":\"fr-FR\",\"@id\":\"https:\/\/stepstojustice.ca\/fr\/#\/schema\/logo\/image\/\",\"url\":\"https:\/\/stepstojustice.ca\/wp-content\/uploads\/2020\/10\/logo-s2j.png\",\"contentUrl\":\"https:\/\/stepstojustice.ca\/wp-content\/uploads\/2020\/10\/logo-s2j.png\",\"width\":1000,\"height\":146,\"caption\":\"Justice pas-\u00e0-pas\"},\"image\":{\"@id\":\"https:\/\/stepstojustice.ca\/fr\/#\/schema\/logo\/image\/\"},\"sameAs\":[\"https:\/\/www.facebook.com\/CLEOLegalRights\/\",\"https:\/\/x.com\/CLEOLegalRights\",\"https:\/\/www.instagram.com\/communitylegaleducationon\/\"]}]}<\/script>\n<!-- \/ Yoast SEO Premium plugin. -->","yoast_head_json":{"title":"Puis-je porter une suspension en appel? - Justice pas-\u00e0-pas","description":"Si vous \u00eates suspendu, vous ne pouvez plus aller \u00e0 l'\u00e9cole ni participer aux activit\u00e9s scolaires. Le directeur est le seul \u00e0 pouvoir vous suspendre, et","robots":{"index":"index","follow":"follow","max-snippet":"max-snippet:-1","max-image-preview":"max-image-preview:large","max-video-preview":"max-video-preview:-1"},"canonical":"https:\/\/stepstojustice.ca\/fr\/questions\/education\/puis-je-porter-une-suspension-en-appel\/","og_locale":"fr_FR","og_type":"article","og_title":"Puis-je porter une suspension en appel? - Justice pas-\u00e0-pas","og_description":"Si vous \u00eates suspendu, vous ne pouvez plus aller \u00e0 l'\u00e9cole ni participer aux activit\u00e9s scolaires. Le directeur est le seul \u00e0 pouvoir vous suspendre, et","og_url":"https:\/\/stepstojustice.ca\/fr\/questions\/education\/puis-je-porter-une-suspension-en-appel\/","og_site_name":"Justice pas-\u00e0-pas","article_publisher":"https:\/\/www.facebook.com\/CLEOLegalRights\/","article_modified_time":"2021-12-07T20:23:01+00:00","og_image":[{"width":1200,"height":650,"url":"https:\/\/stepstojustice.ca\/wp-content\/uploads\/Steps-to-Justice-logo.jpg","type":"image\/jpeg"}],"twitter_card":"summary_large_image","twitter_site":"@CLEOLegalRights","twitter_misc":{"Est. reading time":"3 minutes"},"schema":{"@context":"https:\/\/schema.org","@graph":[{"@type":"WebPage","@id":"https:\/\/stepstojustice.ca\/fr\/questions\/education\/puis-je-porter-une-suspension-en-appel\/","url":"https:\/\/stepstojustice.ca\/fr\/questions\/education\/puis-je-porter-une-suspension-en-appel\/","name":"Puis-je porter une suspension en appel? - Justice pas-\u00e0-pas","isPartOf":{"@id":"https:\/\/stepstojustice.ca\/fr\/#website"},"datePublished":"2021-01-18T15:44:31+00:00","dateModified":"2021-12-07T20:23:01+00:00","description":"Si vous \u00eates suspendu, vous ne pouvez plus aller \u00e0 l'\u00e9cole ni participer aux activit\u00e9s scolaires. Le directeur est le seul \u00e0 pouvoir vous suspendre, et","breadcrumb":{"@id":"https:\/\/stepstojustice.ca\/fr\/questions\/education\/puis-je-porter-une-suspension-en-appel\/#breadcrumb"},"inLanguage":"fr-FR","potentialAction":[{"@type":"ReadAction","target":["https:\/\/stepstojustice.ca\/fr\/questions\/education\/puis-je-porter-une-suspension-en-appel\/"]}]},{"@type":"BreadcrumbList","@id":"https:\/\/stepstojustice.ca\/fr\/questions\/education\/puis-je-porter-une-suspension-en-appel\/#breadcrumb","itemListElement":[{"@type":"ListItem","position":1,"name":"Home","item":"https:\/\/stepstojustice.ca\/fr\/"},{"@type":"ListItem","position":2,"name":"Questions","item":"https:\/\/stepstojustice.ca\/fr\/questions\/"},{"@type":"ListItem","position":3,"name":"Puis-je porter une suspension en appel?"}]},{"@type":"WebSite","@id":"https:\/\/stepstojustice.ca\/fr\/#website","url":"https:\/\/stepstojustice.ca\/fr\/","name":"Justice pas-\u00e0-pas","description":"Step-by-step information about legal problems","publisher":{"@id":"https:\/\/stepstojustice.ca\/fr\/#organization"},"potentialAction":[{"@type":"SearchAction","target":{"@type":"EntryPoint","urlTemplate":"https:\/\/stepstojustice.ca\/fr\/?s={search_term_string}"},"query-input":{"@type":"PropertyValueSpecification","valueRequired":true,"valueName":"search_term_string"}}],"inLanguage":"fr-FR"},{"@type":"Organization","@id":"https:\/\/stepstojustice.ca\/fr\/#organization","name":"Justice pas-\u00e0-pas","url":"https:\/\/stepstojustice.ca\/fr\/","logo":{"@type":"ImageObject","inLanguage":"fr-FR","@id":"https:\/\/stepstojustice.ca\/fr\/#\/schema\/logo\/image\/","url":"https:\/\/stepstojustice.ca\/wp-content\/uploads\/2020\/10\/logo-s2j.png","contentUrl":"https:\/\/stepstojustice.ca\/wp-content\/uploads\/2020\/10\/logo-s2j.png","width":1000,"height":146,"caption":"Justice pas-\u00e0-pas"},"image":{"@id":"https:\/\/stepstojustice.ca\/fr\/#\/schema\/logo\/image\/"},"sameAs":["https:\/\/www.facebook.com\/CLEOLegalRights\/","https:\/\/x.com\/CLEOLegalRights","https:\/\/www.instagram.com\/communitylegaleducationon\/"]}]}},"meta_box":{"date_fg19r358tw7":"2020-12-15 00:00:00","date_sgrhr9fx3j":"2021-12-17 00:00:00","text_qgvph2rt54":"","text_mb2unyqw82h":"Jesse Mark","text_z4722ywvha":"","textarea_i237k2mg4u":"","date_mvzg7sr921":"","textarea_0ej69ng0xn48":"","file_1s3spou4tld":[],"text_0iky8vwgh18v":"marianne.stephens","date_e0vrot0tvds":"2021-01-18 10:44:31 -0500","text_y2tadrpr98":"Edited by marianne.stephens.","number_98lw0j89q05":"1877","post_0glwwksj820p":[1171190,1171176,1171189],"questions_to_resources_to":["1181369"],"questions_to_guided_pathways_to":[],"questions_to_alerts_to":[],"questions_to_steps_to":["1175379","1175378","1175377","1175376","1175375"]},"_links":{"self":[{"href":"https:\/\/stepstojustice.ca\/fr\/wp-json\/wp\/v2\/questions\/1171191","targetHints":{"allow":["GET"]}}],"collection":[{"href":"https:\/\/stepstojustice.ca\/fr\/wp-json\/wp\/v2\/questions"}],"about":[{"href":"https:\/\/stepstojustice.ca\/fr\/wp-json\/wp\/v2\/types\/questions"}],"author":[{"embeddable":true,"href":"https:\/\/stepstojustice.ca\/fr\/wp-json\/wp\/v2\/users\/3"}],"version-history":[{"count":3,"href":"https:\/\/stepstojustice.ca\/fr\/wp-json\/wp\/v2\/questions\/1171191\/revisions"}],"predecessor-version":[{"id":1228206,"href":"https:\/\/stepstojustice.ca\/fr\/wp-json\/wp\/v2\/questions\/1171191\/revisions\/1228206"}],"wp:attachment":[{"href":"https:\/\/stepstojustice.ca\/fr\/wp-json\/wp\/v2\/media?parent=1171191"}],"wp:term":[{"taxonomy":"legal-topic","embeddable":true,"href":"https:\/\/stepstojustice.ca\/fr\/wp-json\/wp\/v2\/legal-topic?post=1171191"}],"curies":[{"name":"wp","href":"https:\/\/api.w.org\/{rel}","templated":true}]}}