{"id":1171210,"date":"2019-08-08T11:16:48","date_gmt":"2019-08-08T15:16:48","guid":{"rendered":""},"modified":"2023-09-01T12:20:39","modified_gmt":"2023-09-01T16:20:39","slug":"mes-enfants-pourront-ils-frequenter-lecole-lorsque-jaurai-demande-lasile","status":"publish","type":"questions","link":"https:\/\/stepstojustice.ca\/fr\/questions\/education\/mes-enfants-pourront-ils-frequenter-lecole-lorsque-jaurai-demande-lasile\/","title":{"rendered":"Mes enfants pourront-ils fr\u00e9quenter l\u2019\u00e9cole lorsque j\u2019aurai demand\u00e9 l\u2019asile?"},"content":{"rendered":"<p>Tous les enfants vivant en Ontario ont le droit de fr\u00e9quenter l\u2019\u00e9cole. La loi interdit aux \u00e9coles de refuser un enfant de moins de 18\u00a0ans seulement parce que l\u2019enfant, ses parents ou son tuteur se trouvent au Canada comme r\u00e9fugi\u00e9s ou sans statut d\u2019immigrant.<\/p>\n<p>Un enfant de moins de 18\u00a0ans qui fait une demande d\u2019asile ou n\u2019a pas de statut au Canada\u00a0:<\/p>\n<ul>\n<li>n\u2019a pas besoin d\u2019un permis d\u2019\u00e9tudes d\u2019Immigration, R\u00e9fugi\u00e9s et Citoyennet\u00e9 Canada (IRCC);<\/li>\n<li>n\u2019a pas non plus \u00e0 payer quoi que ce soit pour fr\u00e9quenter l\u2019\u00e9cole \u00e9l\u00e9mentaire ou secondaire.<\/li>\n<\/ul>\n<p>En Ontario, la Loi sur l\u2019\u00e9ducation <strong>exige <\/strong>que tous les enfants fr\u00e9quentent l\u2019\u00e9cole. Un enfant ne peut en \u00eatre dispens\u00e9 que pour l\u2019une des raisons \u00e9nonc\u00e9es dans la Loi, par exemple s\u2019il est malade, le jour d\u2019une f\u00eate religieuse ou dans un cas d\u2019instruction \u00e0 domicile. Si vous pr\u00e9voyez instruire votre enfant chez vous, vous devez en informer le conseil scolaire responsable de son \u00e9cole. Dans ce cas, il sera bon de vous renseigner aupr\u00e8s du conseil scolaire au sujet des exigences \u00e0 satisfaire.<\/p>\n<p>L\u2019\u00e9cole du quartier, d\u2019autres professionnels et les membres de la communaut\u00e9 ont le devoir d\u2019<a href=\"\/fr\/questions\/abuse-and-family-violence\/que-peut-faire-une-soci\u00e9t\u00e9-daide-\u00e0-lenfance-si-elle-croit-que\">aviser une soci\u00e9t\u00e9 d\u2019aide \u00e0 l\u2019enfance<\/a> si\u00a0:<\/p>\n<ul>\n<li>vous n\u2019envoyez pas votre enfant \u00e0 l\u2019\u00e9cole;<\/li>\n<li>votre enfant manque beaucoup de jours d\u2019\u00e9cole;<\/li>\n<li>ou votre instruction \u00e0 domicile \u00e9veille des doutes.<\/li>\n<\/ul>\n<h3>Enfants de plus de 18\u00a0ans<\/h3>\n<p>S\u2019il a plus de 18\u00a0ans, votre enfant aura besoin d\u2019un permis d\u2019\u00e9tudes s\u2019il a \u00e9t\u00e9 admis dans un coll\u00e8ge ou une universit\u00e9 pendant que vous attendez la r\u00e9ponse \u00e0 votre demande d\u2019asile. De plus, il devra probablement payer les m\u00eames droits de scolarit\u00e9 que les \u00e9tudiants \u00e9trangers jusqu\u2019\u00e0 ce que votre demande soit accept\u00e9e.<\/p>\n<p>Vous pouvez demander \u00e0 l\u2019\u00e9tablissement si votre enfant sera exempt\u00e9 des droits de scolarit\u00e9 applicables aux \u00e9tudiants \u00e9trangers. Votre enfant pourra \u00eatre admissible \u00e0 certaines bourses d\u2019\u00e9tudes, mais il n\u2019aura pas droit au R\u00e9gime d\u2019aide financi\u00e8re aux \u00e9tudiantes et \u00e9tudiants de l\u2019Ontario (RAFEO) tant que votre demande d\u2019asile n\u2019aura pas \u00e9t\u00e9 accept\u00e9e.<\/p>\n<!-- AddThis Advanced Settings generic via filter on the_content --><!-- AddThis Share Buttons generic via filter on the_content -->","protected":false},"author":3,"featured_media":0,"template":"","legal-topic":[42709,44983,42583,42594],"class_list":["post-1171210","questions","type-questions","status-publish","hentry","legal-topic-education","legal-topic-immigration-status","legal-topic-refugee-law","legal-topic-getting-benefits-and-services"],"yoast_head":"<!-- This site is optimized with the Yoast SEO Premium plugin v23.9 (Yoast SEO v23.9) - https:\/\/yoast.com\/wordpress\/plugins\/seo\/ -->\n<title>Mes enfants pourront-ils fr\u00e9quenter l\u2019\u00e9cole lorsque j\u2019aurai demand\u00e9 l\u2019asile? - Justice pas-\u00e0-pas<\/title>\n<meta name=\"description\" content=\"Tous les enfants vivant en Ontario ont le droit de fr\u00e9quenter l\u2019\u00e9cole. La loi interdit aux \u00e9coles de refuser un enfant de moins de 18\u00a0ans seulement parce\" \/>\n<meta name=\"robots\" content=\"index, follow, max-snippet:-1, max-image-preview:large, max-video-preview:-1\" \/>\n<link rel=\"canonical\" href=\"https:\/\/stepstojustice.ca\/fr\/questions\/education\/mes-enfants-pourront-ils-frequenter-lecole-lorsque-jaurai-demande-lasile\/\" \/>\n<meta property=\"og:locale\" content=\"fr_FR\" \/>\n<meta property=\"og:type\" content=\"article\" \/>\n<meta property=\"og:title\" content=\"Mes enfants pourront-ils fr\u00e9quenter l\u2019\u00e9cole lorsque j\u2019aurai demand\u00e9 l\u2019asile? - Justice pas-\u00e0-pas\" \/>\n<meta property=\"og:description\" content=\"Tous les enfants vivant en Ontario ont le droit de fr\u00e9quenter l\u2019\u00e9cole. La loi interdit aux \u00e9coles de refuser un enfant de moins de 18\u00a0ans seulement parce\" \/>\n<meta property=\"og:url\" content=\"https:\/\/stepstojustice.ca\/fr\/questions\/education\/mes-enfants-pourront-ils-frequenter-lecole-lorsque-jaurai-demande-lasile\/\" \/>\n<meta property=\"og:site_name\" content=\"Justice pas-\u00e0-pas\" \/>\n<meta property=\"article:publisher\" content=\"https:\/\/www.facebook.com\/CLEOLegalRights\/\" \/>\n<meta property=\"article:modified_time\" content=\"2023-09-01T16:20:39+00:00\" \/>\n<meta property=\"og:image\" content=\"https:\/\/stepstojustice.ca\/wp-content\/uploads\/Steps-to-Justice-logo.jpg\" \/>\n\t<meta property=\"og:image:width\" content=\"1200\" \/>\n\t<meta property=\"og:image:height\" content=\"650\" \/>\n\t<meta property=\"og:image:type\" content=\"image\/jpeg\" \/>\n<meta name=\"twitter:card\" content=\"summary_large_image\" \/>\n<meta name=\"twitter:site\" content=\"@CLEOLegalRights\" \/>\n<meta name=\"twitter:label1\" content=\"Est. reading time\" \/>\n\t<meta name=\"twitter:data1\" content=\"2 minutes\" \/>\n<script type=\"application\/ld+json\" class=\"yoast-schema-graph\">{\"@context\":\"https:\/\/schema.org\",\"@graph\":[{\"@type\":\"WebPage\",\"@id\":\"https:\/\/stepstojustice.ca\/fr\/questions\/education\/mes-enfants-pourront-ils-frequenter-lecole-lorsque-jaurai-demande-lasile\/\",\"url\":\"https:\/\/stepstojustice.ca\/fr\/questions\/education\/mes-enfants-pourront-ils-frequenter-lecole-lorsque-jaurai-demande-lasile\/\",\"name\":\"Mes enfants pourront-ils fr\u00e9quenter l\u2019\u00e9cole lorsque j\u2019aurai demand\u00e9 l\u2019asile? - Justice pas-\u00e0-pas\",\"isPartOf\":{\"@id\":\"https:\/\/stepstojustice.ca\/fr\/#website\"},\"datePublished\":\"2019-08-08T15:16:48+00:00\",\"dateModified\":\"2023-09-01T16:20:39+00:00\",\"description\":\"Tous les enfants vivant en Ontario ont le droit de fr\u00e9quenter l\u2019\u00e9cole. La loi interdit aux \u00e9coles de refuser un enfant de moins de 18\u00a0ans seulement parce\",\"breadcrumb\":{\"@id\":\"https:\/\/stepstojustice.ca\/fr\/questions\/education\/mes-enfants-pourront-ils-frequenter-lecole-lorsque-jaurai-demande-lasile\/#breadcrumb\"},\"inLanguage\":\"fr-FR\",\"potentialAction\":[{\"@type\":\"ReadAction\",\"target\":[\"https:\/\/stepstojustice.ca\/fr\/questions\/education\/mes-enfants-pourront-ils-frequenter-lecole-lorsque-jaurai-demande-lasile\/\"]}]},{\"@type\":\"BreadcrumbList\",\"@id\":\"https:\/\/stepstojustice.ca\/fr\/questions\/education\/mes-enfants-pourront-ils-frequenter-lecole-lorsque-jaurai-demande-lasile\/#breadcrumb\",\"itemListElement\":[{\"@type\":\"ListItem\",\"position\":1,\"name\":\"Home\",\"item\":\"https:\/\/stepstojustice.ca\/fr\/\"},{\"@type\":\"ListItem\",\"position\":2,\"name\":\"Questions\",\"item\":\"https:\/\/stepstojustice.ca\/fr\/questions\/\"},{\"@type\":\"ListItem\",\"position\":3,\"name\":\"Mes enfants pourront-ils fr\u00e9quenter l\u2019\u00e9cole lorsque j\u2019aurai demand\u00e9 l\u2019asile?\"}]},{\"@type\":\"WebSite\",\"@id\":\"https:\/\/stepstojustice.ca\/fr\/#website\",\"url\":\"https:\/\/stepstojustice.ca\/fr\/\",\"name\":\"Justice pas-\u00e0-pas\",\"description\":\"Step-by-step information about legal problems\",\"publisher\":{\"@id\":\"https:\/\/stepstojustice.ca\/fr\/#organization\"},\"potentialAction\":[{\"@type\":\"SearchAction\",\"target\":{\"@type\":\"EntryPoint\",\"urlTemplate\":\"https:\/\/stepstojustice.ca\/fr\/?s={search_term_string}\"},\"query-input\":{\"@type\":\"PropertyValueSpecification\",\"valueRequired\":true,\"valueName\":\"search_term_string\"}}],\"inLanguage\":\"fr-FR\"},{\"@type\":\"Organization\",\"@id\":\"https:\/\/stepstojustice.ca\/fr\/#organization\",\"name\":\"Justice pas-\u00e0-pas\",\"url\":\"https:\/\/stepstojustice.ca\/fr\/\",\"logo\":{\"@type\":\"ImageObject\",\"inLanguage\":\"fr-FR\",\"@id\":\"https:\/\/stepstojustice.ca\/fr\/#\/schema\/logo\/image\/\",\"url\":\"https:\/\/stepstojustice.ca\/wp-content\/uploads\/2020\/10\/logo-s2j.png\",\"contentUrl\":\"https:\/\/stepstojustice.ca\/wp-content\/uploads\/2020\/10\/logo-s2j.png\",\"width\":1000,\"height\":146,\"caption\":\"Justice pas-\u00e0-pas\"},\"image\":{\"@id\":\"https:\/\/stepstojustice.ca\/fr\/#\/schema\/logo\/image\/\"},\"sameAs\":[\"https:\/\/www.facebook.com\/CLEOLegalRights\/\",\"https:\/\/x.com\/CLEOLegalRights\",\"https:\/\/www.instagram.com\/communitylegaleducationon\/\"]}]}<\/script>\n<!-- \/ Yoast SEO Premium plugin. -->","yoast_head_json":{"title":"Mes enfants pourront-ils fr\u00e9quenter l\u2019\u00e9cole lorsque j\u2019aurai demand\u00e9 l\u2019asile? - Justice pas-\u00e0-pas","description":"Tous les enfants vivant en Ontario ont le droit de fr\u00e9quenter l\u2019\u00e9cole. La loi interdit aux \u00e9coles de refuser un enfant de moins de 18\u00a0ans seulement parce","robots":{"index":"index","follow":"follow","max-snippet":"max-snippet:-1","max-image-preview":"max-image-preview:large","max-video-preview":"max-video-preview:-1"},"canonical":"https:\/\/stepstojustice.ca\/fr\/questions\/education\/mes-enfants-pourront-ils-frequenter-lecole-lorsque-jaurai-demande-lasile\/","og_locale":"fr_FR","og_type":"article","og_title":"Mes enfants pourront-ils fr\u00e9quenter l\u2019\u00e9cole lorsque j\u2019aurai demand\u00e9 l\u2019asile? - Justice pas-\u00e0-pas","og_description":"Tous les enfants vivant en Ontario ont le droit de fr\u00e9quenter l\u2019\u00e9cole. La loi interdit aux \u00e9coles de refuser un enfant de moins de 18\u00a0ans seulement parce","og_url":"https:\/\/stepstojustice.ca\/fr\/questions\/education\/mes-enfants-pourront-ils-frequenter-lecole-lorsque-jaurai-demande-lasile\/","og_site_name":"Justice pas-\u00e0-pas","article_publisher":"https:\/\/www.facebook.com\/CLEOLegalRights\/","article_modified_time":"2023-09-01T16:20:39+00:00","og_image":[{"width":1200,"height":650,"url":"https:\/\/stepstojustice.ca\/wp-content\/uploads\/Steps-to-Justice-logo.jpg","type":"image\/jpeg"}],"twitter_card":"summary_large_image","twitter_site":"@CLEOLegalRights","twitter_misc":{"Est. reading time":"2 minutes"},"schema":{"@context":"https:\/\/schema.org","@graph":[{"@type":"WebPage","@id":"https:\/\/stepstojustice.ca\/fr\/questions\/education\/mes-enfants-pourront-ils-frequenter-lecole-lorsque-jaurai-demande-lasile\/","url":"https:\/\/stepstojustice.ca\/fr\/questions\/education\/mes-enfants-pourront-ils-frequenter-lecole-lorsque-jaurai-demande-lasile\/","name":"Mes enfants pourront-ils fr\u00e9quenter l\u2019\u00e9cole lorsque j\u2019aurai demand\u00e9 l\u2019asile? - Justice pas-\u00e0-pas","isPartOf":{"@id":"https:\/\/stepstojustice.ca\/fr\/#website"},"datePublished":"2019-08-08T15:16:48+00:00","dateModified":"2023-09-01T16:20:39+00:00","description":"Tous les enfants vivant en Ontario ont le droit de fr\u00e9quenter l\u2019\u00e9cole. La loi interdit aux \u00e9coles de refuser un enfant de moins de 18\u00a0ans seulement parce","breadcrumb":{"@id":"https:\/\/stepstojustice.ca\/fr\/questions\/education\/mes-enfants-pourront-ils-frequenter-lecole-lorsque-jaurai-demande-lasile\/#breadcrumb"},"inLanguage":"fr-FR","potentialAction":[{"@type":"ReadAction","target":["https:\/\/stepstojustice.ca\/fr\/questions\/education\/mes-enfants-pourront-ils-frequenter-lecole-lorsque-jaurai-demande-lasile\/"]}]},{"@type":"BreadcrumbList","@id":"https:\/\/stepstojustice.ca\/fr\/questions\/education\/mes-enfants-pourront-ils-frequenter-lecole-lorsque-jaurai-demande-lasile\/#breadcrumb","itemListElement":[{"@type":"ListItem","position":1,"name":"Home","item":"https:\/\/stepstojustice.ca\/fr\/"},{"@type":"ListItem","position":2,"name":"Questions","item":"https:\/\/stepstojustice.ca\/fr\/questions\/"},{"@type":"ListItem","position":3,"name":"Mes enfants pourront-ils fr\u00e9quenter l\u2019\u00e9cole lorsque j\u2019aurai demand\u00e9 l\u2019asile?"}]},{"@type":"WebSite","@id":"https:\/\/stepstojustice.ca\/fr\/#website","url":"https:\/\/stepstojustice.ca\/fr\/","name":"Justice pas-\u00e0-pas","description":"Step-by-step information about legal problems","publisher":{"@id":"https:\/\/stepstojustice.ca\/fr\/#organization"},"potentialAction":[{"@type":"SearchAction","target":{"@type":"EntryPoint","urlTemplate":"https:\/\/stepstojustice.ca\/fr\/?s={search_term_string}"},"query-input":{"@type":"PropertyValueSpecification","valueRequired":true,"valueName":"search_term_string"}}],"inLanguage":"fr-FR"},{"@type":"Organization","@id":"https:\/\/stepstojustice.ca\/fr\/#organization","name":"Justice pas-\u00e0-pas","url":"https:\/\/stepstojustice.ca\/fr\/","logo":{"@type":"ImageObject","inLanguage":"fr-FR","@id":"https:\/\/stepstojustice.ca\/fr\/#\/schema\/logo\/image\/","url":"https:\/\/stepstojustice.ca\/wp-content\/uploads\/2020\/10\/logo-s2j.png","contentUrl":"https:\/\/stepstojustice.ca\/wp-content\/uploads\/2020\/10\/logo-s2j.png","width":1000,"height":146,"caption":"Justice pas-\u00e0-pas"},"image":{"@id":"https:\/\/stepstojustice.ca\/fr\/#\/schema\/logo\/image\/"},"sameAs":["https:\/\/www.facebook.com\/CLEOLegalRights\/","https:\/\/x.com\/CLEOLegalRights","https:\/\/www.instagram.com\/communitylegaleducationon\/"]}]}},"meta_box":{"date_fg19r358tw7":"2021-07-20","date_sgrhr9fx3j":"2020-07-16 00:00:00","text_qgvph2rt54":"Authors: Janet McGill and Kristin Marshall","text_mb2unyqw82h":"","text_z4722ywvha":"Nicole","textarea_i237k2mg4u":"","date_mvzg7sr921":"","textarea_0ej69ng0xn48":"","file_1s3spou4tld":[{"icon":"<img width=\"48\" height=\"64\" src=\"https:\/\/stepstojustice.ca\/wp-includes\/images\/media\/document.png\" alt=\"\">","name":"Can%20I%20my%20children%20go%20to%20school%20after%20I%20make%20a%20refugee%20claim_July%202019.docx","path":"\/home\/stepstojustice\/public_html\/system\/files\/Can%20I%20my%20children%20go%20to%20school%20after%20I%20make%20a%20refugee%20claim_July%202019.docx","url":"https:\/\/stepstojustice.ca\/system\/files\/Can%20I%20my%20children%20go%20to%20school%20after%20I%20make%20a%20refugee%20claim_July%202019.docx","title":"Can%20I%20my%20children%20go%20to%20school%20after%20I%20make%20a%20refugee%20claim_July%202019","edit_link":""}],"text_0iky8vwgh18v":"marie.koona","date_e0vrot0tvds":"2019-08-08 11:16:48 -0400","text_y2tadrpr98":"Edited by marianne.stephens.","number_98lw0j89q05":"2248","post_0glwwksj820p":[1171213,1171194,1171193],"questions_to_resources_to":["1186096","1186095","1186143","1181858","1181856"],"questions_to_guided_pathways_to":[],"questions_to_alerts_to":[],"questions_to_steps_to":["1175730","1175729","1175728","1175727"]},"_links":{"self":[{"href":"https:\/\/stepstojustice.ca\/fr\/wp-json\/wp\/v2\/questions\/1171210","targetHints":{"allow":["GET"]}}],"collection":[{"href":"https:\/\/stepstojustice.ca\/fr\/wp-json\/wp\/v2\/questions"}],"about":[{"href":"https:\/\/stepstojustice.ca\/fr\/wp-json\/wp\/v2\/types\/questions"}],"author":[{"embeddable":true,"href":"https:\/\/stepstojustice.ca\/fr\/wp-json\/wp\/v2\/users\/3"}],"version-history":[{"count":5,"href":"https:\/\/stepstojustice.ca\/fr\/wp-json\/wp\/v2\/questions\/1171210\/revisions"}],"predecessor-version":[{"id":1254721,"href":"https:\/\/stepstojustice.ca\/fr\/wp-json\/wp\/v2\/questions\/1171210\/revisions\/1254721"}],"wp:attachment":[{"href":"https:\/\/stepstojustice.ca\/fr\/wp-json\/wp\/v2\/media?parent=1171210"}],"wp:term":[{"taxonomy":"legal-topic","embeddable":true,"href":"https:\/\/stepstojustice.ca\/fr\/wp-json\/wp\/v2\/legal-topic?post=1171210"}],"curies":[{"name":"wp","href":"https:\/\/api.w.org\/{rel}","templated":true}]}}