{"id":1171535,"date":"2018-02-20T10:26:01","date_gmt":"2018-02-20T15:26:01","guid":{"rendered":""},"modified":"2024-09-24T12:31:24","modified_gmt":"2024-09-24T16:31:24","slug":"que-puis-je-faire-si-je-dois-demenager-parce-que-je-suis-victime","status":"publish","type":"questions","link":"https:\/\/stepstojustice.ca\/fr\/questions\/abuse-and-family-violence\/que-puis-je-faire-si-je-dois-demenager-parce-que-je-suis-victime\/","title":{"rendered":"Que puis-je faire si je dois d\u00e9m\u00e9nager parce que je suis victime de violence ou de mauvais traitement?"},"content":{"rendered":"<p>En r\u00e8gle g\u00e9n\u00e9rale, si vous souhaitez d\u00e9m\u00e9nager et mettre fin \u00e0 un contrat de location mensuelle ou annuelle ou de location \u00e0 terme fixe, vous devez donner un pr\u00e9avis de 60\u00a0jours \u00e0 votre propri\u00e9taire. Par ailleurs, vous ne pouvez pas r\u00e9silier votre location avant la <a href=\"\/fr\/questions\/housing-law\/jai-un-contrat-de-location-mensuelle-comment-dois-je-remettre-mon\/\">fin d&#8217;une p\u00e9riode de location<\/a> ou de la <a href=\"\/fr\/questions\/housing-law\/comment-remettre-un-avis-de-r\u00e9siliation-dune-location-\u00e0-terme-fixe\/\">dur\u00e9e de votre bail<\/a>.<\/p>\n<p>Toutefois, si vous devez d\u00e9m\u00e9nager parce que vous, ou un enfant vivant avec vous, avez \u00e9t\u00e9 victime de violence familiale ou sexuelle, vous pourriez \u00eatre en mesure de mettre fin \u00e0 votre location avec un pr\u00e9avis de 28 jours.<\/p>\n<p>Pour ce faire, vous devez remplir le <a class=\"links-link ext new-link\" href=\"\/fr\/resource\/n15-avis-de-r-siliation-de-la-location-donn-par-le-locataire-par-crainte-de-violence-sexuelle-ou-fam\/\" target=\"_blank\" rel=\"noopener\">Formulaire\u00a0N15 \u2013 Avis de r\u00e9siliation de la location donn\u00e9 par le locataire par crainte de violence sexuelle ou familiale et de mauvais traitements<\/a> de la Commission de la location immobili\u00e8re. Vous pouvez remettre cet avis \u00e0 tout moment \u00e0 votre propri\u00e9taire; vous n&#8217;avez pas \u00e0 attendre la fin de votre bail ou d&#8217;une <span class=\"glossary\">p\u00e9riode<\/span> de location.<\/p>\n<p>Vous devez \u00e9galement remettre \u00e0 votre propri\u00e9taire l&#8217;un des documents suivants :<\/p>\n<ul>\n<li>une copie d&#8217;un engagement de ne pas troubler l&#8217;ordre public ou d&#8217;une ordonnance restrictive contre la personne qui a agress\u00e9;<\/li>\n<li>le formulaire intitul\u00e9 <a class=\"links-link ext new-link\" href=\"\/fr\/resource\/declaration-du-locataire-violence-sexuelle-ou-familiale-et-mauvais-traitements\/\" target=\"_blank\" rel=\"noopener\">D\u00e9claration du locataire \u2013 violence sexuelle ou familiale et mauvais traitements<\/a>.<\/li>\n<\/ul>\n<p>Ces documents et formulaires ainsi que la marche \u00e0 suivre sont d\u00e9crits plus en d\u00e9tail aux \u00e9tapes suivantes.<\/p>\n<p>Lorsque vous t\u00e9l\u00e9chargez ces formulaires ou cherchez de l&#8217;information sur la violence familiale en ligne, <a class=\"links-link ext new-link\" href=\"\/fr\/resource\/keep-safe-online-on-your-phone\/\" target=\"_blank\" rel=\"noopener\">prenez des pr\u00e9cautions<\/a> pour assurer votre s\u00e9curit\u00e9 (disponible en anglais seulement).<\/p>\n<!-- AddThis Advanced Settings generic via filter on the_content --><!-- AddThis Share Buttons generic via filter on the_content -->","protected":false},"author":3,"featured_media":0,"template":"","legal-topic":[42142,42161,42162,42163,42146,42300,42301,42302,42148,42374,42375,42376],"class_list":["post-1171535","questions","type-questions","status-publish","hentry","legal-topic-abuse-and-family-violence","legal-topic-domestic-violence","legal-topic-abusive-situations","legal-topic-staying-safe-0","legal-topic-family-law","legal-topic-partner-abuse","legal-topic-abusive-situations-0","legal-topic-staying-safe","legal-topic-housing-law","legal-topic-moving-out","legal-topic-getting-out-lease-or-rental-agreement","legal-topic-giving-notice"],"yoast_head":"<!-- This site is optimized with the Yoast SEO Premium plugin v23.9 (Yoast SEO v23.9) - https:\/\/yoast.com\/wordpress\/plugins\/seo\/ -->\n<title>Que puis-je faire si je dois d\u00e9m\u00e9nager parce que je suis victime de violence ou de mauvais traitement? - Justice pas-\u00e0-pas<\/title>\n<meta name=\"description\" content=\"En r\u00e8gle g\u00e9n\u00e9rale, si vous souhaitez d\u00e9m\u00e9nager et mettre fin \u00e0 un contrat de location mensuelle ou annuelle ou de location \u00e0 terme fixe, vous devez donner\" \/>\n<meta name=\"robots\" content=\"index, follow, max-snippet:-1, max-image-preview:large, max-video-preview:-1\" \/>\n<link rel=\"canonical\" href=\"https:\/\/stepstojustice.ca\/fr\/questions\/abuse-and-family-violence\/que-puis-je-faire-si-je-dois-demenager-parce-que-je-suis-victime\/\" \/>\n<meta property=\"og:locale\" content=\"fr_FR\" \/>\n<meta property=\"og:type\" content=\"article\" \/>\n<meta property=\"og:title\" content=\"Que puis-je faire si je dois d\u00e9m\u00e9nager parce que je suis victime de violence ou de mauvais traitement? - Justice pas-\u00e0-pas\" \/>\n<meta property=\"og:description\" content=\"En r\u00e8gle g\u00e9n\u00e9rale, si vous souhaitez d\u00e9m\u00e9nager et mettre fin \u00e0 un contrat de location mensuelle ou annuelle ou de location \u00e0 terme fixe, vous devez donner\" \/>\n<meta property=\"og:url\" content=\"https:\/\/stepstojustice.ca\/fr\/questions\/abuse-and-family-violence\/que-puis-je-faire-si-je-dois-demenager-parce-que-je-suis-victime\/\" \/>\n<meta property=\"og:site_name\" content=\"Justice pas-\u00e0-pas\" \/>\n<meta property=\"article:publisher\" content=\"https:\/\/www.facebook.com\/CLEOLegalRights\/\" \/>\n<meta property=\"article:modified_time\" content=\"2024-09-24T16:31:24+00:00\" \/>\n<meta property=\"og:image\" content=\"https:\/\/stepstojustice.ca\/wp-content\/uploads\/Steps-to-Justice-logo.jpg\" \/>\n\t<meta property=\"og:image:width\" content=\"1200\" \/>\n\t<meta property=\"og:image:height\" content=\"650\" \/>\n\t<meta property=\"og:image:type\" content=\"image\/jpeg\" \/>\n<meta name=\"twitter:card\" content=\"summary_large_image\" \/>\n<meta name=\"twitter:site\" content=\"@CLEOLegalRights\" \/>\n<meta name=\"twitter:label1\" content=\"Est. reading time\" \/>\n\t<meta name=\"twitter:data1\" content=\"2 minutes\" \/>\n<script type=\"application\/ld+json\" class=\"yoast-schema-graph\">{\"@context\":\"https:\/\/schema.org\",\"@graph\":[{\"@type\":\"WebPage\",\"@id\":\"https:\/\/stepstojustice.ca\/fr\/questions\/abuse-and-family-violence\/que-puis-je-faire-si-je-dois-demenager-parce-que-je-suis-victime\/\",\"url\":\"https:\/\/stepstojustice.ca\/fr\/questions\/abuse-and-family-violence\/que-puis-je-faire-si-je-dois-demenager-parce-que-je-suis-victime\/\",\"name\":\"Que puis-je faire si je dois d\u00e9m\u00e9nager parce que je suis victime de violence ou de mauvais traitement? - Justice pas-\u00e0-pas\",\"isPartOf\":{\"@id\":\"https:\/\/stepstojustice.ca\/fr\/#website\"},\"datePublished\":\"2018-02-20T15:26:01+00:00\",\"dateModified\":\"2024-09-24T16:31:24+00:00\",\"description\":\"En r\u00e8gle g\u00e9n\u00e9rale, si vous souhaitez d\u00e9m\u00e9nager et mettre fin \u00e0 un contrat de location mensuelle ou annuelle ou de location \u00e0 terme fixe, vous devez donner\",\"breadcrumb\":{\"@id\":\"https:\/\/stepstojustice.ca\/fr\/questions\/abuse-and-family-violence\/que-puis-je-faire-si-je-dois-demenager-parce-que-je-suis-victime\/#breadcrumb\"},\"inLanguage\":\"fr-FR\",\"potentialAction\":[{\"@type\":\"ReadAction\",\"target\":[\"https:\/\/stepstojustice.ca\/fr\/questions\/abuse-and-family-violence\/que-puis-je-faire-si-je-dois-demenager-parce-que-je-suis-victime\/\"]}]},{\"@type\":\"BreadcrumbList\",\"@id\":\"https:\/\/stepstojustice.ca\/fr\/questions\/abuse-and-family-violence\/que-puis-je-faire-si-je-dois-demenager-parce-que-je-suis-victime\/#breadcrumb\",\"itemListElement\":[{\"@type\":\"ListItem\",\"position\":1,\"name\":\"Home\",\"item\":\"https:\/\/stepstojustice.ca\/fr\/\"},{\"@type\":\"ListItem\",\"position\":2,\"name\":\"Questions\",\"item\":\"https:\/\/stepstojustice.ca\/fr\/questions\/\"},{\"@type\":\"ListItem\",\"position\":3,\"name\":\"Que puis-je faire si je dois d\u00e9m\u00e9nager parce que je suis victime de violence ou de mauvais traitement?\"}]},{\"@type\":\"WebSite\",\"@id\":\"https:\/\/stepstojustice.ca\/fr\/#website\",\"url\":\"https:\/\/stepstojustice.ca\/fr\/\",\"name\":\"Justice pas-\u00e0-pas\",\"description\":\"Step-by-step information about legal problems\",\"publisher\":{\"@id\":\"https:\/\/stepstojustice.ca\/fr\/#organization\"},\"potentialAction\":[{\"@type\":\"SearchAction\",\"target\":{\"@type\":\"EntryPoint\",\"urlTemplate\":\"https:\/\/stepstojustice.ca\/fr\/?s={search_term_string}\"},\"query-input\":{\"@type\":\"PropertyValueSpecification\",\"valueRequired\":true,\"valueName\":\"search_term_string\"}}],\"inLanguage\":\"fr-FR\"},{\"@type\":\"Organization\",\"@id\":\"https:\/\/stepstojustice.ca\/fr\/#organization\",\"name\":\"Justice pas-\u00e0-pas\",\"url\":\"https:\/\/stepstojustice.ca\/fr\/\",\"logo\":{\"@type\":\"ImageObject\",\"inLanguage\":\"fr-FR\",\"@id\":\"https:\/\/stepstojustice.ca\/fr\/#\/schema\/logo\/image\/\",\"url\":\"https:\/\/stepstojustice.ca\/wp-content\/uploads\/2020\/10\/logo-s2j.png\",\"contentUrl\":\"https:\/\/stepstojustice.ca\/wp-content\/uploads\/2020\/10\/logo-s2j.png\",\"width\":1000,\"height\":146,\"caption\":\"Justice pas-\u00e0-pas\"},\"image\":{\"@id\":\"https:\/\/stepstojustice.ca\/fr\/#\/schema\/logo\/image\/\"},\"sameAs\":[\"https:\/\/www.facebook.com\/CLEOLegalRights\/\",\"https:\/\/x.com\/CLEOLegalRights\",\"https:\/\/www.instagram.com\/communitylegaleducationon\/\"]}]}<\/script>\n<!-- \/ Yoast SEO Premium plugin. -->","yoast_head_json":{"title":"Que puis-je faire si je dois d\u00e9m\u00e9nager parce que je suis victime de violence ou de mauvais traitement? - Justice pas-\u00e0-pas","description":"En r\u00e8gle g\u00e9n\u00e9rale, si vous souhaitez d\u00e9m\u00e9nager et mettre fin \u00e0 un contrat de location mensuelle ou annuelle ou de location \u00e0 terme fixe, vous devez donner","robots":{"index":"index","follow":"follow","max-snippet":"max-snippet:-1","max-image-preview":"max-image-preview:large","max-video-preview":"max-video-preview:-1"},"canonical":"https:\/\/stepstojustice.ca\/fr\/questions\/abuse-and-family-violence\/que-puis-je-faire-si-je-dois-demenager-parce-que-je-suis-victime\/","og_locale":"fr_FR","og_type":"article","og_title":"Que puis-je faire si je dois d\u00e9m\u00e9nager parce que je suis victime de violence ou de mauvais traitement? - Justice pas-\u00e0-pas","og_description":"En r\u00e8gle g\u00e9n\u00e9rale, si vous souhaitez d\u00e9m\u00e9nager et mettre fin \u00e0 un contrat de location mensuelle ou annuelle ou de location \u00e0 terme fixe, vous devez donner","og_url":"https:\/\/stepstojustice.ca\/fr\/questions\/abuse-and-family-violence\/que-puis-je-faire-si-je-dois-demenager-parce-que-je-suis-victime\/","og_site_name":"Justice pas-\u00e0-pas","article_publisher":"https:\/\/www.facebook.com\/CLEOLegalRights\/","article_modified_time":"2024-09-24T16:31:24+00:00","og_image":[{"width":1200,"height":650,"url":"https:\/\/stepstojustice.ca\/wp-content\/uploads\/Steps-to-Justice-logo.jpg","type":"image\/jpeg"}],"twitter_card":"summary_large_image","twitter_site":"@CLEOLegalRights","twitter_misc":{"Est. reading time":"2 minutes"},"schema":{"@context":"https:\/\/schema.org","@graph":[{"@type":"WebPage","@id":"https:\/\/stepstojustice.ca\/fr\/questions\/abuse-and-family-violence\/que-puis-je-faire-si-je-dois-demenager-parce-que-je-suis-victime\/","url":"https:\/\/stepstojustice.ca\/fr\/questions\/abuse-and-family-violence\/que-puis-je-faire-si-je-dois-demenager-parce-que-je-suis-victime\/","name":"Que puis-je faire si je dois d\u00e9m\u00e9nager parce que je suis victime de violence ou de mauvais traitement? - Justice pas-\u00e0-pas","isPartOf":{"@id":"https:\/\/stepstojustice.ca\/fr\/#website"},"datePublished":"2018-02-20T15:26:01+00:00","dateModified":"2024-09-24T16:31:24+00:00","description":"En r\u00e8gle g\u00e9n\u00e9rale, si vous souhaitez d\u00e9m\u00e9nager et mettre fin \u00e0 un contrat de location mensuelle ou annuelle ou de location \u00e0 terme fixe, vous devez donner","breadcrumb":{"@id":"https:\/\/stepstojustice.ca\/fr\/questions\/abuse-and-family-violence\/que-puis-je-faire-si-je-dois-demenager-parce-que-je-suis-victime\/#breadcrumb"},"inLanguage":"fr-FR","potentialAction":[{"@type":"ReadAction","target":["https:\/\/stepstojustice.ca\/fr\/questions\/abuse-and-family-violence\/que-puis-je-faire-si-je-dois-demenager-parce-que-je-suis-victime\/"]}]},{"@type":"BreadcrumbList","@id":"https:\/\/stepstojustice.ca\/fr\/questions\/abuse-and-family-violence\/que-puis-je-faire-si-je-dois-demenager-parce-que-je-suis-victime\/#breadcrumb","itemListElement":[{"@type":"ListItem","position":1,"name":"Home","item":"https:\/\/stepstojustice.ca\/fr\/"},{"@type":"ListItem","position":2,"name":"Questions","item":"https:\/\/stepstojustice.ca\/fr\/questions\/"},{"@type":"ListItem","position":3,"name":"Que puis-je faire si je dois d\u00e9m\u00e9nager parce que je suis victime de violence ou de mauvais traitement?"}]},{"@type":"WebSite","@id":"https:\/\/stepstojustice.ca\/fr\/#website","url":"https:\/\/stepstojustice.ca\/fr\/","name":"Justice pas-\u00e0-pas","description":"Step-by-step information about legal problems","publisher":{"@id":"https:\/\/stepstojustice.ca\/fr\/#organization"},"potentialAction":[{"@type":"SearchAction","target":{"@type":"EntryPoint","urlTemplate":"https:\/\/stepstojustice.ca\/fr\/?s={search_term_string}"},"query-input":{"@type":"PropertyValueSpecification","valueRequired":true,"valueName":"search_term_string"}}],"inLanguage":"fr-FR"},{"@type":"Organization","@id":"https:\/\/stepstojustice.ca\/fr\/#organization","name":"Justice pas-\u00e0-pas","url":"https:\/\/stepstojustice.ca\/fr\/","logo":{"@type":"ImageObject","inLanguage":"fr-FR","@id":"https:\/\/stepstojustice.ca\/fr\/#\/schema\/logo\/image\/","url":"https:\/\/stepstojustice.ca\/wp-content\/uploads\/2020\/10\/logo-s2j.png","contentUrl":"https:\/\/stepstojustice.ca\/wp-content\/uploads\/2020\/10\/logo-s2j.png","width":1000,"height":146,"caption":"Justice pas-\u00e0-pas"},"image":{"@id":"https:\/\/stepstojustice.ca\/fr\/#\/schema\/logo\/image\/"},"sameAs":["https:\/\/www.facebook.com\/CLEOLegalRights\/","https:\/\/x.com\/CLEOLegalRights","https:\/\/www.instagram.com\/communitylegaleducationon\/"]}]}},"meta_box":{"date_fg19r358tw7":"2017-08-31 00:00:00","date_sgrhr9fx3j":"2018-02-17 00:00:00","text_qgvph2rt54":"","text_mb2unyqw82h":"","text_z4722ywvha":"","textarea_i237k2mg4u":"TH - 2018 04 26: Changed all instances of \"locateur\" to \"propri\u00e9taire\".","date_mvzg7sr921":"2222-12-01 00:00:00","textarea_0ej69ng0xn48":"TH - 2018 03 05: Implemented changes suggested by French reviewer AH.","file_1s3spou4tld":[],"text_0iky8vwgh18v":"marianne.stephens","date_e0vrot0tvds":"2018-02-20 10:26:01 -0500","text_y2tadrpr98":"Edited by marianne.stephens.","number_98lw0j89q05":"2399","post_0glwwksj820p":[1171440,1171874,1171899],"questions_to_resources_to":["1240762","1187475","1240630","1181742","1181712","1194756","1198111","1187158"],"questions_to_guided_pathways_to":["1189923"],"questions_to_alerts_to":[],"questions_to_steps_to":["1177635","1177636","1177637","1177638"]},"_links":{"self":[{"href":"https:\/\/stepstojustice.ca\/fr\/wp-json\/wp\/v2\/questions\/1171535","targetHints":{"allow":["GET"]}}],"collection":[{"href":"https:\/\/stepstojustice.ca\/fr\/wp-json\/wp\/v2\/questions"}],"about":[{"href":"https:\/\/stepstojustice.ca\/fr\/wp-json\/wp\/v2\/types\/questions"}],"author":[{"embeddable":true,"href":"https:\/\/stepstojustice.ca\/fr\/wp-json\/wp\/v2\/users\/3"}],"version-history":[{"count":7,"href":"https:\/\/stepstojustice.ca\/fr\/wp-json\/wp\/v2\/questions\/1171535\/revisions"}],"predecessor-version":[{"id":1266094,"href":"https:\/\/stepstojustice.ca\/fr\/wp-json\/wp\/v2\/questions\/1171535\/revisions\/1266094"}],"wp:attachment":[{"href":"https:\/\/stepstojustice.ca\/fr\/wp-json\/wp\/v2\/media?parent=1171535"}],"wp:term":[{"taxonomy":"legal-topic","embeddable":true,"href":"https:\/\/stepstojustice.ca\/fr\/wp-json\/wp\/v2\/legal-topic?post=1171535"}],"curies":[{"name":"wp","href":"https:\/\/api.w.org\/{rel}","templated":true}]}}