{"id":1171573,"date":"2017-10-23T09:56:54","date_gmt":"2017-10-23T13:56:54","guid":{"rendered":""},"modified":"2023-08-17T10:16:38","modified_gmt":"2023-08-17T14:16:38","slug":"je-ne-suis-pas-daccord-avec-la-decision-prise-par-linspecteur-du","status":"publish","type":"questions","link":"https:\/\/stepstojustice.ca\/fr\/questions\/employment-and-work\/je-ne-suis-pas-daccord-avec-la-decision-prise-par-linspecteur-du\/","title":{"rendered":"Je ne suis pas d&#8217;accord avec la d\u00e9cision prise par l&#8217;inspecteur du minist\u00e8re du Travail. Que dois-je faire?"},"content":{"rendered":"<p>Quand vous ou un autre travailleur d\u00e9posez une plainte en mati\u00e8re de sant\u00e9 et de s\u00e9curit\u00e9 aupr\u00e8s du minist\u00e8re du Travail, le Minist\u00e8re pourrait envoyer un inspecteur \u00e0 votre lieu de travail. L&#8217;inspecteur pourra \u00e9tudier la situation et v\u00e9rifier si les r\u00e8gles sont respect\u00e9es.<\/p>\n<p>L\u2019inspecteur m\u00e8nera une enqu\u00eate et utilisera les faits pour amasser de l\u2019information et arriver \u00e0 une d\u00e9cision. Il consignera ses conclusions dans un rapport, puis en donnera une copie \u00e0 votre repr\u00e9sentant \u00e0 la sant\u00e9 et \u00e0 la s\u00e9curit\u00e9.<\/p>\n<p>Votre employeur doit afficher le rapport de l&#8217;inspecteur sur le lieu de travail, un endroit o\u00f9 les employ\u00e9s sont le plus susceptibles de le voir.<\/p>\n<p>Si vous avez donn\u00e9 votre nom lorsque vous avez d\u00e9pos\u00e9 la plainte, vous pouvez \u00e9galement demander votre propre copie du rapport en appelant le Centre de contact pour la sant\u00e9 et la s\u00e9curit\u00e9 au 1 877 202-0008.<\/p>\n<p>Si vous n\u2019\u00eates pas d\u2019accord avec la d\u00e9cision de l\u2019inspecteur, vous pouvez demander \u00e0 la Commission des relations de travail de l\u2019Ontario (la CRTO) de la changer. Autrement dit, vous pouvez faire appel de cette d\u00e9cision.<\/p>\n<h3>\u00c0 quel moment communiquer avec la CRTO<\/h3>\n<p>Vous devez obtenir la d\u00e9cision d\u2019un inspecteur <strong>avant<\/strong> de porter plainte \u00e0 la CRTO. Une fois que vous aurez re\u00e7u la d\u00e9cision de l\u2019inspecteur, vous aurez <strong>30 jours <\/strong>pour faire appel aupr\u00e8s de la CRTO.<\/p>\n<p>Cela dit, si votre employeur <a href=\"\/fr\/questions\/employment-and-work\/mon-employeur-peut-il-me-punir-si-je-porte-plainte-\u00e0-propos\/\">vous punit pour avoir d\u00e9pos\u00e9 une plainte en mati\u00e8re de s\u00e9curit\u00e9<\/a>, vous pouvez vous adresser \u00e0 la CRTO sans attendre. Vous\u00a0n&#8217;avez pas besoin d&#8217;attendre la d\u00e9cision de l&#8217;inspecteur.<\/p>\n<p>Si vous \u00eates membre d\u2019un syndicat, c\u2019est lui qui d\u00e9cide s\u2019il doit d\u00e9poser une plainte en mati\u00e8re de s\u00e9curit\u00e9. Si vous avez une plainte \u00e0 faire, parlez-en d&#8217;abord \u00e0 votre repr\u00e9sentant syndical.<\/p>\n<p>Si vous demandez \u00e0 la CRTO de modifier la d\u00e9cision d\u2019un inspecteur, vous pourriez peut-\u00eatre \u00e0 assister \u00e0 une audience devant la CRTO.<\/p>\n<p>L\u2019audience est une proc\u00e9dure qui peut \u00eatre dispendieuse et complexe. La CRTO n&#8217;exige aucuns frais pour sa tenue, mais si vous \u00e9chouez dans votre cause, vous n&#8217;aurez pas peut-\u00eatre \u00e0 rembourser \u00e0 votre employeur les sommes engag\u00e9es pour sa participation \u00e0 la proc\u00e9dure. Mais vous pourriez avoir vos propres d\u00e9penses comme payer un repr\u00e9sentant l\u00e9gal, pr\u00e9parer des documents ou payer un t\u00e9moin pour assister \u00e0 votre audience.<\/p>\n<p>Avant de communiquer avec la CRTO, <a href=\"\/fr\/questions\/employment-and-work\/que-dois-je-faire-si-je-dois-participer-a-une-audience-devant-la\/\">informez-vous davantage du d\u00e9roulement de la proc\u00e9dure<\/a>.<\/p>\n<h3>Demandez de l\u2019aide juridique<\/h3>\n<p>Si vous n\u2019\u00eates pas membre d\u2019un syndicat, vous devriez demander des services d\u2019aide juridique pour votre requ\u00eate aupr\u00e8s de la CRTO.<\/p>\n<p>Un avocat ou un parajuriste peut vous conseiller relativement \u00e0 la loi. Il peut aussi remplir votre requ\u00eate et vous repr\u00e9senter lors de votre audience.<\/p>\n<p>Le <a class=\"links-link ext new-link\" href=\"\/fr\/resource\/service-de-reference-du-barreau\/\" target=\"_blank\" rel=\"noopener\">Service de r\u00e9f\u00e9rence du Barreau<\/a> peut vous donner le nom d\u2019un avocat ou d\u2019un parajuriste que vous pourrez consulter sans frais pendant au plus 30\u00a0minutes.<\/p>\n<p><a href=\"\/fr\/resource\/justicenet-1-1-1-1-1\/\" target=\"_blank\" rel=\"noopener\">JusticeNet<\/a> est un service \u00e0 but non lucratif qui aide les personnes ayant besoin d&#8217;une expertise juridique, dont les revenus sont trop \u00e9lev\u00e9s pour acc\u00e9der \u00e0 l&#8217;aide juridique et trop bas pour payer les frais juridiques standard. Son site Web contient une liste d&#8217;avocats, de parajuristes et de m\u00e9diateurs qui facturent des honoraires r\u00e9duits en fonction de <a href=\"\/fr\/resource\/justicenet-fee-schedule\/\" target=\"_blank\" rel=\"noopener\">votre revenu et de la taille de votre famille<\/a>. Vous devez vous inscrire et payer un petit montant pour utiliser leurs services.<\/p>\n<p>Vous pouvez \u00e9galement communiquer avec la <a class=\"links-link ext new-link\" href=\"\/fr\/resource\/workers-health-and-safety-legal-clinic-whslc-disponible-en-anglais-seulement\/\" target=\"_blank\" rel=\"noopener\">Workers\u2019 Health and Safety Legal Clinic<\/a> (disponible en anglais seulement), qui aide les personnes \u00e0 faible revenu aux prises avec des probl\u00e8mes de sant\u00e9 et de s\u00e9curit\u00e9 au travail. Certaines <a href=\"\/fr\/resource\/community-legal-clinics\/\" target=\"_blank\" rel=\"noopener\">cliniques juridiques communautaires<\/a> aident \u00e9galement \u00e0 r\u00e9gler ces probl\u00e8mes.<\/p>\n<!-- AddThis Advanced Settings generic via filter on the_content --><!-- AddThis Share Buttons generic via filter on the_content -->","protected":false},"author":3,"featured_media":0,"template":"","legal-topic":[42145,42246,42228,42232,42233],"class_list":["post-1171573","questions","type-questions","status-publish","hentry","legal-topic-employment-and-work","legal-topic-health-and-safety-complaints","legal-topic-claiming-your-rights-worker","legal-topic-health-and-safety","legal-topic-ministry-labour"],"yoast_head":"<!-- This site is optimized with the Yoast SEO Premium plugin v23.9 (Yoast SEO v23.9) - https:\/\/yoast.com\/wordpress\/plugins\/seo\/ -->\n<title>Je ne suis pas d&#039;accord avec la d\u00e9cision prise par l&#039;inspecteur du minist\u00e8re du Travail. Que dois-je faire? - Justice pas-\u00e0-pas<\/title>\n<meta name=\"description\" content=\"Quand vous ou un autre travailleur d\u00e9posez une plainte en mati\u00e8re de sant\u00e9 et de s\u00e9curit\u00e9 aupr\u00e8s du minist\u00e8re du Travail, le Minist\u00e8re pourrait envoyer un\" \/>\n<meta name=\"robots\" content=\"index, follow, max-snippet:-1, max-image-preview:large, max-video-preview:-1\" \/>\n<link rel=\"canonical\" href=\"https:\/\/stepstojustice.ca\/fr\/questions\/employment-and-work\/je-ne-suis-pas-daccord-avec-la-decision-prise-par-linspecteur-du\/\" \/>\n<meta property=\"og:locale\" content=\"fr_FR\" \/>\n<meta property=\"og:type\" content=\"article\" \/>\n<meta property=\"og:title\" content=\"Je ne suis pas d&#039;accord avec la d\u00e9cision prise par l&#039;inspecteur du minist\u00e8re du Travail. Que dois-je faire? - Justice pas-\u00e0-pas\" \/>\n<meta property=\"og:description\" content=\"Quand vous ou un autre travailleur d\u00e9posez une plainte en mati\u00e8re de sant\u00e9 et de s\u00e9curit\u00e9 aupr\u00e8s du minist\u00e8re du Travail, le Minist\u00e8re pourrait envoyer un\" \/>\n<meta property=\"og:url\" content=\"https:\/\/stepstojustice.ca\/fr\/questions\/employment-and-work\/je-ne-suis-pas-daccord-avec-la-decision-prise-par-linspecteur-du\/\" \/>\n<meta property=\"og:site_name\" content=\"Justice pas-\u00e0-pas\" \/>\n<meta property=\"article:publisher\" content=\"https:\/\/www.facebook.com\/CLEOLegalRights\/\" \/>\n<meta property=\"article:modified_time\" content=\"2023-08-17T14:16:38+00:00\" \/>\n<meta property=\"og:image\" content=\"https:\/\/stepstojustice.ca\/wp-content\/uploads\/Steps-to-Justice-logo.jpg\" \/>\n\t<meta property=\"og:image:width\" content=\"1200\" \/>\n\t<meta property=\"og:image:height\" content=\"650\" \/>\n\t<meta property=\"og:image:type\" content=\"image\/jpeg\" \/>\n<meta name=\"twitter:card\" content=\"summary_large_image\" \/>\n<meta name=\"twitter:site\" content=\"@CLEOLegalRights\" \/>\n<meta name=\"twitter:label1\" content=\"Est. reading time\" \/>\n\t<meta name=\"twitter:data1\" content=\"3 minutes\" \/>\n<script type=\"application\/ld+json\" class=\"yoast-schema-graph\">{\"@context\":\"https:\/\/schema.org\",\"@graph\":[{\"@type\":\"WebPage\",\"@id\":\"https:\/\/stepstojustice.ca\/fr\/questions\/employment-and-work\/je-ne-suis-pas-daccord-avec-la-decision-prise-par-linspecteur-du\/\",\"url\":\"https:\/\/stepstojustice.ca\/fr\/questions\/employment-and-work\/je-ne-suis-pas-daccord-avec-la-decision-prise-par-linspecteur-du\/\",\"name\":\"Je ne suis pas d'accord avec la d\u00e9cision prise par l'inspecteur du minist\u00e8re du Travail. Que dois-je faire? - Justice pas-\u00e0-pas\",\"isPartOf\":{\"@id\":\"https:\/\/stepstojustice.ca\/fr\/#website\"},\"datePublished\":\"2017-10-23T13:56:54+00:00\",\"dateModified\":\"2023-08-17T14:16:38+00:00\",\"description\":\"Quand vous ou un autre travailleur d\u00e9posez une plainte en mati\u00e8re de sant\u00e9 et de s\u00e9curit\u00e9 aupr\u00e8s du minist\u00e8re du Travail, le Minist\u00e8re pourrait envoyer un\",\"breadcrumb\":{\"@id\":\"https:\/\/stepstojustice.ca\/fr\/questions\/employment-and-work\/je-ne-suis-pas-daccord-avec-la-decision-prise-par-linspecteur-du\/#breadcrumb\"},\"inLanguage\":\"fr-FR\",\"potentialAction\":[{\"@type\":\"ReadAction\",\"target\":[\"https:\/\/stepstojustice.ca\/fr\/questions\/employment-and-work\/je-ne-suis-pas-daccord-avec-la-decision-prise-par-linspecteur-du\/\"]}]},{\"@type\":\"BreadcrumbList\",\"@id\":\"https:\/\/stepstojustice.ca\/fr\/questions\/employment-and-work\/je-ne-suis-pas-daccord-avec-la-decision-prise-par-linspecteur-du\/#breadcrumb\",\"itemListElement\":[{\"@type\":\"ListItem\",\"position\":1,\"name\":\"Home\",\"item\":\"https:\/\/stepstojustice.ca\/fr\/\"},{\"@type\":\"ListItem\",\"position\":2,\"name\":\"Questions\",\"item\":\"https:\/\/stepstojustice.ca\/fr\/questions\/\"},{\"@type\":\"ListItem\",\"position\":3,\"name\":\"Je ne suis pas d&#8217;accord avec la d\u00e9cision prise par l&#8217;inspecteur du minist\u00e8re du Travail. Que dois-je faire?\"}]},{\"@type\":\"WebSite\",\"@id\":\"https:\/\/stepstojustice.ca\/fr\/#website\",\"url\":\"https:\/\/stepstojustice.ca\/fr\/\",\"name\":\"Justice pas-\u00e0-pas\",\"description\":\"Step-by-step information about legal problems\",\"publisher\":{\"@id\":\"https:\/\/stepstojustice.ca\/fr\/#organization\"},\"potentialAction\":[{\"@type\":\"SearchAction\",\"target\":{\"@type\":\"EntryPoint\",\"urlTemplate\":\"https:\/\/stepstojustice.ca\/fr\/?s={search_term_string}\"},\"query-input\":{\"@type\":\"PropertyValueSpecification\",\"valueRequired\":true,\"valueName\":\"search_term_string\"}}],\"inLanguage\":\"fr-FR\"},{\"@type\":\"Organization\",\"@id\":\"https:\/\/stepstojustice.ca\/fr\/#organization\",\"name\":\"Justice pas-\u00e0-pas\",\"url\":\"https:\/\/stepstojustice.ca\/fr\/\",\"logo\":{\"@type\":\"ImageObject\",\"inLanguage\":\"fr-FR\",\"@id\":\"https:\/\/stepstojustice.ca\/fr\/#\/schema\/logo\/image\/\",\"url\":\"https:\/\/stepstojustice.ca\/wp-content\/uploads\/2020\/10\/logo-s2j.png\",\"contentUrl\":\"https:\/\/stepstojustice.ca\/wp-content\/uploads\/2020\/10\/logo-s2j.png\",\"width\":1000,\"height\":146,\"caption\":\"Justice pas-\u00e0-pas\"},\"image\":{\"@id\":\"https:\/\/stepstojustice.ca\/fr\/#\/schema\/logo\/image\/\"},\"sameAs\":[\"https:\/\/www.facebook.com\/CLEOLegalRights\/\",\"https:\/\/x.com\/CLEOLegalRights\",\"https:\/\/www.instagram.com\/communitylegaleducationon\/\"]}]}<\/script>\n<!-- \/ Yoast SEO Premium plugin. -->","yoast_head_json":{"title":"Je ne suis pas d'accord avec la d\u00e9cision prise par l'inspecteur du minist\u00e8re du Travail. Que dois-je faire? - Justice pas-\u00e0-pas","description":"Quand vous ou un autre travailleur d\u00e9posez une plainte en mati\u00e8re de sant\u00e9 et de s\u00e9curit\u00e9 aupr\u00e8s du minist\u00e8re du Travail, le Minist\u00e8re pourrait envoyer un","robots":{"index":"index","follow":"follow","max-snippet":"max-snippet:-1","max-image-preview":"max-image-preview:large","max-video-preview":"max-video-preview:-1"},"canonical":"https:\/\/stepstojustice.ca\/fr\/questions\/employment-and-work\/je-ne-suis-pas-daccord-avec-la-decision-prise-par-linspecteur-du\/","og_locale":"fr_FR","og_type":"article","og_title":"Je ne suis pas d'accord avec la d\u00e9cision prise par l'inspecteur du minist\u00e8re du Travail. Que dois-je faire? - Justice pas-\u00e0-pas","og_description":"Quand vous ou un autre travailleur d\u00e9posez une plainte en mati\u00e8re de sant\u00e9 et de s\u00e9curit\u00e9 aupr\u00e8s du minist\u00e8re du Travail, le Minist\u00e8re pourrait envoyer un","og_url":"https:\/\/stepstojustice.ca\/fr\/questions\/employment-and-work\/je-ne-suis-pas-daccord-avec-la-decision-prise-par-linspecteur-du\/","og_site_name":"Justice pas-\u00e0-pas","article_publisher":"https:\/\/www.facebook.com\/CLEOLegalRights\/","article_modified_time":"2023-08-17T14:16:38+00:00","og_image":[{"width":1200,"height":650,"url":"https:\/\/stepstojustice.ca\/wp-content\/uploads\/Steps-to-Justice-logo.jpg","type":"image\/jpeg"}],"twitter_card":"summary_large_image","twitter_site":"@CLEOLegalRights","twitter_misc":{"Est. reading time":"3 minutes"},"schema":{"@context":"https:\/\/schema.org","@graph":[{"@type":"WebPage","@id":"https:\/\/stepstojustice.ca\/fr\/questions\/employment-and-work\/je-ne-suis-pas-daccord-avec-la-decision-prise-par-linspecteur-du\/","url":"https:\/\/stepstojustice.ca\/fr\/questions\/employment-and-work\/je-ne-suis-pas-daccord-avec-la-decision-prise-par-linspecteur-du\/","name":"Je ne suis pas d'accord avec la d\u00e9cision prise par l'inspecteur du minist\u00e8re du Travail. Que dois-je faire? - Justice pas-\u00e0-pas","isPartOf":{"@id":"https:\/\/stepstojustice.ca\/fr\/#website"},"datePublished":"2017-10-23T13:56:54+00:00","dateModified":"2023-08-17T14:16:38+00:00","description":"Quand vous ou un autre travailleur d\u00e9posez une plainte en mati\u00e8re de sant\u00e9 et de s\u00e9curit\u00e9 aupr\u00e8s du minist\u00e8re du Travail, le Minist\u00e8re pourrait envoyer un","breadcrumb":{"@id":"https:\/\/stepstojustice.ca\/fr\/questions\/employment-and-work\/je-ne-suis-pas-daccord-avec-la-decision-prise-par-linspecteur-du\/#breadcrumb"},"inLanguage":"fr-FR","potentialAction":[{"@type":"ReadAction","target":["https:\/\/stepstojustice.ca\/fr\/questions\/employment-and-work\/je-ne-suis-pas-daccord-avec-la-decision-prise-par-linspecteur-du\/"]}]},{"@type":"BreadcrumbList","@id":"https:\/\/stepstojustice.ca\/fr\/questions\/employment-and-work\/je-ne-suis-pas-daccord-avec-la-decision-prise-par-linspecteur-du\/#breadcrumb","itemListElement":[{"@type":"ListItem","position":1,"name":"Home","item":"https:\/\/stepstojustice.ca\/fr\/"},{"@type":"ListItem","position":2,"name":"Questions","item":"https:\/\/stepstojustice.ca\/fr\/questions\/"},{"@type":"ListItem","position":3,"name":"Je ne suis pas d&#8217;accord avec la d\u00e9cision prise par l&#8217;inspecteur du minist\u00e8re du Travail. Que dois-je faire?"}]},{"@type":"WebSite","@id":"https:\/\/stepstojustice.ca\/fr\/#website","url":"https:\/\/stepstojustice.ca\/fr\/","name":"Justice pas-\u00e0-pas","description":"Step-by-step information about legal problems","publisher":{"@id":"https:\/\/stepstojustice.ca\/fr\/#organization"},"potentialAction":[{"@type":"SearchAction","target":{"@type":"EntryPoint","urlTemplate":"https:\/\/stepstojustice.ca\/fr\/?s={search_term_string}"},"query-input":{"@type":"PropertyValueSpecification","valueRequired":true,"valueName":"search_term_string"}}],"inLanguage":"fr-FR"},{"@type":"Organization","@id":"https:\/\/stepstojustice.ca\/fr\/#organization","name":"Justice pas-\u00e0-pas","url":"https:\/\/stepstojustice.ca\/fr\/","logo":{"@type":"ImageObject","inLanguage":"fr-FR","@id":"https:\/\/stepstojustice.ca\/fr\/#\/schema\/logo\/image\/","url":"https:\/\/stepstojustice.ca\/wp-content\/uploads\/2020\/10\/logo-s2j.png","contentUrl":"https:\/\/stepstojustice.ca\/wp-content\/uploads\/2020\/10\/logo-s2j.png","width":1000,"height":146,"caption":"Justice pas-\u00e0-pas"},"image":{"@id":"https:\/\/stepstojustice.ca\/fr\/#\/schema\/logo\/image\/"},"sameAs":["https:\/\/www.facebook.com\/CLEOLegalRights\/","https:\/\/x.com\/CLEOLegalRights","https:\/\/www.instagram.com\/communitylegaleducationon\/"]}]}},"meta_box":{"date_fg19r358tw7":"2018-03-31 00:00:00","date_sgrhr9fx3j":"2018-10-23 00:00:00","text_qgvph2rt54":"","text_mb2unyqw82h":"","text_z4722ywvha":"","textarea_i237k2mg4u":"TH Jan 2018: Changed S2J links to the French pages.","date_mvzg7sr921":"","textarea_0ej69ng0xn48":"","file_1s3spou4tld":[],"text_0iky8vwgh18v":"marianne.stephens","date_e0vrot0tvds":"2017-10-23 09:56:54 -0400","text_y2tadrpr98":"Edited by Fiona MacCool.","number_98lw0j89q05":"1677","post_0glwwksj820p":[1171565,1171578,1171577],"questions_to_resources_to":["1186607","1186698","1181733","1181626"],"questions_to_guided_pathways_to":[],"questions_to_alerts_to":[],"questions_to_steps_to":["1177481","1177482","1177501","1177502","1177503"]},"_links":{"self":[{"href":"https:\/\/stepstojustice.ca\/fr\/wp-json\/wp\/v2\/questions\/1171573","targetHints":{"allow":["GET"]}}],"collection":[{"href":"https:\/\/stepstojustice.ca\/fr\/wp-json\/wp\/v2\/questions"}],"about":[{"href":"https:\/\/stepstojustice.ca\/fr\/wp-json\/wp\/v2\/types\/questions"}],"author":[{"embeddable":true,"href":"https:\/\/stepstojustice.ca\/fr\/wp-json\/wp\/v2\/users\/3"}],"version-history":[{"count":5,"href":"https:\/\/stepstojustice.ca\/fr\/wp-json\/wp\/v2\/questions\/1171573\/revisions"}],"predecessor-version":[{"id":1254664,"href":"https:\/\/stepstojustice.ca\/fr\/wp-json\/wp\/v2\/questions\/1171573\/revisions\/1254664"}],"wp:attachment":[{"href":"https:\/\/stepstojustice.ca\/fr\/wp-json\/wp\/v2\/media?parent=1171573"}],"wp:term":[{"taxonomy":"legal-topic","embeddable":true,"href":"https:\/\/stepstojustice.ca\/fr\/wp-json\/wp\/v2\/legal-topic?post=1171573"}],"curies":[{"name":"wp","href":"https:\/\/api.w.org\/{rel}","templated":true}]}}