{"id":1171757,"date":"2018-06-25T10:43:58","date_gmt":"2018-06-25T14:43:58","guid":{"rendered":""},"modified":"2024-11-20T15:15:33","modified_gmt":"2024-11-20T20:15:33","slug":"puis-je-beneficier-du-soutien-du-revenu-du-posph-si-je-suis","status":"publish","type":"questions","link":"https:\/\/stepstojustice.ca\/fr\/questions\/income-assistance\/puis-je-beneficier-du-soutien-du-revenu-du-posph-si-je-suis\/","title":{"rendered":"Puis-je b\u00e9n\u00e9ficier du soutien du revenu du POSPH si je suis en d\u00e9tention sous garde?"},"content":{"rendered":"<p>De fa\u00e7on g\u00e9n\u00e9rale, une personne plac\u00e9e en <a href=\"https:\/\/stepstojustice.ca\/fr\/glossary\/d%C3%A9tention-sous-garde\">d\u00e9tention sous garde<\/a> \u00e0 cause d&#8217;accusations au criminel n&#8217;est pas admissible au soutien du revenu du Programme ontarien de soutien aux personnes handicap\u00e9es (POSPH), qu&#8217;elle soit en attente de son <a href=\"https:\/\/stepstojustice.ca\/fr\/glossary\/proc%C3%A8s\">proc\u00e8s<\/a> ou qu&#8217;elle purge une <a href=\"https:\/\/stepstojustice.ca\/fr\/glossary\/peine\">peine<\/a>.<\/p>\n<p>Le fait de se trouver dans un p\u00e9nitencier f\u00e9d\u00e9ral ou un centre correctionnel provincial ne fait pas de diff\u00e9rence.<\/p>\n<h3>Personnes purgeant une peine qui sont admissibles au POSPH<\/h3>\n<p>Si vous <b>purgez une peine discontinue<\/b>, par exemple la fin de semaine, vous pourriez quand m\u00eame \u00eatre admissible au soutien du revenu du POSPH, car vous n&#8217;\u00eates pas toujours en d\u00e9tention sous garde. Pour en savoir plus, consultez l&#8217;\u00e9tape&nbsp;2.<\/p>\n<p>Si vous \u00eates dans une maison de transition, vous pourriez avoir droit \u00e0 l&#8217;aide du POSPH. Consultez le personnel de l&#8217;\u00e9tablissement \u00e0 ce sujet.<\/p>\n<h4>Peines d&#8217;emprisonnement avec sursis<\/h4>\n<p>En cas de <b>peine d&#8217;emprisonnement avec sursis<\/b>, la personne ne purge pas sa peine en d\u00e9tention sous garde. Il est donc <b>possible<\/b> qu&#8217;elle soit <a href=\"\/fr\/questions\/income-assistance\/comment-faire-une-demande-au-programme-ontarien-de-soutien-aux\/\">admissible<\/a> \u00e0 l&#8217;aide du POSPH.<\/p>\n<p>On appelle parfois \u00ab&nbsp;d\u00e9tention \u00e0 domicile&nbsp;\u00bb le fait de purger une peine d&#8217;emprisonnement avec sursis dans la collectivit\u00e9, sous de strictes conditions.<\/p>\n<!-- AddThis Advanced Settings generic via filter on the_content --><!-- AddThis Share Buttons generic via filter on the_content -->","protected":false},"author":3,"featured_media":0,"template":"","legal-topic":[42147,42501,42151,42433,42438],"class_list":["post-1171757","questions","type-questions","status-publish","hentry","legal-topic-health-and-disability","legal-topic-ontario-disability-support-program-odsp","legal-topic-income-assistance","legal-topic-ontario-disability-support-program","legal-topic-getting-income-assistance-and-other-benefits"],"yoast_head":"<!-- This site is optimized with the Yoast SEO Premium plugin v23.9 (Yoast SEO v23.9) - https:\/\/yoast.com\/wordpress\/plugins\/seo\/ -->\n<title>Puis-je b\u00e9n\u00e9ficier du soutien du revenu du POSPH si je suis en d\u00e9tention sous garde? - Justice pas-\u00e0-pas<\/title>\n<meta name=\"description\" content=\"De fa\u00e7on g\u00e9n\u00e9rale, une personne plac\u00e9e en d\u00e9tention sous garde \u00e0 cause d&#039;accusations au criminel n&#039;est pas admissible au soutien du revenu du Programme\" \/>\n<meta name=\"robots\" content=\"index, follow, max-snippet:-1, max-image-preview:large, max-video-preview:-1\" \/>\n<link rel=\"canonical\" href=\"https:\/\/stepstojustice.ca\/fr\/questions\/income-assistance\/puis-je-beneficier-du-soutien-du-revenu-du-posph-si-je-suis\/\" \/>\n<meta property=\"og:locale\" content=\"fr_FR\" \/>\n<meta property=\"og:type\" content=\"article\" \/>\n<meta property=\"og:title\" content=\"Puis-je b\u00e9n\u00e9ficier du soutien du revenu du POSPH si je suis en d\u00e9tention sous garde? - Justice pas-\u00e0-pas\" \/>\n<meta property=\"og:description\" content=\"De fa\u00e7on g\u00e9n\u00e9rale, une personne plac\u00e9e en d\u00e9tention sous garde \u00e0 cause d&#039;accusations au criminel n&#039;est pas admissible au soutien du revenu du Programme\" \/>\n<meta property=\"og:url\" content=\"https:\/\/stepstojustice.ca\/fr\/questions\/income-assistance\/puis-je-beneficier-du-soutien-du-revenu-du-posph-si-je-suis\/\" \/>\n<meta property=\"og:site_name\" content=\"Justice pas-\u00e0-pas\" \/>\n<meta property=\"article:publisher\" content=\"https:\/\/www.facebook.com\/CLEOLegalRights\/\" \/>\n<meta property=\"article:modified_time\" content=\"2024-11-20T20:15:33+00:00\" \/>\n<meta property=\"og:image\" content=\"https:\/\/stepstojustice.ca\/wp-content\/uploads\/Steps-to-Justice-logo.jpg\" \/>\n\t<meta property=\"og:image:width\" content=\"1200\" \/>\n\t<meta property=\"og:image:height\" content=\"650\" \/>\n\t<meta property=\"og:image:type\" content=\"image\/jpeg\" \/>\n<meta name=\"twitter:card\" content=\"summary_large_image\" \/>\n<meta name=\"twitter:site\" content=\"@CLEOLegalRights\" \/>\n<meta name=\"twitter:label1\" content=\"Est. reading time\" \/>\n\t<meta name=\"twitter:data1\" content=\"2 minutes\" \/>\n<script type=\"application\/ld+json\" class=\"yoast-schema-graph\">{\"@context\":\"https:\/\/schema.org\",\"@graph\":[{\"@type\":\"WebPage\",\"@id\":\"https:\/\/stepstojustice.ca\/fr\/questions\/income-assistance\/puis-je-beneficier-du-soutien-du-revenu-du-posph-si-je-suis\/\",\"url\":\"https:\/\/stepstojustice.ca\/fr\/questions\/income-assistance\/puis-je-beneficier-du-soutien-du-revenu-du-posph-si-je-suis\/\",\"name\":\"Puis-je b\u00e9n\u00e9ficier du soutien du revenu du POSPH si je suis en d\u00e9tention sous garde? - Justice pas-\u00e0-pas\",\"isPartOf\":{\"@id\":\"https:\/\/stepstojustice.ca\/fr\/#website\"},\"datePublished\":\"2018-06-25T14:43:58+00:00\",\"dateModified\":\"2024-11-20T20:15:33+00:00\",\"description\":\"De fa\u00e7on g\u00e9n\u00e9rale, une personne plac\u00e9e en d\u00e9tention sous garde \u00e0 cause d'accusations au criminel n'est pas admissible au soutien du revenu du Programme\",\"breadcrumb\":{\"@id\":\"https:\/\/stepstojustice.ca\/fr\/questions\/income-assistance\/puis-je-beneficier-du-soutien-du-revenu-du-posph-si-je-suis\/#breadcrumb\"},\"inLanguage\":\"fr-FR\",\"potentialAction\":[{\"@type\":\"ReadAction\",\"target\":[\"https:\/\/stepstojustice.ca\/fr\/questions\/income-assistance\/puis-je-beneficier-du-soutien-du-revenu-du-posph-si-je-suis\/\"]}]},{\"@type\":\"BreadcrumbList\",\"@id\":\"https:\/\/stepstojustice.ca\/fr\/questions\/income-assistance\/puis-je-beneficier-du-soutien-du-revenu-du-posph-si-je-suis\/#breadcrumb\",\"itemListElement\":[{\"@type\":\"ListItem\",\"position\":1,\"name\":\"Home\",\"item\":\"https:\/\/stepstojustice.ca\/fr\/\"},{\"@type\":\"ListItem\",\"position\":2,\"name\":\"Questions\",\"item\":\"https:\/\/stepstojustice.ca\/fr\/questions\/\"},{\"@type\":\"ListItem\",\"position\":3,\"name\":\"Puis-je b\u00e9n\u00e9ficier du soutien du revenu du POSPH si je suis en d\u00e9tention sous garde?\"}]},{\"@type\":\"WebSite\",\"@id\":\"https:\/\/stepstojustice.ca\/fr\/#website\",\"url\":\"https:\/\/stepstojustice.ca\/fr\/\",\"name\":\"Justice pas-\u00e0-pas\",\"description\":\"Step-by-step information about legal problems\",\"publisher\":{\"@id\":\"https:\/\/stepstojustice.ca\/fr\/#organization\"},\"potentialAction\":[{\"@type\":\"SearchAction\",\"target\":{\"@type\":\"EntryPoint\",\"urlTemplate\":\"https:\/\/stepstojustice.ca\/fr\/?s={search_term_string}\"},\"query-input\":{\"@type\":\"PropertyValueSpecification\",\"valueRequired\":true,\"valueName\":\"search_term_string\"}}],\"inLanguage\":\"fr-FR\"},{\"@type\":\"Organization\",\"@id\":\"https:\/\/stepstojustice.ca\/fr\/#organization\",\"name\":\"Justice pas-\u00e0-pas\",\"url\":\"https:\/\/stepstojustice.ca\/fr\/\",\"logo\":{\"@type\":\"ImageObject\",\"inLanguage\":\"fr-FR\",\"@id\":\"https:\/\/stepstojustice.ca\/fr\/#\/schema\/logo\/image\/\",\"url\":\"https:\/\/stepstojustice.ca\/wp-content\/uploads\/2020\/10\/logo-s2j.png\",\"contentUrl\":\"https:\/\/stepstojustice.ca\/wp-content\/uploads\/2020\/10\/logo-s2j.png\",\"width\":1000,\"height\":146,\"caption\":\"Justice pas-\u00e0-pas\"},\"image\":{\"@id\":\"https:\/\/stepstojustice.ca\/fr\/#\/schema\/logo\/image\/\"},\"sameAs\":[\"https:\/\/www.facebook.com\/CLEOLegalRights\/\",\"https:\/\/x.com\/CLEOLegalRights\",\"https:\/\/www.instagram.com\/communitylegaleducationon\/\"]}]}<\/script>\n<!-- \/ Yoast SEO Premium plugin. -->","yoast_head_json":{"title":"Puis-je b\u00e9n\u00e9ficier du soutien du revenu du POSPH si je suis en d\u00e9tention sous garde? - Justice pas-\u00e0-pas","description":"De fa\u00e7on g\u00e9n\u00e9rale, une personne plac\u00e9e en d\u00e9tention sous garde \u00e0 cause d'accusations au criminel n'est pas admissible au soutien du revenu du Programme","robots":{"index":"index","follow":"follow","max-snippet":"max-snippet:-1","max-image-preview":"max-image-preview:large","max-video-preview":"max-video-preview:-1"},"canonical":"https:\/\/stepstojustice.ca\/fr\/questions\/income-assistance\/puis-je-beneficier-du-soutien-du-revenu-du-posph-si-je-suis\/","og_locale":"fr_FR","og_type":"article","og_title":"Puis-je b\u00e9n\u00e9ficier du soutien du revenu du POSPH si je suis en d\u00e9tention sous garde? - Justice pas-\u00e0-pas","og_description":"De fa\u00e7on g\u00e9n\u00e9rale, une personne plac\u00e9e en d\u00e9tention sous garde \u00e0 cause d'accusations au criminel n'est pas admissible au soutien du revenu du Programme","og_url":"https:\/\/stepstojustice.ca\/fr\/questions\/income-assistance\/puis-je-beneficier-du-soutien-du-revenu-du-posph-si-je-suis\/","og_site_name":"Justice pas-\u00e0-pas","article_publisher":"https:\/\/www.facebook.com\/CLEOLegalRights\/","article_modified_time":"2024-11-20T20:15:33+00:00","og_image":[{"width":1200,"height":650,"url":"https:\/\/stepstojustice.ca\/wp-content\/uploads\/Steps-to-Justice-logo.jpg","type":"image\/jpeg"}],"twitter_card":"summary_large_image","twitter_site":"@CLEOLegalRights","twitter_misc":{"Est. reading time":"2 minutes"},"schema":{"@context":"https:\/\/schema.org","@graph":[{"@type":"WebPage","@id":"https:\/\/stepstojustice.ca\/fr\/questions\/income-assistance\/puis-je-beneficier-du-soutien-du-revenu-du-posph-si-je-suis\/","url":"https:\/\/stepstojustice.ca\/fr\/questions\/income-assistance\/puis-je-beneficier-du-soutien-du-revenu-du-posph-si-je-suis\/","name":"Puis-je b\u00e9n\u00e9ficier du soutien du revenu du POSPH si je suis en d\u00e9tention sous garde? - Justice pas-\u00e0-pas","isPartOf":{"@id":"https:\/\/stepstojustice.ca\/fr\/#website"},"datePublished":"2018-06-25T14:43:58+00:00","dateModified":"2024-11-20T20:15:33+00:00","description":"De fa\u00e7on g\u00e9n\u00e9rale, une personne plac\u00e9e en d\u00e9tention sous garde \u00e0 cause d'accusations au criminel n'est pas admissible au soutien du revenu du Programme","breadcrumb":{"@id":"https:\/\/stepstojustice.ca\/fr\/questions\/income-assistance\/puis-je-beneficier-du-soutien-du-revenu-du-posph-si-je-suis\/#breadcrumb"},"inLanguage":"fr-FR","potentialAction":[{"@type":"ReadAction","target":["https:\/\/stepstojustice.ca\/fr\/questions\/income-assistance\/puis-je-beneficier-du-soutien-du-revenu-du-posph-si-je-suis\/"]}]},{"@type":"BreadcrumbList","@id":"https:\/\/stepstojustice.ca\/fr\/questions\/income-assistance\/puis-je-beneficier-du-soutien-du-revenu-du-posph-si-je-suis\/#breadcrumb","itemListElement":[{"@type":"ListItem","position":1,"name":"Home","item":"https:\/\/stepstojustice.ca\/fr\/"},{"@type":"ListItem","position":2,"name":"Questions","item":"https:\/\/stepstojustice.ca\/fr\/questions\/"},{"@type":"ListItem","position":3,"name":"Puis-je b\u00e9n\u00e9ficier du soutien du revenu du POSPH si je suis en d\u00e9tention sous garde?"}]},{"@type":"WebSite","@id":"https:\/\/stepstojustice.ca\/fr\/#website","url":"https:\/\/stepstojustice.ca\/fr\/","name":"Justice pas-\u00e0-pas","description":"Step-by-step information about legal problems","publisher":{"@id":"https:\/\/stepstojustice.ca\/fr\/#organization"},"potentialAction":[{"@type":"SearchAction","target":{"@type":"EntryPoint","urlTemplate":"https:\/\/stepstojustice.ca\/fr\/?s={search_term_string}"},"query-input":{"@type":"PropertyValueSpecification","valueRequired":true,"valueName":"search_term_string"}}],"inLanguage":"fr-FR"},{"@type":"Organization","@id":"https:\/\/stepstojustice.ca\/fr\/#organization","name":"Justice pas-\u00e0-pas","url":"https:\/\/stepstojustice.ca\/fr\/","logo":{"@type":"ImageObject","inLanguage":"fr-FR","@id":"https:\/\/stepstojustice.ca\/fr\/#\/schema\/logo\/image\/","url":"https:\/\/stepstojustice.ca\/wp-content\/uploads\/2020\/10\/logo-s2j.png","contentUrl":"https:\/\/stepstojustice.ca\/wp-content\/uploads\/2020\/10\/logo-s2j.png","width":1000,"height":146,"caption":"Justice pas-\u00e0-pas"},"image":{"@id":"https:\/\/stepstojustice.ca\/fr\/#\/schema\/logo\/image\/"},"sameAs":["https:\/\/www.facebook.com\/CLEOLegalRights\/","https:\/\/x.com\/CLEOLegalRights","https:\/\/www.instagram.com\/communitylegaleducationon\/"]}]}},"meta_box":{"date_fg19r358tw7":"2018-01-24 00:00:00","date_sgrhr9fx3j":"2019-01-24 00:00:00","text_qgvph2rt54":"","text_mb2unyqw82h":"Caroline Lindberg","text_z4722ywvha":"Kim McCutcheon","textarea_i237k2mg4u":"","date_mvzg7sr921":"","textarea_0ej69ng0xn48":"","file_1s3spou4tld":[],"text_0iky8vwgh18v":"marianne.stephens","date_e0vrot0tvds":"2018-06-25 10:43:58 -0400","text_y2tadrpr98":"Edited by marianne.stephens.","number_98lw0j89q05":"1489","post_0glwwksj820p":[1171430,1171527,1171426],"questions_to_resources_to":["1206158","1206230"],"questions_to_guided_pathways_to":[],"questions_to_alerts_to":[],"questions_to_steps_to":["1176600","1176617","1176618","1176619"]},"_links":{"self":[{"href":"https:\/\/stepstojustice.ca\/fr\/wp-json\/wp\/v2\/questions\/1171757","targetHints":{"allow":["GET"]}}],"collection":[{"href":"https:\/\/stepstojustice.ca\/fr\/wp-json\/wp\/v2\/questions"}],"about":[{"href":"https:\/\/stepstojustice.ca\/fr\/wp-json\/wp\/v2\/types\/questions"}],"author":[{"embeddable":true,"href":"https:\/\/stepstojustice.ca\/fr\/wp-json\/wp\/v2\/users\/3"}],"version-history":[{"count":1,"href":"https:\/\/stepstojustice.ca\/fr\/wp-json\/wp\/v2\/questions\/1171757\/revisions"}],"predecessor-version":[{"id":1251607,"href":"https:\/\/stepstojustice.ca\/fr\/wp-json\/wp\/v2\/questions\/1171757\/revisions\/1251607"}],"wp:attachment":[{"href":"https:\/\/stepstojustice.ca\/fr\/wp-json\/wp\/v2\/media?parent=1171757"}],"wp:term":[{"taxonomy":"legal-topic","embeddable":true,"href":"https:\/\/stepstojustice.ca\/fr\/wp-json\/wp\/v2\/legal-topic?post=1171757"}],"curies":[{"name":"wp","href":"https:\/\/api.w.org\/{rel}","templated":true}]}}