{"id":1171765,"date":"2018-10-15T17:09:24","date_gmt":"2018-10-15T21:09:24","guid":{"rendered":""},"modified":"2022-01-14T10:48:57","modified_gmt":"2022-01-14T15:48:57","slug":"quels-sont-mes-droits-en-ce-qui-concerne-les-services-et-le-soutien","status":"publish","type":"questions","link":"https:\/\/stepstojustice.ca\/fr\/questions\/health-and-disability\/quels-sont-mes-droits-en-ce-qui-concerne-les-services-et-le-soutien\/","title":{"rendered":"Quels sont mes droits en ce qui concerne les services et le soutien aux personnes ayant une d\u00e9ficience intellectuelle?"},"content":{"rendered":"<p>Les r\u00e8gles concernant les services et le soutien aux personnes ayant une d\u00e9ficience intellectuelle sont \u00e9nonc\u00e9es dans la <a class=\"links-link ext new-link\" href=\"\/fr\/resource\/loi-de-2008-sur-les-services-et-soutiens-favorisant-l-inclusion-sociale-des-personnes-ayant-une-d-ficience-intellectuelle\/\" target=\"_blank\" rel=\"noopener\"><em>Loi de 2008 sur les services et soutiens favorisant l\u2019inclusion sociale des personnes ayant une d\u00e9ficience intellectuelle<\/em><\/a><em>.<\/em> On l\u2019appelle parfois la Loi sur l\u2019inclusion sociale.<\/p>\n<p>De plus, vous avez des droits garantis par le <a class=\"links-link ext new-link\" href=\"\/fr\/resource\/code-des-droits-de-la-personne-l-r-o-1990-chap-h-19\/\" target=\"_blank\" rel=\"noopener\"><em>Code des droits de la personne<\/em><\/a> de l\u2019Ontario et d\u2019autres lois. Ces autres lois ne portent pas directement sur les services et soutiens pour les personnes ayant une d\u00e9ficience intellectuelle, mais elles vous donnent des droits touchant l\u2019acc\u00e8s \u00e0 ces services.<\/p>\n<h3>Lois sur les droits de la personne<\/h3>\n<p>Les lois de l\u2019Ontario sur les droits de la personne s\u2019appliquent g\u00e9n\u00e9ralement aux employeurs, aux propri\u00e9taires, aux syndicats et aux fournisseurs de services comme les \u00e9coles, les h\u00f4pitaux, l\u2019\u00c9tat et les services aux personnes ayant une d\u00e9ficience intellectuelle. Ces lois interdisent que vous soyez trait\u00e9 injustement en raison de caract\u00e9ristiques personnelles comme\u00a0:<\/p>\n<ul>\n<li>la race, la couleur, l\u2019ascendance, l\u2019origine ethnique, la citoyennet\u00e9 ou le lieu d\u2019origine;<\/li>\n<li>les croyances religieuses;<\/li>\n<li>un handicap physique ou mental, notamment un probl\u00e8me de toxicomanie;<\/li>\n<li>le fait d\u2019avoir des enfants, de projeter d\u2019en avoir ou d\u2019\u00eatre enceinte;<\/li>\n<li>l\u2019\u00e9tat matrimonial (que vous soyez mari\u00e9, divorc\u00e9, c\u00e9libataire ou en union libre);<\/li>\n<li>le sexe;<\/li>\n<li>l\u2019orientation sexuelle, l\u2019identit\u00e9 sexuelle ou l\u2019expression de l\u2019identit\u00e9 sexuelle;<\/li>\n<li>l\u2019\u00e2ge \u2013 <a href=\"\/fr\/questions\/employment-and-work\/quel-age-dois-je-etre-pour-travailler\/\">si vous avez 18\u00a0ans ou plus<\/a>;<\/li>\n<li><a href=\"\/fr\/questions\/employment-and-work\/lemployeur-peut-il-me-demander-si-jai-un-dossier-de-police\/\">une condamnation, si vous avez fait l\u2019objet d\u2019un pardon ou obtenu la suspension de votre casier<\/a>.<\/li>\n<\/ul>\n<p>La loi exige que dans certains cas, votre employeur, propri\u00e9taire, syndicat ou fournisseur de services prenne certaines mesures pour vous assurer un traitement \u00e9quitable. On appelle cela des mesures d\u2019adaptation.<\/p>\n<h3>Obtenir de l\u2019aide juridique<\/h3>\n<p>Vous pouvez <a class=\"links-link ext new-link\" href=\"\/fr\/resource\/arch-contact-1\/\" target=\"_blank\" rel=\"noopener\">appeler l\u2019ARCH Disability Law Centre<\/a> pour obtenir de l\u2019aide. L\u2019ARCH est un centre d\u2019aide juridique qui offre ses services gratuitement aux personnes handicap\u00e9es. Habituellement, il aide des personnes \u00e0 faible revenu ou des prestataires de l\u2019aide sociale.<\/p>\n<!-- AddThis Advanced Settings generic via filter on the_content --><!-- AddThis Share Buttons generic via filter on the_content -->","protected":false},"author":3,"featured_media":0,"template":"","legal-topic":[42147,42537],"class_list":["post-1171765","questions","type-questions","status-publish","hentry","legal-topic-health-and-disability","legal-topic-services-people-disabilities"],"yoast_head":"<!-- This site is optimized with the Yoast SEO Premium plugin v23.9 (Yoast SEO v23.9) - https:\/\/yoast.com\/wordpress\/plugins\/seo\/ -->\n<title>Quels sont mes droits en ce qui concerne les services et le soutien aux personnes ayant une d\u00e9ficience intellectuelle? - Justice pas-\u00e0-pas<\/title>\n<meta name=\"description\" content=\"Les r\u00e8gles concernant les services et le soutien aux personnes ayant une d\u00e9ficience intellectuelle sont \u00e9nonc\u00e9es dans la Loi de 2008 sur les services et\" \/>\n<meta name=\"robots\" content=\"index, follow, max-snippet:-1, max-image-preview:large, max-video-preview:-1\" \/>\n<link rel=\"canonical\" href=\"https:\/\/stepstojustice.ca\/fr\/questions\/health-and-disability\/quels-sont-mes-droits-en-ce-qui-concerne-les-services-et-le-soutien\/\" \/>\n<meta property=\"og:locale\" content=\"fr_FR\" \/>\n<meta property=\"og:type\" content=\"article\" \/>\n<meta property=\"og:title\" content=\"Quels sont mes droits en ce qui concerne les services et le soutien aux personnes ayant une d\u00e9ficience intellectuelle? - Justice pas-\u00e0-pas\" \/>\n<meta property=\"og:description\" content=\"Les r\u00e8gles concernant les services et le soutien aux personnes ayant une d\u00e9ficience intellectuelle sont \u00e9nonc\u00e9es dans la Loi de 2008 sur les services et\" \/>\n<meta property=\"og:url\" content=\"https:\/\/stepstojustice.ca\/fr\/questions\/health-and-disability\/quels-sont-mes-droits-en-ce-qui-concerne-les-services-et-le-soutien\/\" \/>\n<meta property=\"og:site_name\" content=\"Justice pas-\u00e0-pas\" \/>\n<meta property=\"article:publisher\" content=\"https:\/\/www.facebook.com\/CLEOLegalRights\/\" \/>\n<meta property=\"article:modified_time\" content=\"2022-01-14T15:48:57+00:00\" \/>\n<meta property=\"og:image\" content=\"https:\/\/stepstojustice.ca\/wp-content\/uploads\/Steps-to-Justice-logo.jpg\" \/>\n\t<meta property=\"og:image:width\" content=\"1200\" \/>\n\t<meta property=\"og:image:height\" content=\"650\" \/>\n\t<meta property=\"og:image:type\" content=\"image\/jpeg\" \/>\n<meta name=\"twitter:card\" content=\"summary_large_image\" \/>\n<meta name=\"twitter:site\" content=\"@CLEOLegalRights\" \/>\n<meta name=\"twitter:label1\" content=\"Est. reading time\" \/>\n\t<meta name=\"twitter:data1\" content=\"2 minutes\" \/>\n<script type=\"application\/ld+json\" class=\"yoast-schema-graph\">{\"@context\":\"https:\/\/schema.org\",\"@graph\":[{\"@type\":\"WebPage\",\"@id\":\"https:\/\/stepstojustice.ca\/fr\/questions\/health-and-disability\/quels-sont-mes-droits-en-ce-qui-concerne-les-services-et-le-soutien\/\",\"url\":\"https:\/\/stepstojustice.ca\/fr\/questions\/health-and-disability\/quels-sont-mes-droits-en-ce-qui-concerne-les-services-et-le-soutien\/\",\"name\":\"Quels sont mes droits en ce qui concerne les services et le soutien aux personnes ayant une d\u00e9ficience intellectuelle? - Justice pas-\u00e0-pas\",\"isPartOf\":{\"@id\":\"https:\/\/stepstojustice.ca\/fr\/#website\"},\"datePublished\":\"2018-10-15T21:09:24+00:00\",\"dateModified\":\"2022-01-14T15:48:57+00:00\",\"description\":\"Les r\u00e8gles concernant les services et le soutien aux personnes ayant une d\u00e9ficience intellectuelle sont \u00e9nonc\u00e9es dans la Loi de 2008 sur les services et\",\"breadcrumb\":{\"@id\":\"https:\/\/stepstojustice.ca\/fr\/questions\/health-and-disability\/quels-sont-mes-droits-en-ce-qui-concerne-les-services-et-le-soutien\/#breadcrumb\"},\"inLanguage\":\"fr-FR\",\"potentialAction\":[{\"@type\":\"ReadAction\",\"target\":[\"https:\/\/stepstojustice.ca\/fr\/questions\/health-and-disability\/quels-sont-mes-droits-en-ce-qui-concerne-les-services-et-le-soutien\/\"]}]},{\"@type\":\"BreadcrumbList\",\"@id\":\"https:\/\/stepstojustice.ca\/fr\/questions\/health-and-disability\/quels-sont-mes-droits-en-ce-qui-concerne-les-services-et-le-soutien\/#breadcrumb\",\"itemListElement\":[{\"@type\":\"ListItem\",\"position\":1,\"name\":\"Home\",\"item\":\"https:\/\/stepstojustice.ca\/fr\/\"},{\"@type\":\"ListItem\",\"position\":2,\"name\":\"Questions\",\"item\":\"https:\/\/stepstojustice.ca\/fr\/questions\/\"},{\"@type\":\"ListItem\",\"position\":3,\"name\":\"Quels sont mes droits en ce qui concerne les services et le soutien aux personnes ayant une d\u00e9ficience intellectuelle?\"}]},{\"@type\":\"WebSite\",\"@id\":\"https:\/\/stepstojustice.ca\/fr\/#website\",\"url\":\"https:\/\/stepstojustice.ca\/fr\/\",\"name\":\"Justice pas-\u00e0-pas\",\"description\":\"Step-by-step information about legal problems\",\"publisher\":{\"@id\":\"https:\/\/stepstojustice.ca\/fr\/#organization\"},\"potentialAction\":[{\"@type\":\"SearchAction\",\"target\":{\"@type\":\"EntryPoint\",\"urlTemplate\":\"https:\/\/stepstojustice.ca\/fr\/?s={search_term_string}\"},\"query-input\":{\"@type\":\"PropertyValueSpecification\",\"valueRequired\":true,\"valueName\":\"search_term_string\"}}],\"inLanguage\":\"fr-FR\"},{\"@type\":\"Organization\",\"@id\":\"https:\/\/stepstojustice.ca\/fr\/#organization\",\"name\":\"Justice pas-\u00e0-pas\",\"url\":\"https:\/\/stepstojustice.ca\/fr\/\",\"logo\":{\"@type\":\"ImageObject\",\"inLanguage\":\"fr-FR\",\"@id\":\"https:\/\/stepstojustice.ca\/fr\/#\/schema\/logo\/image\/\",\"url\":\"https:\/\/stepstojustice.ca\/wp-content\/uploads\/2020\/10\/logo-s2j.png\",\"contentUrl\":\"https:\/\/stepstojustice.ca\/wp-content\/uploads\/2020\/10\/logo-s2j.png\",\"width\":1000,\"height\":146,\"caption\":\"Justice pas-\u00e0-pas\"},\"image\":{\"@id\":\"https:\/\/stepstojustice.ca\/fr\/#\/schema\/logo\/image\/\"},\"sameAs\":[\"https:\/\/www.facebook.com\/CLEOLegalRights\/\",\"https:\/\/x.com\/CLEOLegalRights\",\"https:\/\/www.instagram.com\/communitylegaleducationon\/\"]}]}<\/script>\n<!-- \/ Yoast SEO Premium plugin. -->","yoast_head_json":{"title":"Quels sont mes droits en ce qui concerne les services et le soutien aux personnes ayant une d\u00e9ficience intellectuelle? - Justice pas-\u00e0-pas","description":"Les r\u00e8gles concernant les services et le soutien aux personnes ayant une d\u00e9ficience intellectuelle sont \u00e9nonc\u00e9es dans la Loi de 2008 sur les services et","robots":{"index":"index","follow":"follow","max-snippet":"max-snippet:-1","max-image-preview":"max-image-preview:large","max-video-preview":"max-video-preview:-1"},"canonical":"https:\/\/stepstojustice.ca\/fr\/questions\/health-and-disability\/quels-sont-mes-droits-en-ce-qui-concerne-les-services-et-le-soutien\/","og_locale":"fr_FR","og_type":"article","og_title":"Quels sont mes droits en ce qui concerne les services et le soutien aux personnes ayant une d\u00e9ficience intellectuelle? - Justice pas-\u00e0-pas","og_description":"Les r\u00e8gles concernant les services et le soutien aux personnes ayant une d\u00e9ficience intellectuelle sont \u00e9nonc\u00e9es dans la Loi de 2008 sur les services et","og_url":"https:\/\/stepstojustice.ca\/fr\/questions\/health-and-disability\/quels-sont-mes-droits-en-ce-qui-concerne-les-services-et-le-soutien\/","og_site_name":"Justice pas-\u00e0-pas","article_publisher":"https:\/\/www.facebook.com\/CLEOLegalRights\/","article_modified_time":"2022-01-14T15:48:57+00:00","og_image":[{"width":1200,"height":650,"url":"https:\/\/stepstojustice.ca\/wp-content\/uploads\/Steps-to-Justice-logo.jpg","type":"image\/jpeg"}],"twitter_card":"summary_large_image","twitter_site":"@CLEOLegalRights","twitter_misc":{"Est. reading time":"2 minutes"},"schema":{"@context":"https:\/\/schema.org","@graph":[{"@type":"WebPage","@id":"https:\/\/stepstojustice.ca\/fr\/questions\/health-and-disability\/quels-sont-mes-droits-en-ce-qui-concerne-les-services-et-le-soutien\/","url":"https:\/\/stepstojustice.ca\/fr\/questions\/health-and-disability\/quels-sont-mes-droits-en-ce-qui-concerne-les-services-et-le-soutien\/","name":"Quels sont mes droits en ce qui concerne les services et le soutien aux personnes ayant une d\u00e9ficience intellectuelle? - Justice pas-\u00e0-pas","isPartOf":{"@id":"https:\/\/stepstojustice.ca\/fr\/#website"},"datePublished":"2018-10-15T21:09:24+00:00","dateModified":"2022-01-14T15:48:57+00:00","description":"Les r\u00e8gles concernant les services et le soutien aux personnes ayant une d\u00e9ficience intellectuelle sont \u00e9nonc\u00e9es dans la Loi de 2008 sur les services et","breadcrumb":{"@id":"https:\/\/stepstojustice.ca\/fr\/questions\/health-and-disability\/quels-sont-mes-droits-en-ce-qui-concerne-les-services-et-le-soutien\/#breadcrumb"},"inLanguage":"fr-FR","potentialAction":[{"@type":"ReadAction","target":["https:\/\/stepstojustice.ca\/fr\/questions\/health-and-disability\/quels-sont-mes-droits-en-ce-qui-concerne-les-services-et-le-soutien\/"]}]},{"@type":"BreadcrumbList","@id":"https:\/\/stepstojustice.ca\/fr\/questions\/health-and-disability\/quels-sont-mes-droits-en-ce-qui-concerne-les-services-et-le-soutien\/#breadcrumb","itemListElement":[{"@type":"ListItem","position":1,"name":"Home","item":"https:\/\/stepstojustice.ca\/fr\/"},{"@type":"ListItem","position":2,"name":"Questions","item":"https:\/\/stepstojustice.ca\/fr\/questions\/"},{"@type":"ListItem","position":3,"name":"Quels sont mes droits en ce qui concerne les services et le soutien aux personnes ayant une d\u00e9ficience intellectuelle?"}]},{"@type":"WebSite","@id":"https:\/\/stepstojustice.ca\/fr\/#website","url":"https:\/\/stepstojustice.ca\/fr\/","name":"Justice pas-\u00e0-pas","description":"Step-by-step information about legal problems","publisher":{"@id":"https:\/\/stepstojustice.ca\/fr\/#organization"},"potentialAction":[{"@type":"SearchAction","target":{"@type":"EntryPoint","urlTemplate":"https:\/\/stepstojustice.ca\/fr\/?s={search_term_string}"},"query-input":{"@type":"PropertyValueSpecification","valueRequired":true,"valueName":"search_term_string"}}],"inLanguage":"fr-FR"},{"@type":"Organization","@id":"https:\/\/stepstojustice.ca\/fr\/#organization","name":"Justice pas-\u00e0-pas","url":"https:\/\/stepstojustice.ca\/fr\/","logo":{"@type":"ImageObject","inLanguage":"fr-FR","@id":"https:\/\/stepstojustice.ca\/fr\/#\/schema\/logo\/image\/","url":"https:\/\/stepstojustice.ca\/wp-content\/uploads\/2020\/10\/logo-s2j.png","contentUrl":"https:\/\/stepstojustice.ca\/wp-content\/uploads\/2020\/10\/logo-s2j.png","width":1000,"height":146,"caption":"Justice pas-\u00e0-pas"},"image":{"@id":"https:\/\/stepstojustice.ca\/fr\/#\/schema\/logo\/image\/"},"sameAs":["https:\/\/www.facebook.com\/CLEOLegalRights\/","https:\/\/x.com\/CLEOLegalRights","https:\/\/www.instagram.com\/communitylegaleducationon\/"]}]}},"meta_box":{"date_fg19r358tw7":"2018-09-27 00:00:00","date_sgrhr9fx3j":"2019-09-27 00:00:00","text_qgvph2rt54":"Yedida Zalik (ARCH)","text_mb2unyqw82h":"Michael Blazer","text_z4722ywvha":"Debbie Bateman","textarea_i237k2mg4u":"","date_mvzg7sr921":"","textarea_0ej69ng0xn48":"","file_1s3spou4tld":[{"icon":"<img width=\"48\" height=\"64\" src=\"https:\/\/stepstojustice.ca\/wp-includes\/images\/media\/document.png\" alt=\"\">","name":"2018_09_27%20Final%20Q3%20What%20are%20my%20rights.docx","path":"\/home\/stepstojustice\/public_html\/system\/files\/2018_09_27%20Final%20Q3%20What%20are%20my%20rights.docx","url":"https:\/\/stepstojustice.ca\/system\/files\/2018_09_27%20Final%20Q3%20What%20are%20my%20rights.docx","title":"2018_09_27%20Final%20Q3%20What%20are%20my%20rights","edit_link":""}],"text_0iky8vwgh18v":"marie.koona","date_e0vrot0tvds":"2018-10-15 17:09:24 -0400","text_y2tadrpr98":"added primary topic field","number_98lw0j89q05":"1524","post_0glwwksj820p":[1171712,1171693,1171709],"questions_to_resources_to":["1186629","1186625","1187578"],"questions_to_guided_pathways_to":[],"questions_to_alerts_to":[],"questions_to_steps_to":["1176676","1176677","1176678"]},"_links":{"self":[{"href":"https:\/\/stepstojustice.ca\/fr\/wp-json\/wp\/v2\/questions\/1171765","targetHints":{"allow":["GET"]}}],"collection":[{"href":"https:\/\/stepstojustice.ca\/fr\/wp-json\/wp\/v2\/questions"}],"about":[{"href":"https:\/\/stepstojustice.ca\/fr\/wp-json\/wp\/v2\/types\/questions"}],"author":[{"embeddable":true,"href":"https:\/\/stepstojustice.ca\/fr\/wp-json\/wp\/v2\/users\/3"}],"version-history":[{"count":3,"href":"https:\/\/stepstojustice.ca\/fr\/wp-json\/wp\/v2\/questions\/1171765\/revisions"}],"predecessor-version":[{"id":1230617,"href":"https:\/\/stepstojustice.ca\/fr\/wp-json\/wp\/v2\/questions\/1171765\/revisions\/1230617"}],"wp:attachment":[{"href":"https:\/\/stepstojustice.ca\/fr\/wp-json\/wp\/v2\/media?parent=1171765"}],"wp:term":[{"taxonomy":"legal-topic","embeddable":true,"href":"https:\/\/stepstojustice.ca\/fr\/wp-json\/wp\/v2\/legal-topic?post=1171765"}],"curies":[{"name":"wp","href":"https:\/\/api.w.org\/{rel}","templated":true}]}}