{"id":1171881,"date":"2018-02-28T09:04:38","date_gmt":"2018-02-28T14:04:38","guid":{"rendered":""},"modified":"2022-06-03T16:14:16","modified_gmt":"2022-06-03T20:14:16","slug":"avec-qui-mon-enfant-habitera-t-il","status":"publish","type":"questions","link":"https:\/\/stepstojustice.ca\/fr\/questions\/family-law\/avec-qui-mon-enfant-habitera-t-il\/","title":{"rendered":"Avec qui mon enfant habitera-t-il?"},"content":{"rendered":"<div class=\"box\">\n<p>Depuis le 1er mars 2021, le terme \u00abgarde\u00bb est devenu <b>responsabilit\u00e9s d\u00e9cisionnelles<\/b>. Et dans la plupart des situations, le terme \u00abdroit de visite\u00bb est devenu le <b>temps parental<\/b>. Les deux parents auront g\u00e9n\u00e9ralement maintenant du temps parental.<\/p>\n<p>De plus, une personne qui n\u2019est pas un parent ou un beau-parent\u00a0peut demander une <b>ordonnance de contact<\/b> pour passer du temps avec un enfant.\u00a0Par exemple, un grand-parent peut obtenir cette ordonnance.<\/p>\n<\/div>\n<p>Votre partenaire et vous-m\u00eame devez d\u00e9cider avec qui votre enfant habitera apr\u00e8s votre s\u00e9paration ou votre divorce. C&#8217;est ce qu&#8217;on appelle choisir la r\u00e9sidence de son enfant.<\/p>\n<p>Le choix de la r\u00e9sidence de votre enfant se distingue des responsabilit\u00e9s d\u00e9cisionnelles et du temps parental.<\/p>\n<p>Les\u00a0responsabilit\u00e9s d\u00e9cisionnelles avant appel\u00e9es \u00ab garde \u00bb d\u00e9signent le droit reconnu par la loi de prendre les d\u00e9cisions importantes quant \u00e0 la mani\u00e8re d&#8217;\u00e9lever un enfant et de s&#8217;occuper de lui. Les\u00a0responsabilit\u00e9s d\u00e9cisionnelles ne d\u00e9signent\u00a0<strong>pas<\/strong> le parent chez qui votre enfant habite.<\/p>\n<p>Le temps parental est le temps qu&#8217;un enfant passe sous les soins d&#8217;un parent ou une personne qui agit comme parent, par exemple un beau-parent. Avant, le temps parental s&#8217;appelait \u00ab droit de visite \u00bb pour le parent qui n&#8217;avait pas de responsabilit\u00e9s d\u00e9cisionnelles. <strong>Tous les<\/strong> parents ont g\u00e9n\u00e9ralement maintenant du temps parental.<\/p>\n<p>Par exemple, m\u00eame si vous avez les\u00a0responsabilit\u00e9s d\u00e9cisionnelles de votre enfant et \u00eates le seul \u00e0 pouvoir prendre des d\u00e9cisions \u00e0 son sujet, votre enfant peut habiter la moiti\u00e9 du temps chez vous, et l&#8217;autre moiti\u00e9 chez votre partenaire. Ou encore, votre enfant peut habiter principalement chez vous alors que votre partenaire et vous-m\u00eame avez les\u00a0responsabilit\u00e9s d\u00e9cisionnelles conjointes et prenez les d\u00e9cisions ensemble.<\/p>\n<p>L&#8217;endroit o\u00f9 l&#8217;enfant habite la plupart du temps s&#8217;appelle sa r\u00e9sidence principale. Si l&#8217;un des parents a les\u00a0responsabilit\u00e9s d\u00e9cisionnelles\u00a0uniques et enti\u00e8res, qu&#8217;on appelle aussi les\u00a0responsabilit\u00e9s d\u00e9cisionnelles exclusives, son domicile est habituellement la r\u00e9sidence principale de l&#8217;enfant, tandis que l&#8217;autre parent a g\u00e9n\u00e9ralement un\u00a0temps parental.<\/p>\n<p>On parle de r\u00e9sidence partag\u00e9e lorsqu&#8217;un enfant partage son temps entre la r\u00e9sidence de ses deux parents. L&#8217;un des domiciles peut tout de m\u00eame \u00eatre consid\u00e9r\u00e9 comme sa r\u00e9sidence principale et l&#8217;autre, sa r\u00e9sidence secondaire.<\/p>\n<p>Si votre partenaire et vous-m\u00eame vous entendez sur le lieu de r\u00e9sidence de votre enfant, vous pouvez inscrire ce dont vous avez convenu <a href=\"\/fr\/questions\/family-law\/comment-proceder-lorsque-nous-nous-entendons-sur-ce-que-nous-voulons\/\">dans un accord<\/a>.<\/p>\n<p>Si vous <a href=\"\/fr\/questions\/family-law\/que-faire-si-nous-ne-parvenons-pas-a-nous-entendre-sur-ce-que-nous\/\">n&#8217;arrivez pas \u00e0 vous entendre<\/a>, vous\u00a0<strong>devez<\/strong>\u00a0envisager de recourir au r\u00e8glement extrajudiciaire des diff\u00e9rends (RED) pour r\u00e9gler vos litiges <a href=\"\/fr\/questions\/family-law\/pouvons-nous-r\u00e9soudre-nos-litiges-sans-faire-appel-au-tribunal-0\/\">hors cour<\/a>,\u00a0<strong>si cela vous convient<\/strong>. L&#8217;\u00e9tape 3 offre plus d&#8217;informations sur le RED.<\/p>\n<!-- AddThis Advanced Settings generic via filter on the_content --><!-- AddThis Share Buttons generic via filter on the_content -->","protected":false},"author":3,"featured_media":0,"template":"","legal-topic":[42146,42273,42274],"class_list":["post-1171881","questions","type-questions","status-publish","hentry","legal-topic-family-law","legal-topic-decision-making-and-time-children","legal-topic-decision-making-responsibility-or-custody"],"yoast_head":"<!-- This site is optimized with the Yoast SEO Premium plugin v23.9 (Yoast SEO v23.9) - https:\/\/yoast.com\/wordpress\/plugins\/seo\/ -->\n<title>Avec qui mon enfant habitera-t-il? - Justice pas-\u00e0-pas<\/title>\n<meta name=\"description\" content=\"Depuis le 1er mars 2021, le terme \u00abgarde\u00bb est devenu responsabilit\u00e9s d\u00e9cisionnelles. Et dans la plupart des situations, le terme \u00abdroit de visite\u00bb est\" \/>\n<meta name=\"robots\" content=\"index, follow, max-snippet:-1, max-image-preview:large, max-video-preview:-1\" \/>\n<link rel=\"canonical\" href=\"https:\/\/stepstojustice.ca\/fr\/questions\/family-law\/avec-qui-mon-enfant-habitera-t-il\/\" \/>\n<meta property=\"og:locale\" content=\"fr_FR\" \/>\n<meta property=\"og:type\" content=\"article\" \/>\n<meta property=\"og:title\" content=\"Avec qui mon enfant habitera-t-il? - Justice pas-\u00e0-pas\" \/>\n<meta property=\"og:description\" content=\"Depuis le 1er mars 2021, le terme \u00abgarde\u00bb est devenu responsabilit\u00e9s d\u00e9cisionnelles. Et dans la plupart des situations, le terme \u00abdroit de visite\u00bb est\" \/>\n<meta property=\"og:url\" content=\"https:\/\/stepstojustice.ca\/fr\/questions\/family-law\/avec-qui-mon-enfant-habitera-t-il\/\" \/>\n<meta property=\"og:site_name\" content=\"Justice pas-\u00e0-pas\" \/>\n<meta property=\"article:publisher\" content=\"https:\/\/www.facebook.com\/CLEOLegalRights\/\" \/>\n<meta property=\"article:modified_time\" content=\"2022-06-03T20:14:16+00:00\" \/>\n<meta property=\"og:image\" content=\"https:\/\/stepstojustice.ca\/wp-content\/uploads\/Steps-to-Justice-logo.jpg\" \/>\n\t<meta property=\"og:image:width\" content=\"1200\" \/>\n\t<meta property=\"og:image:height\" content=\"650\" \/>\n\t<meta property=\"og:image:type\" content=\"image\/jpeg\" \/>\n<meta name=\"twitter:card\" content=\"summary_large_image\" \/>\n<meta name=\"twitter:site\" content=\"@CLEOLegalRights\" \/>\n<meta name=\"twitter:label1\" content=\"Est. reading time\" \/>\n\t<meta name=\"twitter:data1\" content=\"2 minutes\" \/>\n<script type=\"application\/ld+json\" class=\"yoast-schema-graph\">{\"@context\":\"https:\/\/schema.org\",\"@graph\":[{\"@type\":\"WebPage\",\"@id\":\"https:\/\/stepstojustice.ca\/fr\/questions\/family-law\/avec-qui-mon-enfant-habitera-t-il\/\",\"url\":\"https:\/\/stepstojustice.ca\/fr\/questions\/family-law\/avec-qui-mon-enfant-habitera-t-il\/\",\"name\":\"Avec qui mon enfant habitera-t-il? - Justice pas-\u00e0-pas\",\"isPartOf\":{\"@id\":\"https:\/\/stepstojustice.ca\/fr\/#website\"},\"datePublished\":\"2018-02-28T14:04:38+00:00\",\"dateModified\":\"2022-06-03T20:14:16+00:00\",\"description\":\"Depuis le 1er mars 2021, le terme \u00abgarde\u00bb est devenu responsabilit\u00e9s d\u00e9cisionnelles. Et dans la plupart des situations, le terme \u00abdroit de visite\u00bb est\",\"breadcrumb\":{\"@id\":\"https:\/\/stepstojustice.ca\/fr\/questions\/family-law\/avec-qui-mon-enfant-habitera-t-il\/#breadcrumb\"},\"inLanguage\":\"fr-FR\",\"potentialAction\":[{\"@type\":\"ReadAction\",\"target\":[\"https:\/\/stepstojustice.ca\/fr\/questions\/family-law\/avec-qui-mon-enfant-habitera-t-il\/\"]}]},{\"@type\":\"BreadcrumbList\",\"@id\":\"https:\/\/stepstojustice.ca\/fr\/questions\/family-law\/avec-qui-mon-enfant-habitera-t-il\/#breadcrumb\",\"itemListElement\":[{\"@type\":\"ListItem\",\"position\":1,\"name\":\"Home\",\"item\":\"https:\/\/stepstojustice.ca\/fr\/\"},{\"@type\":\"ListItem\",\"position\":2,\"name\":\"Questions\",\"item\":\"https:\/\/stepstojustice.ca\/fr\/questions\/\"},{\"@type\":\"ListItem\",\"position\":3,\"name\":\"Avec qui mon enfant habitera-t-il?\"}]},{\"@type\":\"WebSite\",\"@id\":\"https:\/\/stepstojustice.ca\/fr\/#website\",\"url\":\"https:\/\/stepstojustice.ca\/fr\/\",\"name\":\"Justice pas-\u00e0-pas\",\"description\":\"Step-by-step information about legal problems\",\"publisher\":{\"@id\":\"https:\/\/stepstojustice.ca\/fr\/#organization\"},\"potentialAction\":[{\"@type\":\"SearchAction\",\"target\":{\"@type\":\"EntryPoint\",\"urlTemplate\":\"https:\/\/stepstojustice.ca\/fr\/?s={search_term_string}\"},\"query-input\":{\"@type\":\"PropertyValueSpecification\",\"valueRequired\":true,\"valueName\":\"search_term_string\"}}],\"inLanguage\":\"fr-FR\"},{\"@type\":\"Organization\",\"@id\":\"https:\/\/stepstojustice.ca\/fr\/#organization\",\"name\":\"Justice pas-\u00e0-pas\",\"url\":\"https:\/\/stepstojustice.ca\/fr\/\",\"logo\":{\"@type\":\"ImageObject\",\"inLanguage\":\"fr-FR\",\"@id\":\"https:\/\/stepstojustice.ca\/fr\/#\/schema\/logo\/image\/\",\"url\":\"https:\/\/stepstojustice.ca\/wp-content\/uploads\/2020\/10\/logo-s2j.png\",\"contentUrl\":\"https:\/\/stepstojustice.ca\/wp-content\/uploads\/2020\/10\/logo-s2j.png\",\"width\":1000,\"height\":146,\"caption\":\"Justice pas-\u00e0-pas\"},\"image\":{\"@id\":\"https:\/\/stepstojustice.ca\/fr\/#\/schema\/logo\/image\/\"},\"sameAs\":[\"https:\/\/www.facebook.com\/CLEOLegalRights\/\",\"https:\/\/x.com\/CLEOLegalRights\",\"https:\/\/www.instagram.com\/communitylegaleducationon\/\"]}]}<\/script>\n<!-- \/ Yoast SEO Premium plugin. -->","yoast_head_json":{"title":"Avec qui mon enfant habitera-t-il? - Justice pas-\u00e0-pas","description":"Depuis le 1er mars 2021, le terme \u00abgarde\u00bb est devenu responsabilit\u00e9s d\u00e9cisionnelles. Et dans la plupart des situations, le terme \u00abdroit de visite\u00bb est","robots":{"index":"index","follow":"follow","max-snippet":"max-snippet:-1","max-image-preview":"max-image-preview:large","max-video-preview":"max-video-preview:-1"},"canonical":"https:\/\/stepstojustice.ca\/fr\/questions\/family-law\/avec-qui-mon-enfant-habitera-t-il\/","og_locale":"fr_FR","og_type":"article","og_title":"Avec qui mon enfant habitera-t-il? - Justice pas-\u00e0-pas","og_description":"Depuis le 1er mars 2021, le terme \u00abgarde\u00bb est devenu responsabilit\u00e9s d\u00e9cisionnelles. Et dans la plupart des situations, le terme \u00abdroit de visite\u00bb est","og_url":"https:\/\/stepstojustice.ca\/fr\/questions\/family-law\/avec-qui-mon-enfant-habitera-t-il\/","og_site_name":"Justice pas-\u00e0-pas","article_publisher":"https:\/\/www.facebook.com\/CLEOLegalRights\/","article_modified_time":"2022-06-03T20:14:16+00:00","og_image":[{"width":1200,"height":650,"url":"https:\/\/stepstojustice.ca\/wp-content\/uploads\/Steps-to-Justice-logo.jpg","type":"image\/jpeg"}],"twitter_card":"summary_large_image","twitter_site":"@CLEOLegalRights","twitter_misc":{"Est. reading time":"2 minutes"},"schema":{"@context":"https:\/\/schema.org","@graph":[{"@type":"WebPage","@id":"https:\/\/stepstojustice.ca\/fr\/questions\/family-law\/avec-qui-mon-enfant-habitera-t-il\/","url":"https:\/\/stepstojustice.ca\/fr\/questions\/family-law\/avec-qui-mon-enfant-habitera-t-il\/","name":"Avec qui mon enfant habitera-t-il? - Justice pas-\u00e0-pas","isPartOf":{"@id":"https:\/\/stepstojustice.ca\/fr\/#website"},"datePublished":"2018-02-28T14:04:38+00:00","dateModified":"2022-06-03T20:14:16+00:00","description":"Depuis le 1er mars 2021, le terme \u00abgarde\u00bb est devenu responsabilit\u00e9s d\u00e9cisionnelles. Et dans la plupart des situations, le terme \u00abdroit de visite\u00bb est","breadcrumb":{"@id":"https:\/\/stepstojustice.ca\/fr\/questions\/family-law\/avec-qui-mon-enfant-habitera-t-il\/#breadcrumb"},"inLanguage":"fr-FR","potentialAction":[{"@type":"ReadAction","target":["https:\/\/stepstojustice.ca\/fr\/questions\/family-law\/avec-qui-mon-enfant-habitera-t-il\/"]}]},{"@type":"BreadcrumbList","@id":"https:\/\/stepstojustice.ca\/fr\/questions\/family-law\/avec-qui-mon-enfant-habitera-t-il\/#breadcrumb","itemListElement":[{"@type":"ListItem","position":1,"name":"Home","item":"https:\/\/stepstojustice.ca\/fr\/"},{"@type":"ListItem","position":2,"name":"Questions","item":"https:\/\/stepstojustice.ca\/fr\/questions\/"},{"@type":"ListItem","position":3,"name":"Avec qui mon enfant habitera-t-il?"}]},{"@type":"WebSite","@id":"https:\/\/stepstojustice.ca\/fr\/#website","url":"https:\/\/stepstojustice.ca\/fr\/","name":"Justice pas-\u00e0-pas","description":"Step-by-step information about legal problems","publisher":{"@id":"https:\/\/stepstojustice.ca\/fr\/#organization"},"potentialAction":[{"@type":"SearchAction","target":{"@type":"EntryPoint","urlTemplate":"https:\/\/stepstojustice.ca\/fr\/?s={search_term_string}"},"query-input":{"@type":"PropertyValueSpecification","valueRequired":true,"valueName":"search_term_string"}}],"inLanguage":"fr-FR"},{"@type":"Organization","@id":"https:\/\/stepstojustice.ca\/fr\/#organization","name":"Justice pas-\u00e0-pas","url":"https:\/\/stepstojustice.ca\/fr\/","logo":{"@type":"ImageObject","inLanguage":"fr-FR","@id":"https:\/\/stepstojustice.ca\/fr\/#\/schema\/logo\/image\/","url":"https:\/\/stepstojustice.ca\/wp-content\/uploads\/2020\/10\/logo-s2j.png","contentUrl":"https:\/\/stepstojustice.ca\/wp-content\/uploads\/2020\/10\/logo-s2j.png","width":1000,"height":146,"caption":"Justice pas-\u00e0-pas"},"image":{"@id":"https:\/\/stepstojustice.ca\/fr\/#\/schema\/logo\/image\/"},"sameAs":["https:\/\/www.facebook.com\/CLEOLegalRights\/","https:\/\/x.com\/CLEOLegalRights","https:\/\/www.instagram.com\/communitylegaleducationon\/"]}]}},"meta_box":{"date_fg19r358tw7":"2021-03-01 00:00:00","date_sgrhr9fx3j":"2019-02-28 00:00:00","text_qgvph2rt54":"","text_mb2unyqw82h":"","text_z4722ywvha":"","textarea_i237k2mg4u":"2021-Feb-9: Changes to terminology etc. to reflect Divorce Act changes that took effect March 1, 2021.\r\n2019-July-15 FW: Updates based on LAO no longer paying for help with separation agreements and ILA on mediation agreements.","date_mvzg7sr921":"","textarea_0ej69ng0xn48":"","file_1s3spou4tld":[],"text_0iky8vwgh18v":"marianne.stephens","date_e0vrot0tvds":"2018-02-28 09:04:38 -0500","text_y2tadrpr98":"Edited by marie.koona.","number_98lw0j89q05":"2516","post_0glwwksj820p":[1171541,1171879,1171907],"questions_to_resources_to":["1187475","1181720","1181711","1185192","1240120"],"questions_to_guided_pathways_to":["1131722"],"questions_to_alerts_to":[],"questions_to_steps_to":["1176200","1176220","1176221","1176222"]},"_links":{"self":[{"href":"https:\/\/stepstojustice.ca\/fr\/wp-json\/wp\/v2\/questions\/1171881","targetHints":{"allow":["GET"]}}],"collection":[{"href":"https:\/\/stepstojustice.ca\/fr\/wp-json\/wp\/v2\/questions"}],"about":[{"href":"https:\/\/stepstojustice.ca\/fr\/wp-json\/wp\/v2\/types\/questions"}],"author":[{"embeddable":true,"href":"https:\/\/stepstojustice.ca\/fr\/wp-json\/wp\/v2\/users\/3"}],"version-history":[{"count":6,"href":"https:\/\/stepstojustice.ca\/fr\/wp-json\/wp\/v2\/questions\/1171881\/revisions"}],"predecessor-version":[{"id":1240130,"href":"https:\/\/stepstojustice.ca\/fr\/wp-json\/wp\/v2\/questions\/1171881\/revisions\/1240130"}],"wp:attachment":[{"href":"https:\/\/stepstojustice.ca\/fr\/wp-json\/wp\/v2\/media?parent=1171881"}],"wp:term":[{"taxonomy":"legal-topic","embeddable":true,"href":"https:\/\/stepstojustice.ca\/fr\/wp-json\/wp\/v2\/legal-topic?post=1171881"}],"curies":[{"name":"wp","href":"https:\/\/api.w.org\/{rel}","templated":true}]}}