{"id":1236647,"date":"2022-03-04T12:06:57","date_gmt":"2022-03-04T17:06:57","guid":{"rendered":"https:\/\/stepstojustice.ca\/questions\/\/i-came-to-canada-to-work-on-a-farm-what-are-my-rights\/"},"modified":"2024-06-05T09:43:07","modified_gmt":"2024-06-05T13:43:07","slug":"je-suis-venu-au-canada-pour-travailler-dans-une-ferme-quels-sont-mes-droits","status":"publish","type":"questions","link":"https:\/\/stepstojustice.ca\/fr\/questions\/employment-and-work\/je-suis-venu-au-canada-pour-travailler-dans-une-ferme-quels-sont-mes-droits\/","title":{"rendered":"Je suis venu au Canada pour travailler dans une ferme. Quels sont mes droits?"},"content":{"rendered":"<p>Ces renseignements s&#8217;adressent aux travailleurs venus au Canada pour travailler dans une ferme \u00e0 cultiver les champs ou s&#8217;occuper d&#8217;animaux. Si vous \u00eates venu au pays pour cueillir des fruits et l\u00e9gumes, consultez la page \u00ab <a href=\"\/fr\/questions\/employment-and-work\/je-suis-venu-au-canada-pour-travailler-a-la-cueillette-et-aux-recoltes-quels-sont-mes-droits\">Je suis venu au Canada pour travailler \u00e0 la cueillette et aux r\u00e9coltes. Quels sont mes droits?<\/a> \u00bb.<\/p>\n<p>Les travailleurs agricoles sont souvent des travailleurs \u00e9trangers temporaires. Consultez la page \u00ab <a href=\"\/fr\/questions\/employment-and-work\/je-suis-un-travailleur-etranger-temporaire-quels-sont-mes-droits\/\">Je suis un travailleur \u00e9tranger temporaire. Quels sont mes droits?<\/a> \u00bb.<\/p>\n<p>Les travailleurs \u00e9trangers temporaires sont aussi appel\u00e9s \u00ab travailleurs migrants \u00bb.<\/p>\n<p>Voici les programmes les plus couramment utilis\u00e9s pour venir travailler dans une ferme :<\/p>\n<ul>\n<li>Le <a href=\"\/fr\/resource\/hire-a-temporary-worker-through-the-seasonal-agricultural-worker-program-overview\/\" target=\"_blank\" rel=\"noopener\">Programme des travailleurs agricoles saisonniers<\/a>: la plupart des gens viennent du Mexique et des Cara\u00efbes, pour une p\u00e9riode maximale de 8 mois, entre le 1<sup>er<\/sup> janvier et le 15 d\u00e9cembre.<\/li>\n<li>Le <a href=\"\/fr\/resource\/embaucher-un-travailleur-etranger-temporaire-dans-le-cadre-du-volet-agricole-apercu\/\" target=\"_blank\" rel=\"noopener\">volet agricole<\/a>: les gens viennent travailler au Canada pour une p\u00e9riode maximale de 24 mois.<\/li>\n<\/ul>\n<p>Ouvriers agricoles, employ\u00e9s de ferme, man\u0153uvres agricoles\u2026 les employeurs utilisent diff\u00e9rents noms pour parler des travailleurs agricoles. Mais ce n&#8217;est pas le titre qui compte, c&#8217;est le type de travail qu&#8217;ils font. Pour en savoir plus, consultez l&#8217;\u00e9tape 1.<\/p>\n<h3>Vos droits<\/h3>\n<p>Comme travailleur agricole, vous avez droit \u00e0 ce qui suit :<\/p>\n<ul>\n<li>Une paie r\u00e9guli\u00e8re;<\/li>\n<li>Des bordereaux de paie;<\/li>\n<li>Un <a href=\"\/fr\/questions\/employment-and-work\/jai-ete-congedie-a-combien-de-jours-de-preavis-ai-je-droit\/\">avis \u00e9crit si on vous cong\u00e9die, ou une indemnit\u00e9 tenant lieu de pr\u00e9avis<\/a>.<\/li>\n<\/ul>\n<p>Vous pourriez aussi avoir droit aux cong\u00e9s suivants :<\/p>\n<ul>\n<li><a href=\"\/fr\/questions\/employment-and-work\/je-suis-enceinte-quels-sont-mes-droits-en-tant-que\/\">Cong\u00e9s de maternit\u00e9 et cong\u00e9s parentaux<\/a><u>;<\/u><\/li>\n<li><a href=\"\/fr\/questions\/employment-and-work\/puis-je-prendre-quelques-jours-de-conge-pour-maladie-ou-urgence\/\">Cong\u00e9s de maladie<\/a>, <a href=\"\/fr\/questions\/employment-and-work\/puis-je-prendre-quelques-jours-de-conge-pour-maladie-ou-urgence\/\">cong\u00e9s pour obligations familiales<\/a>, <a href=\"\/fr\/steps\/employment-and-work\/2-informez-vous-au-sujet-du-conge-familial-pour-les-aidants-naturels\/\">cong\u00e9s familiaux pour les aidants naturels<\/a>, <a href=\"\/fr\/steps\/employment-and-work\/2-informez-vous-au-sujet-du-conge-familial-pour-les-aidants-naturels\/\">cong\u00e9s familiaux pour raison m\u00e9dicale<\/a> et <a href=\"\/fr\/steps\/employment-and-work\/2-informez-vous-au-sujet-du-conge-familial-pour-les-aidants-naturels\/\">cong\u00e9s en cas de maladie grave<\/a>;<\/li>\n<li><a href=\"\/fr\/steps\/employment-and-work\/4-informez-vous-au-sujet-du-conge-en-cas-de-disparition-ou-de-deces-dun-enfant\/\">Cong\u00e9s en cas de disparition ou de d\u00e9c\u00e8s d&#8217;un enfant<\/a>;<\/li>\n<li><a href=\"\/fr\/questions\/employment-and-work\/puis-je-prendre-quelques-jours-de-conge-pour-maladie-ou-urgence\/\">Cong\u00e9s de deuil<\/a>;<\/li>\n<li><a href=\"\/fr\/questions\/employment-and-work\/puis-je-prendre-quelques-jours-de-conge-pour-maladie-ou-urgence\/\">Cong\u00e9s en cas de violence familiale ou sexuelle<\/a>.<\/li>\n<\/ul>\n<h3>Droits que vous n&#8217;avez pas<\/h3>\n<p>Vous n&#8217;avez pas droit \u00e0 ce qui suit :<\/p>\n<ul>\n<li>Le salaire minimum ou le paiement de vos heures suppl\u00e9mentaires;<\/li>\n<li>Une indemnit\u00e9 de vacances, c&#8217;est-\u00e0-dire des cong\u00e9s pay\u00e9s;<\/li>\n<li>Des jours f\u00e9ri\u00e9s pay\u00e9s, c&#8217;est-\u00e0-dire des cong\u00e9s pay\u00e9s pour les jours f\u00e9ri\u00e9s;<\/li>\n<li>Une limite d&#8217;heures de travail par jour;<\/li>\n<li>Une limite d&#8217;heures de travail par semaine;<\/li>\n<li>Des p\u00e9riodes de repas.<\/li>\n<\/ul>\n<h3>Permis de travail<\/h3>\n<p>Pour avoir un emploi, il vous faut un permis de travail. La plupart des personnes qui veulent venir travailler au Canada doivent faire une <strong>demande<\/strong> de permis <strong>avant<\/strong> leur arriv\u00e9e. Il existe 2 types de permis de travail :<\/p>\n<ul>\n<li>le permis de travail ferm\u00e9;<\/li>\n<li>le permis de travail ouvert.<\/li>\n<\/ul>\n<p>Un <strong>permis de travail ferm\u00e9<\/strong> indique :<\/p>\n<ul>\n<li>le nom de l&#8217;employeur pour lequel vous pouvez travailler;<\/li>\n<li>la p\u00e9riode durant laquelle vous pouvez travailler pour lui.<\/li>\n<\/ul>\n<p>Un <strong>permis de travail ouvert<\/strong> vous donne le droit de travailler pour presque n&#8217;importe quel employeur, sauf ceux qui :<\/p>\n<ul>\n<li>sont sur la <a href=\"\/fr\/resource\/employeurs-qui-ont-ete-juges-non-conformes\/\" target=\"_blank\" rel=\"noopener\">liste du gouvernement parce qu&#8217;ils ont enfreint des r\u00e8gles<\/a>;<\/li>\n<li>s&#8217;adonnent \u00e0 l&#8217;offre de \u00ab stripteases \u00bb, de danses \u00e9rotiques, de services d&#8217;escorte ou de massages \u00e9rotiques.<\/li>\n<\/ul>\n<p>Les permis de travail ferm\u00e9s sont les plus courants.<\/p>\n<h3>Obtenir du soutien et de l&#8217;assistance juridique<\/h3>\n<p>Si vous croyez que votre employeur ne respecte pas la loi, vous feriez bien de demander l&#8217;aide d&#8217;un groupe qui soutient les travailleurs \u00e9trangers temporaires. Par exemple :<\/p>\n<ul>\n<li>La <a href=\"\/fr\/resource\/migrant-workers-alliance-for-change\/\" target=\"_blank\" rel=\"noopener\">Migrant Workers Alliance for Change<\/a> : composez le 647 782-6633;<\/li>\n<li>L&#8217;<a href=\"\/fr\/resource\/tuac-canada-le-syndicat-des-travailleurs-agricoles\/\" target=\"_blank\" rel=\"noopener\">Alliance des travailleurs agricoles<\/a>;<\/li>\n<li>Votre clinique juridique communautaire : vous pouvez trouver celle de votre r\u00e9gion en appelant Aide juridique Ontario au 1 800 668-8258 ou en <a href=\"\/fr\/resource\/community-legal-clinics\/\" target=\"_blank\" rel=\"noopener\">visitant son site Web<\/a>;<\/li>\n<li>Le programme <a href=\"\/fr\/resource\/c-a-r-e-for-international-workers-program\/\" target=\"_blank\" rel=\"noopener\">C.A.R.E for International Workers<\/a> : composez le 519 253-3526 ou passez par WhatsApp au 226 935-7772.<\/li>\n<\/ul>\n<!-- AddThis Advanced Settings generic via filter on the_content --><!-- AddThis Share Buttons generic via filter on the_content -->","protected":false},"author":6,"featured_media":0,"template":"","legal-topic":[42145,44752,42150,45033],"class_list":["post-1236647","questions","type-questions","status-publish","hentry","legal-topic-employment-and-work","legal-topic-migrant-workers","legal-topic-immigration","legal-topic-migrant-workers-2"],"yoast_head":"<!-- This site is optimized with the Yoast SEO Premium plugin v23.9 (Yoast SEO v23.9) - https:\/\/yoast.com\/wordpress\/plugins\/seo\/ -->\n<title>Je suis venu au Canada pour travailler dans une ferme. Quels sont mes droits? - Justice pas-\u00e0-pas<\/title>\n<meta name=\"description\" content=\"Ces renseignements s&#039;adressent aux travailleurs venus au Canada pour travailler dans une ferme \u00e0 cultiver les champs ou s&#039;occuper d&#039;animaux. Si vous \u00eates\" \/>\n<meta name=\"robots\" content=\"index, follow, max-snippet:-1, max-image-preview:large, max-video-preview:-1\" \/>\n<link rel=\"canonical\" href=\"https:\/\/stepstojustice.ca\/fr\/questions\/employment-and-work\/je-suis-venu-au-canada-pour-travailler-dans-une-ferme-quels-sont-mes-droits\/\" \/>\n<meta property=\"og:locale\" content=\"fr_FR\" \/>\n<meta property=\"og:type\" content=\"article\" \/>\n<meta property=\"og:title\" content=\"Je suis venu au Canada pour travailler dans une ferme. Quels sont mes droits? - Justice pas-\u00e0-pas\" \/>\n<meta property=\"og:description\" content=\"Ces renseignements s&#039;adressent aux travailleurs venus au Canada pour travailler dans une ferme \u00e0 cultiver les champs ou s&#039;occuper d&#039;animaux. Si vous \u00eates\" \/>\n<meta property=\"og:url\" content=\"https:\/\/stepstojustice.ca\/fr\/questions\/employment-and-work\/je-suis-venu-au-canada-pour-travailler-dans-une-ferme-quels-sont-mes-droits\/\" \/>\n<meta property=\"og:site_name\" content=\"Justice pas-\u00e0-pas\" \/>\n<meta property=\"article:publisher\" content=\"https:\/\/www.facebook.com\/CLEOLegalRights\/\" \/>\n<meta property=\"article:modified_time\" content=\"2024-06-05T13:43:07+00:00\" \/>\n<meta property=\"og:image\" content=\"https:\/\/stepstojustice.ca\/wp-content\/uploads\/Steps-to-Justice-logo.jpg\" \/>\n\t<meta property=\"og:image:width\" content=\"1200\" \/>\n\t<meta property=\"og:image:height\" content=\"650\" \/>\n\t<meta property=\"og:image:type\" content=\"image\/jpeg\" \/>\n<meta name=\"twitter:card\" content=\"summary_large_image\" \/>\n<meta name=\"twitter:site\" content=\"@CLEOLegalRights\" \/>\n<meta name=\"twitter:label1\" content=\"Est. reading time\" \/>\n\t<meta name=\"twitter:data1\" content=\"3 minutes\" \/>\n<script type=\"application\/ld+json\" class=\"yoast-schema-graph\">{\"@context\":\"https:\/\/schema.org\",\"@graph\":[{\"@type\":\"WebPage\",\"@id\":\"https:\/\/stepstojustice.ca\/fr\/questions\/employment-and-work\/je-suis-venu-au-canada-pour-travailler-dans-une-ferme-quels-sont-mes-droits\/\",\"url\":\"https:\/\/stepstojustice.ca\/fr\/questions\/employment-and-work\/je-suis-venu-au-canada-pour-travailler-dans-une-ferme-quels-sont-mes-droits\/\",\"name\":\"Je suis venu au Canada pour travailler dans une ferme. Quels sont mes droits? - Justice pas-\u00e0-pas\",\"isPartOf\":{\"@id\":\"https:\/\/stepstojustice.ca\/fr\/#website\"},\"datePublished\":\"2022-03-04T17:06:57+00:00\",\"dateModified\":\"2024-06-05T13:43:07+00:00\",\"description\":\"Ces renseignements s'adressent aux travailleurs venus au Canada pour travailler dans une ferme \u00e0 cultiver les champs ou s'occuper d'animaux. Si vous \u00eates\",\"breadcrumb\":{\"@id\":\"https:\/\/stepstojustice.ca\/fr\/questions\/employment-and-work\/je-suis-venu-au-canada-pour-travailler-dans-une-ferme-quels-sont-mes-droits\/#breadcrumb\"},\"inLanguage\":\"fr-FR\",\"potentialAction\":[{\"@type\":\"ReadAction\",\"target\":[\"https:\/\/stepstojustice.ca\/fr\/questions\/employment-and-work\/je-suis-venu-au-canada-pour-travailler-dans-une-ferme-quels-sont-mes-droits\/\"]}]},{\"@type\":\"BreadcrumbList\",\"@id\":\"https:\/\/stepstojustice.ca\/fr\/questions\/employment-and-work\/je-suis-venu-au-canada-pour-travailler-dans-une-ferme-quels-sont-mes-droits\/#breadcrumb\",\"itemListElement\":[{\"@type\":\"ListItem\",\"position\":1,\"name\":\"Home\",\"item\":\"https:\/\/stepstojustice.ca\/fr\/\"},{\"@type\":\"ListItem\",\"position\":2,\"name\":\"Questions\",\"item\":\"https:\/\/stepstojustice.ca\/fr\/questions\/\"},{\"@type\":\"ListItem\",\"position\":3,\"name\":\"Je suis venu au Canada pour travailler dans une ferme. Quels sont mes droits?\"}]},{\"@type\":\"WebSite\",\"@id\":\"https:\/\/stepstojustice.ca\/fr\/#website\",\"url\":\"https:\/\/stepstojustice.ca\/fr\/\",\"name\":\"Justice pas-\u00e0-pas\",\"description\":\"Step-by-step information about legal problems\",\"publisher\":{\"@id\":\"https:\/\/stepstojustice.ca\/fr\/#organization\"},\"potentialAction\":[{\"@type\":\"SearchAction\",\"target\":{\"@type\":\"EntryPoint\",\"urlTemplate\":\"https:\/\/stepstojustice.ca\/fr\/?s={search_term_string}\"},\"query-input\":{\"@type\":\"PropertyValueSpecification\",\"valueRequired\":true,\"valueName\":\"search_term_string\"}}],\"inLanguage\":\"fr-FR\"},{\"@type\":\"Organization\",\"@id\":\"https:\/\/stepstojustice.ca\/fr\/#organization\",\"name\":\"Justice pas-\u00e0-pas\",\"url\":\"https:\/\/stepstojustice.ca\/fr\/\",\"logo\":{\"@type\":\"ImageObject\",\"inLanguage\":\"fr-FR\",\"@id\":\"https:\/\/stepstojustice.ca\/fr\/#\/schema\/logo\/image\/\",\"url\":\"https:\/\/stepstojustice.ca\/wp-content\/uploads\/2020\/10\/logo-s2j.png\",\"contentUrl\":\"https:\/\/stepstojustice.ca\/wp-content\/uploads\/2020\/10\/logo-s2j.png\",\"width\":1000,\"height\":146,\"caption\":\"Justice pas-\u00e0-pas\"},\"image\":{\"@id\":\"https:\/\/stepstojustice.ca\/fr\/#\/schema\/logo\/image\/\"},\"sameAs\":[\"https:\/\/www.facebook.com\/CLEOLegalRights\/\",\"https:\/\/x.com\/CLEOLegalRights\",\"https:\/\/www.instagram.com\/communitylegaleducationon\/\"]}]}<\/script>\n<!-- \/ Yoast SEO Premium plugin. -->","yoast_head_json":{"title":"Je suis venu au Canada pour travailler dans une ferme. Quels sont mes droits? - Justice pas-\u00e0-pas","description":"Ces renseignements s'adressent aux travailleurs venus au Canada pour travailler dans une ferme \u00e0 cultiver les champs ou s'occuper d'animaux. Si vous \u00eates","robots":{"index":"index","follow":"follow","max-snippet":"max-snippet:-1","max-image-preview":"max-image-preview:large","max-video-preview":"max-video-preview:-1"},"canonical":"https:\/\/stepstojustice.ca\/fr\/questions\/employment-and-work\/je-suis-venu-au-canada-pour-travailler-dans-une-ferme-quels-sont-mes-droits\/","og_locale":"fr_FR","og_type":"article","og_title":"Je suis venu au Canada pour travailler dans une ferme. Quels sont mes droits? - Justice pas-\u00e0-pas","og_description":"Ces renseignements s'adressent aux travailleurs venus au Canada pour travailler dans une ferme \u00e0 cultiver les champs ou s'occuper d'animaux. Si vous \u00eates","og_url":"https:\/\/stepstojustice.ca\/fr\/questions\/employment-and-work\/je-suis-venu-au-canada-pour-travailler-dans-une-ferme-quels-sont-mes-droits\/","og_site_name":"Justice pas-\u00e0-pas","article_publisher":"https:\/\/www.facebook.com\/CLEOLegalRights\/","article_modified_time":"2024-06-05T13:43:07+00:00","og_image":[{"width":1200,"height":650,"url":"https:\/\/stepstojustice.ca\/wp-content\/uploads\/Steps-to-Justice-logo.jpg","type":"image\/jpeg"}],"twitter_card":"summary_large_image","twitter_site":"@CLEOLegalRights","twitter_misc":{"Est. reading time":"3 minutes"},"schema":{"@context":"https:\/\/schema.org","@graph":[{"@type":"WebPage","@id":"https:\/\/stepstojustice.ca\/fr\/questions\/employment-and-work\/je-suis-venu-au-canada-pour-travailler-dans-une-ferme-quels-sont-mes-droits\/","url":"https:\/\/stepstojustice.ca\/fr\/questions\/employment-and-work\/je-suis-venu-au-canada-pour-travailler-dans-une-ferme-quels-sont-mes-droits\/","name":"Je suis venu au Canada pour travailler dans une ferme. Quels sont mes droits? - Justice pas-\u00e0-pas","isPartOf":{"@id":"https:\/\/stepstojustice.ca\/fr\/#website"},"datePublished":"2022-03-04T17:06:57+00:00","dateModified":"2024-06-05T13:43:07+00:00","description":"Ces renseignements s'adressent aux travailleurs venus au Canada pour travailler dans une ferme \u00e0 cultiver les champs ou s'occuper d'animaux. Si vous \u00eates","breadcrumb":{"@id":"https:\/\/stepstojustice.ca\/fr\/questions\/employment-and-work\/je-suis-venu-au-canada-pour-travailler-dans-une-ferme-quels-sont-mes-droits\/#breadcrumb"},"inLanguage":"fr-FR","potentialAction":[{"@type":"ReadAction","target":["https:\/\/stepstojustice.ca\/fr\/questions\/employment-and-work\/je-suis-venu-au-canada-pour-travailler-dans-une-ferme-quels-sont-mes-droits\/"]}]},{"@type":"BreadcrumbList","@id":"https:\/\/stepstojustice.ca\/fr\/questions\/employment-and-work\/je-suis-venu-au-canada-pour-travailler-dans-une-ferme-quels-sont-mes-droits\/#breadcrumb","itemListElement":[{"@type":"ListItem","position":1,"name":"Home","item":"https:\/\/stepstojustice.ca\/fr\/"},{"@type":"ListItem","position":2,"name":"Questions","item":"https:\/\/stepstojustice.ca\/fr\/questions\/"},{"@type":"ListItem","position":3,"name":"Je suis venu au Canada pour travailler dans une ferme. Quels sont mes droits?"}]},{"@type":"WebSite","@id":"https:\/\/stepstojustice.ca\/fr\/#website","url":"https:\/\/stepstojustice.ca\/fr\/","name":"Justice pas-\u00e0-pas","description":"Step-by-step information about legal problems","publisher":{"@id":"https:\/\/stepstojustice.ca\/fr\/#organization"},"potentialAction":[{"@type":"SearchAction","target":{"@type":"EntryPoint","urlTemplate":"https:\/\/stepstojustice.ca\/fr\/?s={search_term_string}"},"query-input":{"@type":"PropertyValueSpecification","valueRequired":true,"valueName":"search_term_string"}}],"inLanguage":"fr-FR"},{"@type":"Organization","@id":"https:\/\/stepstojustice.ca\/fr\/#organization","name":"Justice pas-\u00e0-pas","url":"https:\/\/stepstojustice.ca\/fr\/","logo":{"@type":"ImageObject","inLanguage":"fr-FR","@id":"https:\/\/stepstojustice.ca\/fr\/#\/schema\/logo\/image\/","url":"https:\/\/stepstojustice.ca\/wp-content\/uploads\/2020\/10\/logo-s2j.png","contentUrl":"https:\/\/stepstojustice.ca\/wp-content\/uploads\/2020\/10\/logo-s2j.png","width":1000,"height":146,"caption":"Justice pas-\u00e0-pas"},"image":{"@id":"https:\/\/stepstojustice.ca\/fr\/#\/schema\/logo\/image\/"},"sameAs":["https:\/\/www.facebook.com\/CLEOLegalRights\/","https:\/\/x.com\/CLEOLegalRights","https:\/\/www.instagram.com\/communitylegaleducationon\/"]}]}},"meta_box":{"date_fg19r358tw7":"2022-02-18","date_sgrhr9fx3j":"","text_qgvph2rt54":"","text_mb2unyqw82h":"Andrew Hills","text_z4722ywvha":"Kim McCutcheon","textarea_i237k2mg4u":"Reviewer: Francy Munoz (Windsor-Essex Legal Clinic)","date_mvzg7sr921":"","textarea_0ej69ng0xn48":"","file_1s3spou4tld":[{"icon":"<img width=\"48\" height=\"64\" src=\"https:\/\/stepstojustice.ca\/wp-includes\/images\/media\/document.png\" alt=\"\">","name":"I-came-to-Canada-to-work-on-a-farm.-What-are-my-rights-EN.docx","path":"\/home\/stepstojustice\/public_html\/system\/files\/I-came-to-Canada-to-work-on-a-farm.-What-are-my-rights-EN.docx","url":"https:\/\/stepstojustice.ca\/system\/files\/I-came-to-Canada-to-work-on-a-farm.-What-are-my-rights-EN.docx","title":"I-came-to-Canada-to-work-on-a-farm.-What-are-my-rights-EN","edit_link":""}],"text_0iky8vwgh18v":"","date_e0vrot0tvds":"","text_y2tadrpr98":"","number_98lw0j89q05":"2087","post_0glwwksj820p":[],"questions_to_resources_to":[],"questions_to_guided_pathways_to":[],"questions_to_alerts_to":[],"questions_to_steps_to":[]},"_links":{"self":[{"href":"https:\/\/stepstojustice.ca\/fr\/wp-json\/wp\/v2\/questions\/1236647","targetHints":{"allow":["GET"]}}],"collection":[{"href":"https:\/\/stepstojustice.ca\/fr\/wp-json\/wp\/v2\/questions"}],"about":[{"href":"https:\/\/stepstojustice.ca\/fr\/wp-json\/wp\/v2\/types\/questions"}],"author":[{"embeddable":true,"href":"https:\/\/stepstojustice.ca\/fr\/wp-json\/wp\/v2\/users\/6"}],"version-history":[{"count":3,"href":"https:\/\/stepstojustice.ca\/fr\/wp-json\/wp\/v2\/questions\/1236647\/revisions"}],"predecessor-version":[{"id":1264476,"href":"https:\/\/stepstojustice.ca\/fr\/wp-json\/wp\/v2\/questions\/1236647\/revisions\/1264476"}],"wp:attachment":[{"href":"https:\/\/stepstojustice.ca\/fr\/wp-json\/wp\/v2\/media?parent=1236647"}],"wp:term":[{"taxonomy":"legal-topic","embeddable":true,"href":"https:\/\/stepstojustice.ca\/fr\/wp-json\/wp\/v2\/legal-topic?post=1236647"}],"curies":[{"name":"wp","href":"https:\/\/api.w.org\/{rel}","templated":true}]}}