{"id":1267433,"date":"2024-11-29T15:22:07","date_gmt":"2024-11-29T20:22:07","guid":{"rendered":"https:\/\/stepstojustice.ca\/questions\/\/theres-a-crisis-in-my-home-country-does-canada-have-a-temporary-immigration-program-to-help-me\/"},"modified":"2026-04-23T12:01:31","modified_gmt":"2026-04-23T16:01:31","slug":"mon-pays-dorigine-est-en-crise-est-ce-que-le-canada-a-un-programme-dimmigration-temporaire-qui-pourrait-maider","status":"publish","type":"questions","link":"https:\/\/stepstojustice.ca\/fr\/questions\/immigration\/mon-pays-dorigine-est-en-crise-est-ce-que-le-canada-a-un-programme-dimmigration-temporaire-qui-pourrait-maider\/","title":{"rendered":"Mon pays d&#8217;origine est en crise. Est-ce que le Canada a un programme d&#8217;immigration temporaire qui pourrait m&#8217;aider?"},"content":{"rendered":"\n<p>Souvent, le gouvernement du Canada introduit des programmes d&#8217;immigration temporaire pour aider les personnes originaires d&#8217;un pays ou d&#8217;une r\u00e9gion en situation de crise.<\/p>\n\n\n\n<p>Par exemple, le gouvernement a introduit des programmes pour les personnes des pays qui sont :<\/p>\n\n\n\n<ul class=\"wp-block-list\">\n<li>en guerre,<\/li>\n\n\n\n<li>secou\u00e9s par la violence ou une agitation politique, ou<\/li>\n\n\n\n<li>confront\u00e9s \u00e0 une catastrophe naturelle, comme un tremblement de terre ou la famine.<\/li>\n<\/ul>\n\n\n\n<p>Le Canada a \u00e9galement un programme temporaire qui permet aux r\u00e9fugi\u00e9s de n&#8217;importe quel pays de se r\u00e9installer au Canada s&#8217;ils poss\u00e8dent l&#8217;\u00e9ducation, l&#8217;exp\u00e9rience professionnelle et les comp\u00e9tences linguistiques n\u00e9cessaires pour occuper certains emplois.<\/p>\n\n\n\n<p>Chaque programme a des r\u00e8gles diff\u00e9rentes en ce qui concerne les candidats.<\/p>\n\n\n\n<p>Chaque programme d&#8217;immigration temporaire offre \u00e9galement quelque chose de diff\u00e9rent. Par exemple, certains autorisent les gens \u00e0 travailler, \u00e0 \u00e9tudier ou \u00e0 faire du tourisme au Canada sans frais de demande. D&#8217;autres ouvrent la porte \u00e0 la r\u00e9sidence permanente.<\/p>\n\n\n\n<p>Tous ces programmes d&#8217;immigration :<\/p>\n\n\n\n<ul class=\"wp-block-list\">\n<li>sont temporaires, et<\/li>\n\n\n\n<li>ont g\u00e9n\u00e9ralement des limites quant au nombre de candidats qu&#8217;ils acceptent.<\/li>\n<\/ul>\n\n\n\n<p>Le gouvernement peut modifier, prolonger ou annuler un programme \u00e0 moment. Visitez le <a href=\"\/fr\/resource\/immigration-refugees-and-citizenship-canada\/\" target=\"_blank\" rel=\"noopener\">site Web<\/a> d&#8217;Immigration, R\u00e9fugi\u00e9s et Citoyennet\u00e9 Canada (IRCC) pour les mises \u00e0 jour avant de faire une demande.<\/p>\n\n\n\n<h3 class=\"wp-block-heading\" id=\"h-demander-de-l-assistance-juridique\">Demander de l&#8217;assistance juridique<\/h3>\n\n\n\n<p>Il est important de <a href=\"\/fr\/legal-topic\/immigration\/getting-legal-help-immigration-law\/\">demander de l&#8217;assistance juridique<\/a> \u00e0 un(e) avocat(e) sp\u00e9cialis\u00e9(e) en immigration si vous voulez pr\u00e9senter une demande \u00e0 l&#8217;un de ces programmes. Le droit de l&#8217;immigration est complexe; il inclut beaucoup de r\u00e8gles et de dates limites.<\/p>\n\n\n\n<p>Si vous n&#8217;\u00eates pas admissible \u00e0 un programme temporaire, d&#8217;autres solutions pourraient exister. Un(e) avocat(e) sp\u00e9cialis\u00e9(e) en immigration peut vous expliquer toutes vos options si vous souhaitez immigrer ou demeurer au Canada.<\/p>\n\n\n\n<h3 class=\"wp-block-heading\" id=\"h-programmes-en-cours\">Programmes en cours<\/h3>\n\n\n\n<p>Le Canada a des programmes d&#8217;immigration temporaire pour :<\/p>\n\n\n<div class=\"wp-block-ub-content-toggle\" id=\"ub-content-toggle-aa65d789-f88a-4fb9-8659-4ed133f41294\" data-mobilecollapse=\"true\" data-desktopcollapse=\"true\">\n<div class=\"wp-block-ub-content-toggle-accordion\" id=\"ub-content-toggle-panel-block-\">\n                <div class=\"wp-block-ub-content-toggle-accordion-title-wrap\"\" aria-controls=\"ub-content-toggle-panel-0-aa65d789-f88a-4fb9-8659-4ed133f41294\" tabindex=\"0\">\n                    <p class=\"wp-block-ub-content-toggle-accordion-title ub-content-toggle-title-aa65d789-f88a-4fb9-8659-4ed133f41294\"><strong>Ha\u00efti<\/strong><\/p><div class=\"wp-block-ub-content-toggle-accordion-toggle-wrap right\"><span class=\"wp-block-ub-content-toggle-accordion-state-indicator wp-block-ub-chevron-down\"><\/span>\n                    <\/div><\/div><div role=\"region\" aria-expanded=\"false\" class=\"wp-block-ub-content-toggle-accordion-content-wrap ub-hide\" id=\"ub-content-toggle-panel-0-aa65d789-f88a-4fb9-8659-4ed133f41294\">\n\n<p>Les <a href=\"\/fr\/resource\/mesures-pour-les-ressortissants-haitiens-les-titulaires-de-passeports-haitiens-et-les-membres-de-leur-famille-au-canada\/\" target=\"_blank\" rel=\"noreferrer noopener\">citoyens ha\u00eftiens et les titulaires d&#8217;un passeport ha\u00eftien ayant un statut temporaire valide<\/a> peuvent demander sans frais:<\/p>\n\n\n\n<ul class=\"wp-block-list\">\n<li>un permis d&#8217;\u00e9tude ou un permis de travail ouvert, ou la prolongation de l&#8217;un d&#8217;eux;<\/li>\n\n\n\n<li>une fiche de visiteur;<\/li>\n\n\n\n<li>un nouveau <a href=\"\/fr\/glossary\/permis-de-s%C3%A9jour-temporaire\/\">permis de s\u00e9jour temporaire<\/a> s&#8217;ils en ont d\u00e9j\u00e0 un.<\/li>\n<\/ul>\n\n\n\n<p>Ils peuvent aussi faire une demande s&#8217;ils ont un statut temporaire valide au Canada, et :<\/p>\n\n\n\n<ul class=\"wp-block-list\">\n<li>ont quitt\u00e9 Ha\u00efti le 1 mars 2024 ou apr\u00e8s, et<\/li>\n\n\n\n<li>sont arriv\u00e9s au Canada le 26 avril 2024 ou avant, et<\/li>\n\n\n\n<li>font partie des membres de la famille d&#8217;un citoyen canadien ou d&#8217;un r\u00e9sident permanent du Canada ayant \u00e9galement quitt\u00e9 Ha\u00efti durant ces dates.<\/li>\n<\/ul>\n\n\n\n<p>Mais elle doit \u00eatre un membre de la famille d&#8217;un citoyen canadien ou d&#8217;un r\u00e9sident permanent du Canada ayant \u00e9galement quitt\u00e9 Ha\u00efti.<\/p>\n\n\n\n<p>Certains Ha\u00eftiens ont demand\u00e9 la r\u00e9sidence permanente au Canada et obtenu leur approbation, mais ne peuvent pas remettre leur passeport ou un document de voyage \u00e0 Immigration, R\u00e9fugi\u00e9s et Citoyennet\u00e9 Canada (IRCC) en raison de la crise en Ha\u00efti. Dans ce cas, IRCC peut leur <a href=\"\/fr\/resource\/mesures-pour-les-ressortissants-haitiens-les-titulaires-de-passeports-haitiens-et-les-membres-de-leur-famille-au-canada\/\" target=\"_blank\" rel=\"noreferrer noopener\">remettre un document de voyage<\/a> pour venir au Canada.<\/p>\n\n\n\n<p>IRCC a des <a href=\"\/fr\/resource\/mesures-speciales-temporaires-en-reponse-a-la-crise-en-haiti\/\" target=\"_blank\" rel=\"noreferrer noopener\">lignes directrices<\/a> sur le traitement des demandes dans le cadre des mesures sp\u00e9ciales pour les ressortissants ha\u00eftiens.<\/p>\n\n<\/div><\/div>\n\n<div class=\"wp-block-ub-content-toggle-accordion\" id=\"ub-content-toggle-panel-block-\">\n                <div class=\"wp-block-ub-content-toggle-accordion-title-wrap\"\" aria-controls=\"ub-content-toggle-panel-1-aa65d789-f88a-4fb9-8659-4ed133f41294\" tabindex=\"0\">\n                    <p class=\"wp-block-ub-content-toggle-accordion-title ub-content-toggle-title-aa65d789-f88a-4fb9-8659-4ed133f41294\"><strong>Hong Kong<\/strong><\/p><div class=\"wp-block-ub-content-toggle-accordion-toggle-wrap right\"><span class=\"wp-block-ub-content-toggle-accordion-state-indicator wp-block-ub-chevron-down\"><\/span>\n                    <\/div><\/div><div role=\"region\" aria-expanded=\"false\" class=\"wp-block-ub-content-toggle-accordion-content-wrap ub-hide\" id=\"ub-content-toggle-panel-1-aa65d789-f88a-4fb9-8659-4ed133f41294\">\n\n<p><a href=\"\/fr\/resource\/voies-dacces-a-la-residence-permanente-pour-les-residents-de-hong-kong\/\" target=\"_blank\" rel=\"noreferrer noopener\">Les r\u00e9sidents de Hong Kong<\/a>, dipl\u00f4m\u00e9s de certains programmes d&#8217;\u00e9tudes canadiens ou ayant une exp\u00e9rience de travail sp\u00e9cifique au Canada peuvent avoir la r\u00e9sidence permanente pour eux-m\u00eames et les <a href=\"\/fr\/glossary\/membre-de-la-famille\/\">membres de leur famille<\/a>.<\/p>\n\n\n\n<p>Ils ont jusqu&#8217;au <strong>31 ao\u00fbt 2026<\/strong> pour faire une demande. <\/p>\n\n\n\n<p>Ils pourraient <a href=\"\/fr\/resource\/voies-dacces-a-la-residence-permanente-pour-les-residents-de-hong-kong-facultatif-permis-de-travail-ouvert-au-canada\/\" target=\"_blank\" rel=\"noreferrer noopener\">obtenir un permis de travail ouvert<\/a> pendant l&#8217;attente de la d\u00e9cision concernant leur r\u00e9sidence permanente. Ils ont <strong>jusqu&#8217;\u00e0 mai 2029<\/strong> pour demander ce permis.<\/p>\n\n\n\n<p>Pour faire une demande au titre de ces programmes, il faut un passeport valide de la R\u00e9gion administrative sp\u00e9ciale de Hong Kong ou un passeport de citoyen britannique d&#8217;outre-mer valide.<\/p>\n\n<\/div><\/div>\n\n<div class=\"wp-block-ub-content-toggle-accordion\" id=\"ub-content-toggle-panel-block-\">\n                <div class=\"wp-block-ub-content-toggle-accordion-title-wrap\"\" aria-controls=\"ub-content-toggle-panel-2-aa65d789-f88a-4fb9-8659-4ed133f41294\" tabindex=\"0\">\n                    <p class=\"wp-block-ub-content-toggle-accordion-title ub-content-toggle-title-aa65d789-f88a-4fb9-8659-4ed133f41294\"><strong>Iran<\/strong><\/p><div class=\"wp-block-ub-content-toggle-accordion-toggle-wrap right\"><span class=\"wp-block-ub-content-toggle-accordion-state-indicator wp-block-ub-chevron-down\"><\/span>\n                    <\/div><\/div><div role=\"region\" aria-expanded=\"false\" class=\"wp-block-ub-content-toggle-accordion-content-wrap ub-hide\" id=\"ub-content-toggle-panel-2-aa65d789-f88a-4fb9-8659-4ed133f41294\">\n\n<p>Les ressortissants iraniens au Canada qui d\u00e9tiennent un permis de travail valide d\u00e9livr\u00e9 au plus tard le 28 f\u00e9vrier 2025 pourraient \u00eatre en mesure de le <a href=\"https:\/\/stepstojustice.ca\/fr\/resource\/situation-en-iran-mesures-temporaires-concernant-limmigration-les-passeports-et-la-citoyennete\/\">renouveler<\/a>. <\/p>\n\n\n\n<p>Ils doivent \u00e9galement : <\/p>\n\n\n\n<ul class=\"wp-block-list\">\n<li>se trouver au Canada avec un permis de travail valide au moment du d\u00e9p\u00f4t de la demande et de la prise de d\u00e9cision,<\/li>\n\n\n\n<li>d\u00e9tenir un passeport valide,<\/li>\n\n\n\n<li>r\u00e9pondre \u00e0 la plupart des <a href=\"https:\/\/stepstojustice.ca\/fr\/resource\/situation-en-iran-mesures-temporaires-concernant-limmigration-les-passeports-et-la-citoyennete\/\">exigences habituelles<\/a> pour obtenir un permis de travail, et<\/li>\n\n\n\n<li>payer les frais requis.<\/li>\n<\/ul>\n\n\n\n<p>Vous ne pouvez prolonger votre permis de travail qu&#8217;une seule fois en vertu de cette politique.<\/p>\n\n\n\n<p>Pr\u00e9sentez votre demande d&#8217;ici le <strong>31 mars 2027<\/strong>.<\/p>\n\n<\/div><\/div>\n\n<div class=\"wp-block-ub-content-toggle-accordion\" id=\"ub-content-toggle-panel-block-\">\n                <div class=\"wp-block-ub-content-toggle-accordion-title-wrap\"\" aria-controls=\"ub-content-toggle-panel-3-aa65d789-f88a-4fb9-8659-4ed133f41294\" tabindex=\"0\">\n                    <p class=\"wp-block-ub-content-toggle-accordion-title ub-content-toggle-title-aa65d789-f88a-4fb9-8659-4ed133f41294\"><strong>Palestine<\/strong><\/p><div class=\"wp-block-ub-content-toggle-accordion-toggle-wrap right\"><span class=\"wp-block-ub-content-toggle-accordion-state-indicator wp-block-ub-chevron-down\"><\/span>\n                    <\/div><\/div><div role=\"region\" aria-expanded=\"false\" class=\"wp-block-ub-content-toggle-accordion-content-wrap ub-hide\" id=\"ub-content-toggle-panel-3-aa65d789-f88a-4fb9-8659-4ed133f41294\">\n\n<p>Canada avait <a href=\"https:\/\/www.canada.ca\/fr\/immigration-refugies-citoyennete\/services\/israel-cisjordanie-gaza-2023\/gaza-rt-mesures.html\">un programme visant \u00e0 accorder un visa de r\u00e9sident temporaire (VRT) aux habitants de Gaza<\/a>&nbsp;qui sont des membres de la famille \u00e9largie de citoyens canadiens et de r\u00e9sidents permanents. Le 6 mars 2025, Immigration, R\u00e9fugi\u00e9s et Citoyennet\u00e9 Canada (IRCC) a cess\u00e9 d&#8217;accepter de nouvelles demandes dans le cadre de ce programme.<\/p>\n\n\n\n<p>Le VRT est g\u00e9n\u00e9ralement valide pour une p\u00e9riode maximale de 3 ans.<\/p>\n\n\n\n<p>Les habitants de Gaza qui ont obtenu un VRT peuvent b\u00e9n\u00e9ficier d&#8217;une <a href=\"https:\/\/www.canada.ca\/fr\/immigration-refugies-citoyennete\/services\/israel-cisjordanie-gaza-2023\/gaza-rt-mesures\/au-canada.html\">couverture m\u00e9dicale<\/a> de 90 jours dans le cadre du Programme f\u00e9d\u00e9ral de sant\u00e9 int\u00e9rimaire (PFSI).&nbsp;Ils peuvent \u00e9galement <a href=\"https:\/\/stepstojustice.ca\/fr\/resource\/crisis-in-gaza-settlement-services-in-canada\/\">b\u00e9n\u00e9ficier<\/a> de services d&#8217;\u00e9tablissement gratuits jusqu&#8217;au <strong>31 mars 2027<\/strong>.  <\/p>\n\n\n\n<p><a href=\"https:\/\/cleoconnect.ca\/resource\/yourlegalrights\/understanding-special-immigration-measures-eligibility-criteria-and-pathway-options-for-gazans\/\">Regardez ce webinaire de CLEO<\/a> (disponible en anglais seulement) pour en savoir plus sur les mesures d&#8217;immigration sp\u00e9ciales pour les habitants de Gaza.<\/p>\n\n\n\n<p><strong>Palestiniens au Canada<\/strong><\/p>\n\n\n\n<p>Jusqu&#8217;au <strong>31 juillet 2026<\/strong>, il existe \u00e9galement <a href=\"https:\/\/stepstojustice.ca\/fr\/resource\/mesures-pour-les-ressortissants-israeliens-les-detenteurs-de-passeports-palestiniens-et-les-membres-de-leur-famille-au-canada\/\">une politique pour les personnes suivantes au Canada <\/a>qui d\u00e9tiennent un statut temporaire valide&nbsp;:<\/p>\n\n\n\n<ul class=\"wp-block-list\">\n<li>Les personnes d\u00e9tentrices d\u2019un passeport ou d\u2019un autre document de voyage d\u00e9livr\u00e9 par l\u2019Autorit\u00e9 palestinienne;<\/li>\n\n\n\n<li>Les personnes qui ont quitt\u00e9 Isra\u00ebl ou la Palestine le 7 octobre 2023 ou apr\u00e8s cette date et qui sont membres de la famille d&#8217;un citoyen canadien ou d&#8217;un r\u00e9sident permanent qui a \u00e9galement quitt\u00e9 le pays le 7 octobre 2023 ou apr\u00e8s cette date. <\/li>\n\n\n\n<li>Les personnes vis\u00e9es par la <a href=\"https:\/\/stepstojustice.ca\/fr\/resource\/what-is-the-first-generation-limit-on-citizenship\/\">limite \u00e0 la premi\u00e8re g\u00e9n\u00e9ration pour l\u2019acquisition de la citoyennet\u00e9<\/a> et les membres de leur famille s\u2019ils ont quitt\u00e9 la Palestine le 7 octobre 2023 ou apr\u00e8s cette date.<\/li>\n<\/ul>\n\n\n\n<p>Ils peuvent demander sans payer les frais :<\/p>\n\n\n\n<ul class=\"wp-block-list\">\n<li>un permis d&#8217;\u00e9tudes ou de travail ouvert ou une prolongation;<\/li>\n\n\n\n<li>une fiche de visiteur;<\/li>\n\n\n\n<li>un nouveau <a href=\"https:\/\/stepstojustice.ca\/fr\/glossary\/permis-de-s%C3%A9jour-temporaire\/\">permis de s\u00e9jour temporaire<\/a> s&#8217;ils en ont d\u00e9j\u00e0 un.<\/li>\n<\/ul>\n\n\n\n<p>Il y a une <a href=\"https:\/\/stepstojustice.ca\/fr\/resource\/conflit-israelo-palestinien-couverture-temporaire-des-soins-de-sante\/\">couverture m\u00e9dicale temporaire<\/a> pour les personnes qui ont b\u00e9n\u00e9fici\u00e9 d&#8217;une aide au d\u00e9part.<\/p>\n\n\n\n<p><strong>Aide financi\u00e8re<\/strong><\/p>\n\n\n\n<p>Apr\u00e8s leur arriv\u00e9e au Canada, les habitants de Gaza peuvent<a href=\"https:\/\/stepstojustice.ca\/fr\/resource\/crisis-in-gaza-financial-assistance\/\"> demander un versement unique<\/a> de 3 000 dollars pour chaque adulte et de 1 500 dollars pour chaque enfant. Ce montant n&#8217;est pas impos\u00e9. Pour \u00eatre admissibles, ils doivent \u00eatre au Canada avec un statut de r\u00e9sident temporaire valide et :<\/p>\n\n\n\n<ul class=\"wp-block-list\">\n<li>\u00eatre en possession d&#8217;un passeport ou d&#8217;un autre document de voyage de l&#8217;Autorit\u00e9 palestinienne, et<\/li>\n\n\n\n<li>avoir quitt\u00e9 Gaza le 1er septembre 2023 ou apr\u00e8s cette date.<\/li>\n<\/ul>\n\n\n\n<p>Les membres de la famille imm\u00e9diate de cette personne sont \u00e9galement admissibles s&#8217;ils arrivent au Canada le 31 d\u00e9cembre 2026. Les personnes qui arriveront au Canada avant le 31 d\u00e9cembre 2026 doivent pr\u00e9senter une demande pour cette aide financi\u00e8re <strong>avant le 31 mars 2027.<\/strong><\/p>\n\n\n\n<p>Les personnes sont \u00e9galement admissibles \u00e0 cette aide financi\u00e8re si elles ont particip\u00e9 aux d\u00e9parts de Gaza ou de la Cisjordanie assist\u00e9s par le gouvernement du Canada entre le 1er novembre 2023 et le 31 d\u00e9cembre 2024.<\/p>\n\n<\/div><\/div>\n\n<div class=\"wp-block-ub-content-toggle-accordion\" id=\"ub-content-toggle-panel-block-\">\n                <div class=\"wp-block-ub-content-toggle-accordion-title-wrap\"\" aria-controls=\"ub-content-toggle-panel-4-aa65d789-f88a-4fb9-8659-4ed133f41294\" tabindex=\"0\">\n                    <p class=\"wp-block-ub-content-toggle-accordion-title ub-content-toggle-title-aa65d789-f88a-4fb9-8659-4ed133f41294\"><strong>Soudan<\/strong><\/p><div class=\"wp-block-ub-content-toggle-accordion-toggle-wrap right\"><span class=\"wp-block-ub-content-toggle-accordion-state-indicator wp-block-ub-chevron-down\"><\/span>\n                    <\/div><\/div><div role=\"region\" aria-expanded=\"false\" class=\"wp-block-ub-content-toggle-accordion-content-wrap ub-hide\" id=\"ub-content-toggle-panel-4-aa65d789-f88a-4fb9-8659-4ed133f41294\">\n\n<p>Les ressortissants soudanais au Canada ayant un statut valide de r\u00e9sident temporaire et un passeport soudanais valide peuvent demander sans frais :<\/p>\n\n\n\n<ul class=\"wp-block-list\">\n<li>un permis d&#8217;\u00e9tudes ou de travail ouvert, ou une prolongation du permis&nbsp;;<\/li>\n\n\n\n<li>une fiche de visiteur&nbsp;;<\/li>\n\n\n\n<li>un nouveau <a href=\"https:\/\/stepstojustice.ca\/fr\/glossary\/permis-de-s%C3%A9jour-temporaire\/\">permis de s\u00e9jour temporaire<\/a> s&#8217;ils en ont d\u00e9j\u00e0 un.<\/li>\n<\/ul>\n\n\n\n<p>Les ressortissants soudanais qui ont obtenu le statut de r\u00e9sident permanent peuvent se voir d\u00e9livrer un titre de voyage pour se rendre au Canada s&#8217;ils ne peuvent pr\u00e9senter leur passeport en raison du conflit.<\/p>\n\n\n\n<p><strong>Membres de la famille au Canada<\/strong><\/p>\n\n\n\n<p>Il y a aussi une politique destin\u00e9e aux personnes au Canada :<\/p>\n\n\n\n<ul class=\"wp-block-list\">\n<li>ayant quitt\u00e9 le Soudan le 15 avril 2023 ou apr\u00e8s;<\/li>\n\n\n\n<li>arriv\u00e9es au Canada avant le 15 juillet 2023; et<\/li>\n\n\n\n<li><a href=\"\/fr\/glossary\/membre-de-la-famille\/\">membres de la famille<\/a> d&#8217;un citoyen canadien ou d&#8217;un r\u00e9sident permanent du Canada ayant \u00e9galement quitt\u00e9 le Soudan le 15 avril 2023 ou apr\u00e8s.<\/li>\n<\/ul>\n\n\n\n<p>Ces personnes peuvent <a href=\"\/fr\/resource\/conflit-au-soudan-mesures-temporaires-pour-les-membres-de-la-famille-qui-sont-au-canada\/\" target=\"_blank\" rel=\"noreferrer noopener\">demander sans frais:<\/a><\/p>\n\n\n\n<ul class=\"wp-block-list\">\n<li>un permis d&#8217;\u00e9tude ou un permis de travail ouvert;<\/li>\n\n\n\n<li>des donn\u00e9es biom\u00e9triques;<\/li>\n\n\n\n<li>la r\u00e9sidence permanente en tant que \u00e9poux ou enfant parrain\u00e9 au Canada suivant un processus acc\u00e9l\u00e9r\u00e9.<\/li>\n<\/ul>\n\n\n\n<p>Elles doivent d\u00e9tenir un statut de r\u00e9sident temporaire valide au moment de leur demande et quand IRCC prend sa d\u00e9cision.<\/p>\n\n\n\n<p>Ces politiques prennent fin le <strong>28 octobre 2026<\/strong>.<\/p>\n\n\n\n<p><strong>Membres de la famille \u00e9largie<\/strong><\/p>\n\n\n\n<p>Le Canada avait un programme permettant d&#8217;accorder le statut de r\u00e9sident permanent aux Soudanais ayant un membre de leur famille \u00e9largie r\u00e9sidant au Canada en tant que citoyen canadien ou r\u00e9sident permanent.<\/p>\n\n\n\n<p>Immigration, R\u00e9fugi\u00e9s et Citoyennet\u00e9 Canada (IRCC) <strong>n&#8217;accepte plus<\/strong> de nouvelles demandes dans le cadre de ce programme. IRCC <a href=\"https:\/\/stepstojustice.ca\/fr\/resource\/family-based-permanent-residence-pathway-for-people-affected-by-the-conflict-in-sudan\/\">traite actuellement les demandes<\/a> d\u00e9j\u00e0 re\u00e7ues.<\/p>\n\n<\/div><\/div>\n\n<div class=\"wp-block-ub-content-toggle-accordion\" id=\"ub-content-toggle-panel-block-\">\n                <div class=\"wp-block-ub-content-toggle-accordion-title-wrap\"\" aria-controls=\"ub-content-toggle-panel-5-aa65d789-f88a-4fb9-8659-4ed133f41294\" tabindex=\"0\">\n                    <p class=\"wp-block-ub-content-toggle-accordion-title ub-content-toggle-title-aa65d789-f88a-4fb9-8659-4ed133f41294\"><strong>Ukraine<\/strong><\/p><div class=\"wp-block-ub-content-toggle-accordion-toggle-wrap right\"><span class=\"wp-block-ub-content-toggle-accordion-state-indicator wp-block-ub-chevron-down\"><\/span>\n                    <\/div><\/div><div role=\"region\" aria-expanded=\"false\" class=\"wp-block-ub-content-toggle-accordion-content-wrap ub-hide\" id=\"ub-content-toggle-panel-5-aa65d789-f88a-4fb9-8659-4ed133f41294\">\n\n<p>Les Ukrainiens et les membres de leur famille pourraient \u00eatre en mesure de <a href=\"https:\/\/stepstojustice.ca\/fr\/resource\/mesures-dimmigration-et-de-soutien-pour-les-ukrainiens-et-les-membres-de-leur-famille\/\">renouveler leur permis de travail ouvert<\/a> s&#8217;ils :<\/p>\n\n\n\n<ul class=\"wp-block-list\">\n<li>d\u00e9tiennent un permis de travail ouvert valide qui a \u00e9t\u00e9 d\u00e9livr\u00e9 en vertu d&#8217;une politique d&#8217;int\u00e9r\u00eat public pour les Ukrainiens et les membres admissibles de leur famille, et<\/li>\n\n\n\n<li>sont arriv\u00e9s au Canada au plus tard le 31 d\u00e9cembre 2024.<\/li>\n<\/ul>\n\n\n\n<p>Ils ont jusqu&#8217;au <strong>31 mars 2027<\/strong> pour pr\u00e9senter leur demande et payer les frais de traitement.<\/p>\n\n\n\n<h3 class=\"wp-block-heading\" id=\"h-famille-elargie\">Famille \u00e9largie<\/h3>\n\n\n\n<p>Le Canada avait un programme permettant d\u2019accorder la r\u00e9sidence permanente aux personnes ukrainiennes ayant un membre de leur famille \u00e9largie qui&nbsp;:<\/p>\n\n\n\n<ul class=\"wp-block-list\">\n<li>vit au Canada, et<\/li>\n\n\n\n<li>est citoyen canadien ou r\u00e9sident permanent.<\/li>\n<\/ul>\n\n\n\n<p>Les personnes ukrainiennes au Canada qui ont pr\u00e9sent\u00e9 une demande de r\u00e9sidence permanente dans le cadre de ce programme <a href=\"\/fr\/resource\/permanent-residence-for-ukrainian-nationals-with-family-members-in-canada\/\" target=\"_blank\" rel=\"noreferrer noopener\">peuvent aussi pr\u00e9senter une demande&nbsp;<\/a>pour:<\/p>\n\n\n\n<ul class=\"wp-block-list\">\n<li>un nouveau permis de travail ouvert ou de prolongation;<\/li>\n\n\n\n<li>un nouveau permis d\u2019\u00e9tudes ou de prolongation;<\/li>\n\n\n\n<li>une prolongation de leur s\u00e9jour \u00e0 titre de visiteur.<\/li>\n<\/ul>\n\n\n\n<p>Elles ont jusqu\u2019au <strong>31 mars 2027<\/strong> pour pr\u00e9senter leur demande.<\/p>\n\n\n\n<p>En g\u00e9n\u00e9ral, les personnes demandeuses doivent aussi avoir un statut de r\u00e9sident temporaire valide pour pr\u00e9senter une demande. Si leur statut de r\u00e9sident temporaire a expir\u00e9, ils pourraient \u00eatre en mesure d\u2019en demander le r\u00e9tablissement.<\/p>\n\n\n\n<p>Si les demandeurs ont inclus des membres de la famille dans la demande de r\u00e9sidence permanente, ces derniers peuvent \u00e9galement pr\u00e9senter une demande pour les documents mentionn\u00e9s ci-dessus.<\/p>\n\n\n\n<h3 class=\"wp-block-heading\" id=\"h-assistance-nbsp-juridique\">Assistance&nbsp;juridique<\/h3>\n\n\n\n<p>Pro Bono Ontario&nbsp;a une&nbsp;<a href=\"\/fr\/resource\/pbo-canadian-legal-support-for-ukrainians\/\" target=\"_blank\" rel=\"noreferrer noopener\">ligne d\u2019assistance&nbsp;juridique<\/a> qui des conseils juridiques gratuits et des services d\u2019orientation aux Ukrainiens qui souhaitent entrer ou rester au Canada. L\u2019aide est offerte en ukrainien, en anglais ou en fran\u00e7ais. Appelez le : 1 877 873-7875.<\/p>\n\n<\/div><\/div>\n\n<div class=\"wp-block-ub-content-toggle-accordion\" id=\"ub-content-toggle-panel-block-\">\n                <div class=\"wp-block-ub-content-toggle-accordion-title-wrap\"\" aria-controls=\"ub-content-toggle-panel-6-aa65d789-f88a-4fb9-8659-4ed133f41294\" tabindex=\"0\">\n                    <p class=\"wp-block-ub-content-toggle-accordion-title ub-content-toggle-title-aa65d789-f88a-4fb9-8659-4ed133f41294\"><strong>Y\u00e9zidis et survivants de Daesh en Irak<\/strong><\/p><div class=\"wp-block-ub-content-toggle-accordion-toggle-wrap right\"><span class=\"wp-block-ub-content-toggle-accordion-state-indicator wp-block-ub-chevron-down\"><\/span>\n                    <\/div><\/div><div role=\"region\" aria-expanded=\"false\" class=\"wp-block-ub-content-toggle-accordion-content-wrap ub-hide\" id=\"ub-content-toggle-panel-6-aa65d789-f88a-4fb9-8659-4ed133f41294\">\n\n<p>Le Canada avait un programme visant \u00e0 accorder la r\u00e9sidence permanente aux membres de la famille d&#8217;un Yazidi ou d&#8217;un survivant de Daesh pr\u00e9c\u00e9demment r\u00e9install\u00e9 et qui vit d\u00e9sormais au Canada en tant que citoyen canadien ou r\u00e9sident permanent.<\/p>\n\n\n\n<p>Immigration, R\u00e9fugi\u00e9s et Citoyennet\u00e9 Canada (IRCC) n&#8217;accepte pas de nouvelles demandes dans le cadre de ce programme. IRCC traite les demandes d\u00e9j\u00e0 soumises et contacte les membres de la famille au Canada qui ont pr\u00e9sent\u00e9 une demande. IRCC acceptera jusqu&#8217;\u00e0 400 demandeurs et leurs familles.<\/p>\n\n<\/div><\/div>\n<\/div>\n\n\n<p><\/p>\n<!-- AddThis Advanced Settings generic via filter on the_content --><!-- AddThis Share Buttons generic via filter on the_content -->","protected":false},"author":6,"featured_media":0,"template":"","legal-topic":[42150,45046],"class_list":["post-1267433","questions","type-questions","status-publish","hentry","legal-topic-immigration","legal-topic-temporary-programs"],"yoast_head":"<!-- This site is optimized with the Yoast SEO Premium plugin v23.9 (Yoast SEO v23.9) - https:\/\/yoast.com\/wordpress\/plugins\/seo\/ -->\n<title>Mon pays d&#039;origine est en crise. Est-ce que le Canada a un programme d&#039;immigration temporaire qui pourrait m&#039;aider? - Justice pas-\u00e0-pas<\/title>\n<meta name=\"description\" content=\"Souvent, le gouvernement du Canada introduit des programmes d&#039;immigration temporaire pour aider les personnes originaires d&#039;un pays ou d&#039;une r\u00e9gion en\" \/>\n<meta name=\"robots\" content=\"index, follow, max-snippet:-1, max-image-preview:large, max-video-preview:-1\" \/>\n<link rel=\"canonical\" href=\"https:\/\/stepstojustice.ca\/fr\/questions\/immigration\/mon-pays-dorigine-est-en-crise-est-ce-que-le-canada-a-un-programme-dimmigration-temporaire-qui-pourrait-maider\/\" \/>\n<meta property=\"og:locale\" content=\"fr_FR\" \/>\n<meta property=\"og:type\" content=\"article\" \/>\n<meta property=\"og:title\" content=\"Mon pays d&#039;origine est en crise. Est-ce que le Canada a un programme d&#039;immigration temporaire qui pourrait m&#039;aider? - Justice pas-\u00e0-pas\" \/>\n<meta property=\"og:description\" content=\"Souvent, le gouvernement du Canada introduit des programmes d&#039;immigration temporaire pour aider les personnes originaires d&#039;un pays ou d&#039;une r\u00e9gion en\" \/>\n<meta property=\"og:url\" content=\"https:\/\/stepstojustice.ca\/fr\/questions\/immigration\/mon-pays-dorigine-est-en-crise-est-ce-que-le-canada-a-un-programme-dimmigration-temporaire-qui-pourrait-maider\/\" \/>\n<meta property=\"og:site_name\" content=\"Justice pas-\u00e0-pas\" \/>\n<meta property=\"article:publisher\" content=\"https:\/\/www.facebook.com\/CLEOLegalRights\/\" \/>\n<meta property=\"article:modified_time\" content=\"2026-04-23T16:01:31+00:00\" \/>\n<meta property=\"og:image\" content=\"https:\/\/stepstojustice.ca\/wp-content\/uploads\/Steps-to-Justice-logo.jpg\" \/>\n\t<meta property=\"og:image:width\" content=\"1200\" \/>\n\t<meta property=\"og:image:height\" content=\"650\" \/>\n\t<meta property=\"og:image:type\" content=\"image\/jpeg\" \/>\n<meta name=\"twitter:card\" content=\"summary_large_image\" \/>\n<meta name=\"twitter:site\" content=\"@CLEOLegalRights\" \/>\n<meta name=\"twitter:label1\" content=\"Est. reading time\" \/>\n\t<meta name=\"twitter:data1\" content=\"8 minutes\" \/>\n<script type=\"application\/ld+json\" class=\"yoast-schema-graph\">{\"@context\":\"https:\/\/schema.org\",\"@graph\":[{\"@type\":\"WebPage\",\"@id\":\"https:\/\/stepstojustice.ca\/fr\/questions\/immigration\/mon-pays-dorigine-est-en-crise-est-ce-que-le-canada-a-un-programme-dimmigration-temporaire-qui-pourrait-maider\/\",\"url\":\"https:\/\/stepstojustice.ca\/fr\/questions\/immigration\/mon-pays-dorigine-est-en-crise-est-ce-que-le-canada-a-un-programme-dimmigration-temporaire-qui-pourrait-maider\/\",\"name\":\"Mon pays d'origine est en crise. Est-ce que le Canada a un programme d'immigration temporaire qui pourrait m'aider? - Justice pas-\u00e0-pas\",\"isPartOf\":{\"@id\":\"https:\/\/stepstojustice.ca\/fr\/#website\"},\"datePublished\":\"2024-11-29T20:22:07+00:00\",\"dateModified\":\"2026-04-23T16:01:31+00:00\",\"description\":\"Souvent, le gouvernement du Canada introduit des programmes d'immigration temporaire pour aider les personnes originaires d'un pays ou d'une r\u00e9gion en\",\"breadcrumb\":{\"@id\":\"https:\/\/stepstojustice.ca\/fr\/questions\/immigration\/mon-pays-dorigine-est-en-crise-est-ce-que-le-canada-a-un-programme-dimmigration-temporaire-qui-pourrait-maider\/#breadcrumb\"},\"inLanguage\":\"fr-FR\",\"potentialAction\":[{\"@type\":\"ReadAction\",\"target\":[\"https:\/\/stepstojustice.ca\/fr\/questions\/immigration\/mon-pays-dorigine-est-en-crise-est-ce-que-le-canada-a-un-programme-dimmigration-temporaire-qui-pourrait-maider\/\"]}]},{\"@type\":\"BreadcrumbList\",\"@id\":\"https:\/\/stepstojustice.ca\/fr\/questions\/immigration\/mon-pays-dorigine-est-en-crise-est-ce-que-le-canada-a-un-programme-dimmigration-temporaire-qui-pourrait-maider\/#breadcrumb\",\"itemListElement\":[{\"@type\":\"ListItem\",\"position\":1,\"name\":\"Home\",\"item\":\"https:\/\/stepstojustice.ca\/fr\/\"},{\"@type\":\"ListItem\",\"position\":2,\"name\":\"Questions\",\"item\":\"https:\/\/stepstojustice.ca\/fr\/questions\/\"},{\"@type\":\"ListItem\",\"position\":3,\"name\":\"Mon pays d&#8217;origine est en crise. Est-ce que le Canada a un programme d&#8217;immigration temporaire qui pourrait m&#8217;aider?\"}]},{\"@type\":\"WebSite\",\"@id\":\"https:\/\/stepstojustice.ca\/fr\/#website\",\"url\":\"https:\/\/stepstojustice.ca\/fr\/\",\"name\":\"Justice pas-\u00e0-pas\",\"description\":\"Step-by-step information about legal problems\",\"publisher\":{\"@id\":\"https:\/\/stepstojustice.ca\/fr\/#organization\"},\"potentialAction\":[{\"@type\":\"SearchAction\",\"target\":{\"@type\":\"EntryPoint\",\"urlTemplate\":\"https:\/\/stepstojustice.ca\/fr\/?s={search_term_string}\"},\"query-input\":{\"@type\":\"PropertyValueSpecification\",\"valueRequired\":true,\"valueName\":\"search_term_string\"}}],\"inLanguage\":\"fr-FR\"},{\"@type\":\"Organization\",\"@id\":\"https:\/\/stepstojustice.ca\/fr\/#organization\",\"name\":\"Justice pas-\u00e0-pas\",\"url\":\"https:\/\/stepstojustice.ca\/fr\/\",\"logo\":{\"@type\":\"ImageObject\",\"inLanguage\":\"fr-FR\",\"@id\":\"https:\/\/stepstojustice.ca\/fr\/#\/schema\/logo\/image\/\",\"url\":\"https:\/\/stepstojustice.ca\/wp-content\/uploads\/2020\/10\/logo-s2j.png\",\"contentUrl\":\"https:\/\/stepstojustice.ca\/wp-content\/uploads\/2020\/10\/logo-s2j.png\",\"width\":1000,\"height\":146,\"caption\":\"Justice pas-\u00e0-pas\"},\"image\":{\"@id\":\"https:\/\/stepstojustice.ca\/fr\/#\/schema\/logo\/image\/\"},\"sameAs\":[\"https:\/\/www.facebook.com\/CLEOLegalRights\/\",\"https:\/\/x.com\/CLEOLegalRights\",\"https:\/\/www.instagram.com\/communitylegaleducationon\/\"]}]}<\/script>\n<!-- \/ Yoast SEO Premium plugin. -->","yoast_head_json":{"title":"Mon pays d'origine est en crise. Est-ce que le Canada a un programme d'immigration temporaire qui pourrait m'aider? - Justice pas-\u00e0-pas","description":"Souvent, le gouvernement du Canada introduit des programmes d'immigration temporaire pour aider les personnes originaires d'un pays ou d'une r\u00e9gion en","robots":{"index":"index","follow":"follow","max-snippet":"max-snippet:-1","max-image-preview":"max-image-preview:large","max-video-preview":"max-video-preview:-1"},"canonical":"https:\/\/stepstojustice.ca\/fr\/questions\/immigration\/mon-pays-dorigine-est-en-crise-est-ce-que-le-canada-a-un-programme-dimmigration-temporaire-qui-pourrait-maider\/","og_locale":"fr_FR","og_type":"article","og_title":"Mon pays d'origine est en crise. Est-ce que le Canada a un programme d'immigration temporaire qui pourrait m'aider? - Justice pas-\u00e0-pas","og_description":"Souvent, le gouvernement du Canada introduit des programmes d'immigration temporaire pour aider les personnes originaires d'un pays ou d'une r\u00e9gion en","og_url":"https:\/\/stepstojustice.ca\/fr\/questions\/immigration\/mon-pays-dorigine-est-en-crise-est-ce-que-le-canada-a-un-programme-dimmigration-temporaire-qui-pourrait-maider\/","og_site_name":"Justice pas-\u00e0-pas","article_publisher":"https:\/\/www.facebook.com\/CLEOLegalRights\/","article_modified_time":"2026-04-23T16:01:31+00:00","og_image":[{"width":1200,"height":650,"url":"https:\/\/stepstojustice.ca\/wp-content\/uploads\/Steps-to-Justice-logo.jpg","type":"image\/jpeg"}],"twitter_card":"summary_large_image","twitter_site":"@CLEOLegalRights","twitter_misc":{"Est. reading time":"8 minutes"},"schema":{"@context":"https:\/\/schema.org","@graph":[{"@type":"WebPage","@id":"https:\/\/stepstojustice.ca\/fr\/questions\/immigration\/mon-pays-dorigine-est-en-crise-est-ce-que-le-canada-a-un-programme-dimmigration-temporaire-qui-pourrait-maider\/","url":"https:\/\/stepstojustice.ca\/fr\/questions\/immigration\/mon-pays-dorigine-est-en-crise-est-ce-que-le-canada-a-un-programme-dimmigration-temporaire-qui-pourrait-maider\/","name":"Mon pays d'origine est en crise. Est-ce que le Canada a un programme d'immigration temporaire qui pourrait m'aider? - Justice pas-\u00e0-pas","isPartOf":{"@id":"https:\/\/stepstojustice.ca\/fr\/#website"},"datePublished":"2024-11-29T20:22:07+00:00","dateModified":"2026-04-23T16:01:31+00:00","description":"Souvent, le gouvernement du Canada introduit des programmes d'immigration temporaire pour aider les personnes originaires d'un pays ou d'une r\u00e9gion en","breadcrumb":{"@id":"https:\/\/stepstojustice.ca\/fr\/questions\/immigration\/mon-pays-dorigine-est-en-crise-est-ce-que-le-canada-a-un-programme-dimmigration-temporaire-qui-pourrait-maider\/#breadcrumb"},"inLanguage":"fr-FR","potentialAction":[{"@type":"ReadAction","target":["https:\/\/stepstojustice.ca\/fr\/questions\/immigration\/mon-pays-dorigine-est-en-crise-est-ce-que-le-canada-a-un-programme-dimmigration-temporaire-qui-pourrait-maider\/"]}]},{"@type":"BreadcrumbList","@id":"https:\/\/stepstojustice.ca\/fr\/questions\/immigration\/mon-pays-dorigine-est-en-crise-est-ce-que-le-canada-a-un-programme-dimmigration-temporaire-qui-pourrait-maider\/#breadcrumb","itemListElement":[{"@type":"ListItem","position":1,"name":"Home","item":"https:\/\/stepstojustice.ca\/fr\/"},{"@type":"ListItem","position":2,"name":"Questions","item":"https:\/\/stepstojustice.ca\/fr\/questions\/"},{"@type":"ListItem","position":3,"name":"Mon pays d&#8217;origine est en crise. Est-ce que le Canada a un programme d&#8217;immigration temporaire qui pourrait m&#8217;aider?"}]},{"@type":"WebSite","@id":"https:\/\/stepstojustice.ca\/fr\/#website","url":"https:\/\/stepstojustice.ca\/fr\/","name":"Justice pas-\u00e0-pas","description":"Step-by-step information about legal problems","publisher":{"@id":"https:\/\/stepstojustice.ca\/fr\/#organization"},"potentialAction":[{"@type":"SearchAction","target":{"@type":"EntryPoint","urlTemplate":"https:\/\/stepstojustice.ca\/fr\/?s={search_term_string}"},"query-input":{"@type":"PropertyValueSpecification","valueRequired":true,"valueName":"search_term_string"}}],"inLanguage":"fr-FR"},{"@type":"Organization","@id":"https:\/\/stepstojustice.ca\/fr\/#organization","name":"Justice pas-\u00e0-pas","url":"https:\/\/stepstojustice.ca\/fr\/","logo":{"@type":"ImageObject","inLanguage":"fr-FR","@id":"https:\/\/stepstojustice.ca\/fr\/#\/schema\/logo\/image\/","url":"https:\/\/stepstojustice.ca\/wp-content\/uploads\/2020\/10\/logo-s2j.png","contentUrl":"https:\/\/stepstojustice.ca\/wp-content\/uploads\/2020\/10\/logo-s2j.png","width":1000,"height":146,"caption":"Justice pas-\u00e0-pas"},"image":{"@id":"https:\/\/stepstojustice.ca\/fr\/#\/schema\/logo\/image\/"},"sameAs":["https:\/\/www.facebook.com\/CLEOLegalRights\/","https:\/\/x.com\/CLEOLegalRights","https:\/\/www.instagram.com\/communitylegaleducationon\/"]}]}},"meta_box":{"date_fg19r358tw7":"2024-10-31","date_sgrhr9fx3j":"","text_qgvph2rt54":"","text_mb2unyqw82h":"Maria Alexiou","text_z4722ywvha":"Carina Vincent","textarea_i237k2mg4u":"","date_mvzg7sr921":"","textarea_0ej69ng0xn48":"","file_1s3spou4tld":[],"text_0iky8vwgh18v":"","date_e0vrot0tvds":"","text_y2tadrpr98":"","number_98lw0j89q05":"1168","post_0glwwksj820p":[],"questions_to_resources_to":[],"questions_to_guided_pathways_to":[],"questions_to_alerts_to":[],"questions_to_steps_to":[]},"_links":{"self":[{"href":"https:\/\/stepstojustice.ca\/fr\/wp-json\/wp\/v2\/questions\/1267433","targetHints":{"allow":["GET"]}}],"collection":[{"href":"https:\/\/stepstojustice.ca\/fr\/wp-json\/wp\/v2\/questions"}],"about":[{"href":"https:\/\/stepstojustice.ca\/fr\/wp-json\/wp\/v2\/types\/questions"}],"author":[{"embeddable":true,"href":"https:\/\/stepstojustice.ca\/fr\/wp-json\/wp\/v2\/users\/6"}],"version-history":[{"count":130,"href":"https:\/\/stepstojustice.ca\/fr\/wp-json\/wp\/v2\/questions\/1267433\/revisions"}],"predecessor-version":[{"id":1278887,"href":"https:\/\/stepstojustice.ca\/fr\/wp-json\/wp\/v2\/questions\/1267433\/revisions\/1278887"}],"wp:attachment":[{"href":"https:\/\/stepstojustice.ca\/fr\/wp-json\/wp\/v2\/media?parent=1267433"}],"wp:term":[{"taxonomy":"legal-topic","embeddable":true,"href":"https:\/\/stepstojustice.ca\/fr\/wp-json\/wp\/v2\/legal-topic?post=1267433"}],"curies":[{"name":"wp","href":"https:\/\/api.w.org\/{rel}","templated":true}]}}