{"id":1175161,"date":"2020-12-16T13:57:56","date_gmt":"2020-12-16T18:57:56","guid":{"rendered":""},"modified":"2022-01-14T11:55:28","modified_gmt":"2022-01-14T16:55:28","slug":"portez-plainte-a-un-ordre-professionnel","status":"publish","type":"steps","link":"https:\/\/stepstojustice.ca\/fr\/steps\/health-and-disability\/portez-plainte-a-un-ordre-professionnel\/","title":{"rendered":"Portez plainte \u00e0 un ordre professionnel"},"content":{"rendered":"<p>Si vous croyez que votre professionnel de la sant\u00e9 a manqu\u00e9 de professionnalisme ou que le traitement que vous avez re\u00e7u \u00e9tait inad\u00e9quat, vous pouvez porter plainte officiellement \u00e0 son ordre professionnel.<\/p>\n<p>Ces organisations peuvent punir un professionnel de la sant\u00e9 pour conduite non professionnelle ou contraire \u00e0 l&#8217;\u00e9thique. L&#8217;organisation \u00e0 qui vous porterez plainte d\u00e9pend du type de professionnel concern\u00e9.<\/p>\n<p>Dans votre plainte, vous devez indiquer entre autres le nom et les coordonn\u00e9es de votre professionnel de la sant\u00e9, et la raison de votre plainte, et expliquer pourquoi vous croyez qu&#8217;il devrait \u00eatre puni.<\/p>\n<p>Si vous avez des documents qui vous semblent pertinents, vous pouvez aussi les joindre \u00e0 votre plainte. Ce peut \u00eatre des lettres ou des courriels de votre professionnel de la sant\u00e9, des rapports m\u00e9dicaux ou des d\u00e9clarations de t\u00e9moins.<\/p>\n<h3>Principaux ordres professionnels<\/h3>\n<p>Voici les principaux professionnels en sant\u00e9 mentale ainsi que leurs ordres\u00a0:<\/p>\n<ul>\n<li>Psychiatre ou autre m\u00e9decin\u00a0: portez plainte \u00e0 l&#8217;<a class=\"links-link ext\" href=\"\/fr\/resource\/processus-de-plainte-disponible-en-anglais-seulement-1\/\" target=\"_blank\" rel=\"noopener\">Ordre des m\u00e9decins et chirurgiens de l&#8217;Ontario<\/a> (disponible en anglais seulement);<\/li>\n<li>Psychologue\u00a0: portez plainte \u00e0 l&#8217;<a class=\"links-link ext\" href=\"\/fr\/resource\/l-ordre-des-psychologues-de-l-ontario-les-plaints-et-les-rapports-a-l-ordre-disponible-en-anglais-seulement\/\" target=\"_blank\" rel=\"noopener\">Ordre des psychologues de l&#8217;Ontario<\/a> (disponible en anglais seulement);<\/li>\n<li>Psychoth\u00e9rapeute\u00a0: portez plainte \u00e0 l&#8217;<a class=\"links-link ext\" href=\"\/fr\/resource\/filing-a-complaint-about-a-psychotherapist\/\" target=\"_blank\" rel=\"noopener\">Ordre des psychoth\u00e9rapeutes autoris\u00e9s de l&#8217;Ontario<\/a> (disponible en anglais seulement);<\/li>\n<li>Travailleur social\u00a0: portez plainte \u00e0 l&#8217;<a class=\"links-link ext\" href=\"\/fr\/resource\/plaintes\/\" target=\"_blank\" rel=\"noopener\">Ordre des travailleurs sociaux et des techniciens en travail social de l&#8217;Ontario<\/a>.<\/li>\n<\/ul>\n<h3>Consultez d&#8217;abord un avocat<\/h3>\n<p>Vous devriez consulter un avocat avant de porter plainte officiellement. Selon votre situation, il serait peut-\u00eatre mieux pour vous d&#8217;entamer une proc\u00e9dure judiciaire. Un avocat pourra vous conseiller sur vos options.<\/p>\n<!-- AddThis Advanced Settings generic via filter on the_content --><!-- AddThis Share Buttons generic via filter on the_content -->","protected":false},"author":3,"featured_media":0,"template":"","class_list":["post-1175161","steps","type-steps","status-publish","hentry"],"yoast_head":"<!-- This site is optimized with the Yoast SEO Premium plugin v23.9 (Yoast SEO v23.9) - https:\/\/yoast.com\/wordpress\/plugins\/seo\/ -->\n<title>Portez plainte \u00e0 un ordre professionnel - Justice pas-\u00e0-pas<\/title>\n<meta name=\"description\" content=\"Si vous croyez que votre professionnel de la sant\u00e9 a manqu\u00e9 de professionnalisme ou que le traitement que vous avez re\u00e7u \u00e9tait inad\u00e9quat, vous pouvez\" \/>\n<meta name=\"robots\" content=\"index, follow, max-snippet:-1, max-image-preview:large, max-video-preview:-1\" \/>\n<link rel=\"canonical\" href=\"https:\/\/stepstojustice.ca\/fr\/steps\/health-and-disability\/portez-plainte-a-un-ordre-professionnel\/\" \/>\n<meta property=\"og:locale\" content=\"fr_FR\" \/>\n<meta property=\"og:type\" content=\"article\" \/>\n<meta property=\"og:title\" content=\"Portez plainte \u00e0 un ordre professionnel - Justice pas-\u00e0-pas\" \/>\n<meta property=\"og:description\" content=\"Si vous croyez que votre professionnel de la sant\u00e9 a manqu\u00e9 de professionnalisme ou que le traitement que vous avez re\u00e7u \u00e9tait inad\u00e9quat, vous pouvez\" \/>\n<meta property=\"og:url\" content=\"https:\/\/stepstojustice.ca\/fr\/steps\/health-and-disability\/portez-plainte-a-un-ordre-professionnel\/\" \/>\n<meta property=\"og:site_name\" content=\"Justice pas-\u00e0-pas\" \/>\n<meta property=\"article:publisher\" content=\"https:\/\/www.facebook.com\/CLEOLegalRights\/\" \/>\n<meta property=\"article:modified_time\" content=\"2022-01-14T16:55:28+00:00\" \/>\n<meta property=\"og:image\" content=\"https:\/\/stepstojustice.ca\/wp-content\/uploads\/Steps-to-Justice-logo.jpg\" \/>\n\t<meta property=\"og:image:width\" content=\"1200\" \/>\n\t<meta property=\"og:image:height\" content=\"650\" \/>\n\t<meta property=\"og:image:type\" content=\"image\/jpeg\" \/>\n<meta name=\"twitter:card\" content=\"summary_large_image\" \/>\n<meta name=\"twitter:site\" content=\"@CLEOLegalRights\" \/>\n<meta name=\"twitter:label1\" content=\"Est. reading time\" \/>\n\t<meta name=\"twitter:data1\" content=\"1 minute\" \/>\n<script type=\"application\/ld+json\" class=\"yoast-schema-graph\">{\"@context\":\"https:\/\/schema.org\",\"@graph\":[{\"@type\":\"WebPage\",\"@id\":\"https:\/\/stepstojustice.ca\/fr\/steps\/health-and-disability\/portez-plainte-a-un-ordre-professionnel\/\",\"url\":\"https:\/\/stepstojustice.ca\/fr\/steps\/health-and-disability\/portez-plainte-a-un-ordre-professionnel\/\",\"name\":\"Portez plainte \u00e0 un ordre professionnel - Justice pas-\u00e0-pas\",\"isPartOf\":{\"@id\":\"https:\/\/stepstojustice.ca\/fr\/#website\"},\"datePublished\":\"2020-12-16T18:57:56+00:00\",\"dateModified\":\"2022-01-14T16:55:28+00:00\",\"description\":\"Si vous croyez que votre professionnel de la sant\u00e9 a manqu\u00e9 de professionnalisme ou que le traitement que vous avez re\u00e7u \u00e9tait inad\u00e9quat, vous pouvez\",\"breadcrumb\":{\"@id\":\"https:\/\/stepstojustice.ca\/fr\/steps\/health-and-disability\/portez-plainte-a-un-ordre-professionnel\/#breadcrumb\"},\"inLanguage\":\"fr-FR\",\"potentialAction\":[{\"@type\":\"ReadAction\",\"target\":[\"https:\/\/stepstojustice.ca\/fr\/steps\/health-and-disability\/portez-plainte-a-un-ordre-professionnel\/\"]}]},{\"@type\":\"BreadcrumbList\",\"@id\":\"https:\/\/stepstojustice.ca\/fr\/steps\/health-and-disability\/portez-plainte-a-un-ordre-professionnel\/#breadcrumb\",\"itemListElement\":[{\"@type\":\"ListItem\",\"position\":1,\"name\":\"Home\",\"item\":\"https:\/\/stepstojustice.ca\/fr\/\"},{\"@type\":\"ListItem\",\"position\":2,\"name\":\"Next steps\",\"item\":\"https:\/\/stepstojustice.ca\/fr\/steps\/\"},{\"@type\":\"ListItem\",\"position\":3,\"name\":\"Portez plainte \u00e0 un ordre professionnel\"}]},{\"@type\":\"WebSite\",\"@id\":\"https:\/\/stepstojustice.ca\/fr\/#website\",\"url\":\"https:\/\/stepstojustice.ca\/fr\/\",\"name\":\"Justice pas-\u00e0-pas\",\"description\":\"Step-by-step information about legal problems\",\"publisher\":{\"@id\":\"https:\/\/stepstojustice.ca\/fr\/#organization\"},\"potentialAction\":[{\"@type\":\"SearchAction\",\"target\":{\"@type\":\"EntryPoint\",\"urlTemplate\":\"https:\/\/stepstojustice.ca\/fr\/?s={search_term_string}\"},\"query-input\":{\"@type\":\"PropertyValueSpecification\",\"valueRequired\":true,\"valueName\":\"search_term_string\"}}],\"inLanguage\":\"fr-FR\"},{\"@type\":\"Organization\",\"@id\":\"https:\/\/stepstojustice.ca\/fr\/#organization\",\"name\":\"Justice pas-\u00e0-pas\",\"url\":\"https:\/\/stepstojustice.ca\/fr\/\",\"logo\":{\"@type\":\"ImageObject\",\"inLanguage\":\"fr-FR\",\"@id\":\"https:\/\/stepstojustice.ca\/fr\/#\/schema\/logo\/image\/\",\"url\":\"https:\/\/stepstojustice.ca\/wp-content\/uploads\/2020\/10\/logo-s2j.png\",\"contentUrl\":\"https:\/\/stepstojustice.ca\/wp-content\/uploads\/2020\/10\/logo-s2j.png\",\"width\":1000,\"height\":146,\"caption\":\"Justice pas-\u00e0-pas\"},\"image\":{\"@id\":\"https:\/\/stepstojustice.ca\/fr\/#\/schema\/logo\/image\/\"},\"sameAs\":[\"https:\/\/www.facebook.com\/CLEOLegalRights\/\",\"https:\/\/x.com\/CLEOLegalRights\",\"https:\/\/www.instagram.com\/communitylegaleducationon\/\"]}]}<\/script>\n<!-- \/ Yoast SEO Premium plugin. -->","yoast_head_json":{"title":"Portez plainte \u00e0 un ordre professionnel - Justice pas-\u00e0-pas","description":"Si vous croyez que votre professionnel de la sant\u00e9 a manqu\u00e9 de professionnalisme ou que le traitement que vous avez re\u00e7u \u00e9tait inad\u00e9quat, vous pouvez","robots":{"index":"index","follow":"follow","max-snippet":"max-snippet:-1","max-image-preview":"max-image-preview:large","max-video-preview":"max-video-preview:-1"},"canonical":"https:\/\/stepstojustice.ca\/fr\/steps\/health-and-disability\/portez-plainte-a-un-ordre-professionnel\/","og_locale":"fr_FR","og_type":"article","og_title":"Portez plainte \u00e0 un ordre professionnel - Justice pas-\u00e0-pas","og_description":"Si vous croyez que votre professionnel de la sant\u00e9 a manqu\u00e9 de professionnalisme ou que le traitement que vous avez re\u00e7u \u00e9tait inad\u00e9quat, vous pouvez","og_url":"https:\/\/stepstojustice.ca\/fr\/steps\/health-and-disability\/portez-plainte-a-un-ordre-professionnel\/","og_site_name":"Justice pas-\u00e0-pas","article_publisher":"https:\/\/www.facebook.com\/CLEOLegalRights\/","article_modified_time":"2022-01-14T16:55:28+00:00","og_image":[{"width":1200,"height":650,"url":"https:\/\/stepstojustice.ca\/wp-content\/uploads\/Steps-to-Justice-logo.jpg","type":"image\/jpeg"}],"twitter_card":"summary_large_image","twitter_site":"@CLEOLegalRights","twitter_misc":{"Est. reading time":"1 minute"},"schema":{"@context":"https:\/\/schema.org","@graph":[{"@type":"WebPage","@id":"https:\/\/stepstojustice.ca\/fr\/steps\/health-and-disability\/portez-plainte-a-un-ordre-professionnel\/","url":"https:\/\/stepstojustice.ca\/fr\/steps\/health-and-disability\/portez-plainte-a-un-ordre-professionnel\/","name":"Portez plainte \u00e0 un ordre professionnel - Justice pas-\u00e0-pas","isPartOf":{"@id":"https:\/\/stepstojustice.ca\/fr\/#website"},"datePublished":"2020-12-16T18:57:56+00:00","dateModified":"2022-01-14T16:55:28+00:00","description":"Si vous croyez que votre professionnel de la sant\u00e9 a manqu\u00e9 de professionnalisme ou que le traitement que vous avez re\u00e7u \u00e9tait inad\u00e9quat, vous pouvez","breadcrumb":{"@id":"https:\/\/stepstojustice.ca\/fr\/steps\/health-and-disability\/portez-plainte-a-un-ordre-professionnel\/#breadcrumb"},"inLanguage":"fr-FR","potentialAction":[{"@type":"ReadAction","target":["https:\/\/stepstojustice.ca\/fr\/steps\/health-and-disability\/portez-plainte-a-un-ordre-professionnel\/"]}]},{"@type":"BreadcrumbList","@id":"https:\/\/stepstojustice.ca\/fr\/steps\/health-and-disability\/portez-plainte-a-un-ordre-professionnel\/#breadcrumb","itemListElement":[{"@type":"ListItem","position":1,"name":"Home","item":"https:\/\/stepstojustice.ca\/fr\/"},{"@type":"ListItem","position":2,"name":"Next steps","item":"https:\/\/stepstojustice.ca\/fr\/steps\/"},{"@type":"ListItem","position":3,"name":"Portez plainte \u00e0 un ordre professionnel"}]},{"@type":"WebSite","@id":"https:\/\/stepstojustice.ca\/fr\/#website","url":"https:\/\/stepstojustice.ca\/fr\/","name":"Justice pas-\u00e0-pas","description":"Step-by-step information about legal problems","publisher":{"@id":"https:\/\/stepstojustice.ca\/fr\/#organization"},"potentialAction":[{"@type":"SearchAction","target":{"@type":"EntryPoint","urlTemplate":"https:\/\/stepstojustice.ca\/fr\/?s={search_term_string}"},"query-input":{"@type":"PropertyValueSpecification","valueRequired":true,"valueName":"search_term_string"}}],"inLanguage":"fr-FR"},{"@type":"Organization","@id":"https:\/\/stepstojustice.ca\/fr\/#organization","name":"Justice pas-\u00e0-pas","url":"https:\/\/stepstojustice.ca\/fr\/","logo":{"@type":"ImageObject","inLanguage":"fr-FR","@id":"https:\/\/stepstojustice.ca\/fr\/#\/schema\/logo\/image\/","url":"https:\/\/stepstojustice.ca\/wp-content\/uploads\/2020\/10\/logo-s2j.png","contentUrl":"https:\/\/stepstojustice.ca\/wp-content\/uploads\/2020\/10\/logo-s2j.png","width":1000,"height":146,"caption":"Justice pas-\u00e0-pas"},"image":{"@id":"https:\/\/stepstojustice.ca\/fr\/#\/schema\/logo\/image\/"},"sameAs":["https:\/\/www.facebook.com\/CLEOLegalRights\/","https:\/\/x.com\/CLEOLegalRights","https:\/\/www.instagram.com\/communitylegaleducationon\/"]}]}},"meta_box":{"questions_to_steps_from":["1171199"]},"_links":{"self":[{"href":"https:\/\/stepstojustice.ca\/fr\/wp-json\/wp\/v2\/steps\/1175161","targetHints":{"allow":["GET"]}}],"collection":[{"href":"https:\/\/stepstojustice.ca\/fr\/wp-json\/wp\/v2\/steps"}],"about":[{"href":"https:\/\/stepstojustice.ca\/fr\/wp-json\/wp\/v2\/types\/steps"}],"author":[{"embeddable":true,"href":"https:\/\/stepstojustice.ca\/fr\/wp-json\/wp\/v2\/users\/3"}],"version-history":[{"count":2,"href":"https:\/\/stepstojustice.ca\/fr\/wp-json\/wp\/v2\/steps\/1175161\/revisions"}],"predecessor-version":[{"id":1230657,"href":"https:\/\/stepstojustice.ca\/fr\/wp-json\/wp\/v2\/steps\/1175161\/revisions\/1230657"}],"wp:attachment":[{"href":"https:\/\/stepstojustice.ca\/fr\/wp-json\/wp\/v2\/media?parent=1175161"}],"curies":[{"name":"wp","href":"https:\/\/api.w.org\/{rel}","templated":true}]}}