{"id":1175567,"date":"2019-08-27T10:54:18","date_gmt":"2019-08-27T14:54:18","guid":{"rendered":""},"modified":"2026-01-13T10:09:47","modified_gmt":"2026-01-13T15:09:47","slug":"informez-vous-sur-le-montant-auquel-vous-avez-droit","status":"publish","type":"steps","link":"https:\/\/stepstojustice.ca\/fr\/steps\/income-assistance\/informez-vous-sur-le-montant-auquel-vous-avez-droit\/","title":{"rendered":"Informez-vous sur le montant auquel vous avez droit"},"content":{"rendered":"<p>Le montant de vos prestations de la S\u00e9curit\u00e9 de la vieillesse (SV) d\u00e9pendra du temps que vous avez pass\u00e9 \u00e0 r\u00e9sider au Canada en date de votre 65<sup>e<\/sup>\u00a0anniversaire.<\/p>\n<h3>Droit \u00e0 la pleine pension<\/h3>\n<p>Habituellement, vous avez droit au montant maximal ou \u00e0 la pleine pension de la SV si vous avez v\u00e9cu au Canada pendant au moins <strong>40\u00a0ans<\/strong> apr\u00e8s votre 18<sup>e<\/sup>\u00a0anniversaire. Si vous n\u2019avez pas r\u00e9sid\u00e9 au Canada pendant 40\u00a0ans, vous pourriez quand m\u00eame \u00eatre admissible \u00e0 la pleine pension si vous respectez les deux conditions suivantes\u00a0:<\/p>\n<ul>\n<li>vous aviez plus de 25\u00a0ans le 1<sup>er<\/sup>\u00a0juillet\u00a01977; et<\/li>\n<li>\u00e0 cette date ou avant, vous avez v\u00e9cu au Canada avec un statut officiel. Par exemple, vous avez un statut officiel si vous \u00eates r\u00e9sident permanent ou une personne prot\u00e9g\u00e9e, ou si vous d\u00e9tenez un permis de s\u00e9jour temporaire.<\/li>\n<\/ul>\n<h3>Droit \u00e0 une pension partielle<\/h3>\n<p>R\u00e8gle g\u00e9n\u00e9rale, vous avez droit \u00e0 une pension partielle si vous avez v\u00e9cu au Canada <strong>pendant au moins 10\u00a0ans<\/strong>\u00a0:<\/p>\n<ul>\n<li>apr\u00e8s votre 18<sup>e<\/sup>\u00a0anniversaire, et<\/li>\n<li>en date de votre demande.<\/li>\n<\/ul>\n<p>Vous pourriez aussi avoir droit \u00e0 une pension partielle de la SV si vous\u00a0:<\/p>\n<ul>\n<li>avez r\u00e9sid\u00e9 au Canada pendant une ann\u00e9e compl\u00e8te, et<\/li>\n<li>avez v\u00e9cu ou travaill\u00e9 pendant un nombre d\u2019ann\u00e9es suffisant <a class=\"links-link ext\" href=\"\/fr\/resource\/personnes-ayant-v-cu-ou-vivant-l-tranger-pensions-et-prestations-pr-senter-une-demande\/\" target=\"_blank\" rel=\"noopener\">dans un pays ayant sign\u00e9 un accord de s\u00e9curit\u00e9 sociale avec le Canada<\/a>.<\/li>\n<\/ul>\n<p>Les prestations mensuelles de votre pension partielle sont \u00e9gales \u00e0 1\/40<sup>e<\/sup> (2,5\u00a0%) du montant mensuel de la pleine pension pour chaque ann\u00e9e pendant laquelle vous avez r\u00e9sid\u00e9 au Canada apr\u00e8s votre 18<sup>e<\/sup>\u00a0anniversaire.<\/p>\n<p>Disons que votre demande est accept\u00e9e et que vous avez v\u00e9cu au Canada pendant 25\u00a0ans depuis vos 18\u00a0ans. Dans ce cas, vos prestations mensuelles de la SV correspondent \u00e0 25\/40<sup>e<\/sup> (62,5\u00a0%) du montant de la pleine pension.<\/p>\n<h3>Modification du montant de vos prestations<\/h3>\n<p>Le montant de vos prestations de la SV est recalcul\u00e9 4 fois par ann\u00e9e, soit en janvier, en avril, en juillet et en octobre, en fonction de l\u2019<a class=\"links-link ext\" href=\"\/fr\/resource\/montant-des-paiements-de-la-s-curit-de-la-vieillesse-1\/\" target=\"_blank\" rel=\"noopener\">indice des prix \u00e0 la consommation<\/a>.<\/p>\n<p>Les montants qui s\u2019appliquent actuellement sont affich\u00e9s <a class=\"links-link ext\" href=\"\/fr\/resource\/montant-des-paiements-de-la-s-curit-de-la-vieillesse-1\/\" target=\"_blank\" rel=\"noopener\">en ligne<\/a>.<\/p>\n<h3>Revenu imposable<\/h3>\n<p>Les prestations de la SV sont un revenu imposable. Autrement dit, vous pourriez devoir payer de l\u2019imp\u00f4t sur ce montant et l\u2019indiquer dans votre d\u00e9claration de revenus.<\/p>\n<!-- AddThis Advanced Settings generic via filter on the_content --><!-- AddThis Share Buttons generic via filter on the_content -->","protected":false},"author":3,"featured_media":0,"template":"","class_list":["post-1175567","steps","type-steps","status-publish","hentry"],"yoast_head":"<!-- This site is optimized with the Yoast SEO Premium plugin v23.9 (Yoast SEO v23.9) - https:\/\/yoast.com\/wordpress\/plugins\/seo\/ -->\n<title>Informez-vous sur le montant auquel vous avez droit - Justice pas-\u00e0-pas<\/title>\n<meta name=\"description\" content=\"Le montant de vos prestations de la S\u00e9curit\u00e9 de la vieillesse (SV) d\u00e9pendra du temps que vous avez pass\u00e9 \u00e0 r\u00e9sider au Canada en date de votre\" \/>\n<meta name=\"robots\" content=\"index, follow, max-snippet:-1, max-image-preview:large, max-video-preview:-1\" \/>\n<link rel=\"canonical\" href=\"https:\/\/stepstojustice.ca\/fr\/steps\/income-assistance\/informez-vous-sur-le-montant-auquel-vous-avez-droit\/\" \/>\n<meta property=\"og:locale\" content=\"fr_FR\" \/>\n<meta property=\"og:type\" content=\"article\" \/>\n<meta property=\"og:title\" content=\"Informez-vous sur le montant auquel vous avez droit - Justice pas-\u00e0-pas\" \/>\n<meta property=\"og:description\" content=\"Le montant de vos prestations de la S\u00e9curit\u00e9 de la vieillesse (SV) d\u00e9pendra du temps que vous avez pass\u00e9 \u00e0 r\u00e9sider au Canada en date de votre\" \/>\n<meta property=\"og:url\" content=\"https:\/\/stepstojustice.ca\/fr\/steps\/income-assistance\/informez-vous-sur-le-montant-auquel-vous-avez-droit\/\" \/>\n<meta property=\"og:site_name\" content=\"Justice pas-\u00e0-pas\" \/>\n<meta property=\"article:publisher\" content=\"https:\/\/www.facebook.com\/CLEOLegalRights\/\" \/>\n<meta property=\"article:modified_time\" content=\"2026-01-13T15:09:47+00:00\" \/>\n<meta property=\"og:image\" content=\"https:\/\/stepstojustice.ca\/wp-content\/uploads\/Steps-to-Justice-logo.jpg\" \/>\n\t<meta property=\"og:image:width\" content=\"1200\" \/>\n\t<meta property=\"og:image:height\" content=\"650\" \/>\n\t<meta property=\"og:image:type\" content=\"image\/jpeg\" \/>\n<meta name=\"twitter:card\" content=\"summary_large_image\" \/>\n<meta name=\"twitter:site\" content=\"@CLEOLegalRights\" \/>\n<meta name=\"twitter:label1\" content=\"Est. reading time\" \/>\n\t<meta name=\"twitter:data1\" content=\"2 minutes\" \/>\n<script type=\"application\/ld+json\" class=\"yoast-schema-graph\">{\"@context\":\"https:\/\/schema.org\",\"@graph\":[{\"@type\":\"WebPage\",\"@id\":\"https:\/\/stepstojustice.ca\/fr\/steps\/income-assistance\/informez-vous-sur-le-montant-auquel-vous-avez-droit\/\",\"url\":\"https:\/\/stepstojustice.ca\/fr\/steps\/income-assistance\/informez-vous-sur-le-montant-auquel-vous-avez-droit\/\",\"name\":\"Informez-vous sur le montant auquel vous avez droit - Justice pas-\u00e0-pas\",\"isPartOf\":{\"@id\":\"https:\/\/stepstojustice.ca\/fr\/#website\"},\"datePublished\":\"2019-08-27T14:54:18+00:00\",\"dateModified\":\"2026-01-13T15:09:47+00:00\",\"description\":\"Le montant de vos prestations de la S\u00e9curit\u00e9 de la vieillesse (SV) d\u00e9pendra du temps que vous avez pass\u00e9 \u00e0 r\u00e9sider au Canada en date de votre\",\"breadcrumb\":{\"@id\":\"https:\/\/stepstojustice.ca\/fr\/steps\/income-assistance\/informez-vous-sur-le-montant-auquel-vous-avez-droit\/#breadcrumb\"},\"inLanguage\":\"fr-FR\",\"potentialAction\":[{\"@type\":\"ReadAction\",\"target\":[\"https:\/\/stepstojustice.ca\/fr\/steps\/income-assistance\/informez-vous-sur-le-montant-auquel-vous-avez-droit\/\"]}]},{\"@type\":\"BreadcrumbList\",\"@id\":\"https:\/\/stepstojustice.ca\/fr\/steps\/income-assistance\/informez-vous-sur-le-montant-auquel-vous-avez-droit\/#breadcrumb\",\"itemListElement\":[{\"@type\":\"ListItem\",\"position\":1,\"name\":\"Home\",\"item\":\"https:\/\/stepstojustice.ca\/fr\/\"},{\"@type\":\"ListItem\",\"position\":2,\"name\":\"Next steps\",\"item\":\"https:\/\/stepstojustice.ca\/fr\/steps\/\"},{\"@type\":\"ListItem\",\"position\":3,\"name\":\"Informez-vous sur le montant auquel vous avez droit\"}]},{\"@type\":\"WebSite\",\"@id\":\"https:\/\/stepstojustice.ca\/fr\/#website\",\"url\":\"https:\/\/stepstojustice.ca\/fr\/\",\"name\":\"Justice pas-\u00e0-pas\",\"description\":\"Step-by-step information about legal problems\",\"publisher\":{\"@id\":\"https:\/\/stepstojustice.ca\/fr\/#organization\"},\"potentialAction\":[{\"@type\":\"SearchAction\",\"target\":{\"@type\":\"EntryPoint\",\"urlTemplate\":\"https:\/\/stepstojustice.ca\/fr\/?s={search_term_string}\"},\"query-input\":{\"@type\":\"PropertyValueSpecification\",\"valueRequired\":true,\"valueName\":\"search_term_string\"}}],\"inLanguage\":\"fr-FR\"},{\"@type\":\"Organization\",\"@id\":\"https:\/\/stepstojustice.ca\/fr\/#organization\",\"name\":\"Justice pas-\u00e0-pas\",\"url\":\"https:\/\/stepstojustice.ca\/fr\/\",\"logo\":{\"@type\":\"ImageObject\",\"inLanguage\":\"fr-FR\",\"@id\":\"https:\/\/stepstojustice.ca\/fr\/#\/schema\/logo\/image\/\",\"url\":\"https:\/\/stepstojustice.ca\/wp-content\/uploads\/2020\/10\/logo-s2j.png\",\"contentUrl\":\"https:\/\/stepstojustice.ca\/wp-content\/uploads\/2020\/10\/logo-s2j.png\",\"width\":1000,\"height\":146,\"caption\":\"Justice pas-\u00e0-pas\"},\"image\":{\"@id\":\"https:\/\/stepstojustice.ca\/fr\/#\/schema\/logo\/image\/\"},\"sameAs\":[\"https:\/\/www.facebook.com\/CLEOLegalRights\/\",\"https:\/\/x.com\/CLEOLegalRights\",\"https:\/\/www.instagram.com\/communitylegaleducationon\/\"]}]}<\/script>\n<!-- \/ Yoast SEO Premium plugin. -->","yoast_head_json":{"title":"Informez-vous sur le montant auquel vous avez droit - Justice pas-\u00e0-pas","description":"Le montant de vos prestations de la S\u00e9curit\u00e9 de la vieillesse (SV) d\u00e9pendra du temps que vous avez pass\u00e9 \u00e0 r\u00e9sider au Canada en date de votre","robots":{"index":"index","follow":"follow","max-snippet":"max-snippet:-1","max-image-preview":"max-image-preview:large","max-video-preview":"max-video-preview:-1"},"canonical":"https:\/\/stepstojustice.ca\/fr\/steps\/income-assistance\/informez-vous-sur-le-montant-auquel-vous-avez-droit\/","og_locale":"fr_FR","og_type":"article","og_title":"Informez-vous sur le montant auquel vous avez droit - Justice pas-\u00e0-pas","og_description":"Le montant de vos prestations de la S\u00e9curit\u00e9 de la vieillesse (SV) d\u00e9pendra du temps que vous avez pass\u00e9 \u00e0 r\u00e9sider au Canada en date de votre","og_url":"https:\/\/stepstojustice.ca\/fr\/steps\/income-assistance\/informez-vous-sur-le-montant-auquel-vous-avez-droit\/","og_site_name":"Justice pas-\u00e0-pas","article_publisher":"https:\/\/www.facebook.com\/CLEOLegalRights\/","article_modified_time":"2026-01-13T15:09:47+00:00","og_image":[{"width":1200,"height":650,"url":"https:\/\/stepstojustice.ca\/wp-content\/uploads\/Steps-to-Justice-logo.jpg","type":"image\/jpeg"}],"twitter_card":"summary_large_image","twitter_site":"@CLEOLegalRights","twitter_misc":{"Est. reading time":"2 minutes"},"schema":{"@context":"https:\/\/schema.org","@graph":[{"@type":"WebPage","@id":"https:\/\/stepstojustice.ca\/fr\/steps\/income-assistance\/informez-vous-sur-le-montant-auquel-vous-avez-droit\/","url":"https:\/\/stepstojustice.ca\/fr\/steps\/income-assistance\/informez-vous-sur-le-montant-auquel-vous-avez-droit\/","name":"Informez-vous sur le montant auquel vous avez droit - Justice pas-\u00e0-pas","isPartOf":{"@id":"https:\/\/stepstojustice.ca\/fr\/#website"},"datePublished":"2019-08-27T14:54:18+00:00","dateModified":"2026-01-13T15:09:47+00:00","description":"Le montant de vos prestations de la S\u00e9curit\u00e9 de la vieillesse (SV) d\u00e9pendra du temps que vous avez pass\u00e9 \u00e0 r\u00e9sider au Canada en date de votre","breadcrumb":{"@id":"https:\/\/stepstojustice.ca\/fr\/steps\/income-assistance\/informez-vous-sur-le-montant-auquel-vous-avez-droit\/#breadcrumb"},"inLanguage":"fr-FR","potentialAction":[{"@type":"ReadAction","target":["https:\/\/stepstojustice.ca\/fr\/steps\/income-assistance\/informez-vous-sur-le-montant-auquel-vous-avez-droit\/"]}]},{"@type":"BreadcrumbList","@id":"https:\/\/stepstojustice.ca\/fr\/steps\/income-assistance\/informez-vous-sur-le-montant-auquel-vous-avez-droit\/#breadcrumb","itemListElement":[{"@type":"ListItem","position":1,"name":"Home","item":"https:\/\/stepstojustice.ca\/fr\/"},{"@type":"ListItem","position":2,"name":"Next steps","item":"https:\/\/stepstojustice.ca\/fr\/steps\/"},{"@type":"ListItem","position":3,"name":"Informez-vous sur le montant auquel vous avez droit"}]},{"@type":"WebSite","@id":"https:\/\/stepstojustice.ca\/fr\/#website","url":"https:\/\/stepstojustice.ca\/fr\/","name":"Justice pas-\u00e0-pas","description":"Step-by-step information about legal problems","publisher":{"@id":"https:\/\/stepstojustice.ca\/fr\/#organization"},"potentialAction":[{"@type":"SearchAction","target":{"@type":"EntryPoint","urlTemplate":"https:\/\/stepstojustice.ca\/fr\/?s={search_term_string}"},"query-input":{"@type":"PropertyValueSpecification","valueRequired":true,"valueName":"search_term_string"}}],"inLanguage":"fr-FR"},{"@type":"Organization","@id":"https:\/\/stepstojustice.ca\/fr\/#organization","name":"Justice pas-\u00e0-pas","url":"https:\/\/stepstojustice.ca\/fr\/","logo":{"@type":"ImageObject","inLanguage":"fr-FR","@id":"https:\/\/stepstojustice.ca\/fr\/#\/schema\/logo\/image\/","url":"https:\/\/stepstojustice.ca\/wp-content\/uploads\/2020\/10\/logo-s2j.png","contentUrl":"https:\/\/stepstojustice.ca\/wp-content\/uploads\/2020\/10\/logo-s2j.png","width":1000,"height":146,"caption":"Justice pas-\u00e0-pas"},"image":{"@id":"https:\/\/stepstojustice.ca\/fr\/#\/schema\/logo\/image\/"},"sameAs":["https:\/\/www.facebook.com\/CLEOLegalRights\/","https:\/\/x.com\/CLEOLegalRights","https:\/\/www.instagram.com\/communitylegaleducationon\/"]}]}},"meta_box":{"questions_to_steps_from":["1171170"]},"_links":{"self":[{"href":"https:\/\/stepstojustice.ca\/fr\/wp-json\/wp\/v2\/steps\/1175567","targetHints":{"allow":["GET"]}}],"collection":[{"href":"https:\/\/stepstojustice.ca\/fr\/wp-json\/wp\/v2\/steps"}],"about":[{"href":"https:\/\/stepstojustice.ca\/fr\/wp-json\/wp\/v2\/types\/steps"}],"author":[{"embeddable":true,"href":"https:\/\/stepstojustice.ca\/fr\/wp-json\/wp\/v2\/users\/3"}],"version-history":[{"count":6,"href":"https:\/\/stepstojustice.ca\/fr\/wp-json\/wp\/v2\/steps\/1175567\/revisions"}],"predecessor-version":[{"id":1276072,"href":"https:\/\/stepstojustice.ca\/fr\/wp-json\/wp\/v2\/steps\/1175567\/revisions\/1276072"}],"wp:attachment":[{"href":"https:\/\/stepstojustice.ca\/fr\/wp-json\/wp\/v2\/media?parent=1175567"}],"curies":[{"name":"wp","href":"https:\/\/api.w.org\/{rel}","templated":true}]}}