{"id":1175577,"date":"2019-02-19T15:38:16","date_gmt":"2019-02-19T20:38:16","guid":{"rendered":""},"modified":"2019-02-26T11:03:17","modified_gmt":"2019-02-26T11:03:17","slug":"5-allez-\u00e0-la-conf\u00e9rence","status":"publish","type":"steps","link":"https:\/\/stepstojustice.ca\/fr\/steps\/abuse-and-family-violence\/5-allez-\u00e0-la-conf\u00e9rence\/","title":{"rendered":"5. Allez \u00e0 la conf\u00e9rence"},"content":{"rendered":"<p>On trouve \u00e0 l&#8217;entr\u00e9e de certains tribunaux ou \u00e0 l&#8217;ext\u00e9rieur de leurs salles d&#8217;audience une liste des affaires entendues le jour m\u00eame, avec leur num\u00e9ro de salle.<\/p>\n<p>D&#8217;autres tribunaux n&#8217;ont pas de liste; vous devez donc demander au pr\u00e9pos\u00e9 de la soci\u00e9t\u00e9 d&#8217;aide \u00e0 l&#8217;enfance (SAE) \u00e0 quelle salle d&#8217;audience vous rendre. Il est \u00e9galement possible de la trouver si l&#8217;on conna\u00eet le nom du juge.<\/p>\n<p>Si vous avez du mal \u00e0 trouver votre salle, demandez de l&#8217;aide au comptoir.<\/p>\n<p>Pour la plupart des conf\u00e9rences, attendez-vous \u00e0 passer au moins une demi-journ\u00e9e au tribunal. Une audience de plaidoiries pourrait prendre moins de temps. Bien que les conf\u00e9rences durent g\u00e9n\u00e9ralement environ une heure, le juge pourrait vous demander, \u00e0 la SAE et \u00e0 vous-m\u00eame, de prendre le temps d&#8217;essayer de r\u00e9gler les points en litige hors conf\u00e9rence.<\/p>\n<p>Durant la conf\u00e9rence, les parties et leurs avocats, s&#8217;ils en ont un, parlent des questions en litige avec un juge afin de les r\u00e9gler, en tout ou en <span class=\"no-glossary\">partie<\/span>, notamment&nbsp;:<\/p>\n<ul>\n<li>les questions juridiques sur lesquelles les parties doivent s&#8217;entendre;<\/li>\n<li>les fa\u00e7ons de r\u00e9gler les questions en litige;<\/li>\n<li>les renseignements que les parties doivent fournir;<\/li>\n<li>les prochaines \u00e9tapes en vue du r\u00e8glement des questions en litige.<\/li>\n<\/ul>\n<p>Si la SAE et vous-m\u00eame vous entendez sur des points en litige pendant la conf\u00e9rence, les points convenus sont g\u00e9n\u00e9ralement consign\u00e9s dans un consentement ou un proc\u00e8s-verbal de r\u00e8glement amiable. Le juge concr\u00e9tise ensuite cette entente par une ordonnance de consentement.<\/p>\n<p>Le juge peut aussi rendre une ordonnance relative \u00e0 la proc\u00e9dure pour assurer l&#8217;avancement de l&#8217;affaire. Cette ordonnance peut porter sur ce qui suit&nbsp;:<\/p>\n<ul>\n<li>les documents que la SAE ou vous devez communiquer. Par exemple, le juge peut ordonner \u00e0 la SAE de vous remettre ses notes sur l&#8217;affaire, ses rapports et tout ce qui se trouve dans son dossier;<\/li>\n<li>la proc\u00e9dure ou les prochaines \u00e9tapes en vue du r\u00e8glement des questions en litige. Par exemple, le juge peut fixer la date d&#8217;une autre conf\u00e9rence.<\/li>\n<\/ul>\n<p>En r\u00e8gle g\u00e9n\u00e9rale, lors de la conf\u00e9rence, le juge ne tranche pas les points importants sur lesquels la SAE et vous n&#8217;arrivez pas \u00e0 vous entendre, par exemple l&#8217;endroit o\u00f9 vivra votre enfant.<\/p>\n<h3>Conf\u00e9rence en vue d&#8217;un r\u00e8glement amiable<\/h3>\n<p>\u00c0 la fin d&#8217;une conf\u00e9rence en vue d&#8217;un r\u00e8glement amiable, le juge vous retourne g\u00e9n\u00e9ralement votre m\u00e9moire de conf\u00e9rence ou le personnel du greffe le d\u00e9truit; il ne demeure pas dans votre dossier.<\/p>\n<p>La raison est simple&nbsp;: les discussions qui ont lieu lors de ces conf\u00e9rences sont confidentielles et ne peuvent \u00eatre port\u00e9es \u00e0 la connaissance d&#8217;un autre juge. Ainsi, les parties savent qu&#8217;elles peuvent discuter des pistes de solution sans se soucier que ce qu&#8217;elles disent puisse \u00eatre retenu contre elles comme preuve.<\/p>\n<p>Les conf\u00e9rences en vue d&#8217;un r\u00e8glement amiable visent le r\u00e8glement de l&#8217;affaire. Si vous proposez une solution, mais qu&#8217;elle ne permet finalement pas de r\u00e9gler le litige, vous pouvez faire une nouvelle proposition la fois d&#8217;apr\u00e8s.<\/p>\n<h3>Conf\u00e9rence de gestion de proc\u00e8s<\/h3>\n<p>\u00c0 la fin d&#8217;une conf\u00e9rence de gestion de proc\u00e8s, le m\u00e9moire de conf\u00e9rence ou le Formulaire d&#8217;<span class=\"no-glossary\">inscription<\/span> au r\u00f4le de proc\u00e8s est ajout\u00e9 au dossier, car ceux-ci contiennent des renseignements sur la proc\u00e9dure, comme la liste des t\u00e9moins et la dur\u00e9e pr\u00e9vue du proc\u00e8s.<\/p>\n<h3>Prochaine audience<\/h3>\n<p>Le juge vous dira quand aura lieu la prochaine audience. S&#8217;il estime qu&#8217;une autre conf\u00e9rence est n\u00e9cessaire, il peut en fixer la date.<\/p>\n<p>Dans ce cas, vous pourriez devoir mettre \u00e0 jour vos documents en cas de changement important de plan ou de situation, par exemple si vous vous \u00eates s\u00e9par\u00e9, si vous avez un nouveau partenaire, si vos s\u00e9ances de counseling ou traitements ont termin\u00e9es&nbsp;.<\/p>\n<p>Si vous d\u00e9posez des documents \u00e0 jour, vous devez suivre les m\u00eames \u00e9tapes, comme les signifier, les faire ajouter \u00e0 votre dossier et confirmer la date de votre audience.<\/p>\n<!-- AddThis Advanced Settings generic via filter on the_content --><!-- AddThis Share Buttons generic via filter on the_content -->","protected":false},"author":3,"featured_media":0,"template":"","class_list":["post-1175577","steps","type-steps","status-publish","hentry"],"yoast_head":"<!-- This site is optimized with the Yoast SEO Premium plugin v23.9 (Yoast SEO v23.9) - https:\/\/yoast.com\/wordpress\/plugins\/seo\/ -->\n<title>5. Allez \u00e0 la conf\u00e9rence - Justice pas-\u00e0-pas<\/title>\n<meta name=\"description\" content=\"On trouve \u00e0 l&#039;entr\u00e9e de certains tribunaux ou \u00e0 l&#039;ext\u00e9rieur de leurs salles d&#039;audience une liste des affaires entendues le jour m\u00eame, avec leur num\u00e9ro de\" \/>\n<meta name=\"robots\" content=\"index, follow, max-snippet:-1, max-image-preview:large, max-video-preview:-1\" \/>\n<link rel=\"canonical\" href=\"https:\/\/stepstojustice.ca\/fr\/steps\/abuse-and-family-violence\/5-allez-\u00e0-la-conf\u00e9rence\/\" \/>\n<meta property=\"og:locale\" content=\"fr_FR\" \/>\n<meta property=\"og:type\" content=\"article\" \/>\n<meta property=\"og:title\" content=\"5. Allez \u00e0 la conf\u00e9rence - Justice pas-\u00e0-pas\" \/>\n<meta property=\"og:description\" content=\"On trouve \u00e0 l&#039;entr\u00e9e de certains tribunaux ou \u00e0 l&#039;ext\u00e9rieur de leurs salles d&#039;audience une liste des affaires entendues le jour m\u00eame, avec leur num\u00e9ro de\" \/>\n<meta property=\"og:url\" content=\"https:\/\/stepstojustice.ca\/fr\/steps\/abuse-and-family-violence\/5-allez-\u00e0-la-conf\u00e9rence\/\" \/>\n<meta property=\"og:site_name\" content=\"Justice pas-\u00e0-pas\" \/>\n<meta property=\"article:publisher\" content=\"https:\/\/www.facebook.com\/CLEOLegalRights\/\" \/>\n<meta property=\"article:modified_time\" content=\"2019-02-26T11:03:17+00:00\" \/>\n<meta property=\"og:image\" content=\"https:\/\/stepstojustice.ca\/wp-content\/uploads\/Steps-to-Justice-logo.jpg\" \/>\n\t<meta property=\"og:image:width\" content=\"1200\" \/>\n\t<meta property=\"og:image:height\" content=\"650\" \/>\n\t<meta property=\"og:image:type\" content=\"image\/jpeg\" \/>\n<meta name=\"twitter:card\" content=\"summary_large_image\" \/>\n<meta name=\"twitter:site\" content=\"@CLEOLegalRights\" \/>\n<meta name=\"twitter:label1\" content=\"Est. reading time\" \/>\n\t<meta name=\"twitter:data1\" content=\"3 minutes\" \/>\n<script type=\"application\/ld+json\" class=\"yoast-schema-graph\">{\"@context\":\"https:\/\/schema.org\",\"@graph\":[{\"@type\":\"WebPage\",\"@id\":\"https:\/\/stepstojustice.ca\/fr\/steps\/abuse-and-family-violence\/5-allez-\u00e0-la-conf\u00e9rence\/\",\"url\":\"https:\/\/stepstojustice.ca\/fr\/steps\/abuse-and-family-violence\/5-allez-\u00e0-la-conf\u00e9rence\/\",\"name\":\"5. Allez \u00e0 la conf\u00e9rence - Justice pas-\u00e0-pas\",\"isPartOf\":{\"@id\":\"https:\/\/stepstojustice.ca\/fr\/#website\"},\"datePublished\":\"-0001-11-30T00:00:00+00:00\",\"dateModified\":\"2019-02-26T11:03:17+00:00\",\"description\":\"On trouve \u00e0 l'entr\u00e9e de certains tribunaux ou \u00e0 l'ext\u00e9rieur de leurs salles d'audience une liste des affaires entendues le jour m\u00eame, avec leur num\u00e9ro de\",\"breadcrumb\":{\"@id\":\"https:\/\/stepstojustice.ca\/fr\/steps\/abuse-and-family-violence\/5-allez-\u00e0-la-conf\u00e9rence\/#breadcrumb\"},\"inLanguage\":\"fr-FR\",\"potentialAction\":[{\"@type\":\"ReadAction\",\"target\":[\"https:\/\/stepstojustice.ca\/fr\/steps\/abuse-and-family-violence\/5-allez-\u00e0-la-conf\u00e9rence\/\"]}]},{\"@type\":\"BreadcrumbList\",\"@id\":\"https:\/\/stepstojustice.ca\/fr\/steps\/abuse-and-family-violence\/5-allez-\u00e0-la-conf\u00e9rence\/#breadcrumb\",\"itemListElement\":[{\"@type\":\"ListItem\",\"position\":1,\"name\":\"Home\",\"item\":\"https:\/\/stepstojustice.ca\/fr\/\"},{\"@type\":\"ListItem\",\"position\":2,\"name\":\"Next steps\",\"item\":\"https:\/\/stepstojustice.ca\/fr\/steps\/\"},{\"@type\":\"ListItem\",\"position\":3,\"name\":\"5. Allez \u00e0 la conf\u00e9rence\"}]},{\"@type\":\"WebSite\",\"@id\":\"https:\/\/stepstojustice.ca\/fr\/#website\",\"url\":\"https:\/\/stepstojustice.ca\/fr\/\",\"name\":\"Justice pas-\u00e0-pas\",\"description\":\"Step-by-step information about legal problems\",\"publisher\":{\"@id\":\"https:\/\/stepstojustice.ca\/fr\/#organization\"},\"potentialAction\":[{\"@type\":\"SearchAction\",\"target\":{\"@type\":\"EntryPoint\",\"urlTemplate\":\"https:\/\/stepstojustice.ca\/fr\/?s={search_term_string}\"},\"query-input\":{\"@type\":\"PropertyValueSpecification\",\"valueRequired\":true,\"valueName\":\"search_term_string\"}}],\"inLanguage\":\"fr-FR\"},{\"@type\":\"Organization\",\"@id\":\"https:\/\/stepstojustice.ca\/fr\/#organization\",\"name\":\"Justice pas-\u00e0-pas\",\"url\":\"https:\/\/stepstojustice.ca\/fr\/\",\"logo\":{\"@type\":\"ImageObject\",\"inLanguage\":\"fr-FR\",\"@id\":\"https:\/\/stepstojustice.ca\/fr\/#\/schema\/logo\/image\/\",\"url\":\"https:\/\/stepstojustice.ca\/wp-content\/uploads\/2020\/10\/logo-s2j.png\",\"contentUrl\":\"https:\/\/stepstojustice.ca\/wp-content\/uploads\/2020\/10\/logo-s2j.png\",\"width\":1000,\"height\":146,\"caption\":\"Justice pas-\u00e0-pas\"},\"image\":{\"@id\":\"https:\/\/stepstojustice.ca\/fr\/#\/schema\/logo\/image\/\"},\"sameAs\":[\"https:\/\/www.facebook.com\/CLEOLegalRights\/\",\"https:\/\/x.com\/CLEOLegalRights\",\"https:\/\/www.instagram.com\/communitylegaleducationon\/\"]}]}<\/script>\n<!-- \/ Yoast SEO Premium plugin. -->","yoast_head_json":{"title":"5. Allez \u00e0 la conf\u00e9rence - Justice pas-\u00e0-pas","description":"On trouve \u00e0 l'entr\u00e9e de certains tribunaux ou \u00e0 l'ext\u00e9rieur de leurs salles d'audience une liste des affaires entendues le jour m\u00eame, avec leur num\u00e9ro de","robots":{"index":"index","follow":"follow","max-snippet":"max-snippet:-1","max-image-preview":"max-image-preview:large","max-video-preview":"max-video-preview:-1"},"canonical":"https:\/\/stepstojustice.ca\/fr\/steps\/abuse-and-family-violence\/5-allez-\u00e0-la-conf\u00e9rence\/","og_locale":"fr_FR","og_type":"article","og_title":"5. Allez \u00e0 la conf\u00e9rence - Justice pas-\u00e0-pas","og_description":"On trouve \u00e0 l'entr\u00e9e de certains tribunaux ou \u00e0 l'ext\u00e9rieur de leurs salles d'audience une liste des affaires entendues le jour m\u00eame, avec leur num\u00e9ro de","og_url":"https:\/\/stepstojustice.ca\/fr\/steps\/abuse-and-family-violence\/5-allez-\u00e0-la-conf\u00e9rence\/","og_site_name":"Justice pas-\u00e0-pas","article_publisher":"https:\/\/www.facebook.com\/CLEOLegalRights\/","article_modified_time":"2019-02-26T11:03:17+00:00","og_image":[{"width":1200,"height":650,"url":"https:\/\/stepstojustice.ca\/wp-content\/uploads\/Steps-to-Justice-logo.jpg","type":"image\/jpeg"}],"twitter_card":"summary_large_image","twitter_site":"@CLEOLegalRights","twitter_misc":{"Est. reading time":"3 minutes"},"schema":{"@context":"https:\/\/schema.org","@graph":[{"@type":"WebPage","@id":"https:\/\/stepstojustice.ca\/fr\/steps\/abuse-and-family-violence\/5-allez-\u00e0-la-conf\u00e9rence\/","url":"https:\/\/stepstojustice.ca\/fr\/steps\/abuse-and-family-violence\/5-allez-\u00e0-la-conf\u00e9rence\/","name":"5. Allez \u00e0 la conf\u00e9rence - Justice pas-\u00e0-pas","isPartOf":{"@id":"https:\/\/stepstojustice.ca\/fr\/#website"},"datePublished":"-0001-11-30T00:00:00+00:00","dateModified":"2019-02-26T11:03:17+00:00","description":"On trouve \u00e0 l'entr\u00e9e de certains tribunaux ou \u00e0 l'ext\u00e9rieur de leurs salles d'audience une liste des affaires entendues le jour m\u00eame, avec leur num\u00e9ro de","breadcrumb":{"@id":"https:\/\/stepstojustice.ca\/fr\/steps\/abuse-and-family-violence\/5-allez-\u00e0-la-conf\u00e9rence\/#breadcrumb"},"inLanguage":"fr-FR","potentialAction":[{"@type":"ReadAction","target":["https:\/\/stepstojustice.ca\/fr\/steps\/abuse-and-family-violence\/5-allez-\u00e0-la-conf\u00e9rence\/"]}]},{"@type":"BreadcrumbList","@id":"https:\/\/stepstojustice.ca\/fr\/steps\/abuse-and-family-violence\/5-allez-\u00e0-la-conf\u00e9rence\/#breadcrumb","itemListElement":[{"@type":"ListItem","position":1,"name":"Home","item":"https:\/\/stepstojustice.ca\/fr\/"},{"@type":"ListItem","position":2,"name":"Next steps","item":"https:\/\/stepstojustice.ca\/fr\/steps\/"},{"@type":"ListItem","position":3,"name":"5. Allez \u00e0 la conf\u00e9rence"}]},{"@type":"WebSite","@id":"https:\/\/stepstojustice.ca\/fr\/#website","url":"https:\/\/stepstojustice.ca\/fr\/","name":"Justice pas-\u00e0-pas","description":"Step-by-step information about legal problems","publisher":{"@id":"https:\/\/stepstojustice.ca\/fr\/#organization"},"potentialAction":[{"@type":"SearchAction","target":{"@type":"EntryPoint","urlTemplate":"https:\/\/stepstojustice.ca\/fr\/?s={search_term_string}"},"query-input":{"@type":"PropertyValueSpecification","valueRequired":true,"valueName":"search_term_string"}}],"inLanguage":"fr-FR"},{"@type":"Organization","@id":"https:\/\/stepstojustice.ca\/fr\/#organization","name":"Justice pas-\u00e0-pas","url":"https:\/\/stepstojustice.ca\/fr\/","logo":{"@type":"ImageObject","inLanguage":"fr-FR","@id":"https:\/\/stepstojustice.ca\/fr\/#\/schema\/logo\/image\/","url":"https:\/\/stepstojustice.ca\/wp-content\/uploads\/2020\/10\/logo-s2j.png","contentUrl":"https:\/\/stepstojustice.ca\/wp-content\/uploads\/2020\/10\/logo-s2j.png","width":1000,"height":146,"caption":"Justice pas-\u00e0-pas"},"image":{"@id":"https:\/\/stepstojustice.ca\/fr\/#\/schema\/logo\/image\/"},"sameAs":["https:\/\/www.facebook.com\/CLEOLegalRights\/","https:\/\/x.com\/CLEOLegalRights","https:\/\/www.instagram.com\/communitylegaleducationon\/"]}]}},"meta_box":{"questions_to_steps_from":["1171768"]},"_links":{"self":[{"href":"https:\/\/stepstojustice.ca\/fr\/wp-json\/wp\/v2\/steps\/1175577","targetHints":{"allow":["GET"]}}],"collection":[{"href":"https:\/\/stepstojustice.ca\/fr\/wp-json\/wp\/v2\/steps"}],"about":[{"href":"https:\/\/stepstojustice.ca\/fr\/wp-json\/wp\/v2\/types\/steps"}],"author":[{"embeddable":true,"href":"https:\/\/stepstojustice.ca\/fr\/wp-json\/wp\/v2\/users\/3"}],"version-history":[{"count":0,"href":"https:\/\/stepstojustice.ca\/fr\/wp-json\/wp\/v2\/steps\/1175577\/revisions"}],"wp:attachment":[{"href":"https:\/\/stepstojustice.ca\/fr\/wp-json\/wp\/v2\/media?parent=1175577"}],"curies":[{"name":"wp","href":"https:\/\/api.w.org\/{rel}","templated":true}]}}