{"id":1175646,"date":"2019-07-22T14:18:12","date_gmt":"2019-07-22T18:18:12","guid":{"rendered":""},"modified":"2021-11-22T16:41:54","modified_gmt":"2021-11-22T21:41:54","slug":"1-interjetez-appel","status":"publish","type":"steps","link":"https:\/\/stepstojustice.ca\/fr\/steps\/immigration\/1-interjetez-appel\/","title":{"rendered":"1. Interjetez appel"},"content":{"rendered":"<p>Si vous faites l\u2019objet d\u2019une mesure d\u2019expulsion parce que vous avez \u00e9t\u00e9 condamn\u00e9 pour un crime, vous pourriez avoir le droit d\u2019interjeter appel devant la Section d\u2019appel de l\u2019immigration (SAI) de la Commission de l\u2019immigration et du statut de r\u00e9fugi\u00e9 (CISR).<\/p>\n<h3>Assistance juridique<\/h3>\n<p>Faire appel d\u2019une mesure d\u2019expulsion n\u2019est pas simple. N\u2019h\u00e9sitez pas \u00e0 demander de l\u2019<a href=\"\/fr\/questions\/immigration\/o\u00f9-puis-je-obtenir-des-conseils-juridiques-pour-un-statut\/\">assistance juridique<\/a>.<\/p>\n<h3>Formulaire Avis d\u2019appel<\/h3>\n<p>Pour faire appel d\u2019une mesure d\u2019expulsion, vous devez remplir le formulaire <a class=\"links-link ext\" href=\"\/fr\/resource\/avis-d-appel-appel-d-une-mesure-de-renvoi\/\" target=\"_blank\" rel=\"noopener\">Avis d\u2019appel \u2013 Appel d\u2019une mesure de renvoi<\/a>.<\/p>\n<p>Vous recevrez ce formulaire lorsque la Section de l\u2019immigration de la CISR aura termin\u00e9 son enqu\u00eate. Vous pourrez alors le remplir, puis le remettre au commissaire responsable de l\u2019enqu\u00eate.<\/p>\n<p>Vous pourrez aussi le remettre au bureau de la SAI, avec une copie de votre mesure de renvoi, dans les <strong>30\u00a0jours<\/strong> suivant la r\u00e9ception de cette mesure.<\/p>\n<h3>Apr\u00e8s avoir interjet\u00e9 appel<\/h3>\n<p>La SAI vous remettra une copie du dossier d\u2019appel, qui contient l\u2019information sur laquelle repose sa d\u00e9cision d\u2019ordonner votre expulsion.<\/p>\n<p>Elle pourrait communiquer avec vous pour en savoir plus sur l\u2019appel.<\/p>\n<p>Assurez-vous d\u2019aviser la CISR <a class=\"links-link ext\" href=\"\/fr\/resource\/avis-de-communication-des-coordonn-es-du-client\/\" target=\"_blank\" rel=\"noopener\">si vos coordonn\u00e9es changent<\/a> apr\u00e8s le d\u00e9but de la proc\u00e9dure, car si elle n\u2019arrive pas \u00e0 communiquer avec vous ou que vous ne r\u00e9pondez pas quand elle le fait\u00a0:<\/p>\n<ul>\n<li>la proc\u00e9dure pourrait prendre fin et;<\/li>\n<li>vous pourriez \u00eatre expuls\u00e9.<\/li>\n<\/ul>\n<h3>Date d\u2019audience<\/h3>\n<p>Si vous \u00eates repr\u00e9sent\u00e9 par <a href=\"\/fr\/steps\/immigration\/savoir-qui-peut-vous-fournir-de-l%E2%80%99aide-juridique\/\">un avocat, un parajuriste ou un consultant enregistr\u00e9<\/a>, la CISR communiquera directement avec lui pour fixer la date de votre audience d\u2019appel.<\/p>\n<p>Sinon, vous recevrez un avis de convocation \u00e0 une rencontre appel\u00e9e \u00ab\u00a0conf\u00e9rence de mise au r\u00f4le\u00a0\u00bb. Lors de cette rencontre, un employ\u00e9 de la SAI vous expliquera la proc\u00e9dure et fixera la date et l\u2019heure de votre audience.<\/p>\n<p>Au besoin, vous pouvez demander, par \u00e9crit, un changement de date ou d\u2019heure d\u2019audience, <a class=\"links-link ext\" href=\"\/fr\/resource\/regles-de-la-section-dappel-de-limmigration-dors-2002-230\/\" target=\"_blank\" rel=\"noopener\">selon les r\u00e8gles \u00e9tablies<\/a>. Votre demande ne sera accept\u00e9e que si vous avez une tr\u00e8s bonne raison.<\/p>\n<!-- AddThis Advanced Settings generic via filter on the_content --><!-- AddThis Share Buttons generic via filter on the_content -->","protected":false},"author":3,"featured_media":0,"template":"","class_list":["post-1175646","steps","type-steps","status-publish","hentry"],"yoast_head":"<!-- This site is optimized with the Yoast SEO Premium plugin v23.9 (Yoast SEO v23.9) - https:\/\/yoast.com\/wordpress\/plugins\/seo\/ -->\n<title>1. Interjetez appel - Justice pas-\u00e0-pas<\/title>\n<meta name=\"description\" content=\"Si vous faites l\u2019objet d\u2019une mesure d\u2019expulsion parce que vous avez \u00e9t\u00e9 condamn\u00e9 pour un crime, vous pourriez avoir le droit d\u2019interjeter appel devant la\" \/>\n<meta name=\"robots\" content=\"index, follow, max-snippet:-1, max-image-preview:large, max-video-preview:-1\" \/>\n<link rel=\"canonical\" href=\"https:\/\/stepstojustice.ca\/fr\/steps\/immigration\/1-interjetez-appel\/\" \/>\n<meta property=\"og:locale\" content=\"fr_FR\" \/>\n<meta property=\"og:type\" content=\"article\" \/>\n<meta property=\"og:title\" content=\"1. Interjetez appel - Justice pas-\u00e0-pas\" \/>\n<meta property=\"og:description\" content=\"Si vous faites l\u2019objet d\u2019une mesure d\u2019expulsion parce que vous avez \u00e9t\u00e9 condamn\u00e9 pour un crime, vous pourriez avoir le droit d\u2019interjeter appel devant la\" \/>\n<meta property=\"og:url\" content=\"https:\/\/stepstojustice.ca\/fr\/steps\/immigration\/1-interjetez-appel\/\" \/>\n<meta property=\"og:site_name\" content=\"Justice pas-\u00e0-pas\" \/>\n<meta property=\"article:publisher\" content=\"https:\/\/www.facebook.com\/CLEOLegalRights\/\" \/>\n<meta property=\"article:modified_time\" content=\"2021-11-22T21:41:54+00:00\" \/>\n<meta property=\"og:image\" content=\"https:\/\/stepstojustice.ca\/wp-content\/uploads\/Steps-to-Justice-logo.jpg\" \/>\n\t<meta property=\"og:image:width\" content=\"1200\" \/>\n\t<meta property=\"og:image:height\" content=\"650\" \/>\n\t<meta property=\"og:image:type\" content=\"image\/jpeg\" \/>\n<meta name=\"twitter:card\" content=\"summary_large_image\" \/>\n<meta name=\"twitter:site\" content=\"@CLEOLegalRights\" \/>\n<meta name=\"twitter:label1\" content=\"Est. reading time\" \/>\n\t<meta name=\"twitter:data1\" content=\"2 minutes\" \/>\n<script type=\"application\/ld+json\" class=\"yoast-schema-graph\">{\"@context\":\"https:\/\/schema.org\",\"@graph\":[{\"@type\":\"WebPage\",\"@id\":\"https:\/\/stepstojustice.ca\/fr\/steps\/immigration\/1-interjetez-appel\/\",\"url\":\"https:\/\/stepstojustice.ca\/fr\/steps\/immigration\/1-interjetez-appel\/\",\"name\":\"1. Interjetez appel - Justice pas-\u00e0-pas\",\"isPartOf\":{\"@id\":\"https:\/\/stepstojustice.ca\/fr\/#website\"},\"datePublished\":\"2019-07-22T18:18:12+00:00\",\"dateModified\":\"2021-11-22T21:41:54+00:00\",\"description\":\"Si vous faites l\u2019objet d\u2019une mesure d\u2019expulsion parce que vous avez \u00e9t\u00e9 condamn\u00e9 pour un crime, vous pourriez avoir le droit d\u2019interjeter appel devant la\",\"breadcrumb\":{\"@id\":\"https:\/\/stepstojustice.ca\/fr\/steps\/immigration\/1-interjetez-appel\/#breadcrumb\"},\"inLanguage\":\"fr-FR\",\"potentialAction\":[{\"@type\":\"ReadAction\",\"target\":[\"https:\/\/stepstojustice.ca\/fr\/steps\/immigration\/1-interjetez-appel\/\"]}]},{\"@type\":\"BreadcrumbList\",\"@id\":\"https:\/\/stepstojustice.ca\/fr\/steps\/immigration\/1-interjetez-appel\/#breadcrumb\",\"itemListElement\":[{\"@type\":\"ListItem\",\"position\":1,\"name\":\"Home\",\"item\":\"https:\/\/stepstojustice.ca\/fr\/\"},{\"@type\":\"ListItem\",\"position\":2,\"name\":\"Next steps\",\"item\":\"https:\/\/stepstojustice.ca\/fr\/steps\/\"},{\"@type\":\"ListItem\",\"position\":3,\"name\":\"1. Interjetez appel\"}]},{\"@type\":\"WebSite\",\"@id\":\"https:\/\/stepstojustice.ca\/fr\/#website\",\"url\":\"https:\/\/stepstojustice.ca\/fr\/\",\"name\":\"Justice pas-\u00e0-pas\",\"description\":\"Step-by-step information about legal problems\",\"publisher\":{\"@id\":\"https:\/\/stepstojustice.ca\/fr\/#organization\"},\"potentialAction\":[{\"@type\":\"SearchAction\",\"target\":{\"@type\":\"EntryPoint\",\"urlTemplate\":\"https:\/\/stepstojustice.ca\/fr\/?s={search_term_string}\"},\"query-input\":{\"@type\":\"PropertyValueSpecification\",\"valueRequired\":true,\"valueName\":\"search_term_string\"}}],\"inLanguage\":\"fr-FR\"},{\"@type\":\"Organization\",\"@id\":\"https:\/\/stepstojustice.ca\/fr\/#organization\",\"name\":\"Justice pas-\u00e0-pas\",\"url\":\"https:\/\/stepstojustice.ca\/fr\/\",\"logo\":{\"@type\":\"ImageObject\",\"inLanguage\":\"fr-FR\",\"@id\":\"https:\/\/stepstojustice.ca\/fr\/#\/schema\/logo\/image\/\",\"url\":\"https:\/\/stepstojustice.ca\/wp-content\/uploads\/2020\/10\/logo-s2j.png\",\"contentUrl\":\"https:\/\/stepstojustice.ca\/wp-content\/uploads\/2020\/10\/logo-s2j.png\",\"width\":1000,\"height\":146,\"caption\":\"Justice pas-\u00e0-pas\"},\"image\":{\"@id\":\"https:\/\/stepstojustice.ca\/fr\/#\/schema\/logo\/image\/\"},\"sameAs\":[\"https:\/\/www.facebook.com\/CLEOLegalRights\/\",\"https:\/\/x.com\/CLEOLegalRights\",\"https:\/\/www.instagram.com\/communitylegaleducationon\/\"]}]}<\/script>\n<!-- \/ Yoast SEO Premium plugin. -->","yoast_head_json":{"title":"1. Interjetez appel - Justice pas-\u00e0-pas","description":"Si vous faites l\u2019objet d\u2019une mesure d\u2019expulsion parce que vous avez \u00e9t\u00e9 condamn\u00e9 pour un crime, vous pourriez avoir le droit d\u2019interjeter appel devant la","robots":{"index":"index","follow":"follow","max-snippet":"max-snippet:-1","max-image-preview":"max-image-preview:large","max-video-preview":"max-video-preview:-1"},"canonical":"https:\/\/stepstojustice.ca\/fr\/steps\/immigration\/1-interjetez-appel\/","og_locale":"fr_FR","og_type":"article","og_title":"1. Interjetez appel - Justice pas-\u00e0-pas","og_description":"Si vous faites l\u2019objet d\u2019une mesure d\u2019expulsion parce que vous avez \u00e9t\u00e9 condamn\u00e9 pour un crime, vous pourriez avoir le droit d\u2019interjeter appel devant la","og_url":"https:\/\/stepstojustice.ca\/fr\/steps\/immigration\/1-interjetez-appel\/","og_site_name":"Justice pas-\u00e0-pas","article_publisher":"https:\/\/www.facebook.com\/CLEOLegalRights\/","article_modified_time":"2021-11-22T21:41:54+00:00","og_image":[{"width":1200,"height":650,"url":"https:\/\/stepstojustice.ca\/wp-content\/uploads\/Steps-to-Justice-logo.jpg","type":"image\/jpeg"}],"twitter_card":"summary_large_image","twitter_site":"@CLEOLegalRights","twitter_misc":{"Est. reading time":"2 minutes"},"schema":{"@context":"https:\/\/schema.org","@graph":[{"@type":"WebPage","@id":"https:\/\/stepstojustice.ca\/fr\/steps\/immigration\/1-interjetez-appel\/","url":"https:\/\/stepstojustice.ca\/fr\/steps\/immigration\/1-interjetez-appel\/","name":"1. Interjetez appel - Justice pas-\u00e0-pas","isPartOf":{"@id":"https:\/\/stepstojustice.ca\/fr\/#website"},"datePublished":"2019-07-22T18:18:12+00:00","dateModified":"2021-11-22T21:41:54+00:00","description":"Si vous faites l\u2019objet d\u2019une mesure d\u2019expulsion parce que vous avez \u00e9t\u00e9 condamn\u00e9 pour un crime, vous pourriez avoir le droit d\u2019interjeter appel devant la","breadcrumb":{"@id":"https:\/\/stepstojustice.ca\/fr\/steps\/immigration\/1-interjetez-appel\/#breadcrumb"},"inLanguage":"fr-FR","potentialAction":[{"@type":"ReadAction","target":["https:\/\/stepstojustice.ca\/fr\/steps\/immigration\/1-interjetez-appel\/"]}]},{"@type":"BreadcrumbList","@id":"https:\/\/stepstojustice.ca\/fr\/steps\/immigration\/1-interjetez-appel\/#breadcrumb","itemListElement":[{"@type":"ListItem","position":1,"name":"Home","item":"https:\/\/stepstojustice.ca\/fr\/"},{"@type":"ListItem","position":2,"name":"Next steps","item":"https:\/\/stepstojustice.ca\/fr\/steps\/"},{"@type":"ListItem","position":3,"name":"1. Interjetez appel"}]},{"@type":"WebSite","@id":"https:\/\/stepstojustice.ca\/fr\/#website","url":"https:\/\/stepstojustice.ca\/fr\/","name":"Justice pas-\u00e0-pas","description":"Step-by-step information about legal problems","publisher":{"@id":"https:\/\/stepstojustice.ca\/fr\/#organization"},"potentialAction":[{"@type":"SearchAction","target":{"@type":"EntryPoint","urlTemplate":"https:\/\/stepstojustice.ca\/fr\/?s={search_term_string}"},"query-input":{"@type":"PropertyValueSpecification","valueRequired":true,"valueName":"search_term_string"}}],"inLanguage":"fr-FR"},{"@type":"Organization","@id":"https:\/\/stepstojustice.ca\/fr\/#organization","name":"Justice pas-\u00e0-pas","url":"https:\/\/stepstojustice.ca\/fr\/","logo":{"@type":"ImageObject","inLanguage":"fr-FR","@id":"https:\/\/stepstojustice.ca\/fr\/#\/schema\/logo\/image\/","url":"https:\/\/stepstojustice.ca\/wp-content\/uploads\/2020\/10\/logo-s2j.png","contentUrl":"https:\/\/stepstojustice.ca\/wp-content\/uploads\/2020\/10\/logo-s2j.png","width":1000,"height":146,"caption":"Justice pas-\u00e0-pas"},"image":{"@id":"https:\/\/stepstojustice.ca\/fr\/#\/schema\/logo\/image\/"},"sameAs":["https:\/\/www.facebook.com\/CLEOLegalRights\/","https:\/\/x.com\/CLEOLegalRights","https:\/\/www.instagram.com\/communitylegaleducationon\/"]}]}},"meta_box":{"questions_to_steps_from":["1171163"]},"_links":{"self":[{"href":"https:\/\/stepstojustice.ca\/fr\/wp-json\/wp\/v2\/steps\/1175646","targetHints":{"allow":["GET"]}}],"collection":[{"href":"https:\/\/stepstojustice.ca\/fr\/wp-json\/wp\/v2\/steps"}],"about":[{"href":"https:\/\/stepstojustice.ca\/fr\/wp-json\/wp\/v2\/types\/steps"}],"author":[{"embeddable":true,"href":"https:\/\/stepstojustice.ca\/fr\/wp-json\/wp\/v2\/users\/3"}],"version-history":[{"count":3,"href":"https:\/\/stepstojustice.ca\/fr\/wp-json\/wp\/v2\/steps\/1175646\/revisions"}],"predecessor-version":[{"id":1226522,"href":"https:\/\/stepstojustice.ca\/fr\/wp-json\/wp\/v2\/steps\/1175646\/revisions\/1226522"}],"wp:attachment":[{"href":"https:\/\/stepstojustice.ca\/fr\/wp-json\/wp\/v2\/media?parent=1175646"}],"curies":[{"name":"wp","href":"https:\/\/api.w.org\/{rel}","templated":true}]}}