{"id":1175653,"date":"2019-07-22T17:06:34","date_gmt":"2019-07-22T21:06:34","guid":{"rendered":""},"modified":"2021-09-22T11:37:59","modified_gmt":"2021-09-22T15:37:59","slug":"interjetez-appel-de-la-mesure-dexpulsion-si-possible","status":"publish","type":"steps","link":"https:\/\/stepstojustice.ca\/fr\/steps\/immigration\/interjetez-appel-de-la-mesure-dexpulsion-si-possible\/","title":{"rendered":"Interjetez appel de la mesure d\u2019expulsion, si possible"},"content":{"rendered":"<p>Faire appel d\u2019une mesure d\u2019expulsion n\u2019est pas simple. N\u2019h\u00e9sitez pas \u00e0 <a href=\"\/fr\/questions\/immigration\/ou-puis-je-obtenir-des-conseils-juridiques-pour-un-statut\/\">demander de l\u2019assistance juridique<\/a> le plus t\u00f4t possible.<\/p>\n<p>Si vous faites l\u2019objet d\u2019une mesure d\u2019expulsion, vous pourriez avoir le droit d\u2019interjeter appel devant la <a class=\"links-link ext\" href=\"\/fr\/resource\/appels-en-mati-re-d-immigration\/\" target=\"_blank\" rel=\"noopener\">Section d\u2019appel de l\u2019immigration<\/a> de la Commission de l\u2019immigration et du statut de r\u00e9fugi\u00e9 (CISR).<\/p>\n<h3>Personnes ne pouvant pas interjeter appel<\/h3>\n<p>Vous <strong>ne pouvez pas faire appel <\/strong>d\u2019une mesure d\u2019expulsion si vous avez \u00e9t\u00e9\u00a0:<\/p>\n<ul>\n<li>d\u00e9clar\u00e9 coupable d\u2019un crime grave;<\/li>\n<li>condamn\u00e9 \u00e0 une peine d\u2019emprisonnement de 6 mois ou plus.<\/li>\n<\/ul>\n<p><a href=\"\/fr\/questions\/immigration\/ou-puis-je-obtenir-des-conseils-juridiques-pour-un-statut\/\">Un avocat peut vous aider \u00e0 d\u00e9terminer<\/a> si vous avez d\u2019autres options.<\/p>\n<h3>Options de la CISR<\/h3>\n<p>Vous devez <a class=\"links-link ext\" href=\"\/fr\/resource\/avis-d-appel-appel-d-une-mesure-de-renvoi\/\" target=\"_blank\" rel=\"noopener\">interjeter appel<\/a> <strong>dans les 30\u00a0jours suivant<\/strong> la r\u00e9ception de la mesure d\u2019expulsion. \u00c0 l\u2019audience d\u2019appel, la CISR\u00a0:<\/p>\n<ul>\n<li>tiendra compte des raisons que vous donnez pour \u00e9viter l\u2019expulsion;<\/li>\n<li>d\u00e9terminera si vous devez \u00eatre expuls\u00e9.<\/li>\n<\/ul>\n<p>Pour en savoir plus sur la proc\u00e9dure d\u2019appel devant la CISR, consultez la question \u00ab\u00a0<a href=\"\/fr\/questions\/immigration\/je-suis-resident-permanent-et-une-mesure-dexpulsion-ete-prise-contre-moi\/\"><u>Je suis r\u00e9sident permanent et une mesure d\u2019expulsion a \u00e9t\u00e9 prise contre moi parce que j\u2019ai \u00e9t\u00e9 d\u00e9clar\u00e9 coupable d\u2019un crime. Que puis-je faire?<\/u><\/a>\u00a0\u00bb<\/p>\n<!-- AddThis Advanced Settings generic via filter on the_content --><!-- AddThis Share Buttons generic via filter on the_content -->","protected":false},"author":3,"featured_media":0,"template":"","class_list":["post-1175653","steps","type-steps","status-publish","hentry"],"yoast_head":"<!-- This site is optimized with the Yoast SEO Premium plugin v23.9 (Yoast SEO v23.9) - https:\/\/yoast.com\/wordpress\/plugins\/seo\/ -->\n<title>Interjetez appel de la mesure d\u2019expulsion, si possible - Justice pas-\u00e0-pas<\/title>\n<meta name=\"description\" content=\"Faire appel d\u2019une mesure d\u2019expulsion n\u2019est pas simple. N\u2019h\u00e9sitez pas \u00e0 demander de l\u2019assistance juridique le plus t\u00f4t possible. Si vous faites l\u2019objet\" \/>\n<meta name=\"robots\" content=\"index, follow, max-snippet:-1, max-image-preview:large, max-video-preview:-1\" \/>\n<link rel=\"canonical\" href=\"https:\/\/stepstojustice.ca\/fr\/steps\/immigration\/interjetez-appel-de-la-mesure-dexpulsion-si-possible\/\" \/>\n<meta property=\"og:locale\" content=\"fr_FR\" \/>\n<meta property=\"og:type\" content=\"article\" \/>\n<meta property=\"og:title\" content=\"Interjetez appel de la mesure d\u2019expulsion, si possible - Justice pas-\u00e0-pas\" \/>\n<meta property=\"og:description\" content=\"Faire appel d\u2019une mesure d\u2019expulsion n\u2019est pas simple. N\u2019h\u00e9sitez pas \u00e0 demander de l\u2019assistance juridique le plus t\u00f4t possible. Si vous faites l\u2019objet\" \/>\n<meta property=\"og:url\" content=\"https:\/\/stepstojustice.ca\/fr\/steps\/immigration\/interjetez-appel-de-la-mesure-dexpulsion-si-possible\/\" \/>\n<meta property=\"og:site_name\" content=\"Justice pas-\u00e0-pas\" \/>\n<meta property=\"article:publisher\" content=\"https:\/\/www.facebook.com\/CLEOLegalRights\/\" \/>\n<meta property=\"article:modified_time\" content=\"2021-09-22T15:37:59+00:00\" \/>\n<meta property=\"og:image\" content=\"https:\/\/stepstojustice.ca\/wp-content\/uploads\/Steps-to-Justice-logo.jpg\" \/>\n\t<meta property=\"og:image:width\" content=\"1200\" \/>\n\t<meta property=\"og:image:height\" content=\"650\" \/>\n\t<meta property=\"og:image:type\" content=\"image\/jpeg\" \/>\n<meta name=\"twitter:card\" content=\"summary_large_image\" \/>\n<meta name=\"twitter:site\" content=\"@CLEOLegalRights\" \/>\n<meta name=\"twitter:label1\" content=\"Est. reading time\" \/>\n\t<meta name=\"twitter:data1\" content=\"1 minute\" \/>\n<script type=\"application\/ld+json\" class=\"yoast-schema-graph\">{\"@context\":\"https:\/\/schema.org\",\"@graph\":[{\"@type\":\"WebPage\",\"@id\":\"https:\/\/stepstojustice.ca\/fr\/steps\/immigration\/interjetez-appel-de-la-mesure-dexpulsion-si-possible\/\",\"url\":\"https:\/\/stepstojustice.ca\/fr\/steps\/immigration\/interjetez-appel-de-la-mesure-dexpulsion-si-possible\/\",\"name\":\"Interjetez appel de la mesure d\u2019expulsion, si possible - Justice pas-\u00e0-pas\",\"isPartOf\":{\"@id\":\"https:\/\/stepstojustice.ca\/fr\/#website\"},\"datePublished\":\"2019-07-22T21:06:34+00:00\",\"dateModified\":\"2021-09-22T15:37:59+00:00\",\"description\":\"Faire appel d\u2019une mesure d\u2019expulsion n\u2019est pas simple. N\u2019h\u00e9sitez pas \u00e0 demander de l\u2019assistance juridique le plus t\u00f4t possible. Si vous faites l\u2019objet\",\"breadcrumb\":{\"@id\":\"https:\/\/stepstojustice.ca\/fr\/steps\/immigration\/interjetez-appel-de-la-mesure-dexpulsion-si-possible\/#breadcrumb\"},\"inLanguage\":\"fr-FR\",\"potentialAction\":[{\"@type\":\"ReadAction\",\"target\":[\"https:\/\/stepstojustice.ca\/fr\/steps\/immigration\/interjetez-appel-de-la-mesure-dexpulsion-si-possible\/\"]}]},{\"@type\":\"BreadcrumbList\",\"@id\":\"https:\/\/stepstojustice.ca\/fr\/steps\/immigration\/interjetez-appel-de-la-mesure-dexpulsion-si-possible\/#breadcrumb\",\"itemListElement\":[{\"@type\":\"ListItem\",\"position\":1,\"name\":\"Home\",\"item\":\"https:\/\/stepstojustice.ca\/fr\/\"},{\"@type\":\"ListItem\",\"position\":2,\"name\":\"Next steps\",\"item\":\"https:\/\/stepstojustice.ca\/fr\/steps\/\"},{\"@type\":\"ListItem\",\"position\":3,\"name\":\"Interjetez appel de la mesure d\u2019expulsion, si possible\"}]},{\"@type\":\"WebSite\",\"@id\":\"https:\/\/stepstojustice.ca\/fr\/#website\",\"url\":\"https:\/\/stepstojustice.ca\/fr\/\",\"name\":\"Justice pas-\u00e0-pas\",\"description\":\"Step-by-step information about legal problems\",\"publisher\":{\"@id\":\"https:\/\/stepstojustice.ca\/fr\/#organization\"},\"potentialAction\":[{\"@type\":\"SearchAction\",\"target\":{\"@type\":\"EntryPoint\",\"urlTemplate\":\"https:\/\/stepstojustice.ca\/fr\/?s={search_term_string}\"},\"query-input\":{\"@type\":\"PropertyValueSpecification\",\"valueRequired\":true,\"valueName\":\"search_term_string\"}}],\"inLanguage\":\"fr-FR\"},{\"@type\":\"Organization\",\"@id\":\"https:\/\/stepstojustice.ca\/fr\/#organization\",\"name\":\"Justice pas-\u00e0-pas\",\"url\":\"https:\/\/stepstojustice.ca\/fr\/\",\"logo\":{\"@type\":\"ImageObject\",\"inLanguage\":\"fr-FR\",\"@id\":\"https:\/\/stepstojustice.ca\/fr\/#\/schema\/logo\/image\/\",\"url\":\"https:\/\/stepstojustice.ca\/wp-content\/uploads\/2020\/10\/logo-s2j.png\",\"contentUrl\":\"https:\/\/stepstojustice.ca\/wp-content\/uploads\/2020\/10\/logo-s2j.png\",\"width\":1000,\"height\":146,\"caption\":\"Justice pas-\u00e0-pas\"},\"image\":{\"@id\":\"https:\/\/stepstojustice.ca\/fr\/#\/schema\/logo\/image\/\"},\"sameAs\":[\"https:\/\/www.facebook.com\/CLEOLegalRights\/\",\"https:\/\/x.com\/CLEOLegalRights\",\"https:\/\/www.instagram.com\/communitylegaleducationon\/\"]}]}<\/script>\n<!-- \/ Yoast SEO Premium plugin. -->","yoast_head_json":{"title":"Interjetez appel de la mesure d\u2019expulsion, si possible - Justice pas-\u00e0-pas","description":"Faire appel d\u2019une mesure d\u2019expulsion n\u2019est pas simple. N\u2019h\u00e9sitez pas \u00e0 demander de l\u2019assistance juridique le plus t\u00f4t possible. Si vous faites l\u2019objet","robots":{"index":"index","follow":"follow","max-snippet":"max-snippet:-1","max-image-preview":"max-image-preview:large","max-video-preview":"max-video-preview:-1"},"canonical":"https:\/\/stepstojustice.ca\/fr\/steps\/immigration\/interjetez-appel-de-la-mesure-dexpulsion-si-possible\/","og_locale":"fr_FR","og_type":"article","og_title":"Interjetez appel de la mesure d\u2019expulsion, si possible - Justice pas-\u00e0-pas","og_description":"Faire appel d\u2019une mesure d\u2019expulsion n\u2019est pas simple. N\u2019h\u00e9sitez pas \u00e0 demander de l\u2019assistance juridique le plus t\u00f4t possible. Si vous faites l\u2019objet","og_url":"https:\/\/stepstojustice.ca\/fr\/steps\/immigration\/interjetez-appel-de-la-mesure-dexpulsion-si-possible\/","og_site_name":"Justice pas-\u00e0-pas","article_publisher":"https:\/\/www.facebook.com\/CLEOLegalRights\/","article_modified_time":"2021-09-22T15:37:59+00:00","og_image":[{"width":1200,"height":650,"url":"https:\/\/stepstojustice.ca\/wp-content\/uploads\/Steps-to-Justice-logo.jpg","type":"image\/jpeg"}],"twitter_card":"summary_large_image","twitter_site":"@CLEOLegalRights","twitter_misc":{"Est. reading time":"1 minute"},"schema":{"@context":"https:\/\/schema.org","@graph":[{"@type":"WebPage","@id":"https:\/\/stepstojustice.ca\/fr\/steps\/immigration\/interjetez-appel-de-la-mesure-dexpulsion-si-possible\/","url":"https:\/\/stepstojustice.ca\/fr\/steps\/immigration\/interjetez-appel-de-la-mesure-dexpulsion-si-possible\/","name":"Interjetez appel de la mesure d\u2019expulsion, si possible - Justice pas-\u00e0-pas","isPartOf":{"@id":"https:\/\/stepstojustice.ca\/fr\/#website"},"datePublished":"2019-07-22T21:06:34+00:00","dateModified":"2021-09-22T15:37:59+00:00","description":"Faire appel d\u2019une mesure d\u2019expulsion n\u2019est pas simple. N\u2019h\u00e9sitez pas \u00e0 demander de l\u2019assistance juridique le plus t\u00f4t possible. Si vous faites l\u2019objet","breadcrumb":{"@id":"https:\/\/stepstojustice.ca\/fr\/steps\/immigration\/interjetez-appel-de-la-mesure-dexpulsion-si-possible\/#breadcrumb"},"inLanguage":"fr-FR","potentialAction":[{"@type":"ReadAction","target":["https:\/\/stepstojustice.ca\/fr\/steps\/immigration\/interjetez-appel-de-la-mesure-dexpulsion-si-possible\/"]}]},{"@type":"BreadcrumbList","@id":"https:\/\/stepstojustice.ca\/fr\/steps\/immigration\/interjetez-appel-de-la-mesure-dexpulsion-si-possible\/#breadcrumb","itemListElement":[{"@type":"ListItem","position":1,"name":"Home","item":"https:\/\/stepstojustice.ca\/fr\/"},{"@type":"ListItem","position":2,"name":"Next steps","item":"https:\/\/stepstojustice.ca\/fr\/steps\/"},{"@type":"ListItem","position":3,"name":"Interjetez appel de la mesure d\u2019expulsion, si possible"}]},{"@type":"WebSite","@id":"https:\/\/stepstojustice.ca\/fr\/#website","url":"https:\/\/stepstojustice.ca\/fr\/","name":"Justice pas-\u00e0-pas","description":"Step-by-step information about legal problems","publisher":{"@id":"https:\/\/stepstojustice.ca\/fr\/#organization"},"potentialAction":[{"@type":"SearchAction","target":{"@type":"EntryPoint","urlTemplate":"https:\/\/stepstojustice.ca\/fr\/?s={search_term_string}"},"query-input":{"@type":"PropertyValueSpecification","valueRequired":true,"valueName":"search_term_string"}}],"inLanguage":"fr-FR"},{"@type":"Organization","@id":"https:\/\/stepstojustice.ca\/fr\/#organization","name":"Justice pas-\u00e0-pas","url":"https:\/\/stepstojustice.ca\/fr\/","logo":{"@type":"ImageObject","inLanguage":"fr-FR","@id":"https:\/\/stepstojustice.ca\/fr\/#\/schema\/logo\/image\/","url":"https:\/\/stepstojustice.ca\/wp-content\/uploads\/2020\/10\/logo-s2j.png","contentUrl":"https:\/\/stepstojustice.ca\/wp-content\/uploads\/2020\/10\/logo-s2j.png","width":1000,"height":146,"caption":"Justice pas-\u00e0-pas"},"image":{"@id":"https:\/\/stepstojustice.ca\/fr\/#\/schema\/logo\/image\/"},"sameAs":["https:\/\/www.facebook.com\/CLEOLegalRights\/","https:\/\/x.com\/CLEOLegalRights","https:\/\/www.instagram.com\/communitylegaleducationon\/"]}]}},"meta_box":{"questions_to_steps_from":["1171222"]},"_links":{"self":[{"href":"https:\/\/stepstojustice.ca\/fr\/wp-json\/wp\/v2\/steps\/1175653","targetHints":{"allow":["GET"]}}],"collection":[{"href":"https:\/\/stepstojustice.ca\/fr\/wp-json\/wp\/v2\/steps"}],"about":[{"href":"https:\/\/stepstojustice.ca\/fr\/wp-json\/wp\/v2\/types\/steps"}],"author":[{"embeddable":true,"href":"https:\/\/stepstojustice.ca\/fr\/wp-json\/wp\/v2\/users\/3"}],"version-history":[{"count":3,"href":"https:\/\/stepstojustice.ca\/fr\/wp-json\/wp\/v2\/steps\/1175653\/revisions"}],"predecessor-version":[{"id":1220755,"href":"https:\/\/stepstojustice.ca\/fr\/wp-json\/wp\/v2\/steps\/1175653\/revisions\/1220755"}],"wp:attachment":[{"href":"https:\/\/stepstojustice.ca\/fr\/wp-json\/wp\/v2\/media?parent=1175653"}],"curies":[{"name":"wp","href":"https:\/\/api.w.org\/{rel}","templated":true}]}}