{"id":1175849,"date":"2020-07-15T13:27:18","date_gmt":"2020-07-15T17:27:18","guid":{"rendered":""},"modified":"2020-12-09T16:39:50","modified_gmt":"2020-12-09T16:39:50","slug":"2-d\u00e9terminez-si-votre-propri\u00e9taire-peut-vous-facturer-des-frais-suppl\u00e9mentaires","status":"publish","type":"steps","link":"https:\/\/stepstojustice.ca\/fr\/steps\/housing-law\/2-d\u00e9terminez-si-votre-propri\u00e9taire-peut-vous-facturer-des-frais-suppl\u00e9mentaires\/","title":{"rendered":"2. D\u00e9terminez si votre propri\u00e9taire peut vous facturer des frais suppl\u00e9mentaires"},"content":{"rendered":"<p>Si vous payez votre propre \u00e9lectricit\u00e9 s\u00e9par\u00e9ment de votre loyer, votre propri\u00e9taire ne peut pas vous facturer de suppl\u00e9ment pour utiliser un climatiseur, car cela ne lui co\u00fbte rien.<\/p>\n<p>Mais si l&#8217;\u00e9lectricit\u00e9 est incluse dans votre loyer, votre propri\u00e9taire pourrait vous dire que vous devez payer un suppl\u00e9ment pour utiliser un climatiseur dans votre logement. Les propri\u00e9taires disent g\u00e9n\u00e9ralement cela parce que les climatiseurs peuvent consommer beaucoup d&#8217;\u00e9nergie \u00e9lectrique.<\/p>\n<p>Si votre <a href=\"\/fr\/questions\/housing-law\/quest-ce-que-ma-convention-de-location-devrait-couvrir\">bail ou convention de location<\/a> n&#8217;indique rien pour les climatiseurs, votre propri\u00e9taire ne peut pas vous facturer de suppl\u00e9ment pour l&#8217;\u00e9lectricit\u00e9 utilis\u00e9e par un climatiseur.<\/p>\n<p>Si votre bail indique que vous devez avoir la permission du propri\u00e9taire pour installer ou utiliser un climatiseur, cela pourrait signifier que l&#8217;\u00e9lectricit\u00e9 utilis\u00e9e par ce climatiseur n&#8217;est pas incluse dans votre loyer. Dans ce cas, votre propri\u00e9taire pourrait facturer un suppl\u00e9ment. La prochaine \u00e9tape explique certaines des r\u00e8gles \u00e0 ce sujet.<\/p>\n<!-- AddThis Advanced Settings generic via filter on the_content --><!-- AddThis Share Buttons generic via filter on the_content -->","protected":false},"author":3,"featured_media":0,"template":"","class_list":["post-1175849","steps","type-steps","status-publish","hentry"],"yoast_head":"<!-- This site is optimized with the Yoast SEO Premium plugin v23.9 (Yoast SEO v23.9) - https:\/\/yoast.com\/wordpress\/plugins\/seo\/ -->\n<title>2. D\u00e9terminez si votre propri\u00e9taire peut vous facturer des frais suppl\u00e9mentaires - Justice pas-\u00e0-pas<\/title>\n<meta name=\"description\" content=\"Si vous payez votre propre \u00e9lectricit\u00e9 s\u00e9par\u00e9ment de votre loyer, votre propri\u00e9taire ne peut pas vous facturer de suppl\u00e9ment pour utiliser un climatiseur,\" \/>\n<meta name=\"robots\" content=\"index, follow, max-snippet:-1, max-image-preview:large, max-video-preview:-1\" \/>\n<link rel=\"canonical\" href=\"https:\/\/stepstojustice.ca\/fr\/steps\/housing-law\/2-d\u00e9terminez-si-votre-propri\u00e9taire-peut-vous-facturer-des-frais-suppl\u00e9mentaires\/\" \/>\n<meta property=\"og:locale\" content=\"fr_FR\" \/>\n<meta property=\"og:type\" content=\"article\" \/>\n<meta property=\"og:title\" content=\"2. D\u00e9terminez si votre propri\u00e9taire peut vous facturer des frais suppl\u00e9mentaires - Justice pas-\u00e0-pas\" \/>\n<meta property=\"og:description\" content=\"Si vous payez votre propre \u00e9lectricit\u00e9 s\u00e9par\u00e9ment de votre loyer, votre propri\u00e9taire ne peut pas vous facturer de suppl\u00e9ment pour utiliser un climatiseur,\" \/>\n<meta property=\"og:url\" content=\"https:\/\/stepstojustice.ca\/fr\/steps\/housing-law\/2-d\u00e9terminez-si-votre-propri\u00e9taire-peut-vous-facturer-des-frais-suppl\u00e9mentaires\/\" \/>\n<meta property=\"og:site_name\" content=\"Justice pas-\u00e0-pas\" \/>\n<meta property=\"article:publisher\" content=\"https:\/\/www.facebook.com\/CLEOLegalRights\/\" \/>\n<meta property=\"article:modified_time\" content=\"2020-12-09T16:39:50+00:00\" \/>\n<meta property=\"og:image\" content=\"https:\/\/stepstojustice.ca\/wp-content\/uploads\/Steps-to-Justice-logo.jpg\" \/>\n\t<meta property=\"og:image:width\" content=\"1200\" \/>\n\t<meta property=\"og:image:height\" content=\"650\" \/>\n\t<meta property=\"og:image:type\" content=\"image\/jpeg\" \/>\n<meta name=\"twitter:card\" content=\"summary_large_image\" \/>\n<meta name=\"twitter:site\" content=\"@CLEOLegalRights\" \/>\n<meta name=\"twitter:label1\" content=\"Est. reading time\" \/>\n\t<meta name=\"twitter:data1\" content=\"1 minute\" \/>\n<script type=\"application\/ld+json\" class=\"yoast-schema-graph\">{\"@context\":\"https:\/\/schema.org\",\"@graph\":[{\"@type\":\"WebPage\",\"@id\":\"https:\/\/stepstojustice.ca\/fr\/steps\/housing-law\/2-d\u00e9terminez-si-votre-propri\u00e9taire-peut-vous-facturer-des-frais-suppl\u00e9mentaires\/\",\"url\":\"https:\/\/stepstojustice.ca\/fr\/steps\/housing-law\/2-d\u00e9terminez-si-votre-propri\u00e9taire-peut-vous-facturer-des-frais-suppl\u00e9mentaires\/\",\"name\":\"2. D\u00e9terminez si votre propri\u00e9taire peut vous facturer des frais suppl\u00e9mentaires - Justice pas-\u00e0-pas\",\"isPartOf\":{\"@id\":\"https:\/\/stepstojustice.ca\/fr\/#website\"},\"datePublished\":\"-0001-11-30T00:00:00+00:00\",\"dateModified\":\"2020-12-09T16:39:50+00:00\",\"description\":\"Si vous payez votre propre \u00e9lectricit\u00e9 s\u00e9par\u00e9ment de votre loyer, votre propri\u00e9taire ne peut pas vous facturer de suppl\u00e9ment pour utiliser un climatiseur,\",\"breadcrumb\":{\"@id\":\"https:\/\/stepstojustice.ca\/fr\/steps\/housing-law\/2-d\u00e9terminez-si-votre-propri\u00e9taire-peut-vous-facturer-des-frais-suppl\u00e9mentaires\/#breadcrumb\"},\"inLanguage\":\"fr-FR\",\"potentialAction\":[{\"@type\":\"ReadAction\",\"target\":[\"https:\/\/stepstojustice.ca\/fr\/steps\/housing-law\/2-d\u00e9terminez-si-votre-propri\u00e9taire-peut-vous-facturer-des-frais-suppl\u00e9mentaires\/\"]}]},{\"@type\":\"BreadcrumbList\",\"@id\":\"https:\/\/stepstojustice.ca\/fr\/steps\/housing-law\/2-d\u00e9terminez-si-votre-propri\u00e9taire-peut-vous-facturer-des-frais-suppl\u00e9mentaires\/#breadcrumb\",\"itemListElement\":[{\"@type\":\"ListItem\",\"position\":1,\"name\":\"Home\",\"item\":\"https:\/\/stepstojustice.ca\/fr\/\"},{\"@type\":\"ListItem\",\"position\":2,\"name\":\"Next steps\",\"item\":\"https:\/\/stepstojustice.ca\/fr\/steps\/\"},{\"@type\":\"ListItem\",\"position\":3,\"name\":\"2. D\u00e9terminez si votre propri\u00e9taire peut vous facturer des frais suppl\u00e9mentaires\"}]},{\"@type\":\"WebSite\",\"@id\":\"https:\/\/stepstojustice.ca\/fr\/#website\",\"url\":\"https:\/\/stepstojustice.ca\/fr\/\",\"name\":\"Justice pas-\u00e0-pas\",\"description\":\"Step-by-step information about legal problems\",\"publisher\":{\"@id\":\"https:\/\/stepstojustice.ca\/fr\/#organization\"},\"potentialAction\":[{\"@type\":\"SearchAction\",\"target\":{\"@type\":\"EntryPoint\",\"urlTemplate\":\"https:\/\/stepstojustice.ca\/fr\/?s={search_term_string}\"},\"query-input\":{\"@type\":\"PropertyValueSpecification\",\"valueRequired\":true,\"valueName\":\"search_term_string\"}}],\"inLanguage\":\"fr-FR\"},{\"@type\":\"Organization\",\"@id\":\"https:\/\/stepstojustice.ca\/fr\/#organization\",\"name\":\"Justice pas-\u00e0-pas\",\"url\":\"https:\/\/stepstojustice.ca\/fr\/\",\"logo\":{\"@type\":\"ImageObject\",\"inLanguage\":\"fr-FR\",\"@id\":\"https:\/\/stepstojustice.ca\/fr\/#\/schema\/logo\/image\/\",\"url\":\"https:\/\/stepstojustice.ca\/wp-content\/uploads\/2020\/10\/logo-s2j.png\",\"contentUrl\":\"https:\/\/stepstojustice.ca\/wp-content\/uploads\/2020\/10\/logo-s2j.png\",\"width\":1000,\"height\":146,\"caption\":\"Justice pas-\u00e0-pas\"},\"image\":{\"@id\":\"https:\/\/stepstojustice.ca\/fr\/#\/schema\/logo\/image\/\"},\"sameAs\":[\"https:\/\/www.facebook.com\/CLEOLegalRights\/\",\"https:\/\/x.com\/CLEOLegalRights\",\"https:\/\/www.instagram.com\/communitylegaleducationon\/\"]}]}<\/script>\n<!-- \/ Yoast SEO Premium plugin. -->","yoast_head_json":{"title":"2. D\u00e9terminez si votre propri\u00e9taire peut vous facturer des frais suppl\u00e9mentaires - Justice pas-\u00e0-pas","description":"Si vous payez votre propre \u00e9lectricit\u00e9 s\u00e9par\u00e9ment de votre loyer, votre propri\u00e9taire ne peut pas vous facturer de suppl\u00e9ment pour utiliser un climatiseur,","robots":{"index":"index","follow":"follow","max-snippet":"max-snippet:-1","max-image-preview":"max-image-preview:large","max-video-preview":"max-video-preview:-1"},"canonical":"https:\/\/stepstojustice.ca\/fr\/steps\/housing-law\/2-d\u00e9terminez-si-votre-propri\u00e9taire-peut-vous-facturer-des-frais-suppl\u00e9mentaires\/","og_locale":"fr_FR","og_type":"article","og_title":"2. D\u00e9terminez si votre propri\u00e9taire peut vous facturer des frais suppl\u00e9mentaires - Justice pas-\u00e0-pas","og_description":"Si vous payez votre propre \u00e9lectricit\u00e9 s\u00e9par\u00e9ment de votre loyer, votre propri\u00e9taire ne peut pas vous facturer de suppl\u00e9ment pour utiliser un climatiseur,","og_url":"https:\/\/stepstojustice.ca\/fr\/steps\/housing-law\/2-d\u00e9terminez-si-votre-propri\u00e9taire-peut-vous-facturer-des-frais-suppl\u00e9mentaires\/","og_site_name":"Justice pas-\u00e0-pas","article_publisher":"https:\/\/www.facebook.com\/CLEOLegalRights\/","article_modified_time":"2020-12-09T16:39:50+00:00","og_image":[{"width":1200,"height":650,"url":"https:\/\/stepstojustice.ca\/wp-content\/uploads\/Steps-to-Justice-logo.jpg","type":"image\/jpeg"}],"twitter_card":"summary_large_image","twitter_site":"@CLEOLegalRights","twitter_misc":{"Est. reading time":"1 minute"},"schema":{"@context":"https:\/\/schema.org","@graph":[{"@type":"WebPage","@id":"https:\/\/stepstojustice.ca\/fr\/steps\/housing-law\/2-d\u00e9terminez-si-votre-propri\u00e9taire-peut-vous-facturer-des-frais-suppl\u00e9mentaires\/","url":"https:\/\/stepstojustice.ca\/fr\/steps\/housing-law\/2-d\u00e9terminez-si-votre-propri\u00e9taire-peut-vous-facturer-des-frais-suppl\u00e9mentaires\/","name":"2. D\u00e9terminez si votre propri\u00e9taire peut vous facturer des frais suppl\u00e9mentaires - Justice pas-\u00e0-pas","isPartOf":{"@id":"https:\/\/stepstojustice.ca\/fr\/#website"},"datePublished":"-0001-11-30T00:00:00+00:00","dateModified":"2020-12-09T16:39:50+00:00","description":"Si vous payez votre propre \u00e9lectricit\u00e9 s\u00e9par\u00e9ment de votre loyer, votre propri\u00e9taire ne peut pas vous facturer de suppl\u00e9ment pour utiliser un climatiseur,","breadcrumb":{"@id":"https:\/\/stepstojustice.ca\/fr\/steps\/housing-law\/2-d\u00e9terminez-si-votre-propri\u00e9taire-peut-vous-facturer-des-frais-suppl\u00e9mentaires\/#breadcrumb"},"inLanguage":"fr-FR","potentialAction":[{"@type":"ReadAction","target":["https:\/\/stepstojustice.ca\/fr\/steps\/housing-law\/2-d\u00e9terminez-si-votre-propri\u00e9taire-peut-vous-facturer-des-frais-suppl\u00e9mentaires\/"]}]},{"@type":"BreadcrumbList","@id":"https:\/\/stepstojustice.ca\/fr\/steps\/housing-law\/2-d\u00e9terminez-si-votre-propri\u00e9taire-peut-vous-facturer-des-frais-suppl\u00e9mentaires\/#breadcrumb","itemListElement":[{"@type":"ListItem","position":1,"name":"Home","item":"https:\/\/stepstojustice.ca\/fr\/"},{"@type":"ListItem","position":2,"name":"Next steps","item":"https:\/\/stepstojustice.ca\/fr\/steps\/"},{"@type":"ListItem","position":3,"name":"2. D\u00e9terminez si votre propri\u00e9taire peut vous facturer des frais suppl\u00e9mentaires"}]},{"@type":"WebSite","@id":"https:\/\/stepstojustice.ca\/fr\/#website","url":"https:\/\/stepstojustice.ca\/fr\/","name":"Justice pas-\u00e0-pas","description":"Step-by-step information about legal problems","publisher":{"@id":"https:\/\/stepstojustice.ca\/fr\/#organization"},"potentialAction":[{"@type":"SearchAction","target":{"@type":"EntryPoint","urlTemplate":"https:\/\/stepstojustice.ca\/fr\/?s={search_term_string}"},"query-input":{"@type":"PropertyValueSpecification","valueRequired":true,"valueName":"search_term_string"}}],"inLanguage":"fr-FR"},{"@type":"Organization","@id":"https:\/\/stepstojustice.ca\/fr\/#organization","name":"Justice pas-\u00e0-pas","url":"https:\/\/stepstojustice.ca\/fr\/","logo":{"@type":"ImageObject","inLanguage":"fr-FR","@id":"https:\/\/stepstojustice.ca\/fr\/#\/schema\/logo\/image\/","url":"https:\/\/stepstojustice.ca\/wp-content\/uploads\/2020\/10\/logo-s2j.png","contentUrl":"https:\/\/stepstojustice.ca\/wp-content\/uploads\/2020\/10\/logo-s2j.png","width":1000,"height":146,"caption":"Justice pas-\u00e0-pas"},"image":{"@id":"https:\/\/stepstojustice.ca\/fr\/#\/schema\/logo\/image\/"},"sameAs":["https:\/\/www.facebook.com\/CLEOLegalRights\/","https:\/\/x.com\/CLEOLegalRights","https:\/\/www.instagram.com\/communitylegaleducationon\/"]}]}},"meta_box":{"questions_to_steps_from":["1171239"]},"_links":{"self":[{"href":"https:\/\/stepstojustice.ca\/fr\/wp-json\/wp\/v2\/steps\/1175849","targetHints":{"allow":["GET"]}}],"collection":[{"href":"https:\/\/stepstojustice.ca\/fr\/wp-json\/wp\/v2\/steps"}],"about":[{"href":"https:\/\/stepstojustice.ca\/fr\/wp-json\/wp\/v2\/types\/steps"}],"author":[{"embeddable":true,"href":"https:\/\/stepstojustice.ca\/fr\/wp-json\/wp\/v2\/users\/3"}],"version-history":[{"count":0,"href":"https:\/\/stepstojustice.ca\/fr\/wp-json\/wp\/v2\/steps\/1175849\/revisions"}],"wp:attachment":[{"href":"https:\/\/stepstojustice.ca\/fr\/wp-json\/wp\/v2\/media?parent=1175849"}],"curies":[{"name":"wp","href":"https:\/\/api.w.org\/{rel}","templated":true}]}}