{"id":1175957,"date":"2019-02-06T12:26:13","date_gmt":"2019-02-06T17:26:13","guid":{"rendered":""},"modified":"2025-02-05T08:13:01","modified_gmt":"2025-02-05T13:13:01","slug":"5-informez-vous-sur-les-requetes-en-matiere-de-droits-de-la-personne","status":"publish","type":"steps","link":"https:\/\/stepstojustice.ca\/fr\/steps\/human-rights\/5-informez-vous-sur-les-requetes-en-matiere-de-droits-de-la-personne\/","title":{"rendered":"5. Informez-vous sur les requ\u00eates en mati\u00e8re de droits de la personne"},"content":{"rendered":"<p>Si vous croyez avoir \u00e9t\u00e9 victime de discrimination de la part de l\u2019entreprise ou de l\u2019organisation pour laquelle vous travaillez, adressez-vous au <a class=\"links-link ext new-link\" href=\"\/fr\/resource\/tribunal-des-droits-de-la-personne-de-l-ontario\/\" target=\"_blank\" rel=\"noopener\">Tribunal des droits de la personne de l\u2019Ontario<\/a>. Vous pouvez obtenir l\u2019aide du Centre d\u2019assistance juridique en mati\u00e8re de droits de la personne ou d\u2019une clinique juridique communautaire pour pr\u00e9senter votre <span class=\"no-glossary\">requ\u00eate<\/span> au Tribunal.<\/p>\n<p>Le Tribunal d\u00e9terminera s\u2019il s\u2019agit de discrimination. Il est important de conna\u00eetre les <a href=\"\/fr\/questions\/human-rights\/comment-puis-je-d\u00e9poser-une-plainte-aupr\u00e8s-du-tribunal-des-droits\/\">\u00e9tapes d\u2019une requ\u00eate au Tribunal<\/a>.<\/p>\n<p>Vous pouvez aussi cliquer sur le lien suivant pour en savoir plus sur la <a class=\"links-link ext new-link\" href=\"\/fr\/resource\/how-to-complete-an-application-form-to-the-human-rights-tribunal-of-ontario-pdf-human-rights-legal-support-centre-hrlsc\/\" target=\"_blank\" rel=\"noopener\">fa\u00e7on de remplir une requ\u00eate destin\u00e9e au Tribunal des droits de la personne de l\u2019Ontario<\/a>.<\/p>\n<div class=\"resource-shortcode \"><a class=\"resource-box resource-shortcode bordered on-site site-internet has-image\" href=\"https:\/\/stepstojustice.ca\/fr\/resource\/quelles-sont-mes-options-si-je-suis-victime-de-discrimination-au-travail\/\" data-id= 1266929 data-type=\"resource\"><div class=\"img-box\" ><img src = \"https:\/\/stepstojustice.ca\/wp-content\/uploads\/icon-employment.svg\" alt = \"\" ><\/div ><div class=\"text-box\"><div class=\"title-box\"><p class=\"resource-title\">Quelles sont mes options si je suis victime de discrimination au travail?<\/p><p class=\"author\">CLEO<\/p><span class=\"icon\"><img decoding=\"async\" class=\"style-svg1189716\" src=\"https:\/\/stepstojustice.ca\/wp-content\/uploads\/icon-website.svg\" alt=\"icon-website.svg\"\/><\/span><\/div><p><span data-olk-copy-source=\"MessageBody\">Utilisez cet outil pour comparer vos options <span lang=\"FR-CA\" data-olk-copy-source=\"MessageBody\">juridiques<\/span>.<\/span><\/p>\n<\/div><\/a><\/div>\n<h3>Ce que peut faire le Tribunal<\/h3>\n<p>Si le Tribunal juge que l\u2019entreprise ou l\u2019organisation a fait de la discrimination contre vous, il peut lui ordonner de\u00a0:<\/p>\n<ul>\n<li>vous verser une somme d\u2019argent;<\/li>\n<li>vous accorder les mesures d\u2019adaptation dont vous avez besoin;<\/li>\n<li>changer ses pratiques pour qu\u2019elles respectent les lois sur les droits de la personne.<\/li>\n<\/ul>\n<p>Le Tribunal peut aussi lui ordonner de vous payer le montant de vos pertes <span class=\"glossary\">salariales<\/span> caus\u00e9es par la discrimination. Dans certains cas, il lui ordonnera de vous rengager, mais cela arrive plut\u00f4t rarement.<\/p>\n<p>Vous pouvez demander de l\u2019argent pour couvrir les frais que vous devez payer ou les sommes que vous avez d\u00fb payer \u00e0 cause de ce qu\u2019a fait l\u2019entreprise ou l\u2019organisation.<\/p>\n<p>Vous pouvez \u00e9galement demander une somme d\u2019argent pour le tort que vous a caus\u00e9 l\u2019entreprise ou l\u2019organisation. Le Tribunal peut alors lui ordonner de vous verser une somme pour ce tort, sans que vous ayez \u00e0 d\u00e9montrer que cela vous a occasionn\u00e9 des d\u00e9penses.<\/p>\n<h3>D\u00e9lai<\/h3>\n<p>Vous avez <strong>un an<\/strong> \u00e0 compter de l\u2019incident de discrimination pour d\u00e9poser une requ\u00eate au Tribunal.<\/p>\n<p>Apr\u00e8s ce d\u00e9lai, vous pourrez toujours faire votre requ\u00eate, mais vous devrez y expliquer pourquoi vous avez tard\u00e9. Si vous avez une bonne raison, par exemple si vous \u00e9tiez hospitalis\u00e9, le Tribunal pourra accepter votre requ\u00eate, mais cela arrive rarement.<\/p>\n<!-- AddThis Advanced Settings generic via filter on the_content --><!-- AddThis Share Buttons generic via filter on the_content -->","protected":false},"author":3,"featured_media":0,"template":"","class_list":["post-1175957","steps","type-steps","status-publish","hentry"],"yoast_head":"<!-- This site is optimized with the Yoast SEO Premium plugin v23.9 (Yoast SEO v23.9) - https:\/\/yoast.com\/wordpress\/plugins\/seo\/ -->\n<title>5. Informez-vous sur les requ\u00eates en mati\u00e8re de droits de la personne - Justice pas-\u00e0-pas<\/title>\n<meta name=\"description\" content=\"Si vous croyez avoir \u00e9t\u00e9 victime de discrimination de la part de l\u2019entreprise ou de l\u2019organisation pour laquelle vous travaillez, adressez-vous au\" \/>\n<meta name=\"robots\" content=\"index, follow, max-snippet:-1, max-image-preview:large, max-video-preview:-1\" \/>\n<link rel=\"canonical\" href=\"https:\/\/stepstojustice.ca\/fr\/steps\/human-rights\/5-informez-vous-sur-les-requetes-en-matiere-de-droits-de-la-personne\/\" \/>\n<meta property=\"og:locale\" content=\"fr_FR\" \/>\n<meta property=\"og:type\" content=\"article\" \/>\n<meta property=\"og:title\" content=\"5. Informez-vous sur les requ\u00eates en mati\u00e8re de droits de la personne - Justice pas-\u00e0-pas\" \/>\n<meta property=\"og:description\" content=\"Si vous croyez avoir \u00e9t\u00e9 victime de discrimination de la part de l\u2019entreprise ou de l\u2019organisation pour laquelle vous travaillez, adressez-vous au\" \/>\n<meta property=\"og:url\" content=\"https:\/\/stepstojustice.ca\/fr\/steps\/human-rights\/5-informez-vous-sur-les-requetes-en-matiere-de-droits-de-la-personne\/\" \/>\n<meta property=\"og:site_name\" content=\"Justice pas-\u00e0-pas\" \/>\n<meta property=\"article:publisher\" content=\"https:\/\/www.facebook.com\/CLEOLegalRights\/\" \/>\n<meta property=\"article:modified_time\" content=\"2025-02-05T13:13:01+00:00\" \/>\n<meta property=\"og:image\" content=\"https:\/\/stepstojustice.ca\/wp-content\/uploads\/Steps-to-Justice-logo.jpg\" \/>\n\t<meta property=\"og:image:width\" content=\"1200\" \/>\n\t<meta property=\"og:image:height\" content=\"650\" \/>\n\t<meta property=\"og:image:type\" content=\"image\/jpeg\" \/>\n<meta name=\"twitter:card\" content=\"summary_large_image\" \/>\n<meta name=\"twitter:site\" content=\"@CLEOLegalRights\" \/>\n<meta name=\"twitter:label1\" content=\"Est. reading time\" \/>\n\t<meta name=\"twitter:data1\" content=\"2 minutes\" \/>\n<script type=\"application\/ld+json\" class=\"yoast-schema-graph\">{\"@context\":\"https:\/\/schema.org\",\"@graph\":[{\"@type\":\"WebPage\",\"@id\":\"https:\/\/stepstojustice.ca\/fr\/steps\/human-rights\/5-informez-vous-sur-les-requetes-en-matiere-de-droits-de-la-personne\/\",\"url\":\"https:\/\/stepstojustice.ca\/fr\/steps\/human-rights\/5-informez-vous-sur-les-requetes-en-matiere-de-droits-de-la-personne\/\",\"name\":\"5. Informez-vous sur les requ\u00eates en mati\u00e8re de droits de la personne - Justice pas-\u00e0-pas\",\"isPartOf\":{\"@id\":\"https:\/\/stepstojustice.ca\/fr\/#website\"},\"datePublished\":\"2019-02-06T17:26:13+00:00\",\"dateModified\":\"2025-02-05T13:13:01+00:00\",\"description\":\"Si vous croyez avoir \u00e9t\u00e9 victime de discrimination de la part de l\u2019entreprise ou de l\u2019organisation pour laquelle vous travaillez, adressez-vous au\",\"breadcrumb\":{\"@id\":\"https:\/\/stepstojustice.ca\/fr\/steps\/human-rights\/5-informez-vous-sur-les-requetes-en-matiere-de-droits-de-la-personne\/#breadcrumb\"},\"inLanguage\":\"fr-FR\",\"potentialAction\":[{\"@type\":\"ReadAction\",\"target\":[\"https:\/\/stepstojustice.ca\/fr\/steps\/human-rights\/5-informez-vous-sur-les-requetes-en-matiere-de-droits-de-la-personne\/\"]}]},{\"@type\":\"BreadcrumbList\",\"@id\":\"https:\/\/stepstojustice.ca\/fr\/steps\/human-rights\/5-informez-vous-sur-les-requetes-en-matiere-de-droits-de-la-personne\/#breadcrumb\",\"itemListElement\":[{\"@type\":\"ListItem\",\"position\":1,\"name\":\"Home\",\"item\":\"https:\/\/stepstojustice.ca\/fr\/\"},{\"@type\":\"ListItem\",\"position\":2,\"name\":\"Next steps\",\"item\":\"https:\/\/stepstojustice.ca\/fr\/steps\/\"},{\"@type\":\"ListItem\",\"position\":3,\"name\":\"5. Informez-vous sur les requ\u00eates en mati\u00e8re de droits de la personne\"}]},{\"@type\":\"WebSite\",\"@id\":\"https:\/\/stepstojustice.ca\/fr\/#website\",\"url\":\"https:\/\/stepstojustice.ca\/fr\/\",\"name\":\"Justice pas-\u00e0-pas\",\"description\":\"Step-by-step information about legal problems\",\"publisher\":{\"@id\":\"https:\/\/stepstojustice.ca\/fr\/#organization\"},\"potentialAction\":[{\"@type\":\"SearchAction\",\"target\":{\"@type\":\"EntryPoint\",\"urlTemplate\":\"https:\/\/stepstojustice.ca\/fr\/?s={search_term_string}\"},\"query-input\":{\"@type\":\"PropertyValueSpecification\",\"valueRequired\":true,\"valueName\":\"search_term_string\"}}],\"inLanguage\":\"fr-FR\"},{\"@type\":\"Organization\",\"@id\":\"https:\/\/stepstojustice.ca\/fr\/#organization\",\"name\":\"Justice pas-\u00e0-pas\",\"url\":\"https:\/\/stepstojustice.ca\/fr\/\",\"logo\":{\"@type\":\"ImageObject\",\"inLanguage\":\"fr-FR\",\"@id\":\"https:\/\/stepstojustice.ca\/fr\/#\/schema\/logo\/image\/\",\"url\":\"https:\/\/stepstojustice.ca\/wp-content\/uploads\/2020\/10\/logo-s2j.png\",\"contentUrl\":\"https:\/\/stepstojustice.ca\/wp-content\/uploads\/2020\/10\/logo-s2j.png\",\"width\":1000,\"height\":146,\"caption\":\"Justice pas-\u00e0-pas\"},\"image\":{\"@id\":\"https:\/\/stepstojustice.ca\/fr\/#\/schema\/logo\/image\/\"},\"sameAs\":[\"https:\/\/www.facebook.com\/CLEOLegalRights\/\",\"https:\/\/x.com\/CLEOLegalRights\",\"https:\/\/www.instagram.com\/communitylegaleducationon\/\"]}]}<\/script>\n<!-- \/ Yoast SEO Premium plugin. -->","yoast_head_json":{"title":"5. Informez-vous sur les requ\u00eates en mati\u00e8re de droits de la personne - Justice pas-\u00e0-pas","description":"Si vous croyez avoir \u00e9t\u00e9 victime de discrimination de la part de l\u2019entreprise ou de l\u2019organisation pour laquelle vous travaillez, adressez-vous au","robots":{"index":"index","follow":"follow","max-snippet":"max-snippet:-1","max-image-preview":"max-image-preview:large","max-video-preview":"max-video-preview:-1"},"canonical":"https:\/\/stepstojustice.ca\/fr\/steps\/human-rights\/5-informez-vous-sur-les-requetes-en-matiere-de-droits-de-la-personne\/","og_locale":"fr_FR","og_type":"article","og_title":"5. Informez-vous sur les requ\u00eates en mati\u00e8re de droits de la personne - Justice pas-\u00e0-pas","og_description":"Si vous croyez avoir \u00e9t\u00e9 victime de discrimination de la part de l\u2019entreprise ou de l\u2019organisation pour laquelle vous travaillez, adressez-vous au","og_url":"https:\/\/stepstojustice.ca\/fr\/steps\/human-rights\/5-informez-vous-sur-les-requetes-en-matiere-de-droits-de-la-personne\/","og_site_name":"Justice pas-\u00e0-pas","article_publisher":"https:\/\/www.facebook.com\/CLEOLegalRights\/","article_modified_time":"2025-02-05T13:13:01+00:00","og_image":[{"width":1200,"height":650,"url":"https:\/\/stepstojustice.ca\/wp-content\/uploads\/Steps-to-Justice-logo.jpg","type":"image\/jpeg"}],"twitter_card":"summary_large_image","twitter_site":"@CLEOLegalRights","twitter_misc":{"Est. reading time":"2 minutes"},"schema":{"@context":"https:\/\/schema.org","@graph":[{"@type":"WebPage","@id":"https:\/\/stepstojustice.ca\/fr\/steps\/human-rights\/5-informez-vous-sur-les-requetes-en-matiere-de-droits-de-la-personne\/","url":"https:\/\/stepstojustice.ca\/fr\/steps\/human-rights\/5-informez-vous-sur-les-requetes-en-matiere-de-droits-de-la-personne\/","name":"5. Informez-vous sur les requ\u00eates en mati\u00e8re de droits de la personne - Justice pas-\u00e0-pas","isPartOf":{"@id":"https:\/\/stepstojustice.ca\/fr\/#website"},"datePublished":"2019-02-06T17:26:13+00:00","dateModified":"2025-02-05T13:13:01+00:00","description":"Si vous croyez avoir \u00e9t\u00e9 victime de discrimination de la part de l\u2019entreprise ou de l\u2019organisation pour laquelle vous travaillez, adressez-vous au","breadcrumb":{"@id":"https:\/\/stepstojustice.ca\/fr\/steps\/human-rights\/5-informez-vous-sur-les-requetes-en-matiere-de-droits-de-la-personne\/#breadcrumb"},"inLanguage":"fr-FR","potentialAction":[{"@type":"ReadAction","target":["https:\/\/stepstojustice.ca\/fr\/steps\/human-rights\/5-informez-vous-sur-les-requetes-en-matiere-de-droits-de-la-personne\/"]}]},{"@type":"BreadcrumbList","@id":"https:\/\/stepstojustice.ca\/fr\/steps\/human-rights\/5-informez-vous-sur-les-requetes-en-matiere-de-droits-de-la-personne\/#breadcrumb","itemListElement":[{"@type":"ListItem","position":1,"name":"Home","item":"https:\/\/stepstojustice.ca\/fr\/"},{"@type":"ListItem","position":2,"name":"Next steps","item":"https:\/\/stepstojustice.ca\/fr\/steps\/"},{"@type":"ListItem","position":3,"name":"5. Informez-vous sur les requ\u00eates en mati\u00e8re de droits de la personne"}]},{"@type":"WebSite","@id":"https:\/\/stepstojustice.ca\/fr\/#website","url":"https:\/\/stepstojustice.ca\/fr\/","name":"Justice pas-\u00e0-pas","description":"Step-by-step information about legal problems","publisher":{"@id":"https:\/\/stepstojustice.ca\/fr\/#organization"},"potentialAction":[{"@type":"SearchAction","target":{"@type":"EntryPoint","urlTemplate":"https:\/\/stepstojustice.ca\/fr\/?s={search_term_string}"},"query-input":{"@type":"PropertyValueSpecification","valueRequired":true,"valueName":"search_term_string"}}],"inLanguage":"fr-FR"},{"@type":"Organization","@id":"https:\/\/stepstojustice.ca\/fr\/#organization","name":"Justice pas-\u00e0-pas","url":"https:\/\/stepstojustice.ca\/fr\/","logo":{"@type":"ImageObject","inLanguage":"fr-FR","@id":"https:\/\/stepstojustice.ca\/fr\/#\/schema\/logo\/image\/","url":"https:\/\/stepstojustice.ca\/wp-content\/uploads\/2020\/10\/logo-s2j.png","contentUrl":"https:\/\/stepstojustice.ca\/wp-content\/uploads\/2020\/10\/logo-s2j.png","width":1000,"height":146,"caption":"Justice pas-\u00e0-pas"},"image":{"@id":"https:\/\/stepstojustice.ca\/fr\/#\/schema\/logo\/image\/"},"sameAs":["https:\/\/www.facebook.com\/CLEOLegalRights\/","https:\/\/x.com\/CLEOLegalRights","https:\/\/www.instagram.com\/communitylegaleducationon\/"]}]}},"meta_box":{"questions_to_steps_from":["1171780"]},"_links":{"self":[{"href":"https:\/\/stepstojustice.ca\/fr\/wp-json\/wp\/v2\/steps\/1175957","targetHints":{"allow":["GET"]}}],"collection":[{"href":"https:\/\/stepstojustice.ca\/fr\/wp-json\/wp\/v2\/steps"}],"about":[{"href":"https:\/\/stepstojustice.ca\/fr\/wp-json\/wp\/v2\/types\/steps"}],"author":[{"embeddable":true,"href":"https:\/\/stepstojustice.ca\/fr\/wp-json\/wp\/v2\/users\/3"}],"version-history":[{"count":5,"href":"https:\/\/stepstojustice.ca\/fr\/wp-json\/wp\/v2\/steps\/1175957\/revisions"}],"predecessor-version":[{"id":1268676,"href":"https:\/\/stepstojustice.ca\/fr\/wp-json\/wp\/v2\/steps\/1175957\/revisions\/1268676"}],"wp:attachment":[{"href":"https:\/\/stepstojustice.ca\/fr\/wp-json\/wp\/v2\/media?parent=1175957"}],"curies":[{"name":"wp","href":"https:\/\/api.w.org\/{rel}","templated":true}]}}