{"id":1176370,"date":"2018-03-01T11:24:23","date_gmt":"2018-03-01T16:24:23","guid":{"rendered":""},"modified":"2022-02-14T11:49:03","modified_gmt":"2022-02-14T16:49:03","slug":"4-determinez-la-date-de-la-separation","status":"publish","type":"steps","link":"https:\/\/stepstojustice.ca\/fr\/steps\/family-law\/4-determinez-la-date-de-la-separation\/","title":{"rendered":"4. D\u00e9terminez la date de la s\u00e9paration"},"content":{"rendered":"<p>La journ\u00e9e exacte \u00e0 laquelle vous et votre conjoint vous \u00eates s\u00e9par\u00e9s s&#8217;appelle la date de s\u00e9paration. C&#8217;est une date importante, car elle influe sur certaines choses, dont\u00a0:<\/p>\n<ul>\n<li>le moment o\u00f9 vous pourrez obtenir le divorce\u00a0: l&#8217;une des fa\u00e7ons d&#8217;<a href=\"\/fr\/questions\/family-law\/dois-je-divorcer\/\">obtenir le divorce<\/a> est de vivre s\u00e9par\u00e9 de votre conjoint pendant un an (la date de s\u00e9paration est le jour \u00e0 partir duquel vous commencez \u00e0 calculer cette p\u00e9riode);<\/li>\n<li>la fa\u00e7on dont vous partagerez vos biens\u00a0: les couples mari\u00e9s ont droit \u00e0 une part de la valeur des biens accumul\u00e9s pendant le mariage, mais non \u00e0 ceux accumul\u00e9s depuis la s\u00e9paration, sauf si ceux-ci sont poss\u00e9d\u00e9s conjointement.<\/li>\n<\/ul>\n<p>Vous n&#8217;\u00eates pas certain de votre date de s\u00e9paration? Ou encore, votre conjoint et vous n&#8217;arrivez pas \u00e0 vous entendre sur la question?<\/p>\n<p>Pour \u00e9tablir la date de s\u00e9paration, vous pouvez vous demander \u00e0 partir de quand vous et votre conjoint avez commenc\u00e9\u00a0:<\/p>\n<ul>\n<li>\u00e0 habiter des lieux diff\u00e9rents ou \u00e0 dormir s\u00e9par\u00e9ment, si vous vivez toujours sous le m\u00eame toit;<\/li>\n<li>\u00e0 s\u00e9parer votre argent et vos actifs financiers;<\/li>\n<li>\u00e0 faire des choses comme manger, partir en vacances ou f\u00eater No\u00ebl chacun de votre c\u00f4t\u00e9.<\/li>\n<\/ul>\n<p>Vous pouvez aussi consulter divers documents\u00a0:<\/p>\n<ul>\n<li>lettres, courriels ou messages dans lesquels vous ou votre conjoint parliez de s\u00e9paration;<\/li>\n<\/ul>\n<ul>\n<li>documents qui indiquent que vous ne viviez plus en couple, par exemple, une d\u00e9claration de revenus dans laquelle votre \u00e9tat matrimonial est \u00ab\u00a0s\u00e9par\u00e9\u00a0\u00bb.<\/li>\n<\/ul>\n<!-- AddThis Advanced Settings generic via filter on the_content --><!-- AddThis Share Buttons generic via filter on the_content -->","protected":false},"author":3,"featured_media":0,"template":"","class_list":["post-1176370","steps","type-steps","status-publish","hentry"],"yoast_head":"<!-- This site is optimized with the Yoast SEO Premium plugin v23.9 (Yoast SEO v23.9) - https:\/\/yoast.com\/wordpress\/plugins\/seo\/ -->\n<title>4. D\u00e9terminez la date de la s\u00e9paration - Justice pas-\u00e0-pas<\/title>\n<meta name=\"description\" content=\"La journ\u00e9e exacte \u00e0 laquelle vous et votre conjoint vous \u00eates s\u00e9par\u00e9s s&#039;appelle la date de s\u00e9paration. C&#039;est une date importante, car elle influe sur\" \/>\n<meta name=\"robots\" content=\"index, follow, max-snippet:-1, max-image-preview:large, max-video-preview:-1\" \/>\n<link rel=\"canonical\" href=\"https:\/\/stepstojustice.ca\/fr\/steps\/family-law\/4-determinez-la-date-de-la-separation\/\" \/>\n<meta property=\"og:locale\" content=\"fr_FR\" \/>\n<meta property=\"og:type\" content=\"article\" \/>\n<meta property=\"og:title\" content=\"4. D\u00e9terminez la date de la s\u00e9paration - Justice pas-\u00e0-pas\" \/>\n<meta property=\"og:description\" content=\"La journ\u00e9e exacte \u00e0 laquelle vous et votre conjoint vous \u00eates s\u00e9par\u00e9s s&#039;appelle la date de s\u00e9paration. C&#039;est une date importante, car elle influe sur\" \/>\n<meta property=\"og:url\" content=\"https:\/\/stepstojustice.ca\/fr\/steps\/family-law\/4-determinez-la-date-de-la-separation\/\" \/>\n<meta property=\"og:site_name\" content=\"Justice pas-\u00e0-pas\" \/>\n<meta property=\"article:publisher\" content=\"https:\/\/www.facebook.com\/CLEOLegalRights\/\" \/>\n<meta property=\"article:modified_time\" content=\"2022-02-14T16:49:03+00:00\" \/>\n<meta property=\"og:image\" content=\"https:\/\/stepstojustice.ca\/wp-content\/uploads\/Steps-to-Justice-logo.jpg\" \/>\n\t<meta property=\"og:image:width\" content=\"1200\" \/>\n\t<meta property=\"og:image:height\" content=\"650\" \/>\n\t<meta property=\"og:image:type\" content=\"image\/jpeg\" \/>\n<meta name=\"twitter:card\" content=\"summary_large_image\" \/>\n<meta name=\"twitter:site\" content=\"@CLEOLegalRights\" \/>\n<meta name=\"twitter:label1\" content=\"Est. reading time\" \/>\n\t<meta name=\"twitter:data1\" content=\"1 minute\" \/>\n<script type=\"application\/ld+json\" class=\"yoast-schema-graph\">{\"@context\":\"https:\/\/schema.org\",\"@graph\":[{\"@type\":\"WebPage\",\"@id\":\"https:\/\/stepstojustice.ca\/fr\/steps\/family-law\/4-determinez-la-date-de-la-separation\/\",\"url\":\"https:\/\/stepstojustice.ca\/fr\/steps\/family-law\/4-determinez-la-date-de-la-separation\/\",\"name\":\"4. D\u00e9terminez la date de la s\u00e9paration - Justice pas-\u00e0-pas\",\"isPartOf\":{\"@id\":\"https:\/\/stepstojustice.ca\/fr\/#website\"},\"datePublished\":\"2018-03-01T16:24:23+00:00\",\"dateModified\":\"2022-02-14T16:49:03+00:00\",\"description\":\"La journ\u00e9e exacte \u00e0 laquelle vous et votre conjoint vous \u00eates s\u00e9par\u00e9s s'appelle la date de s\u00e9paration. C'est une date importante, car elle influe sur\",\"breadcrumb\":{\"@id\":\"https:\/\/stepstojustice.ca\/fr\/steps\/family-law\/4-determinez-la-date-de-la-separation\/#breadcrumb\"},\"inLanguage\":\"fr-FR\",\"potentialAction\":[{\"@type\":\"ReadAction\",\"target\":[\"https:\/\/stepstojustice.ca\/fr\/steps\/family-law\/4-determinez-la-date-de-la-separation\/\"]}]},{\"@type\":\"BreadcrumbList\",\"@id\":\"https:\/\/stepstojustice.ca\/fr\/steps\/family-law\/4-determinez-la-date-de-la-separation\/#breadcrumb\",\"itemListElement\":[{\"@type\":\"ListItem\",\"position\":1,\"name\":\"Home\",\"item\":\"https:\/\/stepstojustice.ca\/fr\/\"},{\"@type\":\"ListItem\",\"position\":2,\"name\":\"Next steps\",\"item\":\"https:\/\/stepstojustice.ca\/fr\/steps\/\"},{\"@type\":\"ListItem\",\"position\":3,\"name\":\"4. D\u00e9terminez la date de la s\u00e9paration\"}]},{\"@type\":\"WebSite\",\"@id\":\"https:\/\/stepstojustice.ca\/fr\/#website\",\"url\":\"https:\/\/stepstojustice.ca\/fr\/\",\"name\":\"Justice pas-\u00e0-pas\",\"description\":\"Step-by-step information about legal problems\",\"publisher\":{\"@id\":\"https:\/\/stepstojustice.ca\/fr\/#organization\"},\"potentialAction\":[{\"@type\":\"SearchAction\",\"target\":{\"@type\":\"EntryPoint\",\"urlTemplate\":\"https:\/\/stepstojustice.ca\/fr\/?s={search_term_string}\"},\"query-input\":{\"@type\":\"PropertyValueSpecification\",\"valueRequired\":true,\"valueName\":\"search_term_string\"}}],\"inLanguage\":\"fr-FR\"},{\"@type\":\"Organization\",\"@id\":\"https:\/\/stepstojustice.ca\/fr\/#organization\",\"name\":\"Justice pas-\u00e0-pas\",\"url\":\"https:\/\/stepstojustice.ca\/fr\/\",\"logo\":{\"@type\":\"ImageObject\",\"inLanguage\":\"fr-FR\",\"@id\":\"https:\/\/stepstojustice.ca\/fr\/#\/schema\/logo\/image\/\",\"url\":\"https:\/\/stepstojustice.ca\/wp-content\/uploads\/2020\/10\/logo-s2j.png\",\"contentUrl\":\"https:\/\/stepstojustice.ca\/wp-content\/uploads\/2020\/10\/logo-s2j.png\",\"width\":1000,\"height\":146,\"caption\":\"Justice pas-\u00e0-pas\"},\"image\":{\"@id\":\"https:\/\/stepstojustice.ca\/fr\/#\/schema\/logo\/image\/\"},\"sameAs\":[\"https:\/\/www.facebook.com\/CLEOLegalRights\/\",\"https:\/\/x.com\/CLEOLegalRights\",\"https:\/\/www.instagram.com\/communitylegaleducationon\/\"]}]}<\/script>\n<!-- \/ Yoast SEO Premium plugin. -->","yoast_head_json":{"title":"4. D\u00e9terminez la date de la s\u00e9paration - Justice pas-\u00e0-pas","description":"La journ\u00e9e exacte \u00e0 laquelle vous et votre conjoint vous \u00eates s\u00e9par\u00e9s s'appelle la date de s\u00e9paration. C'est une date importante, car elle influe sur","robots":{"index":"index","follow":"follow","max-snippet":"max-snippet:-1","max-image-preview":"max-image-preview:large","max-video-preview":"max-video-preview:-1"},"canonical":"https:\/\/stepstojustice.ca\/fr\/steps\/family-law\/4-determinez-la-date-de-la-separation\/","og_locale":"fr_FR","og_type":"article","og_title":"4. D\u00e9terminez la date de la s\u00e9paration - Justice pas-\u00e0-pas","og_description":"La journ\u00e9e exacte \u00e0 laquelle vous et votre conjoint vous \u00eates s\u00e9par\u00e9s s'appelle la date de s\u00e9paration. C'est une date importante, car elle influe sur","og_url":"https:\/\/stepstojustice.ca\/fr\/steps\/family-law\/4-determinez-la-date-de-la-separation\/","og_site_name":"Justice pas-\u00e0-pas","article_publisher":"https:\/\/www.facebook.com\/CLEOLegalRights\/","article_modified_time":"2022-02-14T16:49:03+00:00","og_image":[{"width":1200,"height":650,"url":"https:\/\/stepstojustice.ca\/wp-content\/uploads\/Steps-to-Justice-logo.jpg","type":"image\/jpeg"}],"twitter_card":"summary_large_image","twitter_site":"@CLEOLegalRights","twitter_misc":{"Est. reading time":"1 minute"},"schema":{"@context":"https:\/\/schema.org","@graph":[{"@type":"WebPage","@id":"https:\/\/stepstojustice.ca\/fr\/steps\/family-law\/4-determinez-la-date-de-la-separation\/","url":"https:\/\/stepstojustice.ca\/fr\/steps\/family-law\/4-determinez-la-date-de-la-separation\/","name":"4. D\u00e9terminez la date de la s\u00e9paration - Justice pas-\u00e0-pas","isPartOf":{"@id":"https:\/\/stepstojustice.ca\/fr\/#website"},"datePublished":"2018-03-01T16:24:23+00:00","dateModified":"2022-02-14T16:49:03+00:00","description":"La journ\u00e9e exacte \u00e0 laquelle vous et votre conjoint vous \u00eates s\u00e9par\u00e9s s'appelle la date de s\u00e9paration. C'est une date importante, car elle influe sur","breadcrumb":{"@id":"https:\/\/stepstojustice.ca\/fr\/steps\/family-law\/4-determinez-la-date-de-la-separation\/#breadcrumb"},"inLanguage":"fr-FR","potentialAction":[{"@type":"ReadAction","target":["https:\/\/stepstojustice.ca\/fr\/steps\/family-law\/4-determinez-la-date-de-la-separation\/"]}]},{"@type":"BreadcrumbList","@id":"https:\/\/stepstojustice.ca\/fr\/steps\/family-law\/4-determinez-la-date-de-la-separation\/#breadcrumb","itemListElement":[{"@type":"ListItem","position":1,"name":"Home","item":"https:\/\/stepstojustice.ca\/fr\/"},{"@type":"ListItem","position":2,"name":"Next steps","item":"https:\/\/stepstojustice.ca\/fr\/steps\/"},{"@type":"ListItem","position":3,"name":"4. D\u00e9terminez la date de la s\u00e9paration"}]},{"@type":"WebSite","@id":"https:\/\/stepstojustice.ca\/fr\/#website","url":"https:\/\/stepstojustice.ca\/fr\/","name":"Justice pas-\u00e0-pas","description":"Step-by-step information about legal problems","publisher":{"@id":"https:\/\/stepstojustice.ca\/fr\/#organization"},"potentialAction":[{"@type":"SearchAction","target":{"@type":"EntryPoint","urlTemplate":"https:\/\/stepstojustice.ca\/fr\/?s={search_term_string}"},"query-input":{"@type":"PropertyValueSpecification","valueRequired":true,"valueName":"search_term_string"}}],"inLanguage":"fr-FR"},{"@type":"Organization","@id":"https:\/\/stepstojustice.ca\/fr\/#organization","name":"Justice pas-\u00e0-pas","url":"https:\/\/stepstojustice.ca\/fr\/","logo":{"@type":"ImageObject","inLanguage":"fr-FR","@id":"https:\/\/stepstojustice.ca\/fr\/#\/schema\/logo\/image\/","url":"https:\/\/stepstojustice.ca\/wp-content\/uploads\/2020\/10\/logo-s2j.png","contentUrl":"https:\/\/stepstojustice.ca\/wp-content\/uploads\/2020\/10\/logo-s2j.png","width":1000,"height":146,"caption":"Justice pas-\u00e0-pas"},"image":{"@id":"https:\/\/stepstojustice.ca\/fr\/#\/schema\/logo\/image\/"},"sameAs":["https:\/\/www.facebook.com\/CLEOLegalRights\/","https:\/\/x.com\/CLEOLegalRights","https:\/\/www.instagram.com\/communitylegaleducationon\/"]}]}},"meta_box":{"questions_to_steps_from":["1171542"]},"_links":{"self":[{"href":"https:\/\/stepstojustice.ca\/fr\/wp-json\/wp\/v2\/steps\/1176370","targetHints":{"allow":["GET"]}}],"collection":[{"href":"https:\/\/stepstojustice.ca\/fr\/wp-json\/wp\/v2\/steps"}],"about":[{"href":"https:\/\/stepstojustice.ca\/fr\/wp-json\/wp\/v2\/types\/steps"}],"author":[{"embeddable":true,"href":"https:\/\/stepstojustice.ca\/fr\/wp-json\/wp\/v2\/users\/3"}],"version-history":[{"count":1,"href":"https:\/\/stepstojustice.ca\/fr\/wp-json\/wp\/v2\/steps\/1176370\/revisions"}],"predecessor-version":[{"id":1233771,"href":"https:\/\/stepstojustice.ca\/fr\/wp-json\/wp\/v2\/steps\/1176370\/revisions\/1233771"}],"wp:attachment":[{"href":"https:\/\/stepstojustice.ca\/fr\/wp-json\/wp\/v2\/media?parent=1176370"}],"curies":[{"name":"wp","href":"https:\/\/api.w.org\/{rel}","templated":true}]}}