{"id":1176699,"date":"2018-08-17T10:00:38","date_gmt":"2018-08-17T14:00:38","guid":{"rendered":""},"modified":"2021-12-07T11:38:21","modified_gmt":"2021-12-07T16:38:21","slug":"renseignez-vous-sur-la-marche-a-suivre-si-vous-ne-repondez-pas-aux-exigences-de-cotisation-du","status":"publish","type":"steps","link":"https:\/\/stepstojustice.ca\/fr\/steps\/health-and-disability\/renseignez-vous-sur-la-marche-a-suivre-si-vous-ne-repondez-pas-aux-exigences-de-cotisation-du\/","title":{"rendered":"Renseignez-vous sur la marche \u00e0 suivre si vous ne r\u00e9pondez pas aux exigences de cotisation du RPC"},"content":{"rendered":"<p>Pour avoir droit \u00e0 des prestations d&#8217;invalidit\u00e9 du RPC, vous devez avoir cotis\u00e9 au RPC\u00a0:<\/p>\n<ul>\n<li>pendant quatre des six derni\u00e8res ann\u00e9es;<\/li>\n<li>pendant trois des six derni\u00e8res ann\u00e9es, si vous avez cotis\u00e9 pendant au moins 25\u00a0ans.<\/li>\n<\/ul>\n<h3>Travailleur autonome<\/h3>\n<p>Si vous \u00e9tiez travailleur autonome, vous devez avoir cotis\u00e9 au RPC \u00e0 la fois en tant qu&#8217;employeur et en tant qu&#8217;employ\u00e9. Si ce n&#8217;est pas le cas, vous pourriez \u00eatre autoris\u00e9 \u00e0 verser des cotisations pour une p\u00e9riode pass\u00e9e.<\/p>\n<p>Il y a d&#8217;autres r\u00e8gles \u00e0 respecter, notamment les dates limites. L&#8217;<a class=\"links-link ext new-link\" href=\"\/fr\/resource\/communiquez-avec-l-agence-du-revenu-du-canada-1\/\" target=\"_blank\" rel=\"noopener\">Agence du revenu du Canada<\/a> vous indiquera si vous pouvez verser ces cotisations.<\/p>\n<h3>Cotisations insuffisantes<\/h3>\n<p>Vous pourriez cotiser davantage ou utiliser une p\u00e9riode de cotisation diff\u00e9rente si\u00a0:<\/p>\n<ul>\n<li>vous \u00eates rest\u00e9 \u00e0 la maison pour \u00e9lever vos enfants. Pour en savoir plus, consultez l&#8217;\u00e9tape <strong>\u00ab<\/strong>\u00a0<strong>Renseignez-vous sur la marche \u00e0 suivre si vous \u00eates rest\u00e9 \u00e0 la maison pour \u00e9lever vos enfants<\/strong>\u00a0<strong>\u00bb<\/strong>;<\/li>\n<li>vous \u00eates s\u00e9par\u00e9 ou divorc\u00e9, que vous ayez \u00e9t\u00e9 mari\u00e9 ou ayez v\u00e9cu en union de fait. Pour en savoir plus, consultez l&#8217;\u00e9tape <strong>\u00ab<\/strong>\u00a0<strong>Renseignez-vous sur la possibilit\u00e9 d&#8217;utiliser une partie des cotisations de votre ancien partenaire\u00a0\u00bb<\/strong>;<\/li>\n<li>vous avez cess\u00e9 de travailler depuis longtemps;<\/li>\n<li>vous n&#8217;\u00e9tiez pas en mesure de pr\u00e9senter une demande au RPC parce que vous avez un handicap physique ou mental;<\/li>\n<li>vous avez v\u00e9cu et travaill\u00e9 dans un autre pays.<\/li>\n<\/ul>\n<h3>Inactivit\u00e9 professionnelle de longue date<\/h3>\n<p>Si vous avez arr\u00eat\u00e9 de travailler il y a trop longtemps, mais r\u00e9pondez aux autres exigences, vous pourriez tout de m\u00eame \u00eatre admissible \u00e0 des prestations d&#8217;invalidit\u00e9 du RPC gr\u00e2ce \u00e0 la \u00ab\u00a0disposition relative aux demandes tardives\u00a0\u00bb.<\/p>\n<p>Pour pr\u00e9senter une demande aux termes de cette disposition, vous devez\u00a0:<\/p>\n<ul>\n<li>avoir cotis\u00e9 pendant suffisamment d&#8217;ann\u00e9es au RPC avant le d\u00e9but de votre invalidit\u00e9;<\/li>\n<li>avoir \u00e9t\u00e9 invalide sans interruption pendant la p\u00e9riode vis\u00e9e. Autrement dit, si vous \u00e9tiez capable de travailler pendant une partie de cette p\u00e9riode, vous ne pouvez pas recourir \u00e0 la disposition relative aux demandes tardives.<\/li>\n<\/ul>\n<p>Vous n&#8217;avez pas \u00e0 pr\u00e9senter une demande distincte pour vous pr\u00e9valoir de cette disposition. Elle sera automatiquement prise en compte si vous pr\u00e9sentez tardivement votre demande de prestations d&#8217;invalidit\u00e9 du RPC.<\/p>\n<p>Pour en savoir plus, communiquez avec une clinique juridique communautaire ou avec les <a class=\"links-link ext new-link\" href=\"\/fr\/resource\/communiquer-avec-les-responsables-du-r-gime-de-pensions-du-canada\/\" target=\"_blank\" rel=\"noopener\">responsables du RPC<\/a>.<\/p>\n<h3>Capacit\u00e9 physique ou aptitudes mentales rendant impossible la pr\u00e9sentation d&#8217;une demande<\/h3>\n<p>Le RPC peut envisager d&#8217;antidater votre demande si votre invalidit\u00e9 \u00e9tait <u>grave<\/u> au point o\u00f9 vous ne pouviez ni la pr\u00e9senter ni demander \u00e0 quelqu&#8217;un de le faire \u00e0 votre place. Pour b\u00e9n\u00e9ficier de cette exception, vous deviez \u00eatre incapable de penser \u00e0 pr\u00e9senter une demande, et non seulement dans l&#8217;incapacit\u00e9 d&#8217;en pr\u00e9senter une. Par exemple, si vous \u00e9tiez dans le coma, votre demande pourrait \u00eatre antidat\u00e9e.<\/p>\n<p>Vous devez toutefois pr\u00e9senter votre demande dans <strong>l&#8217;<strong>ann\u00e9e suivant votre capacit\u00e9 \u00e0 le faire<\/strong><\/strong>.<\/p>\n<p>Pour en savoir plus, <a class=\"links-link ext new-link\" href=\"\/fr\/resource\/communiquer-avec-les-responsables-du-r-gime-de-pensions-du-canada\/\" target=\"_blank\" rel=\"noopener\">communiquez avec les responsables du RPC<\/a>.<\/p>\n<h3>Vivre et travailler dans un autre pays<\/h3>\n<p>Si vous avez cotis\u00e9 \u00e0 un r\u00e9gime de retraite dans un autre pays, cela pourrait faciliter votre admissibilit\u00e9 aux prestations d&#8217;invalidit\u00e9 du RPC, car les cotisations vers\u00e9es \u00e0 certains r\u00e9gimes de retraite sont consid\u00e9r\u00e9es comme des cotisations au RPC.<\/p>\n<p>Le gouvernement f\u00e9d\u00e9ral a pr\u00e9par\u00e9 un <a class=\"links-link ext new-link\" href=\"\/fr\/resource\/personnes-ayant-v-cu-ou-vivant-l-tranger-pensions-et-prestations\/\" target=\"_blank\" rel=\"noopener\">guide<\/a> qui explique la marche \u00e0 suivre dans cette situation.<\/p>\n<!-- AddThis Advanced Settings generic via filter on the_content --><!-- AddThis Share Buttons generic via filter on the_content -->","protected":false},"author":3,"featured_media":0,"template":"","class_list":["post-1176699","steps","type-steps","status-publish","hentry"],"yoast_head":"<!-- This site is optimized with the Yoast SEO Premium plugin v23.9 (Yoast SEO v23.9) - https:\/\/yoast.com\/wordpress\/plugins\/seo\/ -->\n<title>Renseignez-vous sur la marche \u00e0 suivre si vous ne r\u00e9pondez pas aux exigences de cotisation du RPC - Justice pas-\u00e0-pas<\/title>\n<meta name=\"description\" content=\"Pour avoir droit \u00e0 des prestations d&#039;invalidit\u00e9 du RPC, vous devez avoir cotis\u00e9 au RPC\u00a0: pendant quatre des six derni\u00e8res ann\u00e9es; pendant trois des six\" \/>\n<meta name=\"robots\" content=\"index, follow, max-snippet:-1, max-image-preview:large, max-video-preview:-1\" \/>\n<link rel=\"canonical\" href=\"https:\/\/stepstojustice.ca\/fr\/steps\/health-and-disability\/renseignez-vous-sur-la-marche-a-suivre-si-vous-ne-repondez-pas-aux-exigences-de-cotisation-du\/\" \/>\n<meta property=\"og:locale\" content=\"fr_FR\" \/>\n<meta property=\"og:type\" content=\"article\" \/>\n<meta property=\"og:title\" content=\"Renseignez-vous sur la marche \u00e0 suivre si vous ne r\u00e9pondez pas aux exigences de cotisation du RPC - Justice pas-\u00e0-pas\" \/>\n<meta property=\"og:description\" content=\"Pour avoir droit \u00e0 des prestations d&#039;invalidit\u00e9 du RPC, vous devez avoir cotis\u00e9 au RPC\u00a0: pendant quatre des six derni\u00e8res ann\u00e9es; pendant trois des six\" \/>\n<meta property=\"og:url\" content=\"https:\/\/stepstojustice.ca\/fr\/steps\/health-and-disability\/renseignez-vous-sur-la-marche-a-suivre-si-vous-ne-repondez-pas-aux-exigences-de-cotisation-du\/\" \/>\n<meta property=\"og:site_name\" content=\"Justice pas-\u00e0-pas\" \/>\n<meta property=\"article:publisher\" content=\"https:\/\/www.facebook.com\/CLEOLegalRights\/\" \/>\n<meta property=\"article:modified_time\" content=\"2021-12-07T16:38:21+00:00\" \/>\n<meta property=\"og:image\" content=\"https:\/\/stepstojustice.ca\/wp-content\/uploads\/Steps-to-Justice-logo.jpg\" \/>\n\t<meta property=\"og:image:width\" content=\"1200\" \/>\n\t<meta property=\"og:image:height\" content=\"650\" \/>\n\t<meta property=\"og:image:type\" content=\"image\/jpeg\" \/>\n<meta name=\"twitter:card\" content=\"summary_large_image\" \/>\n<meta name=\"twitter:site\" content=\"@CLEOLegalRights\" \/>\n<meta name=\"twitter:label1\" content=\"Est. reading time\" \/>\n\t<meta name=\"twitter:data1\" content=\"3 minutes\" \/>\n<script type=\"application\/ld+json\" class=\"yoast-schema-graph\">{\"@context\":\"https:\/\/schema.org\",\"@graph\":[{\"@type\":\"WebPage\",\"@id\":\"https:\/\/stepstojustice.ca\/fr\/steps\/health-and-disability\/renseignez-vous-sur-la-marche-a-suivre-si-vous-ne-repondez-pas-aux-exigences-de-cotisation-du\/\",\"url\":\"https:\/\/stepstojustice.ca\/fr\/steps\/health-and-disability\/renseignez-vous-sur-la-marche-a-suivre-si-vous-ne-repondez-pas-aux-exigences-de-cotisation-du\/\",\"name\":\"Renseignez-vous sur la marche \u00e0 suivre si vous ne r\u00e9pondez pas aux exigences de cotisation du RPC - Justice pas-\u00e0-pas\",\"isPartOf\":{\"@id\":\"https:\/\/stepstojustice.ca\/fr\/#website\"},\"datePublished\":\"2018-08-17T14:00:38+00:00\",\"dateModified\":\"2021-12-07T16:38:21+00:00\",\"description\":\"Pour avoir droit \u00e0 des prestations d'invalidit\u00e9 du RPC, vous devez avoir cotis\u00e9 au RPC\u00a0: pendant quatre des six derni\u00e8res ann\u00e9es; pendant trois des six\",\"breadcrumb\":{\"@id\":\"https:\/\/stepstojustice.ca\/fr\/steps\/health-and-disability\/renseignez-vous-sur-la-marche-a-suivre-si-vous-ne-repondez-pas-aux-exigences-de-cotisation-du\/#breadcrumb\"},\"inLanguage\":\"fr-FR\",\"potentialAction\":[{\"@type\":\"ReadAction\",\"target\":[\"https:\/\/stepstojustice.ca\/fr\/steps\/health-and-disability\/renseignez-vous-sur-la-marche-a-suivre-si-vous-ne-repondez-pas-aux-exigences-de-cotisation-du\/\"]}]},{\"@type\":\"BreadcrumbList\",\"@id\":\"https:\/\/stepstojustice.ca\/fr\/steps\/health-and-disability\/renseignez-vous-sur-la-marche-a-suivre-si-vous-ne-repondez-pas-aux-exigences-de-cotisation-du\/#breadcrumb\",\"itemListElement\":[{\"@type\":\"ListItem\",\"position\":1,\"name\":\"Home\",\"item\":\"https:\/\/stepstojustice.ca\/fr\/\"},{\"@type\":\"ListItem\",\"position\":2,\"name\":\"Next steps\",\"item\":\"https:\/\/stepstojustice.ca\/fr\/steps\/\"},{\"@type\":\"ListItem\",\"position\":3,\"name\":\"Renseignez-vous sur la marche \u00e0 suivre si vous ne r\u00e9pondez pas aux exigences de cotisation du RPC\"}]},{\"@type\":\"WebSite\",\"@id\":\"https:\/\/stepstojustice.ca\/fr\/#website\",\"url\":\"https:\/\/stepstojustice.ca\/fr\/\",\"name\":\"Justice pas-\u00e0-pas\",\"description\":\"Step-by-step information about legal problems\",\"publisher\":{\"@id\":\"https:\/\/stepstojustice.ca\/fr\/#organization\"},\"potentialAction\":[{\"@type\":\"SearchAction\",\"target\":{\"@type\":\"EntryPoint\",\"urlTemplate\":\"https:\/\/stepstojustice.ca\/fr\/?s={search_term_string}\"},\"query-input\":{\"@type\":\"PropertyValueSpecification\",\"valueRequired\":true,\"valueName\":\"search_term_string\"}}],\"inLanguage\":\"fr-FR\"},{\"@type\":\"Organization\",\"@id\":\"https:\/\/stepstojustice.ca\/fr\/#organization\",\"name\":\"Justice pas-\u00e0-pas\",\"url\":\"https:\/\/stepstojustice.ca\/fr\/\",\"logo\":{\"@type\":\"ImageObject\",\"inLanguage\":\"fr-FR\",\"@id\":\"https:\/\/stepstojustice.ca\/fr\/#\/schema\/logo\/image\/\",\"url\":\"https:\/\/stepstojustice.ca\/wp-content\/uploads\/2020\/10\/logo-s2j.png\",\"contentUrl\":\"https:\/\/stepstojustice.ca\/wp-content\/uploads\/2020\/10\/logo-s2j.png\",\"width\":1000,\"height\":146,\"caption\":\"Justice pas-\u00e0-pas\"},\"image\":{\"@id\":\"https:\/\/stepstojustice.ca\/fr\/#\/schema\/logo\/image\/\"},\"sameAs\":[\"https:\/\/www.facebook.com\/CLEOLegalRights\/\",\"https:\/\/x.com\/CLEOLegalRights\",\"https:\/\/www.instagram.com\/communitylegaleducationon\/\"]}]}<\/script>\n<!-- \/ Yoast SEO Premium plugin. -->","yoast_head_json":{"title":"Renseignez-vous sur la marche \u00e0 suivre si vous ne r\u00e9pondez pas aux exigences de cotisation du RPC - Justice pas-\u00e0-pas","description":"Pour avoir droit \u00e0 des prestations d'invalidit\u00e9 du RPC, vous devez avoir cotis\u00e9 au RPC\u00a0: pendant quatre des six derni\u00e8res ann\u00e9es; pendant trois des six","robots":{"index":"index","follow":"follow","max-snippet":"max-snippet:-1","max-image-preview":"max-image-preview:large","max-video-preview":"max-video-preview:-1"},"canonical":"https:\/\/stepstojustice.ca\/fr\/steps\/health-and-disability\/renseignez-vous-sur-la-marche-a-suivre-si-vous-ne-repondez-pas-aux-exigences-de-cotisation-du\/","og_locale":"fr_FR","og_type":"article","og_title":"Renseignez-vous sur la marche \u00e0 suivre si vous ne r\u00e9pondez pas aux exigences de cotisation du RPC - Justice pas-\u00e0-pas","og_description":"Pour avoir droit \u00e0 des prestations d'invalidit\u00e9 du RPC, vous devez avoir cotis\u00e9 au RPC\u00a0: pendant quatre des six derni\u00e8res ann\u00e9es; pendant trois des six","og_url":"https:\/\/stepstojustice.ca\/fr\/steps\/health-and-disability\/renseignez-vous-sur-la-marche-a-suivre-si-vous-ne-repondez-pas-aux-exigences-de-cotisation-du\/","og_site_name":"Justice pas-\u00e0-pas","article_publisher":"https:\/\/www.facebook.com\/CLEOLegalRights\/","article_modified_time":"2021-12-07T16:38:21+00:00","og_image":[{"width":1200,"height":650,"url":"https:\/\/stepstojustice.ca\/wp-content\/uploads\/Steps-to-Justice-logo.jpg","type":"image\/jpeg"}],"twitter_card":"summary_large_image","twitter_site":"@CLEOLegalRights","twitter_misc":{"Est. reading time":"3 minutes"},"schema":{"@context":"https:\/\/schema.org","@graph":[{"@type":"WebPage","@id":"https:\/\/stepstojustice.ca\/fr\/steps\/health-and-disability\/renseignez-vous-sur-la-marche-a-suivre-si-vous-ne-repondez-pas-aux-exigences-de-cotisation-du\/","url":"https:\/\/stepstojustice.ca\/fr\/steps\/health-and-disability\/renseignez-vous-sur-la-marche-a-suivre-si-vous-ne-repondez-pas-aux-exigences-de-cotisation-du\/","name":"Renseignez-vous sur la marche \u00e0 suivre si vous ne r\u00e9pondez pas aux exigences de cotisation du RPC - Justice pas-\u00e0-pas","isPartOf":{"@id":"https:\/\/stepstojustice.ca\/fr\/#website"},"datePublished":"2018-08-17T14:00:38+00:00","dateModified":"2021-12-07T16:38:21+00:00","description":"Pour avoir droit \u00e0 des prestations d'invalidit\u00e9 du RPC, vous devez avoir cotis\u00e9 au RPC\u00a0: pendant quatre des six derni\u00e8res ann\u00e9es; pendant trois des six","breadcrumb":{"@id":"https:\/\/stepstojustice.ca\/fr\/steps\/health-and-disability\/renseignez-vous-sur-la-marche-a-suivre-si-vous-ne-repondez-pas-aux-exigences-de-cotisation-du\/#breadcrumb"},"inLanguage":"fr-FR","potentialAction":[{"@type":"ReadAction","target":["https:\/\/stepstojustice.ca\/fr\/steps\/health-and-disability\/renseignez-vous-sur-la-marche-a-suivre-si-vous-ne-repondez-pas-aux-exigences-de-cotisation-du\/"]}]},{"@type":"BreadcrumbList","@id":"https:\/\/stepstojustice.ca\/fr\/steps\/health-and-disability\/renseignez-vous-sur-la-marche-a-suivre-si-vous-ne-repondez-pas-aux-exigences-de-cotisation-du\/#breadcrumb","itemListElement":[{"@type":"ListItem","position":1,"name":"Home","item":"https:\/\/stepstojustice.ca\/fr\/"},{"@type":"ListItem","position":2,"name":"Next steps","item":"https:\/\/stepstojustice.ca\/fr\/steps\/"},{"@type":"ListItem","position":3,"name":"Renseignez-vous sur la marche \u00e0 suivre si vous ne r\u00e9pondez pas aux exigences de cotisation du RPC"}]},{"@type":"WebSite","@id":"https:\/\/stepstojustice.ca\/fr\/#website","url":"https:\/\/stepstojustice.ca\/fr\/","name":"Justice pas-\u00e0-pas","description":"Step-by-step information about legal problems","publisher":{"@id":"https:\/\/stepstojustice.ca\/fr\/#organization"},"potentialAction":[{"@type":"SearchAction","target":{"@type":"EntryPoint","urlTemplate":"https:\/\/stepstojustice.ca\/fr\/?s={search_term_string}"},"query-input":{"@type":"PropertyValueSpecification","valueRequired":true,"valueName":"search_term_string"}}],"inLanguage":"fr-FR"},{"@type":"Organization","@id":"https:\/\/stepstojustice.ca\/fr\/#organization","name":"Justice pas-\u00e0-pas","url":"https:\/\/stepstojustice.ca\/fr\/","logo":{"@type":"ImageObject","inLanguage":"fr-FR","@id":"https:\/\/stepstojustice.ca\/fr\/#\/schema\/logo\/image\/","url":"https:\/\/stepstojustice.ca\/wp-content\/uploads\/2020\/10\/logo-s2j.png","contentUrl":"https:\/\/stepstojustice.ca\/wp-content\/uploads\/2020\/10\/logo-s2j.png","width":1000,"height":146,"caption":"Justice pas-\u00e0-pas"},"image":{"@id":"https:\/\/stepstojustice.ca\/fr\/#\/schema\/logo\/image\/"},"sameAs":["https:\/\/www.facebook.com\/CLEOLegalRights\/","https:\/\/x.com\/CLEOLegalRights","https:\/\/www.instagram.com\/communitylegaleducationon\/"]}]}},"meta_box":{"questions_to_steps_from":["1171696"]},"_links":{"self":[{"href":"https:\/\/stepstojustice.ca\/fr\/wp-json\/wp\/v2\/steps\/1176699","targetHints":{"allow":["GET"]}}],"collection":[{"href":"https:\/\/stepstojustice.ca\/fr\/wp-json\/wp\/v2\/steps"}],"about":[{"href":"https:\/\/stepstojustice.ca\/fr\/wp-json\/wp\/v2\/types\/steps"}],"author":[{"embeddable":true,"href":"https:\/\/stepstojustice.ca\/fr\/wp-json\/wp\/v2\/users\/3"}],"version-history":[{"count":1,"href":"https:\/\/stepstojustice.ca\/fr\/wp-json\/wp\/v2\/steps\/1176699\/revisions"}],"predecessor-version":[{"id":1228118,"href":"https:\/\/stepstojustice.ca\/fr\/wp-json\/wp\/v2\/steps\/1176699\/revisions\/1228118"}],"wp:attachment":[{"href":"https:\/\/stepstojustice.ca\/fr\/wp-json\/wp\/v2\/media?parent=1176699"}],"curies":[{"name":"wp","href":"https:\/\/api.w.org\/{rel}","templated":true}]}}