{"id":1177599,"date":"2018-01-19T14:27:50","date_gmt":"2018-01-19T19:27:50","guid":{"rendered":""},"modified":"2021-11-29T11:51:31","modified_gmt":"2021-11-29T16:51:31","slug":"1-sachez-si-un-enfant-adulte-est-financierement-autonome","status":"publish","type":"steps","link":"https:\/\/stepstojustice.ca\/fr\/steps\/income-assistance\/1-sachez-si-un-enfant-adulte-est-financierement-autonome\/","title":{"rendered":"1. Sachez si un enfant adulte est financi\u00e8rement autonome"},"content":{"rendered":"<p>En r\u00e8gle g\u00e9n\u00e9rale, si votre enfant adulte est \u00ab\u00a0financi\u00e8rement autonome\u00a0\u00bb et vit avec vous, le programme Ontario au travail (programme\u00a0OT) ne l&#8217;inclura <strong>pas<\/strong> dans votre m\u00e9nage. Mais votre enfant pourra peut-\u00eatre demander \u00e0 y \u00eatre int\u00e9gr\u00e9. Consultez l&#8217;\u00e9tape\u00a03 pour en savoir plus.<\/p>\n<p>Pour savoir comment cela peut influer sur l&#8217;aide financi\u00e8re que vous recevez, <a class=\"links-link ext new-link\" href=\"\/fr\/resource\/cliniques-juridiques\/\" target=\"_blank\" rel=\"noopener\">communiquez avec une clinique juridique communautaire<\/a>.<\/p>\n<h3>Que signifie \u00ab\u00a0financi\u00e8rement autonome\u00a0\u00bb?<\/h3>\n<p>Le programme\u00a0OT consid\u00e8re que votre enfant adulte est \u00ab\u00a0financi\u00e8rement autonome\u00a0\u00bb s&#8217;il r\u00e9pond \u00e0 l&#8217;un des crit\u00e8res suivants\u00a0:<\/p>\n<ul>\n<li>Il vit avec un <a href=\"\/fr\/questions\/income-assistance\/jhabite-avec-un-autre-adulte-puis-je-recevoir-de-laide-du-programme\/\">conjoint<\/a>, ou son conjoint vit avec lui chez vous;<\/li>\n<li>Il est ou a d\u00e9j\u00e0 \u00e9t\u00e9 admissible au <a class=\"links-link ext new-link\" href=\"\/fr\/resource\/post-secondary-education\/\" target=\"_blank\" rel=\"noopener\">Programme d&#8217;aide aux \u00e9tudiants de niveau postsecondaire (Premi\u00e8res Nations ou Inuits)<\/a> ou au <a class=\"links-link ext new-link\" href=\"\/fr\/resource\/rafeo-r-gime-d-aide-financi-re-aux-tudiantes-et-tudiants-de-l-ontario\/\" target=\"_blank\" rel=\"noopener\">R\u00e9gime d&#8217;aide financi\u00e8re aux \u00e9tudiantes et \u00e9tudiants de l&#8217;Ontario (RAFEO)<\/a> s&#8217;il n&#8217;\u00e9tait pas consid\u00e9r\u00e9 comme un <a class=\"links-link ext new-link\" href=\"\/fr\/resource\/d-finitions-du-rafeo-tudiant-charge\/\" target=\"_blank\" rel=\"noopener\">\u00e9tudiant \u00e0 charge<\/a>;<\/li>\n<li>Il a quitt\u00e9 l&#8217;\u00e9cole secondaire depuis au moins cinq ans;<\/li>\n<li>Il a un dipl\u00f4me coll\u00e9gial ou un grade universitaire;<\/li>\n<li>Il a ou a d\u00e9j\u00e0 eu les\u00a0<a href=\"\/fr\/questions\/family-law\/quest-ce-que-la-responsabilit\u00e9-d\u00e9cisionnelle-qui-peut-lexercer\/\">responsabilit\u00e9s d\u00e9cisionnelles, auparavant appel\u00e9 la garde,\u00a0de son enfant<\/a>.<\/li>\n<\/ul>\n<p>Et si au cours d&#8217;un mois, son revenu ou ses avoirs \u00e9taient sup\u00e9rieurs \u00e0 la limite autoris\u00e9e par le programme\u00a0OT pour une personne seule, il est consid\u00e9r\u00e9 comme financi\u00e8rement autonome pour ce mois.<\/p>\n<p>Le programme\u00a0OT consid\u00e8re aussi que votre enfant est financi\u00e8rement autonome s&#8217;il a v\u00e9cu de fa\u00e7on autonome pendant <strong>au moins deux ans.<\/strong> Consultez l&#8217;\u00e9tape\u00a02 pour en savoir plus.<\/p>\n<!-- AddThis Advanced Settings generic via filter on the_content --><!-- AddThis Share Buttons generic via filter on the_content -->","protected":false},"author":3,"featured_media":0,"template":"","class_list":["post-1177599","steps","type-steps","status-publish","hentry"],"yoast_head":"<!-- This site is optimized with the Yoast SEO Premium plugin v23.9 (Yoast SEO v23.9) - https:\/\/yoast.com\/wordpress\/plugins\/seo\/ -->\n<title>1. Sachez si un enfant adulte est financi\u00e8rement autonome - Justice pas-\u00e0-pas<\/title>\n<meta name=\"description\" content=\"En r\u00e8gle g\u00e9n\u00e9rale, si votre enfant adulte est \u00ab\u00a0financi\u00e8rement autonome\u00a0\u00bb et vit avec vous, le programme Ontario au travail (programme\u00a0OT) ne l&#039;inclura\" \/>\n<meta name=\"robots\" content=\"index, follow, max-snippet:-1, max-image-preview:large, max-video-preview:-1\" \/>\n<link rel=\"canonical\" href=\"https:\/\/stepstojustice.ca\/fr\/steps\/income-assistance\/1-sachez-si-un-enfant-adulte-est-financierement-autonome\/\" \/>\n<meta property=\"og:locale\" content=\"fr_FR\" \/>\n<meta property=\"og:type\" content=\"article\" \/>\n<meta property=\"og:title\" content=\"1. Sachez si un enfant adulte est financi\u00e8rement autonome - Justice pas-\u00e0-pas\" \/>\n<meta property=\"og:description\" content=\"En r\u00e8gle g\u00e9n\u00e9rale, si votre enfant adulte est \u00ab\u00a0financi\u00e8rement autonome\u00a0\u00bb et vit avec vous, le programme Ontario au travail (programme\u00a0OT) ne l&#039;inclura\" \/>\n<meta property=\"og:url\" content=\"https:\/\/stepstojustice.ca\/fr\/steps\/income-assistance\/1-sachez-si-un-enfant-adulte-est-financierement-autonome\/\" \/>\n<meta property=\"og:site_name\" content=\"Justice pas-\u00e0-pas\" \/>\n<meta property=\"article:publisher\" content=\"https:\/\/www.facebook.com\/CLEOLegalRights\/\" \/>\n<meta property=\"article:modified_time\" content=\"2021-11-29T16:51:31+00:00\" \/>\n<meta property=\"og:image\" content=\"https:\/\/stepstojustice.ca\/wp-content\/uploads\/Steps-to-Justice-logo.jpg\" \/>\n\t<meta property=\"og:image:width\" content=\"1200\" \/>\n\t<meta property=\"og:image:height\" content=\"650\" \/>\n\t<meta property=\"og:image:type\" content=\"image\/jpeg\" \/>\n<meta name=\"twitter:card\" content=\"summary_large_image\" \/>\n<meta name=\"twitter:site\" content=\"@CLEOLegalRights\" \/>\n<meta name=\"twitter:label1\" content=\"Est. reading time\" \/>\n\t<meta name=\"twitter:data1\" content=\"2 minutes\" \/>\n<script type=\"application\/ld+json\" class=\"yoast-schema-graph\">{\"@context\":\"https:\/\/schema.org\",\"@graph\":[{\"@type\":\"WebPage\",\"@id\":\"https:\/\/stepstojustice.ca\/fr\/steps\/income-assistance\/1-sachez-si-un-enfant-adulte-est-financierement-autonome\/\",\"url\":\"https:\/\/stepstojustice.ca\/fr\/steps\/income-assistance\/1-sachez-si-un-enfant-adulte-est-financierement-autonome\/\",\"name\":\"1. Sachez si un enfant adulte est financi\u00e8rement autonome - Justice pas-\u00e0-pas\",\"isPartOf\":{\"@id\":\"https:\/\/stepstojustice.ca\/fr\/#website\"},\"datePublished\":\"2018-01-19T19:27:50+00:00\",\"dateModified\":\"2021-11-29T16:51:31+00:00\",\"description\":\"En r\u00e8gle g\u00e9n\u00e9rale, si votre enfant adulte est \u00ab\u00a0financi\u00e8rement autonome\u00a0\u00bb et vit avec vous, le programme Ontario au travail (programme\u00a0OT) ne l'inclura\",\"breadcrumb\":{\"@id\":\"https:\/\/stepstojustice.ca\/fr\/steps\/income-assistance\/1-sachez-si-un-enfant-adulte-est-financierement-autonome\/#breadcrumb\"},\"inLanguage\":\"fr-FR\",\"potentialAction\":[{\"@type\":\"ReadAction\",\"target\":[\"https:\/\/stepstojustice.ca\/fr\/steps\/income-assistance\/1-sachez-si-un-enfant-adulte-est-financierement-autonome\/\"]}]},{\"@type\":\"BreadcrumbList\",\"@id\":\"https:\/\/stepstojustice.ca\/fr\/steps\/income-assistance\/1-sachez-si-un-enfant-adulte-est-financierement-autonome\/#breadcrumb\",\"itemListElement\":[{\"@type\":\"ListItem\",\"position\":1,\"name\":\"Home\",\"item\":\"https:\/\/stepstojustice.ca\/fr\/\"},{\"@type\":\"ListItem\",\"position\":2,\"name\":\"Next steps\",\"item\":\"https:\/\/stepstojustice.ca\/fr\/steps\/\"},{\"@type\":\"ListItem\",\"position\":3,\"name\":\"1. Sachez si un enfant adulte est financi\u00e8rement autonome\"}]},{\"@type\":\"WebSite\",\"@id\":\"https:\/\/stepstojustice.ca\/fr\/#website\",\"url\":\"https:\/\/stepstojustice.ca\/fr\/\",\"name\":\"Justice pas-\u00e0-pas\",\"description\":\"Step-by-step information about legal problems\",\"publisher\":{\"@id\":\"https:\/\/stepstojustice.ca\/fr\/#organization\"},\"potentialAction\":[{\"@type\":\"SearchAction\",\"target\":{\"@type\":\"EntryPoint\",\"urlTemplate\":\"https:\/\/stepstojustice.ca\/fr\/?s={search_term_string}\"},\"query-input\":{\"@type\":\"PropertyValueSpecification\",\"valueRequired\":true,\"valueName\":\"search_term_string\"}}],\"inLanguage\":\"fr-FR\"},{\"@type\":\"Organization\",\"@id\":\"https:\/\/stepstojustice.ca\/fr\/#organization\",\"name\":\"Justice pas-\u00e0-pas\",\"url\":\"https:\/\/stepstojustice.ca\/fr\/\",\"logo\":{\"@type\":\"ImageObject\",\"inLanguage\":\"fr-FR\",\"@id\":\"https:\/\/stepstojustice.ca\/fr\/#\/schema\/logo\/image\/\",\"url\":\"https:\/\/stepstojustice.ca\/wp-content\/uploads\/2020\/10\/logo-s2j.png\",\"contentUrl\":\"https:\/\/stepstojustice.ca\/wp-content\/uploads\/2020\/10\/logo-s2j.png\",\"width\":1000,\"height\":146,\"caption\":\"Justice pas-\u00e0-pas\"},\"image\":{\"@id\":\"https:\/\/stepstojustice.ca\/fr\/#\/schema\/logo\/image\/\"},\"sameAs\":[\"https:\/\/www.facebook.com\/CLEOLegalRights\/\",\"https:\/\/x.com\/CLEOLegalRights\",\"https:\/\/www.instagram.com\/communitylegaleducationon\/\"]}]}<\/script>\n<!-- \/ Yoast SEO Premium plugin. -->","yoast_head_json":{"title":"1. Sachez si un enfant adulte est financi\u00e8rement autonome - Justice pas-\u00e0-pas","description":"En r\u00e8gle g\u00e9n\u00e9rale, si votre enfant adulte est \u00ab\u00a0financi\u00e8rement autonome\u00a0\u00bb et vit avec vous, le programme Ontario au travail (programme\u00a0OT) ne l'inclura","robots":{"index":"index","follow":"follow","max-snippet":"max-snippet:-1","max-image-preview":"max-image-preview:large","max-video-preview":"max-video-preview:-1"},"canonical":"https:\/\/stepstojustice.ca\/fr\/steps\/income-assistance\/1-sachez-si-un-enfant-adulte-est-financierement-autonome\/","og_locale":"fr_FR","og_type":"article","og_title":"1. Sachez si un enfant adulte est financi\u00e8rement autonome - Justice pas-\u00e0-pas","og_description":"En r\u00e8gle g\u00e9n\u00e9rale, si votre enfant adulte est \u00ab\u00a0financi\u00e8rement autonome\u00a0\u00bb et vit avec vous, le programme Ontario au travail (programme\u00a0OT) ne l'inclura","og_url":"https:\/\/stepstojustice.ca\/fr\/steps\/income-assistance\/1-sachez-si-un-enfant-adulte-est-financierement-autonome\/","og_site_name":"Justice pas-\u00e0-pas","article_publisher":"https:\/\/www.facebook.com\/CLEOLegalRights\/","article_modified_time":"2021-11-29T16:51:31+00:00","og_image":[{"width":1200,"height":650,"url":"https:\/\/stepstojustice.ca\/wp-content\/uploads\/Steps-to-Justice-logo.jpg","type":"image\/jpeg"}],"twitter_card":"summary_large_image","twitter_site":"@CLEOLegalRights","twitter_misc":{"Est. reading time":"2 minutes"},"schema":{"@context":"https:\/\/schema.org","@graph":[{"@type":"WebPage","@id":"https:\/\/stepstojustice.ca\/fr\/steps\/income-assistance\/1-sachez-si-un-enfant-adulte-est-financierement-autonome\/","url":"https:\/\/stepstojustice.ca\/fr\/steps\/income-assistance\/1-sachez-si-un-enfant-adulte-est-financierement-autonome\/","name":"1. Sachez si un enfant adulte est financi\u00e8rement autonome - Justice pas-\u00e0-pas","isPartOf":{"@id":"https:\/\/stepstojustice.ca\/fr\/#website"},"datePublished":"2018-01-19T19:27:50+00:00","dateModified":"2021-11-29T16:51:31+00:00","description":"En r\u00e8gle g\u00e9n\u00e9rale, si votre enfant adulte est \u00ab\u00a0financi\u00e8rement autonome\u00a0\u00bb et vit avec vous, le programme Ontario au travail (programme\u00a0OT) ne l'inclura","breadcrumb":{"@id":"https:\/\/stepstojustice.ca\/fr\/steps\/income-assistance\/1-sachez-si-un-enfant-adulte-est-financierement-autonome\/#breadcrumb"},"inLanguage":"fr-FR","potentialAction":[{"@type":"ReadAction","target":["https:\/\/stepstojustice.ca\/fr\/steps\/income-assistance\/1-sachez-si-un-enfant-adulte-est-financierement-autonome\/"]}]},{"@type":"BreadcrumbList","@id":"https:\/\/stepstojustice.ca\/fr\/steps\/income-assistance\/1-sachez-si-un-enfant-adulte-est-financierement-autonome\/#breadcrumb","itemListElement":[{"@type":"ListItem","position":1,"name":"Home","item":"https:\/\/stepstojustice.ca\/fr\/"},{"@type":"ListItem","position":2,"name":"Next steps","item":"https:\/\/stepstojustice.ca\/fr\/steps\/"},{"@type":"ListItem","position":3,"name":"1. Sachez si un enfant adulte est financi\u00e8rement autonome"}]},{"@type":"WebSite","@id":"https:\/\/stepstojustice.ca\/fr\/#website","url":"https:\/\/stepstojustice.ca\/fr\/","name":"Justice pas-\u00e0-pas","description":"Step-by-step information about legal problems","publisher":{"@id":"https:\/\/stepstojustice.ca\/fr\/#organization"},"potentialAction":[{"@type":"SearchAction","target":{"@type":"EntryPoint","urlTemplate":"https:\/\/stepstojustice.ca\/fr\/?s={search_term_string}"},"query-input":{"@type":"PropertyValueSpecification","valueRequired":true,"valueName":"search_term_string"}}],"inLanguage":"fr-FR"},{"@type":"Organization","@id":"https:\/\/stepstojustice.ca\/fr\/#organization","name":"Justice pas-\u00e0-pas","url":"https:\/\/stepstojustice.ca\/fr\/","logo":{"@type":"ImageObject","inLanguage":"fr-FR","@id":"https:\/\/stepstojustice.ca\/fr\/#\/schema\/logo\/image\/","url":"https:\/\/stepstojustice.ca\/wp-content\/uploads\/2020\/10\/logo-s2j.png","contentUrl":"https:\/\/stepstojustice.ca\/wp-content\/uploads\/2020\/10\/logo-s2j.png","width":1000,"height":146,"caption":"Justice pas-\u00e0-pas"},"image":{"@id":"https:\/\/stepstojustice.ca\/fr\/#\/schema\/logo\/image\/"},"sameAs":["https:\/\/www.facebook.com\/CLEOLegalRights\/","https:\/\/x.com\/CLEOLegalRights","https:\/\/www.instagram.com\/communitylegaleducationon\/"]}]}},"meta_box":{"questions_to_steps_from":["1171515"]},"_links":{"self":[{"href":"https:\/\/stepstojustice.ca\/fr\/wp-json\/wp\/v2\/steps\/1177599","targetHints":{"allow":["GET"]}}],"collection":[{"href":"https:\/\/stepstojustice.ca\/fr\/wp-json\/wp\/v2\/steps"}],"about":[{"href":"https:\/\/stepstojustice.ca\/fr\/wp-json\/wp\/v2\/types\/steps"}],"author":[{"embeddable":true,"href":"https:\/\/stepstojustice.ca\/fr\/wp-json\/wp\/v2\/users\/3"}],"version-history":[{"count":2,"href":"https:\/\/stepstojustice.ca\/fr\/wp-json\/wp\/v2\/steps\/1177599\/revisions"}],"predecessor-version":[{"id":1226930,"href":"https:\/\/stepstojustice.ca\/fr\/wp-json\/wp\/v2\/steps\/1177599\/revisions\/1226930"}],"wp:attachment":[{"href":"https:\/\/stepstojustice.ca\/fr\/wp-json\/wp\/v2\/media?parent=1177599"}],"curies":[{"name":"wp","href":"https:\/\/api.w.org\/{rel}","templated":true}]}}