{"id":1177978,"date":"2017-12-07T16:40:34","date_gmt":"2017-12-07T21:40:34","guid":{"rendered":""},"modified":"2024-03-05T14:27:20","modified_gmt":"2024-03-05T19:27:20","slug":"3-appelez-lunite-de-lapplication-des-mesures-legislatives-en-matiere-de","status":"publish","type":"steps","link":"https:\/\/stepstojustice.ca\/fr\/steps\/housing-law\/3-appelez-lunite-de-lapplication-des-mesures-legislatives-en-matiere-de\/","title":{"rendered":"3. Appelez l\u2019Unit\u00e9 de l&#8217;application des mesures l\u00e9gislatives en mati\u00e8re de logement locatif"},"content":{"rendered":"<p>Si le probl\u00e8me persiste, vous pouvez communiquer avec l&#8217;<a class=\"links-link ext new-link\" href=\"\/fr\/resource\/r-gler-un-diff-rend-avec-votre-locateur-ou-votre-locataire-1-1-1-1-1-1\/\" target=\"_blank\" rel=\"noopener\">Unit\u00e9 de l&#8217;application des mesures l\u00e9gislatives en mati\u00e8re de logement locatif<\/a> (UAML), qui rel\u00e8ve du minist\u00e8re du Logement. Sa mission est de s&#8217;assurer que les propri\u00e9taires et les locataires respectent la loi.<\/p>\n<p>Voici les coordonn\u00e9es de l&#8217;UAML\u00a0:<\/p>\n<p>Num\u00e9ro sans frais (t\u00e9l\u00e9phone)\u00a0: 1\u00a0888\u00a0772\u20119277<\/p>\n<p>Parfois, les propri\u00e9taires changent d&#8217;attitude \u00e0 la suite d&#8217;un appel de l&#8217;UAML.<\/p>\n<!-- AddThis Advanced Settings generic via filter on the_content --><!-- AddThis Share Buttons generic via filter on the_content -->","protected":false},"author":3,"featured_media":0,"template":"","class_list":["post-1177978","steps","type-steps","status-publish","hentry"],"yoast_head":"<!-- This site is optimized with the Yoast SEO Premium plugin v23.9 (Yoast SEO v23.9) - https:\/\/yoast.com\/wordpress\/plugins\/seo\/ -->\n<title>3. Appelez l\u2019Unit\u00e9 de l&#039;application des mesures l\u00e9gislatives en mati\u00e8re de logement locatif - Justice pas-\u00e0-pas<\/title>\n<meta name=\"description\" content=\"Si le probl\u00e8me persiste, vous pouvez communiquer avec l&#039;Unit\u00e9 de l&#039;application des mesures l\u00e9gislatives en mati\u00e8re de logement locatif (UAML), qui rel\u00e8ve\" \/>\n<meta name=\"robots\" content=\"index, follow, max-snippet:-1, max-image-preview:large, max-video-preview:-1\" \/>\n<link rel=\"canonical\" href=\"https:\/\/stepstojustice.ca\/fr\/steps\/housing-law\/3-appelez-lunite-de-lapplication-des-mesures-legislatives-en-matiere-de\/\" \/>\n<meta property=\"og:locale\" content=\"fr_FR\" \/>\n<meta property=\"og:type\" content=\"article\" \/>\n<meta property=\"og:title\" content=\"3. Appelez l\u2019Unit\u00e9 de l&#039;application des mesures l\u00e9gislatives en mati\u00e8re de logement locatif - Justice pas-\u00e0-pas\" \/>\n<meta property=\"og:description\" content=\"Si le probl\u00e8me persiste, vous pouvez communiquer avec l&#039;Unit\u00e9 de l&#039;application des mesures l\u00e9gislatives en mati\u00e8re de logement locatif (UAML), qui rel\u00e8ve\" \/>\n<meta property=\"og:url\" content=\"https:\/\/stepstojustice.ca\/fr\/steps\/housing-law\/3-appelez-lunite-de-lapplication-des-mesures-legislatives-en-matiere-de\/\" \/>\n<meta property=\"og:site_name\" content=\"Justice pas-\u00e0-pas\" \/>\n<meta property=\"article:publisher\" content=\"https:\/\/www.facebook.com\/CLEOLegalRights\/\" \/>\n<meta property=\"article:modified_time\" content=\"2024-03-05T19:27:20+00:00\" \/>\n<meta property=\"og:image\" content=\"https:\/\/stepstojustice.ca\/wp-content\/uploads\/Steps-to-Justice-logo.jpg\" \/>\n\t<meta property=\"og:image:width\" content=\"1200\" \/>\n\t<meta property=\"og:image:height\" content=\"650\" \/>\n\t<meta property=\"og:image:type\" content=\"image\/jpeg\" \/>\n<meta name=\"twitter:card\" content=\"summary_large_image\" \/>\n<meta name=\"twitter:site\" content=\"@CLEOLegalRights\" \/>\n<meta name=\"twitter:label1\" content=\"Est. reading time\" \/>\n\t<meta name=\"twitter:data1\" content=\"1 minute\" \/>\n<script type=\"application\/ld+json\" class=\"yoast-schema-graph\">{\"@context\":\"https:\/\/schema.org\",\"@graph\":[{\"@type\":\"WebPage\",\"@id\":\"https:\/\/stepstojustice.ca\/fr\/steps\/housing-law\/3-appelez-lunite-de-lapplication-des-mesures-legislatives-en-matiere-de\/\",\"url\":\"https:\/\/stepstojustice.ca\/fr\/steps\/housing-law\/3-appelez-lunite-de-lapplication-des-mesures-legislatives-en-matiere-de\/\",\"name\":\"3. Appelez l\u2019Unit\u00e9 de l'application des mesures l\u00e9gislatives en mati\u00e8re de logement locatif - Justice pas-\u00e0-pas\",\"isPartOf\":{\"@id\":\"https:\/\/stepstojustice.ca\/fr\/#website\"},\"datePublished\":\"2017-12-07T21:40:34+00:00\",\"dateModified\":\"2024-03-05T19:27:20+00:00\",\"description\":\"Si le probl\u00e8me persiste, vous pouvez communiquer avec l'Unit\u00e9 de l'application des mesures l\u00e9gislatives en mati\u00e8re de logement locatif (UAML), qui rel\u00e8ve\",\"breadcrumb\":{\"@id\":\"https:\/\/stepstojustice.ca\/fr\/steps\/housing-law\/3-appelez-lunite-de-lapplication-des-mesures-legislatives-en-matiere-de\/#breadcrumb\"},\"inLanguage\":\"fr-FR\",\"potentialAction\":[{\"@type\":\"ReadAction\",\"target\":[\"https:\/\/stepstojustice.ca\/fr\/steps\/housing-law\/3-appelez-lunite-de-lapplication-des-mesures-legislatives-en-matiere-de\/\"]}]},{\"@type\":\"BreadcrumbList\",\"@id\":\"https:\/\/stepstojustice.ca\/fr\/steps\/housing-law\/3-appelez-lunite-de-lapplication-des-mesures-legislatives-en-matiere-de\/#breadcrumb\",\"itemListElement\":[{\"@type\":\"ListItem\",\"position\":1,\"name\":\"Home\",\"item\":\"https:\/\/stepstojustice.ca\/fr\/\"},{\"@type\":\"ListItem\",\"position\":2,\"name\":\"Next steps\",\"item\":\"https:\/\/stepstojustice.ca\/fr\/steps\/\"},{\"@type\":\"ListItem\",\"position\":3,\"name\":\"3. Appelez l\u2019Unit\u00e9 de l&#8217;application des mesures l\u00e9gislatives en mati\u00e8re de logement locatif\"}]},{\"@type\":\"WebSite\",\"@id\":\"https:\/\/stepstojustice.ca\/fr\/#website\",\"url\":\"https:\/\/stepstojustice.ca\/fr\/\",\"name\":\"Justice pas-\u00e0-pas\",\"description\":\"Step-by-step information about legal problems\",\"publisher\":{\"@id\":\"https:\/\/stepstojustice.ca\/fr\/#organization\"},\"potentialAction\":[{\"@type\":\"SearchAction\",\"target\":{\"@type\":\"EntryPoint\",\"urlTemplate\":\"https:\/\/stepstojustice.ca\/fr\/?s={search_term_string}\"},\"query-input\":{\"@type\":\"PropertyValueSpecification\",\"valueRequired\":true,\"valueName\":\"search_term_string\"}}],\"inLanguage\":\"fr-FR\"},{\"@type\":\"Organization\",\"@id\":\"https:\/\/stepstojustice.ca\/fr\/#organization\",\"name\":\"Justice pas-\u00e0-pas\",\"url\":\"https:\/\/stepstojustice.ca\/fr\/\",\"logo\":{\"@type\":\"ImageObject\",\"inLanguage\":\"fr-FR\",\"@id\":\"https:\/\/stepstojustice.ca\/fr\/#\/schema\/logo\/image\/\",\"url\":\"https:\/\/stepstojustice.ca\/wp-content\/uploads\/2020\/10\/logo-s2j.png\",\"contentUrl\":\"https:\/\/stepstojustice.ca\/wp-content\/uploads\/2020\/10\/logo-s2j.png\",\"width\":1000,\"height\":146,\"caption\":\"Justice pas-\u00e0-pas\"},\"image\":{\"@id\":\"https:\/\/stepstojustice.ca\/fr\/#\/schema\/logo\/image\/\"},\"sameAs\":[\"https:\/\/www.facebook.com\/CLEOLegalRights\/\",\"https:\/\/x.com\/CLEOLegalRights\",\"https:\/\/www.instagram.com\/communitylegaleducationon\/\"]}]}<\/script>\n<!-- \/ Yoast SEO Premium plugin. -->","yoast_head_json":{"title":"3. Appelez l\u2019Unit\u00e9 de l'application des mesures l\u00e9gislatives en mati\u00e8re de logement locatif - Justice pas-\u00e0-pas","description":"Si le probl\u00e8me persiste, vous pouvez communiquer avec l'Unit\u00e9 de l'application des mesures l\u00e9gislatives en mati\u00e8re de logement locatif (UAML), qui rel\u00e8ve","robots":{"index":"index","follow":"follow","max-snippet":"max-snippet:-1","max-image-preview":"max-image-preview:large","max-video-preview":"max-video-preview:-1"},"canonical":"https:\/\/stepstojustice.ca\/fr\/steps\/housing-law\/3-appelez-lunite-de-lapplication-des-mesures-legislatives-en-matiere-de\/","og_locale":"fr_FR","og_type":"article","og_title":"3. Appelez l\u2019Unit\u00e9 de l'application des mesures l\u00e9gislatives en mati\u00e8re de logement locatif - Justice pas-\u00e0-pas","og_description":"Si le probl\u00e8me persiste, vous pouvez communiquer avec l'Unit\u00e9 de l'application des mesures l\u00e9gislatives en mati\u00e8re de logement locatif (UAML), qui rel\u00e8ve","og_url":"https:\/\/stepstojustice.ca\/fr\/steps\/housing-law\/3-appelez-lunite-de-lapplication-des-mesures-legislatives-en-matiere-de\/","og_site_name":"Justice pas-\u00e0-pas","article_publisher":"https:\/\/www.facebook.com\/CLEOLegalRights\/","article_modified_time":"2024-03-05T19:27:20+00:00","og_image":[{"width":1200,"height":650,"url":"https:\/\/stepstojustice.ca\/wp-content\/uploads\/Steps-to-Justice-logo.jpg","type":"image\/jpeg"}],"twitter_card":"summary_large_image","twitter_site":"@CLEOLegalRights","twitter_misc":{"Est. reading time":"1 minute"},"schema":{"@context":"https:\/\/schema.org","@graph":[{"@type":"WebPage","@id":"https:\/\/stepstojustice.ca\/fr\/steps\/housing-law\/3-appelez-lunite-de-lapplication-des-mesures-legislatives-en-matiere-de\/","url":"https:\/\/stepstojustice.ca\/fr\/steps\/housing-law\/3-appelez-lunite-de-lapplication-des-mesures-legislatives-en-matiere-de\/","name":"3. Appelez l\u2019Unit\u00e9 de l'application des mesures l\u00e9gislatives en mati\u00e8re de logement locatif - Justice pas-\u00e0-pas","isPartOf":{"@id":"https:\/\/stepstojustice.ca\/fr\/#website"},"datePublished":"2017-12-07T21:40:34+00:00","dateModified":"2024-03-05T19:27:20+00:00","description":"Si le probl\u00e8me persiste, vous pouvez communiquer avec l'Unit\u00e9 de l'application des mesures l\u00e9gislatives en mati\u00e8re de logement locatif (UAML), qui rel\u00e8ve","breadcrumb":{"@id":"https:\/\/stepstojustice.ca\/fr\/steps\/housing-law\/3-appelez-lunite-de-lapplication-des-mesures-legislatives-en-matiere-de\/#breadcrumb"},"inLanguage":"fr-FR","potentialAction":[{"@type":"ReadAction","target":["https:\/\/stepstojustice.ca\/fr\/steps\/housing-law\/3-appelez-lunite-de-lapplication-des-mesures-legislatives-en-matiere-de\/"]}]},{"@type":"BreadcrumbList","@id":"https:\/\/stepstojustice.ca\/fr\/steps\/housing-law\/3-appelez-lunite-de-lapplication-des-mesures-legislatives-en-matiere-de\/#breadcrumb","itemListElement":[{"@type":"ListItem","position":1,"name":"Home","item":"https:\/\/stepstojustice.ca\/fr\/"},{"@type":"ListItem","position":2,"name":"Next steps","item":"https:\/\/stepstojustice.ca\/fr\/steps\/"},{"@type":"ListItem","position":3,"name":"3. Appelez l\u2019Unit\u00e9 de l&#8217;application des mesures l\u00e9gislatives en mati\u00e8re de logement locatif"}]},{"@type":"WebSite","@id":"https:\/\/stepstojustice.ca\/fr\/#website","url":"https:\/\/stepstojustice.ca\/fr\/","name":"Justice pas-\u00e0-pas","description":"Step-by-step information about legal problems","publisher":{"@id":"https:\/\/stepstojustice.ca\/fr\/#organization"},"potentialAction":[{"@type":"SearchAction","target":{"@type":"EntryPoint","urlTemplate":"https:\/\/stepstojustice.ca\/fr\/?s={search_term_string}"},"query-input":{"@type":"PropertyValueSpecification","valueRequired":true,"valueName":"search_term_string"}}],"inLanguage":"fr-FR"},{"@type":"Organization","@id":"https:\/\/stepstojustice.ca\/fr\/#organization","name":"Justice pas-\u00e0-pas","url":"https:\/\/stepstojustice.ca\/fr\/","logo":{"@type":"ImageObject","inLanguage":"fr-FR","@id":"https:\/\/stepstojustice.ca\/fr\/#\/schema\/logo\/image\/","url":"https:\/\/stepstojustice.ca\/wp-content\/uploads\/2020\/10\/logo-s2j.png","contentUrl":"https:\/\/stepstojustice.ca\/wp-content\/uploads\/2020\/10\/logo-s2j.png","width":1000,"height":146,"caption":"Justice pas-\u00e0-pas"},"image":{"@id":"https:\/\/stepstojustice.ca\/fr\/#\/schema\/logo\/image\/"},"sameAs":["https:\/\/www.facebook.com\/CLEOLegalRights\/","https:\/\/x.com\/CLEOLegalRights","https:\/\/www.instagram.com\/communitylegaleducationon\/"]}]}},"meta_box":{"questions_to_steps_from":["1171621"]},"_links":{"self":[{"href":"https:\/\/stepstojustice.ca\/fr\/wp-json\/wp\/v2\/steps\/1177978","targetHints":{"allow":["GET"]}}],"collection":[{"href":"https:\/\/stepstojustice.ca\/fr\/wp-json\/wp\/v2\/steps"}],"about":[{"href":"https:\/\/stepstojustice.ca\/fr\/wp-json\/wp\/v2\/types\/steps"}],"author":[{"embeddable":true,"href":"https:\/\/stepstojustice.ca\/fr\/wp-json\/wp\/v2\/users\/3"}],"version-history":[{"count":4,"href":"https:\/\/stepstojustice.ca\/fr\/wp-json\/wp\/v2\/steps\/1177978\/revisions"}],"predecessor-version":[{"id":1262788,"href":"https:\/\/stepstojustice.ca\/fr\/wp-json\/wp\/v2\/steps\/1177978\/revisions\/1262788"}],"wp:attachment":[{"href":"https:\/\/stepstojustice.ca\/fr\/wp-json\/wp\/v2\/media?parent=1177978"}],"curies":[{"name":"wp","href":"https:\/\/api.w.org\/{rel}","templated":true}]}}