{"id":1259793,"date":"2023-11-10T10:50:12","date_gmt":"2023-11-10T15:50:12","guid":{"rendered":"https:\/\/stepstojustice.ca\/steps\/\/3-get-a-decision-from-the-general-division-3\/"},"modified":"2023-12-11T09:09:13","modified_gmt":"2023-12-11T14:09:13","slug":"3-decision-de-la-division-generale-2","status":"publish","type":"steps","link":"https:\/\/stepstojustice.ca\/fr\/steps\/income-assistance\/3-decision-de-la-division-generale-2\/","title":{"rendered":"3. D\u00e9cision de la division g\u00e9n\u00e9rale"},"content":{"rendered":"<p>\u00c0 l&#8217;audience, <a href=\"\/fr\/resource\/membres-du-tribunal-de-la-securite-sociale\/\" target=\"_blank\" rel=\"noopener\">un membre du Tribunal de la s\u00e9curit\u00e9 sociale (TSS)<\/a> tranchera votre appel.<\/p>\n<p>Il s&#8217;agit de la personne assign\u00e9e \u00e0 votre dossier par le TSS. Cette personne d\u00e9cidera aussi de prolonger ou non votre d\u00e9lai ou de vous permettre ou non de produire des \u00e9l\u00e9ments de preuve pass\u00e9 le d\u00e9lai.<\/p>\n<p>Le TSS se donne un <a href=\"\/fr\/resource\/normes-de-service\/\" target=\"_blank\" rel=\"noopener\">certain temps<\/a> pour rendre ses d\u00e9cisions, mais sachez que vous pourriez devoir attendre plusieurs mois.<\/p>\n<p>Si vous n&#8217;\u00eates pas d&#8217;accord avec la d\u00e9cision de la division g\u00e9n\u00e9rale, vous pouvez interjeter appel aupr\u00e8s de la <strong>division d&#8217;appel<\/strong>.<\/p>\n<!-- AddThis Advanced Settings generic via filter on the_content --><!-- AddThis Share Buttons generic via filter on the_content -->","protected":false},"author":6,"featured_media":0,"template":"","class_list":["post-1259793","steps","type-steps","status-publish","hentry"],"yoast_head":"<!-- This site is optimized with the Yoast SEO Premium plugin v23.9 (Yoast SEO v23.9) - https:\/\/yoast.com\/wordpress\/plugins\/seo\/ -->\n<title>3. D\u00e9cision de la division g\u00e9n\u00e9rale - Justice pas-\u00e0-pas<\/title>\n<meta name=\"description\" content=\"\u00c0 l&#039;audience, un membre du Tribunal de la s\u00e9curit\u00e9 sociale (TSS) tranchera votre appel. Il s&#039;agit de la personne assign\u00e9e \u00e0 votre dossier par le TSS.\" \/>\n<meta name=\"robots\" content=\"index, follow, max-snippet:-1, max-image-preview:large, max-video-preview:-1\" \/>\n<link rel=\"canonical\" href=\"https:\/\/stepstojustice.ca\/fr\/steps\/income-assistance\/3-decision-de-la-division-generale-2\/\" \/>\n<meta property=\"og:locale\" content=\"fr_FR\" \/>\n<meta property=\"og:type\" content=\"article\" \/>\n<meta property=\"og:title\" content=\"3. D\u00e9cision de la division g\u00e9n\u00e9rale - Justice pas-\u00e0-pas\" \/>\n<meta property=\"og:description\" content=\"\u00c0 l&#039;audience, un membre du Tribunal de la s\u00e9curit\u00e9 sociale (TSS) tranchera votre appel. Il s&#039;agit de la personne assign\u00e9e \u00e0 votre dossier par le TSS.\" \/>\n<meta property=\"og:url\" content=\"https:\/\/stepstojustice.ca\/fr\/steps\/income-assistance\/3-decision-de-la-division-generale-2\/\" \/>\n<meta property=\"og:site_name\" content=\"Justice pas-\u00e0-pas\" \/>\n<meta property=\"article:publisher\" content=\"https:\/\/www.facebook.com\/CLEOLegalRights\/\" \/>\n<meta property=\"article:modified_time\" content=\"2023-12-11T14:09:13+00:00\" \/>\n<meta property=\"og:image\" content=\"https:\/\/stepstojustice.ca\/wp-content\/uploads\/Steps-to-Justice-logo.jpg\" \/>\n\t<meta property=\"og:image:width\" content=\"1200\" \/>\n\t<meta property=\"og:image:height\" content=\"650\" \/>\n\t<meta property=\"og:image:type\" content=\"image\/jpeg\" \/>\n<meta name=\"twitter:card\" content=\"summary_large_image\" \/>\n<meta name=\"twitter:site\" content=\"@CLEOLegalRights\" \/>\n<meta name=\"twitter:label1\" content=\"Est. reading time\" \/>\n\t<meta name=\"twitter:data1\" content=\"1 minute\" \/>\n<script type=\"application\/ld+json\" class=\"yoast-schema-graph\">{\"@context\":\"https:\/\/schema.org\",\"@graph\":[{\"@type\":\"WebPage\",\"@id\":\"https:\/\/stepstojustice.ca\/fr\/steps\/income-assistance\/3-decision-de-la-division-generale-2\/\",\"url\":\"https:\/\/stepstojustice.ca\/fr\/steps\/income-assistance\/3-decision-de-la-division-generale-2\/\",\"name\":\"3. D\u00e9cision de la division g\u00e9n\u00e9rale - Justice pas-\u00e0-pas\",\"isPartOf\":{\"@id\":\"https:\/\/stepstojustice.ca\/fr\/#website\"},\"datePublished\":\"2023-11-10T15:50:12+00:00\",\"dateModified\":\"2023-12-11T14:09:13+00:00\",\"description\":\"\u00c0 l'audience, un membre du Tribunal de la s\u00e9curit\u00e9 sociale (TSS) tranchera votre appel. Il s'agit de la personne assign\u00e9e \u00e0 votre dossier par le TSS.\",\"breadcrumb\":{\"@id\":\"https:\/\/stepstojustice.ca\/fr\/steps\/income-assistance\/3-decision-de-la-division-generale-2\/#breadcrumb\"},\"inLanguage\":\"fr-FR\",\"potentialAction\":[{\"@type\":\"ReadAction\",\"target\":[\"https:\/\/stepstojustice.ca\/fr\/steps\/income-assistance\/3-decision-de-la-division-generale-2\/\"]}]},{\"@type\":\"BreadcrumbList\",\"@id\":\"https:\/\/stepstojustice.ca\/fr\/steps\/income-assistance\/3-decision-de-la-division-generale-2\/#breadcrumb\",\"itemListElement\":[{\"@type\":\"ListItem\",\"position\":1,\"name\":\"Home\",\"item\":\"https:\/\/stepstojustice.ca\/fr\/\"},{\"@type\":\"ListItem\",\"position\":2,\"name\":\"Next steps\",\"item\":\"https:\/\/stepstojustice.ca\/fr\/steps\/\"},{\"@type\":\"ListItem\",\"position\":3,\"name\":\"3. D\u00e9cision de la division g\u00e9n\u00e9rale\"}]},{\"@type\":\"WebSite\",\"@id\":\"https:\/\/stepstojustice.ca\/fr\/#website\",\"url\":\"https:\/\/stepstojustice.ca\/fr\/\",\"name\":\"Justice pas-\u00e0-pas\",\"description\":\"Step-by-step information about legal problems\",\"publisher\":{\"@id\":\"https:\/\/stepstojustice.ca\/fr\/#organization\"},\"potentialAction\":[{\"@type\":\"SearchAction\",\"target\":{\"@type\":\"EntryPoint\",\"urlTemplate\":\"https:\/\/stepstojustice.ca\/fr\/?s={search_term_string}\"},\"query-input\":{\"@type\":\"PropertyValueSpecification\",\"valueRequired\":true,\"valueName\":\"search_term_string\"}}],\"inLanguage\":\"fr-FR\"},{\"@type\":\"Organization\",\"@id\":\"https:\/\/stepstojustice.ca\/fr\/#organization\",\"name\":\"Justice pas-\u00e0-pas\",\"url\":\"https:\/\/stepstojustice.ca\/fr\/\",\"logo\":{\"@type\":\"ImageObject\",\"inLanguage\":\"fr-FR\",\"@id\":\"https:\/\/stepstojustice.ca\/fr\/#\/schema\/logo\/image\/\",\"url\":\"https:\/\/stepstojustice.ca\/wp-content\/uploads\/2020\/10\/logo-s2j.png\",\"contentUrl\":\"https:\/\/stepstojustice.ca\/wp-content\/uploads\/2020\/10\/logo-s2j.png\",\"width\":1000,\"height\":146,\"caption\":\"Justice pas-\u00e0-pas\"},\"image\":{\"@id\":\"https:\/\/stepstojustice.ca\/fr\/#\/schema\/logo\/image\/\"},\"sameAs\":[\"https:\/\/www.facebook.com\/CLEOLegalRights\/\",\"https:\/\/x.com\/CLEOLegalRights\",\"https:\/\/www.instagram.com\/communitylegaleducationon\/\"]}]}<\/script>\n<!-- \/ Yoast SEO Premium plugin. -->","yoast_head_json":{"title":"3. D\u00e9cision de la division g\u00e9n\u00e9rale - Justice pas-\u00e0-pas","description":"\u00c0 l'audience, un membre du Tribunal de la s\u00e9curit\u00e9 sociale (TSS) tranchera votre appel. Il s'agit de la personne assign\u00e9e \u00e0 votre dossier par le TSS.","robots":{"index":"index","follow":"follow","max-snippet":"max-snippet:-1","max-image-preview":"max-image-preview:large","max-video-preview":"max-video-preview:-1"},"canonical":"https:\/\/stepstojustice.ca\/fr\/steps\/income-assistance\/3-decision-de-la-division-generale-2\/","og_locale":"fr_FR","og_type":"article","og_title":"3. D\u00e9cision de la division g\u00e9n\u00e9rale - Justice pas-\u00e0-pas","og_description":"\u00c0 l'audience, un membre du Tribunal de la s\u00e9curit\u00e9 sociale (TSS) tranchera votre appel. Il s'agit de la personne assign\u00e9e \u00e0 votre dossier par le TSS.","og_url":"https:\/\/stepstojustice.ca\/fr\/steps\/income-assistance\/3-decision-de-la-division-generale-2\/","og_site_name":"Justice pas-\u00e0-pas","article_publisher":"https:\/\/www.facebook.com\/CLEOLegalRights\/","article_modified_time":"2023-12-11T14:09:13+00:00","og_image":[{"width":1200,"height":650,"url":"https:\/\/stepstojustice.ca\/wp-content\/uploads\/Steps-to-Justice-logo.jpg","type":"image\/jpeg"}],"twitter_card":"summary_large_image","twitter_site":"@CLEOLegalRights","twitter_misc":{"Est. reading time":"1 minute"},"schema":{"@context":"https:\/\/schema.org","@graph":[{"@type":"WebPage","@id":"https:\/\/stepstojustice.ca\/fr\/steps\/income-assistance\/3-decision-de-la-division-generale-2\/","url":"https:\/\/stepstojustice.ca\/fr\/steps\/income-assistance\/3-decision-de-la-division-generale-2\/","name":"3. D\u00e9cision de la division g\u00e9n\u00e9rale - Justice pas-\u00e0-pas","isPartOf":{"@id":"https:\/\/stepstojustice.ca\/fr\/#website"},"datePublished":"2023-11-10T15:50:12+00:00","dateModified":"2023-12-11T14:09:13+00:00","description":"\u00c0 l'audience, un membre du Tribunal de la s\u00e9curit\u00e9 sociale (TSS) tranchera votre appel. Il s'agit de la personne assign\u00e9e \u00e0 votre dossier par le TSS.","breadcrumb":{"@id":"https:\/\/stepstojustice.ca\/fr\/steps\/income-assistance\/3-decision-de-la-division-generale-2\/#breadcrumb"},"inLanguage":"fr-FR","potentialAction":[{"@type":"ReadAction","target":["https:\/\/stepstojustice.ca\/fr\/steps\/income-assistance\/3-decision-de-la-division-generale-2\/"]}]},{"@type":"BreadcrumbList","@id":"https:\/\/stepstojustice.ca\/fr\/steps\/income-assistance\/3-decision-de-la-division-generale-2\/#breadcrumb","itemListElement":[{"@type":"ListItem","position":1,"name":"Home","item":"https:\/\/stepstojustice.ca\/fr\/"},{"@type":"ListItem","position":2,"name":"Next steps","item":"https:\/\/stepstojustice.ca\/fr\/steps\/"},{"@type":"ListItem","position":3,"name":"3. D\u00e9cision de la division g\u00e9n\u00e9rale"}]},{"@type":"WebSite","@id":"https:\/\/stepstojustice.ca\/fr\/#website","url":"https:\/\/stepstojustice.ca\/fr\/","name":"Justice pas-\u00e0-pas","description":"Step-by-step information about legal problems","publisher":{"@id":"https:\/\/stepstojustice.ca\/fr\/#organization"},"potentialAction":[{"@type":"SearchAction","target":{"@type":"EntryPoint","urlTemplate":"https:\/\/stepstojustice.ca\/fr\/?s={search_term_string}"},"query-input":{"@type":"PropertyValueSpecification","valueRequired":true,"valueName":"search_term_string"}}],"inLanguage":"fr-FR"},{"@type":"Organization","@id":"https:\/\/stepstojustice.ca\/fr\/#organization","name":"Justice pas-\u00e0-pas","url":"https:\/\/stepstojustice.ca\/fr\/","logo":{"@type":"ImageObject","inLanguage":"fr-FR","@id":"https:\/\/stepstojustice.ca\/fr\/#\/schema\/logo\/image\/","url":"https:\/\/stepstojustice.ca\/wp-content\/uploads\/2020\/10\/logo-s2j.png","contentUrl":"https:\/\/stepstojustice.ca\/wp-content\/uploads\/2020\/10\/logo-s2j.png","width":1000,"height":146,"caption":"Justice pas-\u00e0-pas"},"image":{"@id":"https:\/\/stepstojustice.ca\/fr\/#\/schema\/logo\/image\/"},"sameAs":["https:\/\/www.facebook.com\/CLEOLegalRights\/","https:\/\/x.com\/CLEOLegalRights","https:\/\/www.instagram.com\/communitylegaleducationon\/"]}]}},"meta_box":{"questions_to_steps_from":[]},"_links":{"self":[{"href":"https:\/\/stepstojustice.ca\/fr\/wp-json\/wp\/v2\/steps\/1259793","targetHints":{"allow":["GET"]}}],"collection":[{"href":"https:\/\/stepstojustice.ca\/fr\/wp-json\/wp\/v2\/steps"}],"about":[{"href":"https:\/\/stepstojustice.ca\/fr\/wp-json\/wp\/v2\/types\/steps"}],"author":[{"embeddable":true,"href":"https:\/\/stepstojustice.ca\/fr\/wp-json\/wp\/v2\/users\/6"}],"version-history":[{"count":2,"href":"https:\/\/stepstojustice.ca\/fr\/wp-json\/wp\/v2\/steps\/1259793\/revisions"}],"predecessor-version":[{"id":1259867,"href":"https:\/\/stepstojustice.ca\/fr\/wp-json\/wp\/v2\/steps\/1259793\/revisions\/1259867"}],"wp:attachment":[{"href":"https:\/\/stepstojustice.ca\/fr\/wp-json\/wp\/v2\/media?parent=1259793"}],"curies":[{"name":"wp","href":"https:\/\/api.w.org\/{rel}","templated":true}]}}